{"id":41,"date":"2020-10-26T21:00:34","date_gmt":"2020-10-26T21:00:34","guid":{"rendered":"https:\/\/larsnordvall.se\/?page_id=41"},"modified":"2024-10-14T20:04:20","modified_gmt":"2024-10-14T20:04:20","slug":"gustavfa-nyberg-carl-staffan-cederschiold","status":"publish","type":"page","link":"https:\/\/larsnordvall.se\/en\/gustavfa-nyberg-carl-staffan-cederschiold\/","title":{"rendered":"Gustavfa Nyberg &#8211;  Carl Staffan Cedershi\u00f6ld"},"content":{"rendered":"<div class=\"flex_column av_one_full  flex_column_div av-zero-column-padding first  avia-builder-el-0  el_before_av_one_third  avia-builder-el-first\" style='border-radius:0px; '><section class=\"av_textblock_section\"  itemscope=\"itemscope\" itemtype=\"https:\/\/schema.org\/CreativeWork\" ><div class='avia_textblock'   itemprop=\"text\" ><h2><img loading=\"lazy\" decoding=\"async\" class=\"alignnone wp-image-212\" src=\"http:\/\/media.larsnordvall.se\/2020\/10\/Gustafva_bild1-300x234.jpg\" alt=\"\" width=\"203\" height=\"158\" srcset=\"http:\/\/media.larsnordvall.se\/2020\/10\/Gustafva_bild1-300x234.jpg 300w, http:\/\/media.larsnordvall.se\/2020\/10\/Gustafva_bild1-16x12.jpg 16w, http:\/\/media.larsnordvall.se\/2020\/10\/Gustafva_bild1.jpg 350w\" sizes=\"auto, (max-width: 203px) 100vw, 203px\" \/>Hur allting b\u00f6rjade\u2026<\/h2>\n<p>I Sunbohammar \u00a0i n\u00e4rheten av Ramsberg i V\u00e4stmanland f\u00f6ddes 1774 en pojke vid namn <strong>Peter<\/strong> <strong>Nyberg<\/strong>. Han v\u00e4xte upp i Sunbohammar och blev senare i livet byggm\u00e4stare och mj\u00f6lnare. Det l\u00e5ter kanske lite stort att vara mj\u00f6lnare och tankarna g\u00e5r givetvis till en v\u00e4derkvarn. Dessa kvarnar som anv\u00e4ndes under 1700-talet var en mycket enkel konstruktion och kan ha sett ut p\u00e5 det h\u00e4r viset:<\/p>\n<\/div><\/section><\/div>\n<div class=\"flex_column av_one_third  flex_column_div av-zero-column-padding first  avia-builder-el-2  el_after_av_one_full  el_before_av_one_third  column-top-margin\" style='border-radius:0px; '><section class=\"av_textblock_section\"  itemscope=\"itemscope\" itemtype=\"https:\/\/schema.org\/CreativeWork\" ><div class='avia_textblock'   itemprop=\"text\" ><p><img loading=\"lazy\" decoding=\"async\" class=\"wp-image-214 alignnone\" src=\"http:\/\/media.larsnordvall.se\/2020\/10\/skvaltkvarn_web.jpg\" alt=\"\" width=\"407\" height=\"305\" srcset=\"http:\/\/media.larsnordvall.se\/2020\/10\/skvaltkvarn_web.jpg 300w, http:\/\/media.larsnordvall.se\/2020\/10\/skvaltkvarn_web-16x12.jpg 16w\" sizes=\"auto, (max-width: 407px) 100vw, 407px\" \/><\/p>\n<p><em>Bild: Skvalt Kvarn<\/em><\/p>\n<\/div><\/section><\/div>\n<div class=\"flex_column av_one_third  flex_column_div av-zero-column-padding   avia-builder-el-4  el_after_av_one_third  el_before_av_one_third  column-top-margin\" style='border-radius:0px; '><section class=\"av_textblock_section\"  itemscope=\"itemscope\" itemtype=\"https:\/\/schema.org\/CreativeWork\" ><div class='avia_textblock'   itemprop=\"text\" ><p><img loading=\"lazy\" decoding=\"async\" class=\"wp-image-224 alignnone\" src=\"http:\/\/media.larsnordvall.se\/2020\/10\/Page3_Sundbohammar-300x225.jpg\" alt=\"\" width=\"365\" height=\"274\" srcset=\"http:\/\/media.larsnordvall.se\/2020\/10\/Page3_Sundbohammar-300x225.jpg 300w, http:\/\/media.larsnordvall.se\/2020\/10\/Page3_Sundbohammar-16x12.jpg 16w, http:\/\/media.larsnordvall.se\/2020\/10\/Page3_Sundbohammar.jpg 312w\" sizes=\"auto, (max-width: 365px) 100vw, 365px\" \/><\/p>\n<p><em>Bild fr\u00e5n Sunbohammar &#8211; nerlagda bruket.<\/em><br \/>\n<em>Foto: Anders Johansson, Link\u00f6ping<\/em><\/p>\n<\/div><\/section><\/div>\n<div class=\"flex_column av_one_third  flex_column_div av-zero-column-padding   avia-builder-el-6  el_after_av_one_third  el_before_av_one_full  column-top-margin\" style='border-radius:0px; '><section class=\"av_textblock_section\"  itemscope=\"itemscope\" itemtype=\"https:\/\/schema.org\/CreativeWork\" ><div class='avia_textblock'   itemprop=\"text\" ><p><img loading=\"lazy\" decoding=\"async\" class=\"alignnone wp-image-215\" src=\"http:\/\/media.larsnordvall.se\/2020\/10\/skvalt_works_web-300x292.jpg\" alt=\"\" width=\"232\" height=\"226\" srcset=\"http:\/\/media.larsnordvall.se\/2020\/10\/skvalt_works_web-300x292.jpg 300w, http:\/\/media.larsnordvall.se\/2020\/10\/skvalt_works_web-12x12.jpg 12w, http:\/\/media.larsnordvall.se\/2020\/10\/skvalt_works_web-36x36.jpg 36w, http:\/\/media.larsnordvall.se\/2020\/10\/skvalt_works_web.jpg 312w\" sizes=\"auto, (max-width: 232px) 100vw, 232px\" \/><br \/>\n<em>Bild: Skvalt Kvarn &#8211; s\u00e5 h\u00e4r var den byggd<\/em><\/p>\n<\/div><\/section><\/div>\n<div class=\"flex_column av_one_full  flex_column_div av-zero-column-padding first  avia-builder-el-8  el_after_av_one_third  el_before_av_one_half  column-top-margin\" style='border-radius:0px; '><section class=\"av_textblock_section\"  itemscope=\"itemscope\" itemtype=\"https:\/\/schema.org\/CreativeWork\" ><div class='avia_textblock'   itemprop=\"text\" ><p style=\"text-align: left;\">Den h\u00e4r typen av kvarnar kallas f\u00f6r skvaltkvarn. Dom anv\u00e4ndes i Sverige fr\u00e5n 1200-talet och \u00e4nda in p\u00e5 1900-talet. Skvaltkvarnarna anv\u00e4ndes i de sm\u00e5 b\u00e4ckar som finns i v\u00e5ra skogar \u00f6ver hela Sverige. Och framf\u00f6r allt p\u00e5 vinter n\u00e4r det inte fanns vare sig byggjobb eller dagsverken p\u00e5 g\u00e5rdar i n\u00e4rheten var de livsn\u00f6dv\u00e4ndiga f\u00f6r \u00f6verlevnad f\u00f6r torparna. Att vara mj\u00f6lnare gjorde det enklare att s\u00e4tta mat p\u00e5 bordet och det var en bisyssla f\u00f6r m\u00e5nga fattiga torpare. \u00c4ven b\u00f6nderna hade det sv\u00e5rt vintertid, s\u00e5 n\u00e4r de kom och ville mala sin s\u00e4d till mj\u00f6l hade de oftast inte n\u00e5gra pengar utan mj\u00f6lnaren fick antingen n\u00e5got fr\u00e5n g\u00e5rden att \u00e4ta eller lite extra mj\u00f6l f\u00f6r arbetet. Det var en livsviktig byteshandel p\u00e5 den tiden. Det var mestadels korn som man malde, vete var mycket ovanligt bland vanligt folk. Det var ren lyxkonsumtion.<\/p>\n<p>Peter gifte sig med en flicka fr\u00e5n Ramsberg som hette <strong>Stina Andersdotter Ramstr\u00f6m<\/strong>. Som de flesta m\u00e4nniskor under den h\u00e4r tiden tillh\u00f6rde \u00e4ven hon de som inte hade n\u00e5got \u00f6verskott att tala om. Stina var f\u00f6dd den 26 oktober 1785. Hon var bara 18 \u00e5r gammal n\u00e4r hon gifte sig med den elva \u00e5r \u00e4ldre Peter \u00e5r 1803. S\u00e5 h\u00e4r skulle deras hem ha kunnat se ut.<br \/>\nSe bild nedan. <em>Tidigt 1800-tals torp<\/em><\/p>\n<p><img loading=\"lazy\" decoding=\"async\" class=\"wp-image-218 alignleft\" src=\"http:\/\/media.larsnordvall.se\/2020\/10\/LotenThorins.jpg\" alt=\"\" width=\"588\" height=\"294\" srcset=\"http:\/\/media.larsnordvall.se\/2020\/10\/LotenThorins.jpg 300w, http:\/\/media.larsnordvall.se\/2020\/10\/LotenThorins-16x8.jpg 16w\" sizes=\"auto, (max-width: 588px) 100vw, 588px\" \/><\/p>\n<p>Stina och Peter bosatte sig i Sunbohammar d\u00e4r de bodde i 29 \u00e5r fram till 1832, d\u00e5 flyttade dom till Fiskertorp, Gr\u00f6nbo \u00e4gor i Fellingsbro. De fick sju barn tillsammans. N\u00e4r flyttlasset gick till Fellingsbro s\u00e5 var det endast det yngsta barnet Carl Fredrik som f\u00f6ljde med. Fellingsbro ligger utanf\u00f6r Lindesberg. Det \u00e4r ungef\u00e4r 4 mil fr\u00e5n Sunbohammar.<\/p>\n<p><strong><em>Peter och Stina fick sju barn tillsammans:<\/em><\/strong><\/p>\n<p><em>Maja 1804 \u2013 d\u00f6d 6 april 1818, <\/em><br \/>\n<em>Gustaf \u00a01810, <\/em><br \/>\n<em><strong>Gustafva 18 february 1815<\/strong> <\/em><br \/>\n<em>Anders 1816<\/em><br \/>\n<em>Anna Stina 1819-04-12.<\/em><br \/>\n<em>Jan Eric 1822-10-24 \u2013 d\u00f6d 1824.<\/em><br \/>\n<em>Carl Fredrik 1824-11-10.<\/em><\/p>\n<\/div><\/section><\/div>\n<div class=\"flex_column av_one_half  flex_column_div av-zero-column-padding first  avia-builder-el-10  el_after_av_one_full  el_before_av_one_half  column-top-margin\" style='border-radius:0px; '><section class=\"av_textblock_section\"  itemscope=\"itemscope\" itemtype=\"https:\/\/schema.org\/CreativeWork\" ><div class='avia_textblock'   itemprop=\"text\" ><p>Det \u00e4r <strong>Gustafvas<\/strong> liv som vi ska f\u00f6lja. Gustafva kan man sp\u00e5ra genom husf\u00f6rh\u00f6rsl\u00e4ngder i Ramsberg, hon tog nattvarden f\u00f6rsta g\u00e5ngen den 1 augusti och den 22:dra oktober 1832 i Ramsbergs kyrka. Med andra ord 1832 var Gustafva fortfarande bosatt i Ramsberg.<\/p>\n<p>Gustafva flyttade fr\u00e5n Ramsberg n\u00e4r hon var 17 \u00e5r gammal till Stockholm. Gustafva hade f\u00f6rmodligen f\u00e5tt arbete som piga eller n\u00e5got liknande i en av de rikare familjerna i Stockholm.<\/p>\n<p><img loading=\"lazy\" decoding=\"async\" class=\"alignnone wp-image-225\" src=\"http:\/\/media.larsnordvall.se\/2020\/10\/Ramstorps-kyrka-_Kyrkorummet_bakifr_red1-300x222.jpg\" alt=\"\" width=\"483\" height=\"357\" srcset=\"http:\/\/media.larsnordvall.se\/2020\/10\/Ramstorps-kyrka-_Kyrkorummet_bakifr_red1-300x222.jpg 300w, http:\/\/media.larsnordvall.se\/2020\/10\/Ramstorps-kyrka-_Kyrkorummet_bakifr_red1-16x12.jpg 16w, http:\/\/media.larsnordvall.se\/2020\/10\/Ramstorps-kyrka-_Kyrkorummet_bakifr_red1.jpg 350w\" sizes=\"auto, (max-width: 483px) 100vw, 483px\" \/><br \/>\n<em>Bild: Ramsbergs kyrka<\/em><\/p>\n<\/div><\/section><\/div>\n<div class=\"flex_column av_one_half  flex_column_div av-zero-column-padding   avia-builder-el-12  el_after_av_one_half  el_before_av_one_half  column-top-margin\" style='border-radius:0px; '><section class=\"av_textblock_section\"  itemscope=\"itemscope\" itemtype=\"https:\/\/schema.org\/CreativeWork\" ><div class='avia_textblock'   itemprop=\"text\" ><p><img loading=\"lazy\" decoding=\"async\" class=\"alignnone size-medium wp-image-212\" src=\"http:\/\/media.larsnordvall.se\/2020\/10\/Gustafva_bild1-300x234.jpg\" alt=\"\" width=\"300\" height=\"234\" srcset=\"http:\/\/media.larsnordvall.se\/2020\/10\/Gustafva_bild1-300x234.jpg 300w, http:\/\/media.larsnordvall.se\/2020\/10\/Gustafva_bild1-16x12.jpg 16w, http:\/\/media.larsnordvall.se\/2020\/10\/Gustafva_bild1.jpg 350w\" sizes=\"auto, (max-width: 300px) 100vw, 300px\" \/><\/p>\n<p>Gustava Nyberg<br \/>\n(Portr\u00e4tt saknas)<\/p>\n<\/div><\/section><\/div>\n<div class=\"flex_column av_one_half  flex_column_div av-zero-column-padding first  avia-builder-el-14  el_after_av_one_half  el_before_av_one_half  column-top-margin\" style='border-radius:0px; '><section class=\"av_textblock_section\"  itemscope=\"itemscope\" itemtype=\"https:\/\/schema.org\/CreativeWork\" ><div class='avia_textblock'   itemprop=\"text\" ><p>Bild: Gamla Stan, Stockholm 1900<\/p>\n<p><img loading=\"lazy\" decoding=\"async\" class=\"alignnone wp-image-4096\" src=\"http:\/\/media.larsnordvall.se\/2022\/02\/wp0b0535e4-300x140.jpg\" alt=\"\" width=\"431\" height=\"201\" srcset=\"http:\/\/media.larsnordvall.se\/2022\/02\/wp0b0535e4-300x140.jpg 300w, http:\/\/media.larsnordvall.se\/2022\/02\/wp0b0535e4-18x8.jpg 18w, http:\/\/media.larsnordvall.se\/2022\/02\/wp0b0535e4.jpg 400w\" sizes=\"auto, (max-width: 431px) 100vw, 431px\" \/><br \/>\nF\u00f6rmodligen genom sitt arbete hos en av Stockholms f\u00f6rm\u00f6gnare familjer m\u00f6ter Gustafva en man vid namn Carl Staffan Cederschi\u00f6ld. Carl Staffan var f\u00f6dd i Lund den 19 april 1811. Han kom ifr\u00e5n en v\u00e4lutbildad och v\u00e4letablerad adlig familj. Carl Staffan \u00e4r mannen som kommer att v\u00e4nda upp och ner p\u00e5 Gustafvas liv.<\/p>\n<p>Carl Staffan \u00e4r 32 \u00e5r gammal, singel och han arbetar som bataljonsl\u00e4kare, M.D. Chir. Magr. vid Kungliga 1:a Lifgrenadj\u00e4rregementet i Link\u00f6ping. Carl Staffan och Gustafva som nu hunnit bli 27 \u00e5r gammal b\u00f6rjar tr\u00e4ffas och tycke uppst\u00e5r. Genom husf\u00f6rh\u00f6rsl\u00e4ngden fr\u00e5n 1841 vet man att Gustfva har bott i Link\u00f6ping fr\u00e5n 1841 men p\u00e5 ok\u00e4nd adress. Gustafva blir med barn och flyttar till en egen l\u00e4genhet som Carl Staffan hyr \u00e5t henne. Carl Staffan bodde i ett annat hus i n\u00e4rheten \u00e4ven detta hus l\u00e5g p\u00e5 Storgatan .<\/p>\n<\/div><\/section><\/div>\n<div class=\"flex_column av_one_half  flex_column_div av-zero-column-padding   avia-builder-el-16  el_after_av_one_half  el_before_av_one_fourth  column-top-margin\" style='border-radius:0px; '><section class=\"av_textblock_section\"  itemscope=\"itemscope\" itemtype=\"https:\/\/schema.org\/CreativeWork\" ><div class='avia_textblock'   itemprop=\"text\" ><p><img loading=\"lazy\" decoding=\"async\" class=\"alignnone size-full wp-image-4075\" src=\"http:\/\/media.larsnordvall.se\/2022\/02\/wpa7c005ef.png\" alt=\"\" width=\"268\" height=\"252\" srcset=\"http:\/\/media.larsnordvall.se\/2022\/02\/wpa7c005ef.png 268w, http:\/\/media.larsnordvall.se\/2022\/02\/wpa7c005ef-13x12.png 13w\" sizes=\"auto, (max-width: 268px) 100vw, 268px\" \/><br \/>\nCarl Staffan Cederschi\u00f6ld<br \/>\n(Portr\u00e4tt saknas)<\/p>\n<\/div><\/section><\/div>\n<div class=\"flex_column av_one_fourth  flex_column_div av-zero-column-padding first  avia-builder-el-18  el_after_av_one_half  el_before_av_one_fourth  column-top-margin\" style='border-radius:0px; '><section class=\"av_textblock_section\"  itemscope=\"itemscope\" itemtype=\"https:\/\/schema.org\/CreativeWork\" ><div class='avia_textblock'   itemprop=\"text\" ><p><img loading=\"lazy\" decoding=\"async\" class=\"alignnone size-full wp-image-4253\" src=\"http:\/\/media.larsnordvall.se\/2024\/03\/Cederschiold_uniform-1840_a.jpg\" alt=\"\" width=\"202\" height=\"250\" srcset=\"http:\/\/media.larsnordvall.se\/2024\/03\/Cederschiold_uniform-1840_a.jpg 202w, http:\/\/media.larsnordvall.se\/2024\/03\/Cederschiold_uniform-1840_a-10x12.jpg 10w\" sizes=\"auto, (max-width: 202px) 100vw, 202px\" \/><br \/>\n<em><strong>H\u00f6gtidsuniform 1840 <\/strong><\/em><em><strong>1:sta<br \/>\nLivgrenadj\u00e4rsregementet<\/strong><\/em><\/p>\n<\/div><\/section><\/div><div class=\"flex_column av_one_fourth  flex_column_div av-zero-column-padding   avia-builder-el-20  el_after_av_one_fourth  el_before_av_one_fourth  column-top-margin\" style='border-radius:0px; '><section class=\"av_textblock_section\"  itemscope=\"itemscope\" itemtype=\"https:\/\/schema.org\/CreativeWork\" ><div class='avia_textblock'   itemprop=\"text\" ><p><img loading=\"lazy\" decoding=\"async\" class=\"alignnone size-full wp-image-4252\" src=\"http:\/\/media.larsnordvall.se\/2024\/03\/Cederschiold_uniform-1840.jpg\" alt=\"\" width=\"143\" height=\"250\" srcset=\"http:\/\/media.larsnordvall.se\/2024\/03\/Cederschiold_uniform-1840.jpg 143w, http:\/\/media.larsnordvall.se\/2024\/03\/Cederschiold_uniform-1840-7x12.jpg 7w\" sizes=\"auto, (max-width: 143px) 100vw, 143px\" \/><br \/>\n<em><strong>Vem skulle inte se bra ut i en s\u00e5dan uniform.<\/strong><\/em><\/p>\n<\/div><\/section><\/div><div class=\"flex_column av_one_fourth  flex_column_div av-zero-column-padding   avia-builder-el-22  el_after_av_one_fourth  el_before_av_one_fourth  column-top-margin\" style='border-radius:0px; '><section class=\"av_textblock_section\"  itemscope=\"itemscope\" itemtype=\"https:\/\/schema.org\/CreativeWork\" ><div class='avia_textblock'   itemprop=\"text\" ><p><img loading=\"lazy\" decoding=\"async\" class=\"alignnone size-full wp-image-4254\" src=\"http:\/\/media.larsnordvall.se\/2024\/03\/Cederschiold_uniform-1840_b.jpg\" alt=\"\" width=\"139\" height=\"250\" srcset=\"http:\/\/media.larsnordvall.se\/2024\/03\/Cederschiold_uniform-1840_b.jpg 139w, http:\/\/media.larsnordvall.se\/2024\/03\/Cederschiold_uniform-1840_b-7x12.jpg 7w\" sizes=\"auto, (max-width: 139px) 100vw, 139px\" \/><\/p>\n<\/div><\/section><\/div><\/p>\n<div class=\"flex_column av_one_fourth  flex_column_div av-zero-column-padding   avia-builder-el-24  el_after_av_one_fourth  el_before_av_three_fourth  column-top-margin\" style='border-radius:0px; '><section class=\"av_textblock_section\"  itemscope=\"itemscope\" itemtype=\"https:\/\/schema.org\/CreativeWork\" ><div class='avia_textblock'   itemprop=\"text\" ><p><img loading=\"lazy\" decoding=\"async\" class=\"alignnone size-full wp-image-4251\" src=\"http:\/\/media.larsnordvall.se\/2024\/03\/Cederschiold_uniform-_kask-.jpg\" alt=\"\" width=\"133\" height=\"250\" srcset=\"http:\/\/media.larsnordvall.se\/2024\/03\/Cederschiold_uniform-_kask-.jpg 133w, http:\/\/media.larsnordvall.se\/2024\/03\/Cederschiold_uniform-_kask--6x12.jpg 6w\" sizes=\"auto, (max-width: 133px) 100vw, 133px\" \/><br \/>\n<em><strong>Uniformsm\u00f6ssa 1840<\/strong><\/em><\/p>\n<\/div><\/section><\/div><div class=\"flex_column av_three_fourth  flex_column_div av-zero-column-padding first  avia-builder-el-26  el_after_av_one_fourth  el_before_av_one_full  column-top-margin\" style='border-radius:0px; '><section class=\"av_textblock_section\"  itemscope=\"itemscope\" itemtype=\"https:\/\/schema.org\/CreativeWork\" ><div class='avia_textblock'   itemprop=\"text\" ><p><img loading=\"lazy\" decoding=\"async\" class=\"size-medium wp-image-4234 alignleft\" src=\"http:\/\/media.larsnordvall.se\/2022\/09\/Ridderstad-copy-236x300.jpg\" alt=\"\" width=\"236\" height=\"300\" srcset=\"http:\/\/media.larsnordvall.se\/2022\/09\/Ridderstad-copy-236x300.jpg 236w, http:\/\/media.larsnordvall.se\/2022\/09\/Ridderstad-copy-9x12.jpg 9w, http:\/\/media.larsnordvall.se\/2022\/09\/Ridderstad-copy.jpg 300w\" sizes=\"auto, (max-width: 236px) 100vw, 236px\" \/><\/p>\n<p>Carl Staffan och Gustafvas f\u00f6rstf\u00f6dda var en son som d\u00f6ptes till <strong>Carl Axel<\/strong> f\u00f6dd den 12 mars 1843. Carl Staffan m\u00e5ste ha varit v\u00e4ldigt k\u00e4r i sin Gustafva, han hyrde en l\u00e4genhet till henne i en av stans finaste kvarter p\u00e5 Storgatan. I det huset bodde \u00e4ven \u00a0Carl Staffans b\u00e4sta v\u00e4n och \u00e4garen till Link\u00f6pings tidning <strong>\u00d6stg\u00f6ta Correspndenten<\/strong> ,<strong>Carl Fredrik Ridderstad.<\/strong><\/p>\n<p>\u00c4ven \u00a0Carl Fredrik Ridderstad. hade ett f\u00f6rflutet inom armen. Han var en f.d L\u00f6jtnant vid vid Kungliga Lifgrenadj\u00e4rregementet men tog avsked 1840 f\u00f6r att enbart arbeta med tidningen \u00d6stg\u00f6ta Correspondenten. Huset i sig \u00e4gdes av en man Kungliga L\u00f6jtnanten Carl Emil Wilhelm Pereswetoff Morath f\u00f6dd 13 april 1810, gift med sin syssling Carolina f\u00f6dd von Stierneman. <strong>L\u00e4gg det namnet Carl Emil Morath p\u00e5 minnet. Han dyker upp senare i historien.<\/strong><\/p>\n<p><em><strong>Bild:Carl Fredrik Ridderstad<\/strong><\/em><\/p>\n<\/div><\/section><\/div><div class=\"flex_column av_one_full  flex_column_div av-zero-column-padding first  avia-builder-el-28  el_after_av_three_fourth  el_before_av_one_full  column-top-margin\" style='border-radius:0px; '><section class=\"av_textblock_section\"  itemscope=\"itemscope\" itemtype=\"https:\/\/schema.org\/CreativeWork\" ><div class='avia_textblock'   itemprop=\"text\" ><p>Detta \u00e4r ett foto fr\u00e5n den gatuadress som <strong>Carl Axel \u00e4r f\u00f6dd<\/strong> p\u00e5, husnamn Tannefors 34 p\u00e5 Storgatan d\u00e4r bodde Gustafva med barnen mellan 1843-1845. Detta foto \u00e4r fr\u00e5n 1904, n\u00e4stan 60 \u00e5r senare.<\/p>\n<p><img loading=\"lazy\" decoding=\"async\" class=\"wp-image-4117 alignnone\" src=\"http:\/\/media.larsnordvall.se\/2022\/02\/wp3fb393d1-300x160.jpg\" alt=\"\" width=\"750\" height=\"400\" srcset=\"http:\/\/media.larsnordvall.se\/2022\/02\/wp3fb393d1-300x160.jpg 300w, http:\/\/media.larsnordvall.se\/2022\/02\/wp3fb393d1-18x10.jpg 18w, http:\/\/media.larsnordvall.se\/2022\/02\/wp3fb393d1.jpg 498w\" sizes=\"auto, (max-width: 750px) 100vw, 750px\" \/><\/p>\n<p>Gustafva som fr\u00e5n b\u00f6rjan var en piga, bodde nu i ett av de f\u00f6rn\u00e4msta kvarteren i stan med d\u00e5tidens h\u00f6ga standard och umgicks med Carl Staffan\u2019s adliga v\u00e4nner. Det var det nog m\u00e5nga som skvallrade om detta 1843. Link\u00f6ping var i v\u00e5ra \u00f6gon ingen stor stad p\u00e5 den tiden, 1852 hade Link\u00f6ping 5107 inv\u00e5nare.<\/p>\n<p><img loading=\"lazy\" decoding=\"async\" class=\"wp-image-4091 alignleft\" src=\"http:\/\/media.larsnordvall.se\/2022\/02\/wp4aaab9ff_0f-300x248.jpg\" alt=\"\" width=\"389\" height=\"321\" srcset=\"http:\/\/media.larsnordvall.se\/2022\/02\/wp4aaab9ff_0f-300x248.jpg 300w, http:\/\/media.larsnordvall.se\/2022\/02\/wp4aaab9ff_0f-15x12.jpg 15w, http:\/\/media.larsnordvall.se\/2022\/02\/wp4aaab9ff_0f.jpg 371w\" sizes=\"auto, (max-width: 389px) 100vw, 389px\" \/><\/p>\n<p>De flesta fick l\u00e4ra sig att l\u00e4sa n\u00e4r folkskolan inf\u00f6rdes, detta \u00e4r unikt f\u00f6r Sverige &#8211; och Finland som f\u00f6ljde samma lagar. Unders\u00f6kningar visar att p\u00e5 1700-talet kunde uppemot 90 % av befolkningen l\u00e4sa. Det b\u00f6r till\u00e4ggas att man l\u00e4ste &#8221;k\u00e4nd text&#8221;, mest Lilla Katekesen. Men skriva kunde de inte, f\u00f6r det l\u00e5g inte i kyrkans intresse.<\/p>\n<p><em><strong>Bild: Stora Torget 1890 en onsdagsmorgon kl. 09.00<\/strong><\/em><\/p>\n<\/div><\/section><\/div><div class=\"flex_column av_one_full  flex_column_div av-zero-column-padding first  avia-builder-el-30  el_after_av_one_full  el_before_av_one_half  column-top-margin\" style='border-radius:0px; '><section class=\"av_textblock_section\"  itemscope=\"itemscope\" itemtype=\"https:\/\/schema.org\/CreativeWork\" ><div class='avia_textblock'   itemprop=\"text\" ><p>Ett bevis p\u00e5 att Gustafva m\u00e5ste ha varit respekterad som Carl Staffans flickv\u00e4n \u00e4r att n\u00e4r deras f\u00f6rstf\u00f6dda son Carl Axel d\u00f6ptes var f\u00f6ljande personer n\u00e4rvarande: Fastighets\u00e4gare Sundeman, Johan Petter W\u00e5hlander och Carl Axels Gudmor Fru Gnospelius, fru till musikdirekt\u00f6r Wilhelm Gnospelius. Herr och fru Gnospelius flyttade till Link\u00f6ping 1842 fr\u00e5n Stockholm. En tanke kan vara att Gustafva arbetade f\u00f6r paret Gnospelius i Stockholm och det \u00e4r den gemensamma l\u00e4nken till att Carl Staffan och Gustafva tr\u00e4ffades.<\/p>\n<p>Den 29 mars 1845 f\u00f6ds Carl Staffan och Gustafvas andra barn, en son som d\u00f6ps till <strong>Staffan Herman.<\/strong> Gustafva har nu tv\u00e5 s\u00f6ner och b\u00e5da har ett namn som kommer fr\u00e5n deras far Carl Axel och Staffan Herman. Faddrar vid Staffan Hermans dop var: fru Carolina Maria Sofia Pereswetoff Morath, maka till l\u00f6jtnant, w\u00e4lborne Carl (Charles) Emil Pereswetoff Morath p\u00e5 Kungliga Lifgrenadj\u00e4rregementet, Herr C J\u00e4rn, Dr\u00e4ngen Flodin och Jungfrun Anna Ander\u2026.<\/p>\n<\/div><\/section><\/div><\/p>\n<div class=\"flex_column av_one_half  flex_column_div av-zero-column-padding first  avia-builder-el-32  el_after_av_one_full  el_before_av_one_half  column-top-margin\" style='border-radius:0px; '><section class=\"av_textblock_section\"  itemscope=\"itemscope\" itemtype=\"https:\/\/schema.org\/CreativeWork\" ><div class='avia_textblock'   itemprop=\"text\" ><p>Barnen som d\u00f6ps \u00e4r normalt bara 1-3 dagar gamla. F\u00f6r\u00e4ldrarna var vanligtvis inte med under sj\u00e4lva dopakten. F\u00f6r\u00e4ldrarna f\u00f6retr\u00e4ddes i st\u00e4llet av faddrarna. Dessa var viktiga personer, som skulle ta ansvar f\u00f6r barnet om f\u00f6r\u00e4ldrarna avled innan barnet vuxit upp. Uppgifterna om faddrar b\u00f6r uppm\u00e4rksammas. Regelm\u00e4ssigt fanns n\u00e4mligen bland faddrarna n\u00e5got eller n\u00e5gra syskon eller annan n\u00e4ra anh\u00f6rig till f\u00f6r\u00e4ldrarna. Bland folk i de h\u00f6gre st\u00e5nden \u00e4r faddrarna dock ofta fr\u00e5n samma samh\u00e4llsklass utan att vara n\u00e4rmare sl\u00e4kt.<\/p>\n<p>Det \u00a0\u00e4r nu 1845 som Gustafvas liv v\u00e4nds upp och ner, fr\u00e5n en saga till en mardr\u00f6m. Anledningen f\u00f6r detta \u00e4r i mina \u00f6gon Carl Staffans pappas fel. Carl Staffan\u2019s pappa hette <strong>Fredrik Johan Cederschi\u00f6ld<\/strong> han var f\u00f6dd den 25 mars 1774 p\u00e5 godset Lidboholm i Sj\u00f6s\u00e5s, som varit Cederschi\u00f6ldska sl\u00e4ktens stamgods i \u00f6ver 100 \u00e5r.<\/p>\n<\/div><\/section><\/div>\n<div class=\"flex_column av_one_half  flex_column_div av-zero-column-padding   avia-builder-el-34  el_after_av_one_half  el_before_av_one_third  column-top-margin\" style='border-radius:0px; '><section class=\"av_textblock_section\"  itemscope=\"itemscope\" itemtype=\"https:\/\/schema.org\/CreativeWork\" ><div class='avia_textblock'   itemprop=\"text\" ><p><img loading=\"lazy\" decoding=\"async\" class=\"alignnone wp-image-4180\" src=\"http:\/\/media.larsnordvall.se\/2022\/02\/wp97d35369-1.jpg\" alt=\"\" width=\"721\" height=\"480\" srcset=\"http:\/\/media.larsnordvall.se\/2022\/02\/wp97d35369-1.jpg 275w, http:\/\/media.larsnordvall.se\/2022\/02\/wp97d35369-1-18x12.jpg 18w\" sizes=\"auto, (max-width: 721px) 100vw, 721px\" \/><\/p>\n<p><em><strong>Bild: Godset Lidboholms Sj\u00f6s\u00e5s<\/strong><\/em><\/p>\n<\/div><\/section><\/div><div class=\"flex_column av_one_third  flex_column_div av-zero-column-padding first  avia-builder-el-36  el_after_av_one_half  el_before_av_one_third  column-top-margin\" style='border-radius:0px; '><section class=\"av_textblock_section\"  itemscope=\"itemscope\" itemtype=\"https:\/\/schema.org\/CreativeWork\" ><div class='avia_textblock'   itemprop=\"text\" ><p><img loading=\"lazy\" decoding=\"async\" class=\"alignnone size-medium wp-image-4263\" src=\"http:\/\/media.larsnordvall.se\/2024\/03\/Cederschiold_Fredrik_Johan_hur_Sparbanken_i_Lund_1833-1933-220x300.jpg\" alt=\"\" width=\"220\" height=\"300\" srcset=\"http:\/\/media.larsnordvall.se\/2024\/03\/Cederschiold_Fredrik_Johan_hur_Sparbanken_i_Lund_1833-1933-220x300.jpg 220w, http:\/\/media.larsnordvall.se\/2024\/03\/Cederschiold_Fredrik_Johan_hur_Sparbanken_i_Lund_1833-1933-9x12.jpg 9w, http:\/\/media.larsnordvall.se\/2024\/03\/Cederschiold_Fredrik_Johan_hur_Sparbanken_i_Lund_1833-1933.jpg 500w\" sizes=\"auto, (max-width: 220px) 100vw, 220px\" \/><br \/>\n<em><strong>Siluette av<\/strong><\/em><br \/>\n<em><strong> Fredrik Johan Cederschi\u00f6ld<\/strong><\/em><\/p>\n<\/div><\/section><\/div><div class=\"flex_column av_one_third  flex_column_div av-zero-column-padding   avia-builder-el-38  el_after_av_one_third  el_before_av_one_third  column-top-margin\" style='border-radius:0px; '><section class=\"av_textblock_section\"  itemscope=\"itemscope\" itemtype=\"https:\/\/schema.org\/CreativeWork\" ><div class='avia_textblock'   itemprop=\"text\" ><p><strong>Fredrik \u00a0Johan Cederschi\u00f6ld<\/strong> \u00a0var en mycket v\u00e4lutbildad man. Under \u00e5ren 1808-41 var han professor i moralfilosofi vid Lunds Universitet. I egenskap av moralprofessor blev han utn\u00e4mnd till b\u00e5de kyrkoherde och pr\u00e4stvigdes 11 november 1821och senare prost 1824. Han \u00a0arbetade \u00e4ven som kyrkoherde i St\u00e4vie pastorat i Lund.<\/p>\n<p><strong>Fredrik Johan Cederschi\u00f6ld<\/strong> var gift med Eleonora Fredrika Widegren som var f\u00f6dd 1778 och dog redan 21 juli 1826 i Lund endast 48 \u00e5r gammal. Carl Staffan Cederschi\u00f6ld var bara 15 \u00e5r gammal n\u00e4r hans mamma dog.<\/p>\n<\/div><\/section><\/div><\/p>\n<div class=\"flex_column av_one_third  flex_column_div av-zero-column-padding   avia-builder-el-40  el_after_av_one_third  el_before_av_one_half  column-top-margin\" style='border-radius:0px; '><section class=\"av_textblock_section\"  itemscope=\"itemscope\" itemtype=\"https:\/\/schema.org\/CreativeWork\" ><div class='avia_textblock'   itemprop=\"text\" ><p><img loading=\"lazy\" decoding=\"async\" class=\"alignnone size-medium wp-image-4262\" src=\"http:\/\/media.larsnordvall.se\/2024\/03\/Pehr-Cederschjold_bror-Fredrik-256x300.jpg\" alt=\"\" width=\"256\" height=\"300\" srcset=\"http:\/\/media.larsnordvall.se\/2024\/03\/Pehr-Cederschjold_bror-Fredrik-256x300.jpg 256w, http:\/\/media.larsnordvall.se\/2024\/03\/Pehr-Cederschjold_bror-Fredrik-10x12.jpg 10w, http:\/\/media.larsnordvall.se\/2024\/03\/Pehr-Cederschjold_bror-Fredrik.jpg 362w\" sizes=\"auto, (max-width: 256px) 100vw, 256px\" \/><br \/>\n<em><strong>Portr\u00e4tt av Pehr Gustaf Cederschj\u00f6ld<\/strong><\/em><br \/>\n<em><strong> 58 \u00e5r gammal. Bror till Fredrik Johan<\/strong><\/em><br \/>\n<em><strong> Cederschi\u00f6ld<\/strong><\/em><\/p>\n<\/div><\/section><\/div><div class=\"flex_column av_one_half  flex_column_div av-zero-column-padding first  avia-builder-el-42  el_after_av_one_third  el_before_av_one_half  column-top-margin\" style='border-radius:0px; '><section class=\"av_textblock_section\"  itemscope=\"itemscope\" itemtype=\"https:\/\/schema.org\/CreativeWork\" ><div class='avia_textblock'   itemprop=\"text\" ><p><img loading=\"lazy\" decoding=\"async\" class=\"alignnone wp-image-4241\" src=\"http:\/\/media.larsnordvall.se\/2022\/09\/Lunds-universitet_skriv-ut-staende.jpg\" alt=\"\" width=\"496\" height=\"373\" srcset=\"http:\/\/media.larsnordvall.se\/2022\/09\/Lunds-universitet_skriv-ut-staende.jpg 283w, http:\/\/media.larsnordvall.se\/2022\/09\/Lunds-universitet_skriv-ut-staende-16x12.jpg 16w\" sizes=\"auto, (max-width: 496px) 100vw, 496px\" \/><\/p>\n<p>Bild: Lunds Universitet<\/p>\n<\/div><\/section><\/div><\/p>\n<div class=\"flex_column av_one_half  flex_column_div av-zero-column-padding   avia-builder-el-44  el_after_av_one_half  el_before_av_one_half  column-top-margin\" style='border-radius:0px; '><section class=\"av_textblock_section\"  itemscope=\"itemscope\" itemtype=\"https:\/\/schema.org\/CreativeWork\" ><div class='avia_textblock'   itemprop=\"text\" ><p><img loading=\"lazy\" decoding=\"async\" class=\"alignnone wp-image-4242\" src=\"http:\/\/media.larsnordvall.se\/2022\/09\/stavie-kyrka_skriv-ut-staende.jpg\" alt=\"\" width=\"452\" height=\"339\" srcset=\"http:\/\/media.larsnordvall.se\/2022\/09\/stavie-kyrka_skriv-ut-staende.jpg 276w, http:\/\/media.larsnordvall.se\/2022\/09\/stavie-kyrka_skriv-ut-staende-16x12.jpg 16w\" sizes=\"auto, (max-width: 452px) 100vw, 452px\" \/><\/p>\n<p>Bild: St\u00e4vie Kyrka<\/p>\n<\/div><\/section><\/div>\n<div class=\"flex_column av_one_half  flex_column_div av-zero-column-padding first  avia-builder-el-46  el_after_av_one_half  el_before_av_one_half  column-top-margin\" style='border-radius:0px; '><section class=\"av_textblock_section\"  itemscope=\"itemscope\" itemtype=\"https:\/\/schema.org\/CreativeWork\" ><div class='avia_textblock'   itemprop=\"text\" ><p><img loading=\"lazy\" decoding=\"async\" class=\"alignnone wp-image-4064\" src=\"http:\/\/media.larsnordvall.se\/2022\/02\/wp04d8a1df_0f-242x300.jpg\" alt=\"\" width=\"445\" height=\"552\" srcset=\"http:\/\/media.larsnordvall.se\/2022\/02\/wp04d8a1df_0f-242x300.jpg 242w, http:\/\/media.larsnordvall.se\/2022\/02\/wp04d8a1df_0f-10x12.jpg 10w, http:\/\/media.larsnordvall.se\/2022\/02\/wp04d8a1df_0f.jpg 273w\" sizes=\"auto, (max-width: 445px) 100vw, 445px\" \/><\/p>\n<p>Bild: Kalmar Slott<\/p>\n<\/div><\/section><\/div>\n<div class=\"flex_column av_one_half  flex_column_div av-zero-column-padding   avia-builder-el-48  el_after_av_one_half  el_before_av_one_full  column-top-margin\" style='border-radius:0px; '><section class=\"av_textblock_section\"  itemscope=\"itemscope\" itemtype=\"https:\/\/schema.org\/CreativeWork\" ><div class='avia_textblock'   itemprop=\"text\" ><h3><em>Allt tar en v\u00e4ndning&#8230;&#8230;<\/em><\/h3>\n<p>Gustafva fick sitt andra barn tillsammans med Carl Staffan den<strong> 29 mars 1845<\/strong>. Bara ett par m\u00e5nader senare f\u00f6rlovar sig Carl Staffan med <strong>Johanna Amalia Charlotta Lembke<\/strong>, dotter till den Preussiska kungliga bataljonsl\u00e4kare Johan Henrik Lembke i Kalmar. <strong>Carl \u00a0Staffan och Amalia Charlotta gifter sig i Kalmar den 28 december 1845.<\/strong><\/p>\n<p>Vad \u00a0som faller sig intresssant \u00a0i den h\u00e4r historien \u00e4r att Carl Staffan aldrig flyttade ihop med sin fru Amalia Charlotta. Hon var efter gifterm\u00e5let fortfarande bosatt i Kalmar och Carl Staffan i Link\u00f6ping.<\/p>\n<p>Livet kan te sig m\u00e4rkligt och bara 3 m\u00e5nader och 7 dagar efter att Carl Staffan gift sig med Amalia Charlotta dog Carl Staffans far Fredrik Johan Cederschi\u00f6ld den 4 april 1846. Kanske gifte m\u00e5let var Carl Staffans fars sista \u00f6nskan innan han dog och Carl Staffan uppfyllde detta.<\/p>\n<p><em><strong>Min \u00a0teori om gifterm\u00e5let<\/strong><\/em> \u00e4r att Carl Staffan blev tvingad av sin familj att g\u00f6ra sig av med Gustafva och gifta sig med n\u00e5gon fr\u00e5n sin egen \u201dklass\u201d. Ett barn p\u00e5 bygden var f\u00f6rmodligen accepterat bland adeln p\u00e5 den h\u00e4r tiden men tv\u00e5 stycken barn med samma flickv\u00e4n kan aldrig ha fallit i god jord hos Carl Staffans far. Carl Staffan arbetade som arme kirurg och hade vid den h\u00e4r tiden mestadels skulder. F\u00f6r att f\u00e5 Carl Staffan att ta sitt f\u00f6rnuft till f\u00e5nga kan hot om att g\u00f6ra honom arvl\u00f6s varit en m\u00f6jlighet. En annan orsak till att Carl Staffan gifte sig med en annan dam s\u00e5 fort kan ha varit att Carl Staffans far var d\u00f6dligt sjuk. Han dog n\u00e4mligen bara 3 m\u00e5nader efter att Carl Staffan gift sig. Att han levde med Gustafva utan att vara gift var inget som Carl Staffan f\u00f6rs\u00f6kte d\u00f6lja eller verkade sk\u00e4mmas f\u00f6r inf\u00f6r f\u00f6r sina v\u00e4nner i Link\u00f6ping. Carl Staffan var en man som \u00a0sj\u00e4lv l\u00e5nade pengar av sina v\u00e4nner f\u00f6r att i sin in tur l\u00e5na ut dom vidare till \u00a0v\u00e4nner som inte hade lika l\u00e4tt att f\u00e5 l\u00e5n. Oavsett orsak tog han ett \u00f6desdigert beslut som han senare djupt \u00e5ngrade.<\/p>\n<\/div><\/section><\/div>\n<div class=\"flex_column av_one_full  flex_column_div av-zero-column-padding first  avia-builder-el-50  el_after_av_one_half  el_before_av_one_full  column-top-margin\" style='border-radius:0px; '><section class=\"av_textblock_section\"  itemscope=\"itemscope\" itemtype=\"https:\/\/schema.org\/CreativeWork\" ><div class='avia_textblock'   itemprop=\"text\" ><p><img loading=\"lazy\" decoding=\"async\" class=\"size-full wp-image-4077 alignleft\" src=\"http:\/\/media.larsnordvall.se\/2022\/02\/wp9ad19e7d.png\" alt=\"\" width=\"260\" height=\"203\" srcset=\"http:\/\/media.larsnordvall.se\/2022\/02\/wp9ad19e7d.png 260w, http:\/\/media.larsnordvall.se\/2022\/02\/wp9ad19e7d-15x12.png 15w\" sizes=\"auto, (max-width: 260px) 100vw, 260px\" \/><\/p>\n<p>P\u00e5 \u00a0\u00a0mindre \u00e4n sex m\u00e5nader har nu Gustafva\u2019s liv nu vid 30 \u00e5rs \u00e5lder, totalt f\u00f6r\u00e4ndrats och hela hennes framtid blivit raserad. Kungliga och adliga m\u00e4n som p\u00e5 den h\u00e4r tiden hade utom\u00e4ktenskapliga barn arrangerade s\u00e5 att deras barn blev fosterbarn till en god kunglig soldat som dom kunde lita p\u00e5 och som hade m\u00f6jlighet att uppfostra och utbilda barnet v\u00e4l.<\/p>\n<p>Carl Staffan \u00a0och Gustafva\u2019s f\u00f6rstf\u00f6dda son Carl Axel var nu 1846 tre \u00e5r gammal. N\u00e4stan p\u00e5 dagen tv\u00e5 m\u00e5nader efter sitt br\u00f6llopet s\u00e5g Carl Staffan till att <em><strong>Carl Axel<\/strong><\/em> flyttade1846-02-22 \u00a0till den kungliga soldaten <em><strong>Daniel Fast p\u00e5 Orrtorpet, Grebo utanf\u00f6r Link\u00f6ping<\/strong><\/em>. Staffan Herman fick stanna kvar hos Gustafva pga av att han var f\u00f6r ung bara 11 m\u00e5nader. Man kan bara t\u00e4nka sig vad Gustafva fick g\u00e5 igenom under den h\u00e4r tiden. Hon hade p\u00e5 mindre \u00e4n ett \u00e5r f\u00f6rlorat n\u00e4stan allt som hon hade k\u00e4rt i sitt liv.<\/p>\n<p><img loading=\"lazy\" decoding=\"async\" class=\"alignnone wp-image-4266\" src=\"http:\/\/media.larsnordvall.se\/2024\/03\/orrtorp-borrtorp-300x225.jpg\" alt=\"\" width=\"412\" height=\"309\" srcset=\"http:\/\/media.larsnordvall.se\/2024\/03\/orrtorp-borrtorp-300x225.jpg 300w, http:\/\/media.larsnordvall.se\/2024\/03\/orrtorp-borrtorp-16x12.jpg 16w, http:\/\/media.larsnordvall.se\/2024\/03\/orrtorp-borrtorp.jpg 400w\" sizes=\"auto, (max-width: 412px) 100vw, 412px\" \/>\u00a0 \u00a0 \u00a0 \u00a0 \u00a0<img loading=\"lazy\" decoding=\"async\" class=\"alignnone wp-image-4267\" src=\"http:\/\/media.larsnordvall.se\/2024\/03\/soldat-uniform1845_red.jpg\" alt=\"\" width=\"126\" height=\"306\" srcset=\"http:\/\/media.larsnordvall.se\/2024\/03\/soldat-uniform1845_red.jpg 103w, http:\/\/media.larsnordvall.se\/2024\/03\/soldat-uniform1845_red-5x12.jpg 5w\" sizes=\"auto, (max-width: 126px) 100vw, 126px\" \/><\/p>\n<\/div><\/section><\/div>\n<div class=\"flex_column av_one_full  flex_column_div av-zero-column-padding first  avia-builder-el-52  el_after_av_one_full  el_before_av_one_full  column-top-margin\" style='border-radius:0px; '><p><section class=\"av_textblock_section\"  itemscope=\"itemscope\" itemtype=\"https:\/\/schema.org\/CreativeWork\" ><div class='avia_textblock'   itemprop=\"text\" ><p><img loading=\"lazy\" decoding=\"async\" class=\"wp-image-4101 alignleft\" src=\"http:\/\/media.larsnordvall.se\/2022\/02\/wpe12b83f1_0f-300x192.jpg\" alt=\"\" width=\"405\" height=\"259\" srcset=\"http:\/\/media.larsnordvall.se\/2022\/02\/wpe12b83f1_0f-300x192.jpg 300w, http:\/\/media.larsnordvall.se\/2022\/02\/wpe12b83f1_0f-18x12.jpg 18w, http:\/\/media.larsnordvall.se\/2022\/02\/wpe12b83f1_0f.jpg 338w\" sizes=\"auto, (max-width: 405px) 100vw, 405px\" \/><\/p>\n<p>Efter \u00a0att Carl Staffan gift sig med Amalia Charlotta fick Gustafva flytta fr\u00e5n sin fina l\u00e4genhet och flytta till en s\u00e4mre l\u00e4genhet S:t Kors 63 som l\u00e5g i korsningen Drottninggatan \/ Djurg\u00e5rdsgatan. I kyrkoboken st\u00e5r Gustava \u00e5ter under yrke som piga.<\/p>\n<p>Gustafva var nu helt ensam med sin andra son Staffan Herman som nu var 1,5 \u00e5r gammal. Att var ensamst\u00e5ende och ogift med barn i Link\u00f6ping och samtidigt f\u00f6rs\u00f6ka arbeta som piga m\u00e5ste ha varit en om\u00f6jlighet. \u00a0Gustafva visste att Carl Staffan och hon aldrig mer kunde bli ett par nu n\u00e4r han var gift.<\/p>\n<p>Fredagen \u00a0den 17 juli, 3 m\u00e5nader och 12 dagar efter att hans far avlidit befinner sig<em><strong> Carl Staffan Cederschi\u00f6ld<\/strong> <strong>i S\u00f6derk\u00f6ping p\u00e5 S\u00f6derk\u00f6pings Brunns Hotell<\/strong><\/em> f\u00f6r att vila upp sig efter att han blivit vad vi i v\u00e5ra dagar kallar f\u00f6r utbr\u00e4nd.<\/p>\n<p><img loading=\"lazy\" decoding=\"async\" class=\"wp-image-4120 alignright\" src=\"http:\/\/media.larsnordvall.se\/2022\/02\/wp0da4eea1_0f-300x192.jpg\" alt=\"\" width=\"378\" height=\"242\" srcset=\"http:\/\/media.larsnordvall.se\/2022\/02\/wp0da4eea1_0f-300x192.jpg 300w, http:\/\/media.larsnordvall.se\/2022\/02\/wp0da4eea1_0f-18x12.jpg 18w, http:\/\/media.larsnordvall.se\/2022\/02\/wp0da4eea1_0f.jpg 352w\" sizes=\"auto, (max-width: 378px) 100vw, 378px\" \/><\/p>\n<p>N\u00e5got h\u00e4nder och Carl Staffan hittas drunknad i kanalen. Han var 35 \u00e5r gammal. Carl Staffan hann bara vara gift i knappt 6 m\u00e5nader med sin fru Amalia Charlotta.<\/p>\n<p><em><strong>\u00a0Bertil Cederqvist<\/strong><\/em> som \u00e4r son till Staffan Herman Cederqvist ber\u00e4ttade att en gammal sl\u00e4kting till honom \u201chade hoppat naken i en str\u00f6mmande fors f\u00f6r han var ledsen \u00f6ver n\u00e5gonting\u201d. Och med facit i hand hade Carl Staffan f\u00f6rmodligen sv\u00e5rt att leva med sitt \u00f6desdigra beslut.<\/p>\n<\/div><\/section><br \/>\n<section class=\"av_textblock_section\"  itemscope=\"itemscope\" itemtype=\"https:\/\/schema.org\/CreativeWork\" ><div class='avia_textblock'   itemprop=\"text\" ><p><img loading=\"lazy\" decoding=\"async\" class=\"wp-image-4076 aligncenter\" src=\"http:\/\/media.larsnordvall.se\/2022\/02\/wpa59abb83_0f-300x113.jpg\" alt=\"\" width=\"666\" height=\"251\" srcset=\"http:\/\/media.larsnordvall.se\/2022\/02\/wpa59abb83_0f-300x113.jpg 300w, http:\/\/media.larsnordvall.se\/2022\/02\/wpa59abb83_0f-18x7.jpg 18w, http:\/\/media.larsnordvall.se\/2022\/02\/wpa59abb83_0f.jpg 549w\" sizes=\"auto, (max-width: 666px) 100vw, 666px\" \/><\/p>\n<p><img loading=\"lazy\" decoding=\"async\" class=\"wp-image-4274 alignleft\" src=\"http:\/\/media.larsnordvall.se\/2024\/03\/minnesruna-cederschiold-144x300.jpg\" alt=\"\" width=\"171\" height=\"356\" srcset=\"http:\/\/media.larsnordvall.se\/2024\/03\/minnesruna-cederschiold-144x300.jpg 144w, http:\/\/media.larsnordvall.se\/2024\/03\/minnesruna-cederschiold-495x1030.jpg 495w, http:\/\/media.larsnordvall.se\/2024\/03\/minnesruna-cederschiold-6x12.jpg 6w, http:\/\/media.larsnordvall.se\/2024\/03\/minnesruna-cederschiold-339x705.jpg 339w, http:\/\/media.larsnordvall.se\/2024\/03\/minnesruna-cederschiold.jpg 628w\" sizes=\"auto, (max-width: 171px) 100vw, 171px\" \/>Det \u00a0m\u00e5ste ha varit en sorgens dag d\u00e5 Carl Staffans b\u00e4ste v\u00e4n Carl Fredrik Ridderstad fick skriva sin v\u00e4ns alldeles f\u00f6r tidiga d\u00f6druna i sin tidning \u00d6stg\u00f6ta Correspondenten.<\/p>\n<p><em><strong>Carl Staffans Cederschi\u00f6lds d\u00f6dsruna i \u00d6stg\u00f6ta <\/strong><\/em><br \/>\n<em><strong>Correspondenten onsdagen den 22 juli 1846<\/strong><\/em><\/p>\n<p><em>Ett of\u00f6rmodat d\u00f6dsfall har i dessa dagar spridt sorg och saknad inom w\u00e5rt samh\u00e4lle, neml. Herr Doctor C. S. Cederschi\u00f6ld, hwilket timade f\u00f6rra Fredag i S\u00f6derk\u00f6ping, Der han uppeh\u00f6ll sig wid Wattenfors =anstalten,F\u00f6r att \u00e5terwinna en helsa som uppoffrats under l\u00e4karew\u00e4rf f\u00f6r andra. Warmt intresserad f\u00f6r sin vetenskap, af naturen utrustad med en snabbt och alert uppfattande blick, samt conseqvent fullf\u00f6ljande sina en g\u00e5ng moget och lugnt \u00f6verlagda och fattade beslut, hade han f\u00f6rv\u00e4rvat sig en vidstr\u00e4ckt praktik, talrika v\u00e4nner och oinskr\u00e4nkt f\u00f6rtroende, allra helst som han utan avseende p\u00e5 patientens st\u00e4llning i samh\u00e4llet ,dess fattigdom eller rikedom med sann aldrig j\u00e4vd uppfattning fortgick sin lugna, fredliga och stilla v\u00e4g. En efterl\u00e4mnad, ung makas r\u00e4ttm\u00e4tiga sorg har dessutom vid detta d\u00f6dsfall framkallat ett mera allm\u00e4nt och enh\u00e4lligt deltagande \u00e4n n\u00e5got annat p\u00e5 senare tider. Doctor Cederschi\u00f6lds lik som ig\u00e5r f\u00f6rmiddag anl\u00e4nde hit fr\u00e5n S\u00f6derk\u00f6ping mottogs av talrika v\u00e4nner vid St\u00e5ngebro Tull och ledsagades av dem till bis\u00e4ttningsrummet i Domkyrkan, d\u00e4r det nu befinner sig. Om vi omn\u00e4mnandet av den f\u00f6rlust samh\u00e4llet genom Doctor Cederschi\u00f6lds d\u00f6d gjort icke kunna vara s\u00e4rdeles ordrika, s\u00e5 m\u00e5 det f\u00f6rl\u00e5tas oss, emedan \u00e4ven vi k\u00e4nna oss sm\u00e4rtsamt<\/em><br \/>\n<em> tr\u00e4ffade av det slag som visserligen h\u00e4rdats drabbat hans unga allt f\u00f6r tidigt vordna \u00e4nka, men i andra rummet hans talrika v\u00e4nner, bland vilka vi hade f\u00f6r den gl\u00e4djen och nu den sm\u00e4rtan att r\u00e4kna oss.<\/em><\/p>\n<p><img loading=\"lazy\" decoding=\"async\" class=\"alignnone wp-image-4118\" src=\"http:\/\/media.larsnordvall.se\/2022\/02\/wp3f68febb_0f.jpg\" alt=\"\" width=\"264\" height=\"199\" srcset=\"http:\/\/media.larsnordvall.se\/2022\/02\/wp3f68febb_0f.jpg 291w, http:\/\/media.larsnordvall.se\/2022\/02\/wp3f68febb_0f-16x12.jpg 16w\" sizes=\"auto, (max-width: 264px) 100vw, 264px\" \/> <img loading=\"lazy\" decoding=\"async\" class=\"alignnone wp-image-4116\" src=\"http:\/\/media.larsnordvall.se\/2022\/02\/wp4dac4091_0f.jpg\" alt=\"\" width=\"222\" height=\"195\" srcset=\"http:\/\/media.larsnordvall.se\/2022\/02\/wp4dac4091_0f.jpg 291w, http:\/\/media.larsnordvall.se\/2022\/02\/wp4dac4091_0f-14x12.jpg 14w\" sizes=\"auto, (max-width: 222px) 100vw, 222px\" \/><img loading=\"lazy\" decoding=\"async\" class=\"alignnone wp-image-4275\" src=\"http:\/\/media.larsnordvall.se\/2024\/03\/Linkopings-domkyrka-1800_red-300x246.jpg\" alt=\"\" width=\"233\" height=\"191\" srcset=\"http:\/\/media.larsnordvall.se\/2024\/03\/Linkopings-domkyrka-1800_red-300x246.jpg 300w, http:\/\/media.larsnordvall.se\/2024\/03\/Linkopings-domkyrka-1800_red-15x12.jpg 15w, http:\/\/media.larsnordvall.se\/2024\/03\/Linkopings-domkyrka-1800_red.jpg 450w\" sizes=\"auto, (max-width: 233px) 100vw, 233px\" \/><\/p>\n<p>Bild: St\u00e5ngebro efter tr\u00e4snitt 1870,\u00a0 \u00a0 \u00a0 \u00a0 \u00a0 \u00a0 \u00a0 \u00a0 Link\u00f6pings Domkyrka 1800\u00a0 \u00a0 \u00a0 \u00a0Link\u00f6pings Domkyrka 1859<br \/>\nd\u00e4r Carl Staffans v\u00e4nner mottog hans<br \/>\nkista<\/p>\n<p>Det \u00e4r en annorlunda d\u00f6dsruna som skrivits av Carl Staffans b\u00e4ste v\u00e4n Carl Fredrik Ridderstad. En god v\u00e4n som \u00a0hade haft god insikt i Carl Staffans liv och leverne. Jag uppfattar d\u00f6dsrunan som svar p\u00e5 m\u00e5nga fr\u00e5gor. F\u00f6ljaktligen m\u00e5dde Carl Staffan inte bra trots att han borde vara lyckligt nygift. Ridderstad skriver att Carl Staffan \u00e4r d\u00e4r f\u00f6r att \u00e5tervinna sin h\u00e4lsa som han har f\u00f6rsummat pga av sitt arbete. Arbetet som bataljonsl\u00e4kare p\u00e5 I5 var kanske inte orsaken att han f\u00f6rlorat sin h\u00e4lsa, han kanske hade gift sig f\u00f6r att g\u00f6ra sin far till viljes, och nu satt i en situation han inte orkade med. Det kanske gjorde honom deprimerad och tr\u00f6tt p\u00e5 livet. I runan framg\u00e5r att han inte brydde sig om m\u00e4nniskors st\u00e4llning i samh\u00e4llet om de var rika eller fattiga utan behandlade alla lika. Det passar bra in p\u00e5 det liv han levt tillsammans med sin Gustafva som bara var en enkel flicka fr\u00e5n landet.<\/p>\n<\/div><\/section><br \/>\n<section class=\"av_textblock_section\"  itemscope=\"itemscope\" itemtype=\"https:\/\/schema.org\/CreativeWork\" ><div class='avia_textblock'   itemprop=\"text\" ><p><img loading=\"lazy\" decoding=\"async\" class=\"wp-image-4278 aligncenter\" src=\"http:\/\/media.larsnordvall.se\/2024\/03\/corren-29-juli-300x113.jpg\" alt=\"\" width=\"645\" height=\"243\" srcset=\"http:\/\/media.larsnordvall.se\/2024\/03\/corren-29-juli-300x113.jpg 300w, http:\/\/media.larsnordvall.se\/2024\/03\/corren-29-juli-18x7.jpg 18w, http:\/\/media.larsnordvall.se\/2024\/03\/corren-29-juli.jpg 500w\" sizes=\"auto, (max-width: 645px) 100vw, 645px\" \/><\/p>\n<p><img loading=\"lazy\" decoding=\"async\" class=\"alignnone size-full wp-image-4279\" src=\"http:\/\/media.larsnordvall.se\/2024\/03\/vapen_cederskold.gif\" alt=\"\" width=\"181\" height=\"222\" \/>\u00a0 \u00a0 \u00a0 \u00a0 \u00a0 \u00a0 \u00a0 \u00a0 \u00a0 \u00a0 \u00a0 \u00a0 \u00a0 \u00a0 \u00a0 \u00a0 \u00a0 \u00a0 \u00a0 \u00a0 \u00a0 \u00a0 <img loading=\"lazy\" decoding=\"async\" class=\"alignnone size-medium wp-image-4280\" src=\"http:\/\/media.larsnordvall.se\/2024\/03\/Carl-Staffan-dodsannons-300x159.jpg\" alt=\"\" width=\"300\" height=\"159\" srcset=\"http:\/\/media.larsnordvall.se\/2024\/03\/Carl-Staffan-dodsannons-300x159.jpg 300w, http:\/\/media.larsnordvall.se\/2024\/03\/Carl-Staffan-dodsannons-18x10.jpg 18w, http:\/\/media.larsnordvall.se\/2024\/03\/Carl-Staffan-dodsannons.jpg 400w\" sizes=\"auto, (max-width: 300px) 100vw, 300px\" \/><\/p>\n<p>Cederschi\u00f6lds sl\u00e4ktvapen<\/p>\n<p>Vi \u00a0f\u00e5r aldrig veta varf\u00f6r Carl Staffan gifte sig med en annan kvinna han aldrig levde tillsammans med. I hans bouppteckning kan man l\u00e4sa att d\u00e4r fanns m\u00f6bler, glas, kirurgiska instrument, m\u00e5lningar och b\u00f6cker till ett v\u00e4rde av 2744 kronor och skulder till banken och v\u00e4nner p\u00e5 2251 kr. Det bevisar att han inte var n\u00e5gon rik man.<\/p>\n<p>Maj 1846, fem m\u00e5nader efter att Carl Staffan hade gift sig blir Gustafva med barn .<\/p>\n<p>Det st\u00e5r skrivet att det \u00e4r Harmonisten Hellstrand som \u00e4r far till Gustafva\u00b4s tredje barn. Gustafva f\u00f6der en flicka 12 februari 1847, som hon d\u00f6per till Ida Axelina. Ida Axelina \u00e4r f\u00f6dd p\u00e5 S:t: Kors 13. Huset nedan visar S:t Kors 15, grannhuset till Gustafva\u00b4s hus. Huset finns idag att se i Gamla Link\u00f6ping.<\/p>\n<p><img loading=\"lazy\" decoding=\"async\" class=\"alignnone size-medium wp-image-4281\" src=\"http:\/\/media.larsnordvall.se\/2024\/03\/St-Korsgatan-15-300x238.jpg\" alt=\"\" width=\"300\" height=\"238\" srcset=\"http:\/\/media.larsnordvall.se\/2024\/03\/St-Korsgatan-15-300x238.jpg 300w, http:\/\/media.larsnordvall.se\/2024\/03\/St-Korsgatan-15-15x12.jpg 15w, http:\/\/media.larsnordvall.se\/2024\/03\/St-Korsgatan-15.jpg 388w\" sizes=\"auto, (max-width: 300px) 100vw, 300px\" \/>\u00a0 \u00a0 \u00a0 \u00a0\u00a0 <img loading=\"lazy\" decoding=\"async\" class=\"alignnone wp-image-4282\" src=\"http:\/\/media.larsnordvall.se\/2024\/03\/Storgatan-68-mot-soder-och-St-Korsgatan-300x218.jpg\" alt=\"\" width=\"326\" height=\"237\" srcset=\"http:\/\/media.larsnordvall.se\/2024\/03\/Storgatan-68-mot-soder-och-St-Korsgatan-300x218.jpg 300w, http:\/\/media.larsnordvall.se\/2024\/03\/Storgatan-68-mot-soder-och-St-Korsgatan-18x12.jpg 18w, http:\/\/media.larsnordvall.se\/2024\/03\/Storgatan-68-mot-soder-och-St-Korsgatan.jpg 637w\" sizes=\"auto, (max-width: 326px) 100vw, 326px\" \/><\/p>\n<p>S:t Kors 15, Gamla Link\u00f6ping grannhuset till \u00a0S:t: Kors 13 ( det r\u00f6da huset)d\u00e4r Gustafva f\u00f6dde sin f\u00f6rsta dotter Ida Axelina.(Byggnaden, som \u00e4r uppf\u00f6rd i tv\u00e5 v\u00e5ningar, har rygg\u00e5s. Det flacka taket har sannolikt varit t\u00e4ckt med torv. Det p\u00e5byggda trapphuset har en lucka i ovanv\u00e5ningen f\u00f6r att kunna ta ut och in st\u00f6rre m\u00f6bler m m. Byggnaden \u00e4r sannolikt uppf\u00f6rd omkring \u00e5r 1700. I byggnaden inrymdes en bostadsl\u00e4genhet i vardera v\u00e5ningsplanet.<\/p>\n<p>Tv\u00e5 m\u00e5nader senare i samband med Carl Staffans d\u00f6d flyttar Gustafva till ett \u00e4nnu enklare boende p\u00e5 S:t: Kors 13. Anledningen var kanske att hon nu inte fick n\u00e5gon ekonomisk hj\u00e4lp f\u00f6r Staffan Herman, Carl Staffans andra son.<\/p>\n<\/div><\/section><br \/>\n<section class=\"av_textblock_section\"  itemscope=\"itemscope\" itemtype=\"https:\/\/schema.org\/CreativeWork\" ><div class='avia_textblock'   itemprop=\"text\" ><p>Detta f\u00f6rh\u00e5llande med Harmonisten Hellstrand uppl\u00f6stes ganska snart. Gustafva m\u00f6ter f\u00f6r oss en ok\u00e4nd ny man som hon f\u00e5r sin andra dotter med. Ebba Sofia \u00e4r f\u00f6dd den 20 juni 1849 och Gustafva\u2019s tredje dotter Hilma f\u00f6ds den 27 oktober 1852. B\u00e5de Ebba Sofia och Hilma har fader ok\u00e4nd i kyrkoboken. Ebba Sofia och Hilma kan ha haft samma far och men han var f\u00f6rmodligen fr\u00e5n en finare familj eller gift. N\u00e4r s\u00e5 skedde skrev man hellre fader ok\u00e4nd i kyrkoboken. Gustafva k\u00e4nde dock det \u201dfinaste\u201d folket i Link\u00f6ping genom Carl Staffan och kanske var det n\u00e5gon i dessa f\u00f6rgreningarna som var far till barnen.<\/p>\n<p>Gustafva \u00a0kunde av olika sj\u00e4l inte uppge vem som var far till alla hennes barn. Hon gav dock en ledtr\u00e5d d\u00e5 hon d\u00f6pte sina f\u00f6rsta s\u00f6ner med namn fr\u00e5n deras far , Carl och Staffan. Kanske \u00e4r det s\u00e5 att Harmonisten Hellstrand hette Axel i f\u00f6rnamn och fick d\u00e4rf\u00f6r heta Axelina. \u00a0Det skulle kunna vara s\u00e5 att Gustafvas tv\u00e5 yngsta d\u00f6ttrar Ebba Sofia och Hilma, kanske hade en far vars f\u00f6rnamn var Ebbe Hilmer. Det \u00e4r ett l\u00e5ngskott men kan kanske ge n\u00e5got att leta vidare p\u00e5.<\/p>\n<h2 style=\"text-align: center;\"><em>S\u00e5 vad h\u00e4nde sedan &#8230;&#8230;&#8230;<\/em><\/h2>\n<p><em><strong>Gustafvas \u00a0f\u00f6rsta dotter Ida Axelina<\/strong><\/em> avlider 23 november 1875 endast 18 \u00e5r gammal pga av att hon brutit ryggraden (Brott af ryggraden).<\/p>\n<p><em><strong>Ebba Sofia<\/strong> <\/em>\u00a0flyttar \u00a0den 7 november 1867 , 18 \u00e5r gammal till Risinge. Ebba Sofia \u00e5terkommer till Link\u00f6ping 1869 fr\u00e5n Norrk\u00f6ping. Tv\u00e5 \u00e5r senare 1871 flyttar Ebba Sofia fr\u00e5n S:t Lars 48 till Karlskrona. 1890 bor hon 41 \u00e5r gammal i Arings\u00e5s i Sm\u00e5land och har yrket &#8221;Hyr arbeterska&#8221;. Ebba Sofia Nyberg d\u00f6r ogift 1921-03-11 i Arings\u00e5s p\u00e5 \u00c5lderdomshemmet.<\/p>\n<p><em><strong>Om dottern Hilma<\/strong><\/em> kan man l\u00e4sa: Qwinspersonerne Anna Nyberg och Hilma Nyberg i g\u00e5rden N:o 56 T, att, f\u00f6r fylleri \u00e5 Sabbath hwardera b\u00f6ta Sju Riksdaler 50 \u00f6re samt Hilma Nyberg serskildt f\u00f6r det hon wid samma tillf\u00e4lle f\u00f6rt oljud 5 Riksdaler. (Nu vet vi vart det h\u00f6gljudda i sl\u00e4kten kommer ifr\u00e5n : )<br \/>\nN\u00e4r Hilma \u00e4r 19 \u00e5r f\u00e5r hon den 9 november 1871 en dotter som d\u00f6ps till Hilma Axelina. Fader ok\u00e4nd. Hilma bor kvar i Link\u00f6ping &#8221;p\u00e5 ok\u00e4nd ort&#8221; och har titeln &#8221;hush\u00e5llerska&#8221;. I 1890 \u00e5rs folkr\u00e4kning bor Hilma 38 \u00e5r i kvarteret S:t Per. (Hunnebergsagatan)<br \/>\nHilma med dotter flyttar till S:t Olai i Norrk\u00f6ping. Hilma avlider antagligen mellan 1890 och \u00e5r 1900.<\/p>\n<p><img loading=\"lazy\" decoding=\"async\" class=\"wp-image-4284 aligncenter\" src=\"http:\/\/media.larsnordvall.se\/2024\/03\/Hunnebergsgatan-mot-oster-1898-300x175.jpg\" alt=\"\" width=\"645\" height=\"376\" srcset=\"http:\/\/media.larsnordvall.se\/2024\/03\/Hunnebergsgatan-mot-oster-1898-300x175.jpg 300w, http:\/\/media.larsnordvall.se\/2024\/03\/Hunnebergsgatan-mot-oster-1898.jpg 679w\" sizes=\"auto, (max-width: 645px) 100vw, 645px\" \/><\/p>\n<p>Hunnebergsgatan, t.h Onkel Adams g\u00e5rden 1898.<\/p>\n<p><em><strong><img loading=\"lazy\" decoding=\"async\" class=\"size-full wp-image-4285 alignleft\" src=\"http:\/\/media.larsnordvall.se\/2024\/03\/kristinaplatsen3.jpg\" alt=\"\" width=\"208\" height=\"278\" srcset=\"http:\/\/media.larsnordvall.se\/2024\/03\/kristinaplatsen3.jpg 208w, http:\/\/media.larsnordvall.se\/2024\/03\/kristinaplatsen3-9x12.jpg 9w\" sizes=\"auto, (max-width: 208px) 100vw, 208px\" \/>Hilma Nybergs dotter Hilma Axelina<\/strong> <\/em>\u00e4r \u00a0\u00e5r 1900 gift med Folkskolel\u00e4rare Axel Fredrik H\u00e4llstr\u00f6m, de \u00e4r bosatta i Norrk\u00f6ping och har 2 barn Greta och Lars-Olof. Hilma d\u00f6r 1968-06-21 i Norrk\u00f6ping \u00a0p\u00e5 Kristinaplatsen 3, d\u00e4r hon bodde p\u00e5 nedre botten 97 \u00e5r gammal.<\/p>\n<p>Bild: Kristineplatsen 3, Norrk\u00f6ping<\/p>\n<p><em><strong>Gustafva \u00a0Carl Axel\u2019s<\/strong> <\/em>mamma flyttar mer \u00e4n 16 g\u00e5nger runt i Link\u00f6ping p\u00e5 olika adresser. Anledningen till att hon flyttade s\u00e5 ofta kan vara att hon blev vr\u00e4kt n\u00e4r hon inte kunde betala hyran. Enl. husf\u00f6rh\u00f6rsl\u00e4ngden 1880 beskrivs Gustafva som &#8221;fattig&#8221; hon \u00e4r d\u00e5 65 \u00e5r gammal. 1890 \u00e5rs folkr\u00e4kning finns Gustafva i S:t Pers kvarter och ben\u00e4ms linnes\u00f6mmerska.<\/p>\n<p><img loading=\"lazy\" decoding=\"async\" class=\"wp-image-4286 aligncenter\" src=\"http:\/\/media.larsnordvall.se\/2024\/03\/blaklocka_red-300x200.jpg\" alt=\"\" width=\"626\" height=\"417\" srcset=\"http:\/\/media.larsnordvall.se\/2024\/03\/blaklocka_red-300x200.jpg 300w, http:\/\/media.larsnordvall.se\/2024\/03\/blaklocka_red-18x12.jpg 18w, http:\/\/media.larsnordvall.se\/2024\/03\/blaklocka_red.jpg 350w\" sizes=\"auto, (max-width: 626px) 100vw, 626px\" \/><\/p>\n<p>Vid 76 \u00e5rs \u00e5lder den 26 december 1891, d\u00f6r Gustafva ensam och fattig av hj\u00e4rtproblem. D\u00f6dsorsaken beskrivs som hj\u00e4rtklaff fel och vattensamling i kroppen, hennes sista adress \u00e4r \u00c5bylund 1, Domkyrkof\u00f6rsamlingen i Link\u00f6ping.1890 finns hon skriven p\u00e5 S:t Pers 67, Hunnebergsgatan vilket det svartvita fotot ovan fr\u00e5n 1898 visar, tills hon dog 1890. Kankse var det s\u00e5 att Gustafva bodde hos \u00a0sin dotter Hilma d\u00e5 de verkade ha haft samma adress 1890. Ett h\u00e5rt liv med m\u00e5nga sorger \u00e4r nu \u00e4ntligen f\u00e4rdigt!<\/p>\n<\/div><\/section><br \/>\n<section class=\"av_textblock_section\"  itemscope=\"itemscope\" itemtype=\"https:\/\/schema.org\/CreativeWork\" ><div class='avia_textblock'   itemprop=\"text\" ><h2><em>H\u00e4r forts\u00e4tter sl\u00e4kthistorien om Gustafvas \u00a0och Carls Staffans tv\u00e5 s\u00f6ner Carl Axel och Staffan Herman.<\/em><\/h2>\n<p><img loading=\"lazy\" decoding=\"async\" class=\"alignnone wp-image-4288\" src=\"http:\/\/media.larsnordvall.se\/2024\/03\/CarlAxel_ung-199x300.gif\" alt=\"\" width=\"287\" height=\"433\" srcset=\"http:\/\/media.larsnordvall.se\/2024\/03\/CarlAxel_ung-199x300.gif 199w, http:\/\/media.larsnordvall.se\/2024\/03\/CarlAxel_ung-8x12.gif 8w\" sizes=\"auto, (max-width: 287px) 100vw, 287px\" \/>\u00a0 \u00a0 \u00a0 \u00a0 \u00a0 \u00a0<img loading=\"lazy\" decoding=\"async\" class=\"alignnone wp-image-4289\" src=\"http:\/\/media.larsnordvall.se\/2024\/03\/Herman_red-227x300.jpg\" alt=\"\" width=\"322\" height=\"426\" srcset=\"http:\/\/media.larsnordvall.se\/2024\/03\/Herman_red-227x300.jpg 227w, http:\/\/media.larsnordvall.se\/2024\/03\/Herman_red-9x12.jpg 9w, http:\/\/media.larsnordvall.se\/2024\/03\/Herman_red.jpg 350w\" sizes=\"auto, (max-width: 322px) 100vw, 322px\" \/><\/p>\n<p><strong>\u00a0 \u00a0 \u00a0 \u00a0 \u00a0 \u00a0 \u00a0 \u00a0 Carl Axel\u00a0 \u00a0 \u00a0<\/strong> \u00a0 \u00a0 \u00a0 \u00a0 \u00a0 \u00a0 \u00a0 \u00a0 \u00a0 \u00a0 \u00a0 \u00a0 \u00a0 \u00a0 \u00a0 \u00a0 \u00a0 \u00a0 \u00a0 \u00a0 \u00a0 \u00a0 \u00a0 \u00a0 \u00a0<strong>\u00a0 \u00a0 \u00a0 \u00a0 \u00a0 \u00a0 \u00a0 \u00a0 Staffan Herman\u00a0<\/strong><\/p>\n<\/div><\/section><\/p><\/div>\n<div class=\"flex_column av_one_full  flex_column_div av-zero-column-padding first  avia-builder-el-58  el_after_av_one_full  avia-builder-el-last  column-top-margin\" style='border-radius:0px; '><\/div>","protected":false},"excerpt":{"rendered":"","protected":false},"author":1,"featured_media":0,"parent":0,"menu_order":0,"comment_status":"closed","ping_status":"closed","template":"","meta":{"_uag_custom_page_level_css":"","wpm_timeformat":"","_wpm_styles":"","footnotes":""},"class_list":["post-41","page","type-page","status-publish","hentry"],"yoast_head":"<!-- This site is optimized with the Yoast SEO plugin v27.5 - https:\/\/yoast.com\/product\/yoast-seo-wordpress\/ -->\n<title>Gustavfa Nyberg - Carl Staffan Cedershi\u00f6ld - LarsNordvall.se<\/title>\n<meta name=\"description\" content=\"Ett bevis p\u00e5 att Gustafva m\u00e5ste ha varit respekterad som Carl Staffans Cederschi\u00f6lds flickv\u00e4n \u00e4r att n\u00e4r deras f\u00f6rstf\u00f6dda son Carl Axel d\u00f6ptes var f\u00f6ljande personer n\u00e4rvarande:\" \/>\n<meta name=\"robots\" content=\"index, follow, max-snippet:-1, max-image-preview:large, max-video-preview:-1\" \/>\n<link rel=\"canonical\" href=\"https:\/\/larsnordvall.se\/en\/gustavfa-nyberg-carl-staffan-cederschiold\/\" \/>\n<meta property=\"og:locale\" content=\"en_US\" \/>\n<meta property=\"og:type\" content=\"article\" \/>\n<meta property=\"og:title\" content=\"Gustavfa Nyberg - Carl Staffan Cedershi\u00f6ld - LarsNordvall.se\" \/>\n<meta property=\"og:description\" content=\"Ett bevis p\u00e5 att Gustafva m\u00e5ste ha varit respekterad som Carl Staffans Cederschi\u00f6lds flickv\u00e4n \u00e4r att n\u00e4r deras f\u00f6rstf\u00f6dda son Carl Axel d\u00f6ptes var f\u00f6ljande personer n\u00e4rvarande:\" \/>\n<meta property=\"og:url\" content=\"https:\/\/larsnordvall.se\/en\/gustavfa-nyberg-carl-staffan-cederschiold\/\" \/>\n<meta property=\"og:site_name\" content=\"LarsNordvall.se\" \/>\n<meta property=\"article:modified_time\" content=\"2024-10-14T20:04:20+00:00\" \/>\n<meta property=\"og:image\" content=\"https:\/\/media.larsnordvall.se\/2020\/10\/Gustafva_bild1.jpg\" \/>\n\t<meta property=\"og:image:width\" content=\"350\" \/>\n\t<meta property=\"og:image:height\" content=\"273\" \/>\n\t<meta property=\"og:image:type\" content=\"image\/jpeg\" \/>\n<meta name=\"twitter:card\" content=\"summary_large_image\" \/>\n<meta name=\"twitter:label1\" content=\"Est. reading time\" \/>\n\t<meta name=\"twitter:data1\" content=\"33 minutes\" \/>\n<script type=\"application\/ld+json\" class=\"yoast-schema-graph\">{\"@context\":\"https:\\\/\\\/schema.org\",\"@graph\":[{\"@type\":\"WebPage\",\"@id\":\"https:\\\/\\\/larsnordvall.se\\\/gustavfa-nyberg-carl-staffan-cederschiold\\\/\",\"url\":\"https:\\\/\\\/larsnordvall.se\\\/gustavfa-nyberg-carl-staffan-cederschiold\\\/\",\"name\":\"Gustavfa Nyberg - Carl Staffan Cedershi\u00f6ld - LarsNordvall.se\",\"isPartOf\":{\"@id\":\"https:\\\/\\\/larsnordvall.se\\\/#website\"},\"primaryImageOfPage\":{\"@id\":\"https:\\\/\\\/larsnordvall.se\\\/gustavfa-nyberg-carl-staffan-cederschiold\\\/#primaryimage\"},\"image\":{\"@id\":\"https:\\\/\\\/larsnordvall.se\\\/gustavfa-nyberg-carl-staffan-cederschiold\\\/#primaryimage\"},\"thumbnailUrl\":\"http:\\\/\\\/media.larsnordvall.se\\\/2020\\\/10\\\/Gustafva_bild1-300x234.jpg\",\"datePublished\":\"2020-10-26T21:00:34+00:00\",\"dateModified\":\"2024-10-14T20:04:20+00:00\",\"description\":\"Ett bevis p\u00e5 att Gustafva m\u00e5ste ha varit respekterad som Carl Staffans Cederschi\u00f6lds flickv\u00e4n \u00e4r att n\u00e4r deras f\u00f6rstf\u00f6dda son Carl Axel d\u00f6ptes var f\u00f6ljande personer n\u00e4rvarande:\",\"breadcrumb\":{\"@id\":\"https:\\\/\\\/larsnordvall.se\\\/gustavfa-nyberg-carl-staffan-cederschiold\\\/#breadcrumb\"},\"inLanguage\":\"en-US\",\"potentialAction\":[{\"@type\":\"ReadAction\",\"target\":[\"https:\\\/\\\/larsnordvall.se\\\/gustavfa-nyberg-carl-staffan-cederschiold\\\/\"]}]},{\"@type\":\"ImageObject\",\"inLanguage\":\"en-US\",\"@id\":\"https:\\\/\\\/larsnordvall.se\\\/gustavfa-nyberg-carl-staffan-cederschiold\\\/#primaryimage\",\"url\":\"http:\\\/\\\/media.larsnordvall.se\\\/2020\\\/10\\\/Gustafva_bild1-300x234.jpg\",\"contentUrl\":\"http:\\\/\\\/media.larsnordvall.se\\\/2020\\\/10\\\/Gustafva_bild1-300x234.jpg\"},{\"@type\":\"BreadcrumbList\",\"@id\":\"https:\\\/\\\/larsnordvall.se\\\/gustavfa-nyberg-carl-staffan-cederschiold\\\/#breadcrumb\",\"itemListElement\":[{\"@type\":\"ListItem\",\"position\":1,\"name\":\"Hem\",\"item\":\"https:\\\/\\\/larsnordvall.se\\\/\"},{\"@type\":\"ListItem\",\"position\":2,\"name\":\"Gustavfa Nyberg &#8211; Carl Staffan Cedershi\u00f6ld\"}]},{\"@type\":\"WebSite\",\"@id\":\"https:\\\/\\\/larsnordvall.se\\\/#website\",\"url\":\"https:\\\/\\\/larsnordvall.se\\\/\",\"name\":\"LarsNordvall.se\",\"description\":\"Ett Vingslag Tillbaka i Tiden!\",\"potentialAction\":[{\"@type\":\"SearchAction\",\"target\":{\"@type\":\"EntryPoint\",\"urlTemplate\":\"https:\\\/\\\/larsnordvall.se\\\/?s={search_term_string}\"},\"query-input\":{\"@type\":\"PropertyValueSpecification\",\"valueRequired\":true,\"valueName\":\"search_term_string\"}}],\"inLanguage\":\"en-US\"}]}<\/script>\n<!-- \/ Yoast SEO plugin. -->","yoast_head_json":{"title":"Gustavfa Nyberg - Carl Staffan Cedershi\u00f6ld - LarsNordvall.se","description":"Ett bevis p\u00e5 att Gustafva m\u00e5ste ha varit respekterad som Carl Staffans Cederschi\u00f6lds flickv\u00e4n \u00e4r att n\u00e4r deras f\u00f6rstf\u00f6dda son Carl Axel d\u00f6ptes var f\u00f6ljande personer n\u00e4rvarande:","robots":{"index":"index","follow":"follow","max-snippet":"max-snippet:-1","max-image-preview":"max-image-preview:large","max-video-preview":"max-video-preview:-1"},"canonical":"https:\/\/larsnordvall.se\/en\/gustavfa-nyberg-carl-staffan-cederschiold\/","og_locale":"en_US","og_type":"article","og_title":"Gustavfa Nyberg - Carl Staffan Cedershi\u00f6ld - LarsNordvall.se","og_description":"Ett bevis p\u00e5 att Gustafva m\u00e5ste ha varit respekterad som Carl Staffans Cederschi\u00f6lds flickv\u00e4n \u00e4r att n\u00e4r deras f\u00f6rstf\u00f6dda son Carl Axel d\u00f6ptes var f\u00f6ljande personer n\u00e4rvarande:","og_url":"https:\/\/larsnordvall.se\/en\/gustavfa-nyberg-carl-staffan-cederschiold\/","og_site_name":"LarsNordvall.se","article_modified_time":"2024-10-14T20:04:20+00:00","og_image":[{"width":350,"height":273,"url":"https:\/\/media.larsnordvall.se\/2020\/10\/Gustafva_bild1.jpg","type":"image\/jpeg"}],"twitter_card":"summary_large_image","twitter_misc":{"Est. reading time":"33 minutes"},"schema":{"@context":"https:\/\/schema.org","@graph":[{"@type":"WebPage","@id":"https:\/\/larsnordvall.se\/gustavfa-nyberg-carl-staffan-cederschiold\/","url":"https:\/\/larsnordvall.se\/gustavfa-nyberg-carl-staffan-cederschiold\/","name":"Gustavfa Nyberg - Carl Staffan Cedershi\u00f6ld - LarsNordvall.se","isPartOf":{"@id":"https:\/\/larsnordvall.se\/#website"},"primaryImageOfPage":{"@id":"https:\/\/larsnordvall.se\/gustavfa-nyberg-carl-staffan-cederschiold\/#primaryimage"},"image":{"@id":"https:\/\/larsnordvall.se\/gustavfa-nyberg-carl-staffan-cederschiold\/#primaryimage"},"thumbnailUrl":"http:\/\/media.larsnordvall.se\/2020\/10\/Gustafva_bild1-300x234.jpg","datePublished":"2020-10-26T21:00:34+00:00","dateModified":"2024-10-14T20:04:20+00:00","description":"Ett bevis p\u00e5 att Gustafva m\u00e5ste ha varit respekterad som Carl Staffans Cederschi\u00f6lds flickv\u00e4n \u00e4r att n\u00e4r deras f\u00f6rstf\u00f6dda son Carl Axel d\u00f6ptes var f\u00f6ljande personer n\u00e4rvarande:","breadcrumb":{"@id":"https:\/\/larsnordvall.se\/gustavfa-nyberg-carl-staffan-cederschiold\/#breadcrumb"},"inLanguage":"en-US","potentialAction":[{"@type":"ReadAction","target":["https:\/\/larsnordvall.se\/gustavfa-nyberg-carl-staffan-cederschiold\/"]}]},{"@type":"ImageObject","inLanguage":"en-US","@id":"https:\/\/larsnordvall.se\/gustavfa-nyberg-carl-staffan-cederschiold\/#primaryimage","url":"http:\/\/media.larsnordvall.se\/2020\/10\/Gustafva_bild1-300x234.jpg","contentUrl":"http:\/\/media.larsnordvall.se\/2020\/10\/Gustafva_bild1-300x234.jpg"},{"@type":"BreadcrumbList","@id":"https:\/\/larsnordvall.se\/gustavfa-nyberg-carl-staffan-cederschiold\/#breadcrumb","itemListElement":[{"@type":"ListItem","position":1,"name":"Hem","item":"https:\/\/larsnordvall.se\/"},{"@type":"ListItem","position":2,"name":"Gustavfa Nyberg &#8211; Carl Staffan Cedershi\u00f6ld"}]},{"@type":"WebSite","@id":"https:\/\/larsnordvall.se\/#website","url":"https:\/\/larsnordvall.se\/","name":"LarsNordvall.se","description":"Ett Vingslag Tillbaka i Tiden!","potentialAction":[{"@type":"SearchAction","target":{"@type":"EntryPoint","urlTemplate":"https:\/\/larsnordvall.se\/?s={search_term_string}"},"query-input":{"@type":"PropertyValueSpecification","valueRequired":true,"valueName":"search_term_string"}}],"inLanguage":"en-US"}]}},"uagb_featured_image_src":{"full":false,"thumbnail":false,"medium":false,"medium_large":false,"large":false,"1536x1536":false,"2048x2048":false,"trp-custom-language-flag":false,"widget":false,"square":false,"featured":false,"featured_large":false,"extra_large":false,"portfolio":false,"portfolio_small":false,"gallery":false,"magazine":false,"masonry":false,"entry_with_sidebar":false,"entry_without_sidebar":false},"uagb_author_info":{"display_name":"larsnordvall.se","author_link":"https:\/\/larsnordvall.se\/en\/author\/larsnordvall-se\/"},"uagb_comment_info":0,"uagb_excerpt":null,"_links":{"self":[{"href":"https:\/\/larsnordvall.se\/en\/wp-json\/wp\/v2\/pages\/41","targetHints":{"allow":["GET"]}}],"collection":[{"href":"https:\/\/larsnordvall.se\/en\/wp-json\/wp\/v2\/pages"}],"about":[{"href":"https:\/\/larsnordvall.se\/en\/wp-json\/wp\/v2\/types\/page"}],"author":[{"embeddable":true,"href":"https:\/\/larsnordvall.se\/en\/wp-json\/wp\/v2\/users\/1"}],"replies":[{"embeddable":true,"href":"https:\/\/larsnordvall.se\/en\/wp-json\/wp\/v2\/comments?post=41"}],"version-history":[{"count":34,"href":"https:\/\/larsnordvall.se\/en\/wp-json\/wp\/v2\/pages\/41\/revisions"}],"predecessor-version":[{"id":4552,"href":"https:\/\/larsnordvall.se\/en\/wp-json\/wp\/v2\/pages\/41\/revisions\/4552"}],"wp:attachment":[{"href":"https:\/\/larsnordvall.se\/en\/wp-json\/wp\/v2\/media?parent=41"}],"curies":[{"name":"wp","href":"https:\/\/api.w.org\/{rel}","templated":true}]}}