{"id":4187,"date":"2022-02-10T15:56:25","date_gmt":"2022-02-10T15:56:25","guid":{"rendered":"https:\/\/larsnordvall.se\/regina-cederqvist\/"},"modified":"2025-09-30T17:54:22","modified_gmt":"2025-09-30T17:54:22","slug":"regina-cederqvist","status":"publish","type":"page","link":"https:\/\/larsnordvall.se\/en\/regina-cederqvist\/","title":{"rendered":"Regina Cederqvist"},"content":{"rendered":"<section class=\"av_textblock_section\"  itemscope=\"itemscope\" itemtype=\"https:\/\/schema.org\/CreativeWork\" ><div class='avia_textblock'   itemprop=\"text\" ><h3><img loading=\"lazy\" decoding=\"async\" class=\"size-full wp-image-4795 aligncenter\" src=\"http:\/\/media.larsnordvall.se\/2025\/09\/regina_banner.jpg\" alt=\"\" width=\"1000\" height=\"180\" srcset=\"http:\/\/media.larsnordvall.se\/2025\/09\/regina_banner.jpg 1000w, http:\/\/media.larsnordvall.se\/2025\/09\/regina_banner-300x54.jpg 300w, http:\/\/media.larsnordvall.se\/2025\/09\/regina_banner-768x138.jpg 768w, http:\/\/media.larsnordvall.se\/2025\/09\/regina_banner-18x3.jpg 18w, http:\/\/media.larsnordvall.se\/2025\/09\/regina_banner-705x127.jpg 705w\" sizes=\"auto, (max-width: 1000px) 100vw, 1000px\" \/><\/h3>\n<h3 style=\"text-align: center;\">REGINA CEDERQVIST<\/h3>\n<h3 style=\"text-align: center;\">F\u00f6dd: 20 april 1878<br \/>\nD\u00f6d: 23 mars 1965<br \/>\n87 \u00e5r<\/h3>\n<\/div><\/section>\n<div class=\"flex_column av_one_half  flex_column_div av-zero-column-padding first  avia-builder-el-1  el_after_av_textblock  el_before_av_one_half  column-top-margin\" style='border-radius:0px; '><section class=\"av_textblock_section\"  itemscope=\"itemscope\" itemtype=\"https:\/\/schema.org\/CreativeWork\" ><div class='avia_textblock'   itemprop=\"text\" ><p><strong>Regina Lovisa<\/strong> \u00a0gifte sig med <strong>Johan A. S\u00f6derberg<\/strong>. Johan kom att bli Reginas bror Hjalmars b\u00e4ste v\u00e4n. Johan var sl\u00e4ktens f\u00f6rsta milj\u00f6k\u00e4mpe. Regina och Johan arrenderade Sahlbergsg\u00e5rden i Ullst\u00e4mma mellan 1931 \u2013 1941. Johan anv\u00e4nde bara s\u00e5dant som kom naturligt fr\u00e5n milj\u00f6n. Till exempel anv\u00e4nde han bara g\u00e5rdens egen g\u00f6dsel p\u00e5 f\u00e4lten, inte konstg\u00f6dsel.<\/p>\n<p><img loading=\"lazy\" decoding=\"async\" class=\"alignnone size-full wp-image-4803\" src=\"http:\/\/media.larsnordvall.se\/2025\/09\/Regina-och-Johan1_red.jpg\" alt=\"\" width=\"400\" height=\"635\" srcset=\"http:\/\/media.larsnordvall.se\/2025\/09\/Regina-och-Johan1_red.jpg 400w, http:\/\/media.larsnordvall.se\/2025\/09\/Regina-och-Johan1_red-189x300.jpg 189w, http:\/\/media.larsnordvall.se\/2025\/09\/Regina-och-Johan1_red-8x12.jpg 8w\" sizes=\"auto, (max-width: 400px) 100vw, 400px\" \/><\/p>\n<p><img loading=\"lazy\" decoding=\"async\" class=\"size-full wp-image-4800 alignleft\" src=\"http:\/\/media.larsnordvall.se\/2025\/09\/Johan-Soderberg_sign.jpg\" alt=\"\" width=\"177\" height=\"53\" srcset=\"http:\/\/media.larsnordvall.se\/2025\/09\/Johan-Soderberg_sign.jpg 177w, http:\/\/media.larsnordvall.se\/2025\/09\/Johan-Soderberg_sign-18x5.jpg 18w\" sizes=\"auto, (max-width: 177px) 100vw, 177px\" \/><\/p>\n<\/div><\/section><\/div>\n<div class=\"flex_column av_one_half  flex_column_div av-zero-column-padding   avia-builder-el-3  el_after_av_one_half  el_before_av_one_full  column-top-margin\" style='border-radius:0px; '><section class=\"av_textblock_section\"  itemscope=\"itemscope\" itemtype=\"https:\/\/schema.org\/CreativeWork\" ><div class='avia_textblock'   itemprop=\"text\" ><p><img loading=\"lazy\" decoding=\"async\" class=\"alignnone size-full wp-image-4805\" src=\"http:\/\/media.larsnordvall.se\/2025\/09\/regina1.jpg\" alt=\"\" width=\"300\" height=\"474\" srcset=\"http:\/\/media.larsnordvall.se\/2025\/09\/regina1.jpg 300w, http:\/\/media.larsnordvall.se\/2025\/09\/regina1-190x300.jpg 190w, http:\/\/media.larsnordvall.se\/2025\/09\/regina1-8x12.jpg 8w\" sizes=\"auto, (max-width: 300px) 100vw, 300px\" \/><br \/>\n<strong>Regina Cederqvist<\/strong><\/p>\n<\/div><\/section><\/div>\n<div class=\"flex_column av_one_full  flex_column_div av-zero-column-padding first  avia-builder-el-5  el_after_av_one_half  el_before_av_one_full  column-top-margin\" style='border-radius:0px; '><section class=\"av_textblock_section\"  itemscope=\"itemscope\" itemtype=\"https:\/\/schema.org\/CreativeWork\" ><div class='avia_textblock'   itemprop=\"text\" ><p>Maj Andersson dotter till Elin och Oscar ber\u00e4ttade januari 2001 f\u00f6ljande om Johan: S\u00f6derberg hade 2 svarta &#8221;vilda&#8221; h\u00e4star. N\u00e4r han transporterade s\u00e4d fr\u00e5n Ullst\u00e4mma till kvarnen i Hjulsbro k\u00f6rde han i vild fart och skr\u00e4mde de boende l\u00e4ngs v\u00e4gen.<\/p>\n<\/div><\/section><\/div>\n<div class=\"flex_column av_one_full  flex_column_div av-zero-column-padding first  avia-builder-el-7  el_after_av_one_full  el_before_av_one_full  column-top-margin\" style='border-radius:0px; '><section class=\"av_textblock_section\"  itemscope=\"itemscope\" itemtype=\"https:\/\/schema.org\/CreativeWork\" ><div class='avia_textblock'   itemprop=\"text\" ><p><img loading=\"lazy\" decoding=\"async\" class=\"size-full wp-image-4808 alignleft\" src=\"http:\/\/media.larsnordvall.se\/2025\/09\/dora1_skriv.jpg\" alt=\"\" width=\"172\" height=\"240\" srcset=\"http:\/\/media.larsnordvall.se\/2025\/09\/dora1_skriv.jpg 172w, http:\/\/media.larsnordvall.se\/2025\/09\/dora1_skriv-9x12.jpg 9w\" sizes=\"auto, (max-width: 172px) 100vw, 172px\" \/><\/p>\n<p>Regina och Johan fick en dotter, <strong>Torelsia Rufinia (Dora) S\u00f6derberg<\/strong>. Hon f\u00f6ddes 28 augusti 1903 i Vist.<\/p>\n<p>N\u00e4r Dora \u00e4r 11 \u00e5r skriver hon till sin k\u00e4ra mormor Lovisa den 5 februari 1918. Tyv\u00e4rr finns inte slutet p\u00e5 brevet kvar.<\/p>\n<p><strong><em>Tegneby \u00d6sterg\u00e5rd Den 5 \/ 2 \u2013 1914<\/em><\/strong><br \/>\n<strong><em>K\u00e4ra Mormor,<\/em><\/strong><\/p>\n<p><em>Hur m\u00e5r Mormor nu f\u00f6r tiden tack f\u00f6r kotet som jag fick Jag kan omtala att vi har Gudskelov helsan alla och m\u00e5r bra och hopas att Mormor j\u00f6r detsama Jag kan omtala att jag har skrifvit till Moma men d\u00e5 fick vi veta att Moma var borta och d\u00e5 lemnade vi ej brefvet p\u00e5 posten utan skulle v\u00e4nta tills Mormor kom hem vi sl\u00f6t skolan F\u00f6sta December det var trevligt escamen Jag fick g\u00e5 fram till tavlan och r\u00e4kna och skriva vi fick b\u00f6cker Om Mormor kommer skall hon f\u00e5 se en liten \u201dhyna\u201d som Tenga har f\u00e5tt f\u00e5r vi spr\u00e5ka om den bara vi f\u00e5r veta det Det \u00e4r ett s\u00e4lskap. F\u00f6r Tenga den \u00e4r alt sn\u00e5l jag kan tala om f\u00f6r Mormor att hon kan helsa och taka sjung muket vakra stumpar Nu har S\u00f6derberg k\u00f6rt hem timer Jag kan omtala att Jag ej har rystad granen \u00e4n Jag tenker rysta Den framdeles. Mormor kan v\u00e4l fara til oss d\u00e5 det \u00e4r ej s\u00e5 kalt nu S\u00f6derberg \u00e5ker n\u00e4stan en g\u00e5ng i vickan \u00e5t staden. Mormor kan v\u00e4l j\u00f6ra det Medan vi \u00e4ro ensamma \u00e4nnu vi skall slakta 2 svin om M\u00e5ndag Jag h\u00e5ler p\u00e5 att sticka strumpor skal jag tala om Jag fick s\u00e5 mycket taka Mormor f\u00f6r besv\u00e4ren med kakan Mormor skall alt f\u00e5 betalt om Mormor kome Det vore s\u00e5 mycket b\u00e4tre finge Mormor betalt med det sama Hele om Ivar komer n\u00e5gon g\u00e5ng skall vi skicka dom med Honom jag kan omtala att jag fick Julklap av trekter det var en t\u00e5alets tafla med en vaker bild uti med gr\u00f6n ram Det \u00e4r dender Auguta som Mormor komer v\u00e4l ih\u00e5g Det vore rolig att om Mormor komer hit lite nu har vi det s\u00e5 varmt s\u00e5 Mormor kan icke t\u00e4nka s\u00e5 ovant det \u00e4r Vi h\u00f6rde ju att Mormor var hos Moster Signe det var ju rolig att hon \u00e4r b\u00e4tre men det var alt kalt en tid d\u00e5 jag kan f\u00f6rst\u00e5 att Mormor reste dit Ny\u00e5ret Deta dr\u00e4mde vi om\u2026\u2026\u2026<\/em><\/p>\n<p style=\"text-align: center;\"><img loading=\"lazy\" decoding=\"async\" class=\"size-full wp-image-4804 aligncenter\" src=\"http:\/\/media.larsnordvall.se\/2025\/09\/Tegneby-gard_regina_dora.jpg\" alt=\"\" width=\"401\" height=\"260\" srcset=\"http:\/\/media.larsnordvall.se\/2025\/09\/Tegneby-gard_regina_dora.jpg 401w, http:\/\/media.larsnordvall.se\/2025\/09\/Tegneby-gard_regina_dora-300x195.jpg 300w, http:\/\/media.larsnordvall.se\/2025\/09\/Tegneby-gard_regina_dora-18x12.jpg 18w\" sizes=\"auto, (max-width: 401px) 100vw, 401px\" \/><br \/>\n<strong>Tegneby \u00d6sterg\u00e5rd, mellan Rystad och Roxtuna.<\/strong><\/p>\n<\/div><\/section><\/div>\n<div class=\"flex_column av_one_full  flex_column_div av-zero-column-padding first  avia-builder-el-9  el_after_av_one_full  el_before_av_one_half  column-top-margin\" style='border-radius:0px; '><section class=\"av_textblock_section\"  itemscope=\"itemscope\" itemtype=\"https:\/\/schema.org\/CreativeWork\" ><div class='avia_textblock'   itemprop=\"text\" ><p style=\"text-align: left;\">Regina och Dora verkade ha haft en n\u00e4ra kontakt med sin mamma\/mormor. Lovisa m\u00e5ste varit mycket sn\u00e4ll. H\u00e4r \u00e4r ett julkort fr\u00e5n Familjen S\u00f6derberg som Dora skrivit. Det \u00e4r postst\u00e4mplat den 24\/12 \u2013 1922. Dora var nu 19 \u00e5r n\u00e4r hon skrev till sin mormor Lovisa fr\u00e5n Tegneby \u00d6sterg\u00e5rd.<\/p>\n<p><img loading=\"lazy\" decoding=\"async\" class=\"alignnone wp-image-4799\" src=\"http:\/\/media.larsnordvall.se\/2025\/09\/God-Jul1.jpg\" alt=\"\" width=\"315\" height=\"507\" srcset=\"http:\/\/media.larsnordvall.se\/2025\/09\/God-Jul1.jpg 483w, http:\/\/media.larsnordvall.se\/2025\/09\/God-Jul1-186x300.jpg 186w, http:\/\/media.larsnordvall.se\/2025\/09\/God-Jul1-7x12.jpg 7w, http:\/\/media.larsnordvall.se\/2025\/09\/God-Jul1-438x705.jpg 438w\" sizes=\"auto, (max-width: 315px) 100vw, 315px\" \/><img loading=\"lazy\" decoding=\"async\" class=\"alignnone wp-image-4798\" src=\"http:\/\/media.larsnordvall.se\/2025\/09\/God-Jul_bakRed.jpg\" alt=\"\" width=\"569\" height=\"354\" srcset=\"http:\/\/media.larsnordvall.se\/2025\/09\/God-Jul_bakRed.jpg 400w, http:\/\/media.larsnordvall.se\/2025\/09\/God-Jul_bakRed-300x187.jpg 300w, http:\/\/media.larsnordvall.se\/2025\/09\/God-Jul_bakRed-18x12.jpg 18w\" sizes=\"auto, (max-width: 569px) 100vw, 569px\" \/><\/p>\n<p style=\"text-align: center;\"><strong><em>God Jul \u00f6nskas av Familjen S\u00f6derberg<\/em><\/strong><br \/>\n<em>Hopas Mormor m\u00e5r bra och \u00e4r kry Vi \u00e4ro krya Mormor f\u00e5r lov <\/em><br \/>\n<em>att helsa p\u00e5 oss N\u00e4r det blir bra f\u00f6re ska vi komma hem snart<\/em><\/p>\n<p style=\"text-align: center;\"><em>Helsniga k\u00e4ra till eder alla<\/em><br \/>\n<em>hopas en var<\/em><\/p>\n<p><strong>S\u00e5 h\u00e4r beskrivs Johan S\u00f6derberg i Landeryds Hembygdsf\u00f6renings skrifter.<\/strong><br \/>\n<strong>K\u00e4lla:<\/strong> Landeryds Hembygdsf\u00f6renings skrifter 2<br \/>\n\u00c5r 1931 arrenderades g\u00e5rden av J A S\u00f6derberg med hustru och 30-\u00e5rig dotter. Det var en arrendator i Konrads smak och g\u00e5rden kom att sk\u00f6tas lika gammalmodigt som p\u00e5 sykonens tid. Som exempel kan n\u00e4mnas: Ingen k\u00f6pg\u00f6dsel, den f\u00f6rgiftade b\u00e5de jorden och sk\u00f6rden. Inget k\u00f6pkraftfoder, det var att utnyttja korna f\u00f6r h\u00e5rt, de kunde bli sjuka och d\u00f6. H\u00f6et skulle tas i mitten av juli och n\u00e4r tr\u00e4dan g\u00f6dslades skulle den ligga omyllad i tre dagar, annars kunde det bli liggs\u00e4d. \u00c5rligen s\u00e5ddes ett havt tunnland \u00e4rter, som spr\u00e4ngdes och s\u00e5ldes p\u00e5 torget.<\/p>\n<\/div><\/section><\/div>\n<div class=\"flex_column av_one_half  flex_column_div av-zero-column-padding first  avia-builder-el-11  el_after_av_one_full  el_before_av_one_half  column-top-margin\" style='border-radius:0px; '><section class=\"av_textblock_section\"  itemscope=\"itemscope\" itemtype=\"https:\/\/schema.org\/CreativeWork\" ><div class='avia_textblock'   itemprop=\"text\" ><p><img loading=\"lazy\" decoding=\"async\" class=\"alignnone wp-image-4797\" src=\"http:\/\/media.larsnordvall.se\/2025\/09\/dora_drar-rafsan.jpg\" alt=\"\" width=\"454\" height=\"311\" srcset=\"http:\/\/media.larsnordvall.se\/2025\/09\/dora_drar-rafsan.jpg 400w, http:\/\/media.larsnordvall.se\/2025\/09\/dora_drar-rafsan-300x206.jpg 300w, http:\/\/media.larsnordvall.se\/2025\/09\/dora_drar-rafsan-18x12.jpg 18w\" sizes=\"auto, (max-width: 454px) 100vw, 454px\" \/><\/p>\n<\/div><\/section><\/div>\n<div class=\"flex_column av_one_half  flex_column_div av-zero-column-padding   avia-builder-el-13  el_after_av_one_half  el_before_av_one_full  column-top-margin\" style='border-radius:0px; '><section class=\"av_textblock_section\"  itemscope=\"itemscope\" itemtype=\"https:\/\/schema.org\/CreativeWork\" ><div class='avia_textblock'   itemprop=\"text\" ><p>N\u00e4r f\u00f6rsta sk\u00f6rden skulle tr\u00f6skas, l\u00e5nade S\u00f6derberg tr\u00f6skverk av Egna Hem, men det tyckte han blev f\u00f6r dyrt. I forts\u00e4ttningen tr\u00f6skades p\u00e5 egna dragverket med hustrun och dottern som dragkraft. N\u00e4r h\u00f6starbetet var f\u00e4rdigt, st\u00e4lldes oxarna i b\u00e5r och fick st\u00e5 inne hela vintern, Under tiden v\u00e4xte kl\u00f6varna ut till sm\u00e5 skidor. P\u00e5 v\u00e5ren tog S\u00f6derberg en yxa och h\u00f6gg av spetsarna och sulorna inunder n\u00f6ttes bort varefter. Efter att ha st\u00e5tt inne hela vintern m\u00e5ste oxarna t\u00e4mjas varje v\u00e5r. D\u00e5 var de s\u00e5 stela i benen att de ramlade omkull ibland. Familjen flyttar senare till Rappstad i Bankekind.<\/p>\n<\/div><\/section><\/div>\n<div class=\"flex_column av_one_full  flex_column_div av-zero-column-padding first  avia-builder-el-15  el_after_av_one_half  avia-builder-el-last  column-top-margin\" style='border-radius:0px; '><section class=\"av_textblock_section\"  itemscope=\"itemscope\" itemtype=\"https:\/\/schema.org\/CreativeWork\" ><div class='avia_textblock'   itemprop=\"text\" ><p><img loading=\"lazy\" decoding=\"async\" class=\"alignnone size-full wp-image-4802\" src=\"http:\/\/media.larsnordvall.se\/2025\/09\/reginadora-1gamla_red.jpg\" alt=\"\" width=\"342\" height=\"325\" srcset=\"http:\/\/media.larsnordvall.se\/2025\/09\/reginadora-1gamla_red.jpg 342w, http:\/\/media.larsnordvall.se\/2025\/09\/reginadora-1gamla_red-300x285.jpg 300w, http:\/\/media.larsnordvall.se\/2025\/09\/reginadora-1gamla_red-13x12.jpg 13w\" sizes=\"auto, (max-width: 342px) 100vw, 342px\" \/><br \/>\n<strong>Rappstad, Bankekind<\/strong><\/p>\n<p>Dora gifte sig aldrig, hon stannade hemma och levde med sina f\u00f6r\u00e4ldrar och hj\u00e4lpte till p\u00e5 g\u00e5rden som de arrenderade. Mormor Sonja ber\u00e4ttade att Dora hade s\u00e4llskap med en man vid namn Schi\u00f6ld. Hon hade olika f\u00e4stmen. Men hon \u00a0var en hemmadotter som tog hand om mamma och pappa.<\/p>\n<p>N\u00e4r Johan hade g\u00e5tt bort bodde Regina och Dora ensamma i huset i Rappstad. Regina och Dora hade alltid en herrcykel st\u00e5ende utanf\u00f6r d\u00f6rren s\u00e5 att f\u00f6rbipasserande skulle tro att det fanns en karl i huset. Dora bodde hemma hela livet. Sk\u00f6tte djuren, plocka b\u00e4r som hon s\u00e5lde p\u00e5 torget.<\/p>\n<p>Regina d\u00f6r 1965-03-23 i Bankekind Rappsta.<\/p>\n<p>Regina blev \u00a087 \u00e5r.<\/p>\n<\/div><\/section><\/div>","protected":false},"excerpt":{"rendered":"","protected":false},"author":1,"featured_media":0,"parent":0,"menu_order":0,"comment_status":"closed","ping_status":"closed","template":"","meta":{"_uag_custom_page_level_css":"","wpm_timeformat":"","_wpm_styles":"","footnotes":""},"class_list":["post-4187","page","type-page","status-publish","hentry"],"yoast_head":"<!-- This site is optimized with the Yoast SEO plugin v27.5 - https:\/\/yoast.com\/product\/yoast-seo-wordpress\/ -->\n<title>Regina Cederqvist - LarsNordvall.se<\/title>\n<meta name=\"robots\" content=\"index, follow, max-snippet:-1, max-image-preview:large, max-video-preview:-1\" \/>\n<link rel=\"canonical\" href=\"https:\/\/larsnordvall.se\/en\/regina-cederqvist\/\" \/>\n<meta property=\"og:locale\" content=\"en_US\" \/>\n<meta property=\"og:type\" content=\"article\" \/>\n<meta property=\"og:title\" content=\"Regina Cederqvist - LarsNordvall.se\" \/>\n<meta property=\"og:url\" content=\"https:\/\/larsnordvall.se\/en\/regina-cederqvist\/\" \/>\n<meta property=\"og:site_name\" content=\"LarsNordvall.se\" \/>\n<meta property=\"article:modified_time\" content=\"2025-09-30T17:54:22+00:00\" \/>\n<meta property=\"og:image\" content=\"https:\/\/media.larsnordvall.se\/2025\/09\/regina_banner.jpg\" \/>\n\t<meta property=\"og:image:width\" content=\"1000\" \/>\n\t<meta property=\"og:image:height\" content=\"180\" \/>\n\t<meta property=\"og:image:type\" content=\"image\/jpeg\" \/>\n<meta name=\"twitter:card\" content=\"summary_large_image\" \/>\n<meta name=\"twitter:label1\" content=\"Est. reading time\" \/>\n\t<meta name=\"twitter:data1\" content=\"9 minutes\" \/>\n<script type=\"application\/ld+json\" class=\"yoast-schema-graph\">{\"@context\":\"https:\\\/\\\/schema.org\",\"@graph\":[{\"@type\":\"WebPage\",\"@id\":\"https:\\\/\\\/larsnordvall.se\\\/regina-cederqvist\\\/\",\"url\":\"https:\\\/\\\/larsnordvall.se\\\/regina-cederqvist\\\/\",\"name\":\"Regina Cederqvist - LarsNordvall.se\",\"isPartOf\":{\"@id\":\"https:\\\/\\\/larsnordvall.se\\\/#website\"},\"primaryImageOfPage\":{\"@id\":\"https:\\\/\\\/larsnordvall.se\\\/regina-cederqvist\\\/#primaryimage\"},\"image\":{\"@id\":\"https:\\\/\\\/larsnordvall.se\\\/regina-cederqvist\\\/#primaryimage\"},\"thumbnailUrl\":\"http:\\\/\\\/media.larsnordvall.se\\\/2025\\\/09\\\/regina_banner.jpg\",\"datePublished\":\"2022-02-10T15:56:25+00:00\",\"dateModified\":\"2025-09-30T17:54:22+00:00\",\"breadcrumb\":{\"@id\":\"https:\\\/\\\/larsnordvall.se\\\/regina-cederqvist\\\/#breadcrumb\"},\"inLanguage\":\"en-US\",\"potentialAction\":[{\"@type\":\"ReadAction\",\"target\":[\"https:\\\/\\\/larsnordvall.se\\\/regina-cederqvist\\\/\"]}]},{\"@type\":\"ImageObject\",\"inLanguage\":\"en-US\",\"@id\":\"https:\\\/\\\/larsnordvall.se\\\/regina-cederqvist\\\/#primaryimage\",\"url\":\"http:\\\/\\\/media.larsnordvall.se\\\/2025\\\/09\\\/regina_banner.jpg\",\"contentUrl\":\"http:\\\/\\\/media.larsnordvall.se\\\/2025\\\/09\\\/regina_banner.jpg\"},{\"@type\":\"BreadcrumbList\",\"@id\":\"https:\\\/\\\/larsnordvall.se\\\/regina-cederqvist\\\/#breadcrumb\",\"itemListElement\":[{\"@type\":\"ListItem\",\"position\":1,\"name\":\"Hem\",\"item\":\"https:\\\/\\\/larsnordvall.se\\\/\"},{\"@type\":\"ListItem\",\"position\":2,\"name\":\"Regina Cederqvist\"}]},{\"@type\":\"WebSite\",\"@id\":\"https:\\\/\\\/larsnordvall.se\\\/#website\",\"url\":\"https:\\\/\\\/larsnordvall.se\\\/\",\"name\":\"LarsNordvall.se\",\"description\":\"Ett Vingslag Tillbaka i Tiden!\",\"potentialAction\":[{\"@type\":\"SearchAction\",\"target\":{\"@type\":\"EntryPoint\",\"urlTemplate\":\"https:\\\/\\\/larsnordvall.se\\\/?s={search_term_string}\"},\"query-input\":{\"@type\":\"PropertyValueSpecification\",\"valueRequired\":true,\"valueName\":\"search_term_string\"}}],\"inLanguage\":\"en-US\"}]}<\/script>\n<!-- \/ Yoast SEO plugin. -->","yoast_head_json":{"title":"Regina Cederqvist - LarsNordvall.se","robots":{"index":"index","follow":"follow","max-snippet":"max-snippet:-1","max-image-preview":"max-image-preview:large","max-video-preview":"max-video-preview:-1"},"canonical":"https:\/\/larsnordvall.se\/en\/regina-cederqvist\/","og_locale":"en_US","og_type":"article","og_title":"Regina Cederqvist - LarsNordvall.se","og_url":"https:\/\/larsnordvall.se\/en\/regina-cederqvist\/","og_site_name":"LarsNordvall.se","article_modified_time":"2025-09-30T17:54:22+00:00","og_image":[{"width":1000,"height":180,"url":"https:\/\/media.larsnordvall.se\/2025\/09\/regina_banner.jpg","type":"image\/jpeg"}],"twitter_card":"summary_large_image","twitter_misc":{"Est. reading time":"9 minutes"},"schema":{"@context":"https:\/\/schema.org","@graph":[{"@type":"WebPage","@id":"https:\/\/larsnordvall.se\/regina-cederqvist\/","url":"https:\/\/larsnordvall.se\/regina-cederqvist\/","name":"Regina Cederqvist - LarsNordvall.se","isPartOf":{"@id":"https:\/\/larsnordvall.se\/#website"},"primaryImageOfPage":{"@id":"https:\/\/larsnordvall.se\/regina-cederqvist\/#primaryimage"},"image":{"@id":"https:\/\/larsnordvall.se\/regina-cederqvist\/#primaryimage"},"thumbnailUrl":"http:\/\/media.larsnordvall.se\/2025\/09\/regina_banner.jpg","datePublished":"2022-02-10T15:56:25+00:00","dateModified":"2025-09-30T17:54:22+00:00","breadcrumb":{"@id":"https:\/\/larsnordvall.se\/regina-cederqvist\/#breadcrumb"},"inLanguage":"en-US","potentialAction":[{"@type":"ReadAction","target":["https:\/\/larsnordvall.se\/regina-cederqvist\/"]}]},{"@type":"ImageObject","inLanguage":"en-US","@id":"https:\/\/larsnordvall.se\/regina-cederqvist\/#primaryimage","url":"http:\/\/media.larsnordvall.se\/2025\/09\/regina_banner.jpg","contentUrl":"http:\/\/media.larsnordvall.se\/2025\/09\/regina_banner.jpg"},{"@type":"BreadcrumbList","@id":"https:\/\/larsnordvall.se\/regina-cederqvist\/#breadcrumb","itemListElement":[{"@type":"ListItem","position":1,"name":"Hem","item":"https:\/\/larsnordvall.se\/"},{"@type":"ListItem","position":2,"name":"Regina Cederqvist"}]},{"@type":"WebSite","@id":"https:\/\/larsnordvall.se\/#website","url":"https:\/\/larsnordvall.se\/","name":"LarsNordvall.se","description":"Ett Vingslag Tillbaka i Tiden!","potentialAction":[{"@type":"SearchAction","target":{"@type":"EntryPoint","urlTemplate":"https:\/\/larsnordvall.se\/?s={search_term_string}"},"query-input":{"@type":"PropertyValueSpecification","valueRequired":true,"valueName":"search_term_string"}}],"inLanguage":"en-US"}]}},"uagb_featured_image_src":{"full":false,"thumbnail":false,"medium":false,"medium_large":false,"large":false,"1536x1536":false,"2048x2048":false,"trp-custom-language-flag":false,"widget":false,"square":false,"featured":false,"featured_large":false,"extra_large":false,"portfolio":false,"portfolio_small":false,"gallery":false,"magazine":false,"masonry":false,"entry_with_sidebar":false,"entry_without_sidebar":false},"uagb_author_info":{"display_name":"larsnordvall.se","author_link":"https:\/\/larsnordvall.se\/en\/author\/larsnordvall-se\/"},"uagb_comment_info":0,"uagb_excerpt":null,"_links":{"self":[{"href":"https:\/\/larsnordvall.se\/en\/wp-json\/wp\/v2\/pages\/4187","targetHints":{"allow":["GET"]}}],"collection":[{"href":"https:\/\/larsnordvall.se\/en\/wp-json\/wp\/v2\/pages"}],"about":[{"href":"https:\/\/larsnordvall.se\/en\/wp-json\/wp\/v2\/types\/page"}],"author":[{"embeddable":true,"href":"https:\/\/larsnordvall.se\/en\/wp-json\/wp\/v2\/users\/1"}],"replies":[{"embeddable":true,"href":"https:\/\/larsnordvall.se\/en\/wp-json\/wp\/v2\/comments?post=4187"}],"version-history":[{"count":10,"href":"https:\/\/larsnordvall.se\/en\/wp-json\/wp\/v2\/pages\/4187\/revisions"}],"predecessor-version":[{"id":4815,"href":"https:\/\/larsnordvall.se\/en\/wp-json\/wp\/v2\/pages\/4187\/revisions\/4815"}],"wp:attachment":[{"href":"https:\/\/larsnordvall.se\/en\/wp-json\/wp\/v2\/media?parent=4187"}],"curies":[{"name":"wp","href":"https:\/\/api.w.org\/{rel}","templated":true}]}}