{"id":4188,"date":"2022-02-10T15:56:25","date_gmt":"2022-02-10T15:56:25","guid":{"rendered":"https:\/\/larsnordvall.se\/elin-cederqvist\/"},"modified":"2024-10-14T22:17:27","modified_gmt":"2024-10-14T22:17:27","slug":"elin-cederqvist","status":"publish","type":"page","link":"https:\/\/larsnordvall.se\/en\/elin-cederqvist\/","title":{"rendered":"Elin Cederqvist"},"content":{"rendered":"<div class=\"flex_column av_one_full  flex_column_div av-zero-column-padding first  avia-builder-el-0  el_before_av_one_half  avia-builder-el-first\" style='border-radius:0px; '><section class=\"av_textblock_section\"  itemscope=\"itemscope\" itemtype=\"https:\/\/schema.org\/CreativeWork\" ><div class='avia_textblock'   itemprop=\"text\" ><h3 style=\"text-align: center;\"><img loading=\"lazy\" decoding=\"async\" class=\"alignnone size-full wp-image-4553\" src=\"http:\/\/media.larsnordvall.se\/2024\/10\/elin_banner.jpg\" alt=\"\" width=\"1000\" height=\"180\" srcset=\"http:\/\/media.larsnordvall.se\/2024\/10\/elin_banner.jpg 1000w, http:\/\/media.larsnordvall.se\/2024\/10\/elin_banner-300x54.jpg 300w, http:\/\/media.larsnordvall.se\/2024\/10\/elin_banner-768x138.jpg 768w, http:\/\/media.larsnordvall.se\/2024\/10\/elin_banner-18x3.jpg 18w, http:\/\/media.larsnordvall.se\/2024\/10\/elin_banner-705x127.jpg 705w\" sizes=\"auto, (max-width: 1000px) 100vw, 1000px\" \/><\/h3>\n<h3 style=\"text-align: center;\">Elin Cederqvist, Jordstorp, Vist<\/h3>\n<h3 style=\"text-align: center;\">F\u00f6dd: 26 feb. 1880<br \/>\nD\u00f6d: 12 sept. 1950\u00a0 &#8211; 70 \u00e5r<\/h3>\n<\/div><\/section><\/div>\n<div class=\"flex_column av_one_half  flex_column_div av-zero-column-padding first  avia-builder-el-2  el_after_av_one_full  el_before_av_one_half  column-top-margin\" style='border-radius:0px; '><section class=\"av_textblock_section\"  itemscope=\"itemscope\" itemtype=\"https:\/\/schema.org\/CreativeWork\" ><div class='avia_textblock'   itemprop=\"text\" ><p><img loading=\"lazy\" decoding=\"async\" class=\"alignnone size-full wp-image-4426\" src=\"http:\/\/media.larsnordvall.se\/2024\/09\/elin-cederkvist-ca-1900.jpg\" alt=\"\" width=\"225\" height=\"246\" srcset=\"http:\/\/media.larsnordvall.se\/2024\/09\/elin-cederkvist-ca-1900.jpg 225w, http:\/\/media.larsnordvall.se\/2024\/09\/elin-cederkvist-ca-1900-11x12.jpg 11w\" sizes=\"auto, (max-width: 225px) 100vw, 225px\" \/><\/p>\n<p><img loading=\"lazy\" decoding=\"async\" class=\"alignnone size-full wp-image-4428\" src=\"http:\/\/media.larsnordvall.se\/2024\/09\/Elin-Cederqvist-namn.jpg\" alt=\"\" width=\"139\" height=\"35\" srcset=\"http:\/\/media.larsnordvall.se\/2024\/09\/Elin-Cederqvist-namn.jpg 139w, http:\/\/media.larsnordvall.se\/2024\/09\/Elin-Cederqvist-namn-18x5.jpg 18w\" sizes=\"auto, (max-width: 139px) 100vw, 139px\" \/><\/p>\n<p>Elin Cedeqvist f\u00f6ds, i Jordstorp, Vist den 26 februari 1880. Elin \u00e4r Carl Axel och Lovisas 4:e barn i barnaskaran. Elin konfirmeras som de andra barnen i Vist Kyrka. Den 1 november 1899, n\u00e4r Elin \u00e4r 19 \u00e5r b\u00f6rjar hon arbeta som piga och flyttar till Ringetorp och bor granne med en ung man vid namn Oskar Johansson. Dottern Sonja ber\u00e4ttar:<br \/>\nElin var en tystl\u00e5ten och en genomgod m\u00e4nniska som aldrig sade ett ont ord till n\u00e5gon.<\/p>\n<\/div><\/section><\/div>\n<div class=\"flex_column av_one_half  flex_column_div av-zero-column-padding   avia-builder-el-4  el_after_av_one_half  el_before_av_one_full  column-top-margin\" style='border-radius:0px; '><section class=\"av_textblock_section\"  itemscope=\"itemscope\" itemtype=\"https:\/\/schema.org\/CreativeWork\" ><div class='avia_textblock'   itemprop=\"text\" ><p><img loading=\"lazy\" decoding=\"async\" class=\"size-full wp-image-4427\" src=\"http:\/\/media.larsnordvall.se\/2024\/09\/Oscar-Johansson.jpg\" alt=\"\" width=\"227\" height=\"283\" srcset=\"http:\/\/media.larsnordvall.se\/2024\/09\/Oscar-Johansson.jpg 227w, http:\/\/media.larsnordvall.se\/2024\/09\/Oscar-Johansson-10x12.jpg 10w\" sizes=\"auto, (max-width: 227px) 100vw, 227px\" \/><\/p>\n<p><img loading=\"lazy\" decoding=\"async\" class=\"alignnone size-full wp-image-4430\" src=\"http:\/\/media.larsnordvall.se\/2024\/09\/Nils-Oskar-Johansson.jpg\" alt=\"\" width=\"139\" height=\"55\" srcset=\"http:\/\/media.larsnordvall.se\/2024\/09\/Nils-Oskar-Johansson.jpg 139w, http:\/\/media.larsnordvall.se\/2024\/09\/Nils-Oskar-Johansson-18x7.jpg 18w\" sizes=\"auto, (max-width: 139px) 100vw, 139px\" \/><\/p>\n<p>Oscar Johansson \u00e4r f\u00f6dd den 11 mars 1881 p\u00e5 g\u00e5rden Ringetorp, Vist. Oscar \u00e4r son till Johan Persson som \u00e4r f\u00f6dd p\u00e5 g\u00e5rden Koppetorp i V\u00e5rdn\u00e4s 1836-10-14.<\/p>\n<p>Johan var 29 \u00e5r d\u00e5 han flyttade in p\u00e5 g\u00e5rden Ringetorp. Det var genom Johans f\u00f6rsta giftem\u00e5l med Anna Stina Andersdotter 1865 som han kom att bli bosatt p\u00e5 g\u00e5rden. Anna Stina, Johans f\u00f6rsta fru dog bara 4 \u00e5r efter giftem\u00e5let och de fick aldrig n\u00e5gra barn. Anna Stina dog av Nervfeber 5 januari 1869.<\/p>\n<p>Nervfeber var ganska vanligt p\u00e5 1800-talet det var en sorts tyfus, allts\u00e5 en infektionssjukdom, ofta orsakad av salmonella eller andra aggressiva bakterier som man fick i sig via otj\u00e4nlig f\u00f6da, orent vatten, o.sv.<\/p>\n<p>Oscars pappa Johan var nu helt ensam p\u00e5 g\u00e5rden Ringetorp, men redan den 10 juni 1870 gifter han sig med Oscars mamma, \u00e4nkan Lena Birgersdotter, fr\u00e5n \u00d6mmelsbo i K\u00e4ttilstad by.<\/p>\n<\/div><\/section><\/div>\n<div class=\"flex_column av_one_full  flex_column_div av-zero-column-padding first  avia-builder-el-6  el_after_av_one_half  el_before_av_one_half  column-top-margin\" style='border-radius:0px; '><section class=\"av_textblock_section\"  itemscope=\"itemscope\" itemtype=\"https:\/\/schema.org\/CreativeWork\" ><div class='avia_textblock'   itemprop=\"text\" ><p>\u00c4ven Lena Birgersson ( Oskars mamma)\u00a0 hade ett liv med m\u00e5nga sorger bakom sig. Hon f\u00f6ddes 21 december 1835 i K\u00e4ttilstad by. Hon hade 5 syskon, tre br\u00f6der och en syster.<\/p>\n<p>Vid 29 \u00e5rs \u00e5lder 1859 gifter sig Lena med sin f\u00f6rsta make Anders Magnus Karlsson och flyttar till \u00d6mmelsbo. Den 19 november 1860 f\u00f6ds deras f\u00f6rsta barn en dotter som d\u00f6ps till Stina Sofia Magnusdotter. De f\u00e5r en son den 2 april 1862 som d\u00f6ps till Per Johan men han d\u00f6r samma \u00e5r.<\/p>\n<p>N\u00e4r Lena \u00e4r i \u00e5ttonde m\u00e5naden med deras tredje barn d\u00f6r hennes make Anders Magnus den \u00a031 maj 1863. Hon blir ensam med dottern Stina Sofia Magnusdotter 16 m\u00e5nader, och en m\u00e5nad senare den 24 juni 1863 f\u00f6der hon ensam sonen Anders Wilhelm. Cirka 6 m\u00e5nader senare den 10 januari 1864 d\u00f6r \u00e4ven sonen Anders Wilhelm som bara var 6 m\u00e5nader \u00e5lder gammal. Lena bor ensam kvar i \u00d6mmelsbo i sex \u00e5r med sin dotter tills hon tr\u00e4ffar Oskars pappa Johan.<\/p>\n<\/div><\/section><\/div>\n<div class=\"flex_column av_one_half  flex_column_div av-zero-column-padding first  avia-builder-el-8  el_after_av_one_full  el_before_av_one_half  column-top-margin\" style='border-radius:0px; '><section class=\"av_textblock_section\"  itemscope=\"itemscope\" itemtype=\"https:\/\/schema.org\/CreativeWork\" ><div class='avia_textblock'   itemprop=\"text\" ><p><img loading=\"lazy\" decoding=\"async\" class=\"alignnone wp-image-4432\" src=\"http:\/\/media.larsnordvall.se\/2024\/09\/anna_lena_oskars_mamma.jpg\" alt=\"\" width=\"316\" height=\"359\" srcset=\"http:\/\/media.larsnordvall.se\/2024\/09\/anna_lena_oskars_mamma.jpg 247w, http:\/\/media.larsnordvall.se\/2024\/09\/anna_lena_oskars_mamma-11x12.jpg 11w\" sizes=\"auto, (max-width: 316px) 100vw, 316px\" \/><\/p>\n<p>Detta kort \u00e4r antagligen Lena Birgersdotter. Man vet inte s\u00e4kert det kan ocks\u00e5 vara Johans f\u00f6rsta fru Anna Stina som dog 1869. Personligen tror jag att det \u00e4r Lena. Likheten med hennes barnbarn<br \/>\nSonja (min mormor) \u00e4r ganska sl\u00e5ende.<\/p>\n<\/div><\/section><\/div>\n<div class=\"flex_column av_one_half  flex_column_div av-zero-column-padding   avia-builder-el-10  el_after_av_one_half  el_before_av_one_full  column-top-margin\" style='border-radius:0px; '><section class=\"av_textblock_section\"  itemscope=\"itemscope\" itemtype=\"https:\/\/schema.org\/CreativeWork\" ><div class='avia_textblock'   itemprop=\"text\" ><p><img loading=\"lazy\" decoding=\"async\" class=\"alignnone wp-image-4433\" src=\"http:\/\/media.larsnordvall.se\/2024\/09\/Lena_Sonja.jpg\" alt=\"\" width=\"196\" height=\"239\" srcset=\"http:\/\/media.larsnordvall.se\/2024\/09\/Lena_Sonja.jpg 145w, http:\/\/media.larsnordvall.se\/2024\/09\/Lena_Sonja-10x12.jpg 10w\" sizes=\"auto, (max-width: 196px) 100vw, 196px\" \/><\/p>\n<p>Barnbarnet Sonja Johansson( gift Vidar)<\/p>\n<p><img loading=\"lazy\" decoding=\"async\" class=\"alignnone wp-image-4434\" src=\"http:\/\/media.larsnordvall.se\/2024\/09\/Lena_Sonja1.jpg\" alt=\"\" width=\"200\" height=\"226\" srcset=\"http:\/\/media.larsnordvall.se\/2024\/09\/Lena_Sonja1.jpg 163w, http:\/\/media.larsnordvall.se\/2024\/09\/Lena_Sonja1-11x12.jpg 11w\" sizes=\"auto, (max-width: 200px) 100vw, 200px\" \/><\/p>\n<p>Bilderna lagda p\u00e5 varandra.<\/p>\n<\/div><\/section><\/div>\n<div class=\"flex_column av_one_full  flex_column_div av-zero-column-padding first  avia-builder-el-12  el_after_av_one_half  el_before_av_one_half  column-top-margin\" style='border-radius:0px; '><section class=\"av_textblock_section\"  itemscope=\"itemscope\" itemtype=\"https:\/\/schema.org\/CreativeWork\" ><div class='avia_textblock'   itemprop=\"text\" ><p><img loading=\"lazy\" decoding=\"async\" class=\"alignnone size-full wp-image-4554\" src=\"http:\/\/media.larsnordvall.se\/2024\/10\/Ringetorp_eklandskap_vy.jpg\" alt=\"\" width=\"1000\" height=\"198\" srcset=\"http:\/\/media.larsnordvall.se\/2024\/10\/Ringetorp_eklandskap_vy.jpg 1000w, http:\/\/media.larsnordvall.se\/2024\/10\/Ringetorp_eklandskap_vy-300x59.jpg 300w, http:\/\/media.larsnordvall.se\/2024\/10\/Ringetorp_eklandskap_vy-768x152.jpg 768w, http:\/\/media.larsnordvall.se\/2024\/10\/Ringetorp_eklandskap_vy-18x4.jpg 18w, http:\/\/media.larsnordvall.se\/2024\/10\/Ringetorp_eklandskap_vy-705x140.jpg 705w\" sizes=\"auto, (max-width: 1000px) 100vw, 1000px\" \/><\/p>\n<p>Oskar Johansson f\u00f6ddes p\u00e5 Ringetorp 11 mars, 1881 i Landeryd. Ringetorp \u00e4r \u00e4ven k\u00e4nnt f\u00f6r sitt vackra eklandskap.<strong><br \/>\n<\/strong><\/p>\n<p>Oskars mamma och pappa Lena och Johan f\u00e5r tillsammans 5 barn, alla f\u00f6dda i Ringetorp.<\/p>\n<ol>\n<li>Anna Elin Johansdotter F\u00f6dd: 1870-12-05 Ringetorp, Landery<\/li>\n<li>Per Johan \u00a0Johansson F\u00f6dd: 1872-10-26 Ringetorp, Landeryd<\/li>\n<li>Lena Catharina \u00a0Johansdotter F\u00f6dd: 1875-01-19 Ringetorp, Landeryd<\/li>\n<li>Carl Thure Johansson \u00a0 F\u00f6dd: 1877-06-24 \u00a0 Ringetorp, Landeryd &#8212;D\u00f6d:1883-10-13\u00a0 &#8212;- 16 \u00e5r<\/li>\n<li><strong>Nils Oscar \u00a0Johansson F\u00f6dd: 1881-03-11 Ringetorp, Landeryd &#8212; D\u00f6d: 1968 &#8212; 87 \u00e5r<\/strong><\/li>\n<\/ol>\n<\/div><\/section><\/div>\n<div class=\"flex_column av_one_half  flex_column_div av-zero-column-padding first  avia-builder-el-14  el_after_av_one_full  el_before_av_one_half  column-top-margin\" style='border-radius:0px; '><section class=\"av_textblock_section\"  itemscope=\"itemscope\" itemtype=\"https:\/\/schema.org\/CreativeWork\" ><div class='avia_textblock'   itemprop=\"text\" ><p>Lenas dotter Stina Sofia Magnusdotter ( hennes dotter i 1:a giftet) emigrerar 1880-03-10 till Nord Amerika. Hon \u00e5kte med f\u00f6rmodligen n\u00e5gra som hon k\u00e4nde ifr\u00e5n trakten. F\u00f6ljande var hennes medpassagerare:<br \/>\n&#8211; Gustaf Wilhelm Johansson fr\u00e5n Jordstorp.- Charlotta Wilhelmina Johansdotter fr\u00e5n Jordstorp.<\/p>\n<p>&#8211; Otto Egg fr\u00e5n Norrberga.<\/p>\n<p>&#8211; Anna Carlsdotter fr\u00e5n Ringetorp.<\/p>\n<p>Under 1880 utvandrade c. 30 personer fr\u00e5n Vist till Nord Amerika.<\/p>\n<p>Lena Stina blev 74 \u00e5r, hon dog den 2 januari 1909 av slaganfall fortfarande boende i Ringetorp. Johan st\u00e5r som hemmans\u00e4gare i kyrkboken. N\u00e4r Johan dog och vart finns inga anteckningar om.<\/p>\n<\/div><\/section><\/div>\n<div class=\"flex_column av_one_half  flex_column_div av-zero-column-padding   avia-builder-el-16  el_after_av_one_half  el_before_av_one_half  column-top-margin\" style='border-radius:0px; '><section class=\"av_textblock_section\"  itemscope=\"itemscope\" itemtype=\"https:\/\/schema.org\/CreativeWork\" ><div class='avia_textblock'   itemprop=\"text\" ><p><img loading=\"lazy\" decoding=\"async\" class=\"alignnone wp-image-4439\" src=\"http:\/\/media.larsnordvall.se\/2024\/09\/Ringetorp_flyg1960-300x187.jpg\" alt=\"\" width=\"444\" height=\"277\" srcset=\"http:\/\/media.larsnordvall.se\/2024\/09\/Ringetorp_flyg1960-300x187.jpg 300w, http:\/\/media.larsnordvall.se\/2024\/09\/Ringetorp_flyg1960-18x12.jpg 18w, http:\/\/media.larsnordvall.se\/2024\/09\/Ringetorp_flyg1960.jpg 400w\" sizes=\"auto, (max-width: 444px) 100vw, 444px\" \/><br \/>\nFlygfoto Ringetorp, Landeryd \u00a01960<\/p>\n<\/div><\/section><\/div>\n<div class=\"flex_column av_one_half  flex_column_div av-zero-column-padding first  avia-builder-el-18  el_after_av_one_half  el_before_av_one_half  column-top-margin\" style='border-radius:0px; '><section class=\"av_textblock_section\"  itemscope=\"itemscope\" itemtype=\"https:\/\/schema.org\/CreativeWork\" ><div class='avia_textblock'   itemprop=\"text\" ><p>Elin och Oskar gifte sig den 15 november 1902. Detta \u00e4r det br\u00f6llopskort\/duk \u00a0som de fick p\u00e5 sin br\u00f6llopsdag. Dottern Sonja hade det och kortet\/duken \u00a0blev sedan utl\u00e5nad till n\u00e5gon i sl\u00e4kten. S\u00e5 tyv\u00e4rr finns det bara ett d\u00e5ligt fotografi p\u00e5 br\u00f6llopskortet som \u00e4r handm\u00e5lat p\u00e5 tunnt linnetyg.<br \/>\nP\u00e5 duken st\u00e5r f\u00f6ljande:<\/p>\n<p><em>Lyck\u00f6nskan<\/em><br \/>\n<em>Nils Oskar Johansson<\/em><br \/>\n<em>Elin Jos Cederqvist<\/em><br \/>\n<em>P\u00e5 deras br\u00f6llopsdag den 15 november 1902<\/em><\/p>\n<p><em>V\u00e4nner vilja Eder gifva<\/em><br \/>\n<em>En liten g\u00e5fa emotag <\/em><br \/>\n<em>Dom som ett minne och skall <\/em><br \/>\n<em>bliva upp\u00e5 Eder br\u00f6llopsdag <\/em><\/p>\n<p><em>S\u00e5 h\u00e4lsar vi v\u00e5rt unga par<\/em><br \/>\n<em>Idag vid denna stunden med<\/em><br \/>\n<em>n\u00e5gra blommor enkla slag<\/em><br \/>\n<em>Ifr\u00e5n naturens lunder<\/em><br \/>\n<em>Runt solen han p\u00e5 f\u00e4stet t\u00e5gat<\/em><\/p>\n<p><em>F\u00f6r v\u00e4nskap \u00f6ppnar hon var famn<\/em><br \/>\n<em>Med glad f\u00f6rtjusning han besk\u00e5dar<\/em><br \/>\n<em>att dagen f\u00f6r dess namn<\/em><br \/>\n<em>Sist f\u00e5r vi \u00e4ven gratuleraoch \u00f6nska eder lycka stor<\/em><br \/>\n<em>Att ni m\u00e5 leva glad med mera<\/em><br \/>\n<em>Och njuta s\u00e4llhet var ni bor.<\/em><\/p>\n<\/div><\/section><\/div>\n<div class=\"flex_column av_one_half  flex_column_div av-zero-column-padding   avia-builder-el-20  el_after_av_one_half  el_before_av_one_full  column-top-margin\" style='border-radius:0px; '><section class=\"av_textblock_section\"  itemscope=\"itemscope\" itemtype=\"https:\/\/schema.org\/CreativeWork\" ><div class='avia_textblock'   itemprop=\"text\" ><p><img loading=\"lazy\" decoding=\"async\" class=\"alignnone size-full wp-image-4556\" src=\"http:\/\/media.larsnordvall.se\/2024\/10\/Elin_brollopskort.jpg\" alt=\"\" width=\"350\" height=\"491\" srcset=\"http:\/\/media.larsnordvall.se\/2024\/10\/Elin_brollopskort.jpg 350w, http:\/\/media.larsnordvall.se\/2024\/10\/Elin_brollopskort-214x300.jpg 214w, http:\/\/media.larsnordvall.se\/2024\/10\/Elin_brollopskort-9x12.jpg 9w\" sizes=\"auto, (max-width: 350px) 100vw, 350px\" \/><\/p>\n<\/div><\/section><\/div>\n<div class=\"flex_column av_one_full  flex_column_div av-zero-column-padding first  avia-builder-el-22  el_after_av_one_half  el_before_av_one_half  column-top-margin\" style='border-radius:0px; '><section class=\"av_textblock_section\"  itemscope=\"itemscope\" itemtype=\"https:\/\/schema.org\/CreativeWork\" ><div class='avia_textblock'   itemprop=\"text\" ><p>Efter Elin och Oscars giftem\u00e5l den 15 november 1902 hittar man Elin och Oskar Johansson i Alguvi , Aleborg i Kaga d\u00e4r bor de i ett \u00e5r fram till 1904 och deras f\u00f6rsta barn Nisse f\u00f6ds d\u00e4r. Mellan 1904-1909 bor familjen i Soldattorp, Grenadj\u00e4rtorp nr.18. Fr\u00e5n 1909 t.o.m 1917 \u00a0tar Oskar och Elin \u00f6ver arrendeg\u00e5rden Stockmyra. Den g\u00e5rden arrenderade Oskar och Elin i 8 \u00e5r och \u00a05 av barnen \u00a0\u00e4r f\u00f6dda d\u00e4r. 1917 flyttar familjen Johansson med 7 barn till M\u00f6rttorpet i V\u00e5rdsberg d\u00e4r bor de i 2 \u00e5r. 1919-1966 Okarsborg.<\/p>\n<p><em><strong>Elin och Oskars 11 barn:<\/strong><\/em><\/p>\n<ul>\n<li><strong>Nisse<\/strong> Ejnar F\u00f6dd: 1903-09-17 \u00a0 Alguvi; Aleborg, Kaga fs.\u00a0 <strong>\u2020 <\/strong>1970-02-01 &#8212;- 67 \u00e5r<\/li>\n<li><strong>Betty<\/strong> Maria F\u00f6dd: 1905-09-13 Grenadj\u00e4rtorpet nr.18, Landeryds fs.\u00a0 <strong>\u2020 <\/strong>1986-08-20&#8212;- 81 \u00e5r<\/li>\n<li>Elin <strong>Dagny<\/strong> F\u00f6dd: 1907-09-02 Grenadj\u00e4rtorpet nr.18, Landeryds fs.\u00a0 <strong>\u2020 <\/strong>1994-12-?&#8212;- 87 \u00e5r<\/li>\n<li><strong>Elna<\/strong> Astrid Natalia F\u00f6dd: 1910-03-30 Stockmyra, S\u00f6rby, Landeryds fs.\u00a0 <strong>\u2020 <\/strong>1985-07-10&#8212;- 75 \u00e5r<\/li>\n<li><strong>Greta<\/strong> Viola F\u00f6dd: 1911-04-22 Stockmyra, S\u00f6rby, Landeryds fs.\u00a0 <strong>\u2020<\/strong> 1969-07-02&#8212;- 58 \u00e5r<\/li>\n<li><strong>Sonja Concordia F\u00f6dd: 1913-02-14 Stockmyra, S\u00f6rby, Landeryds fs. \u2020 2008-10-12&#8212;- 95 \u00e5r<\/strong><\/li>\n<li><strong>Oscar<\/strong> Lennart F\u00f6dd: 1915-04-15 \u00a0 Stockmyra, S\u00f6rby, Landeryds fs.\u00a0 <strong>\u2020<\/strong> 1998-10-22&#8212;- 78 \u00e5r<\/li>\n<li><strong>Karl<\/strong> Otto Algot F\u00f6dd: 1916-09-29 Stockmyra, S\u00f6rby, Landeryds fs.\u00a0 <strong>\u2020<\/strong>\u00a01916<\/li>\n<li><strong>Karin<\/strong> Majlis F\u00f6dd: 1919-02-06 M\u00f6rttorpet, V\u00e5rdsberg.\u00a0 <strong>\u2020<\/strong>\u00a02003-04-02&#8212;-84 \u00e5r<\/li>\n<li><strong>Mai<\/strong> F\u00f6dd: 1921-05-03 Oscarsborg, Landeryds fs.\u00a0 <strong>\u2020<\/strong> 2001-09-05&#8212;- 80 \u00e5r<\/li>\n<li><strong>Gull<\/strong> F\u00f6dd: 1923-04-21 Oscarsborg, Landeryds fs.\u00a0<strong> \u2020<\/strong>\u00a01984-12-20&#8212;- 55 \u00e5r<\/li>\n<\/ul>\n<p>1907 hade Oskar och Elin sammanlagt tre barn \u00a0Nisse, Betty och Dagny. Dagny ber\u00e4ttade att n\u00e4r de var sm\u00e5 hade de en jungfru, och de hade var sin kl\u00e4nning med spetskrage. Dagny tyckte inte att de skulle haft fler barn f\u00f6r n\u00e4r de bara var tre barn hade de det s\u00e5 bra.<\/p>\n<\/div><\/section><\/div>\n<div class=\"flex_column av_one_half  flex_column_div av-zero-column-padding first  avia-builder-el-24  el_after_av_one_full  el_before_av_one_half  column-top-margin\" style='border-radius:0px; '><section class=\"av_textblock_section\"  itemscope=\"itemscope\" itemtype=\"https:\/\/schema.org\/CreativeWork\" ><div class='avia_textblock'   itemprop=\"text\" ><p>1914 mobiliserades Landstormen som var en v\u00e4rnpliktsarme som bestod av f.d. v\u00e4rnpliktiga i \u00e5lderklasserna 33-40 \u00e5r. Oscar medverkade i Landstormen.<\/p>\n<p><img loading=\"lazy\" decoding=\"async\" class=\"alignnone size-full wp-image-4562\" src=\"http:\/\/media.larsnordvall.se\/2024\/10\/landstormen.jpg\" alt=\"\" width=\"401\" height=\"256\" srcset=\"http:\/\/media.larsnordvall.se\/2024\/10\/landstormen.jpg 401w, http:\/\/media.larsnordvall.se\/2024\/10\/landstormen-300x192.jpg 300w, http:\/\/media.larsnordvall.se\/2024\/10\/landstormen-18x12.jpg 18w\" sizes=\"auto, (max-width: 401px) 100vw, 401px\" \/><br \/>\n<em><strong>Landstormen 1914, Oscar nr. 3 fr\u00e5n v\u00e4nster. P\u00e5 bilden \u00e4r Oscar 33 \u00e5r.<\/strong><\/em><\/p>\n<\/div><\/section><\/div>\n<div class=\"flex_column av_one_half  flex_column_div av-zero-column-padding   avia-builder-el-26  el_after_av_one_half  el_before_av_one_full  column-top-margin\" style='border-radius:0px; '><section class=\"av_textblock_section\"  itemscope=\"itemscope\" itemtype=\"https:\/\/schema.org\/CreativeWork\" ><div class='avia_textblock'   itemprop=\"text\" ><p>1917 flyttar nu den stora familjen Johansson med nu 7 barn till \u00a0Stockmyra. B\u00e5da g\u00e5rdarna Grenadj\u00e4rtorpet och Stockmyra l\u00e5g inom en radie av 1 km.<\/p>\n<p><img loading=\"lazy\" decoding=\"async\" class=\"alignnone size-full wp-image-4564\" src=\"http:\/\/media.larsnordvall.se\/2024\/10\/Stockmyra1_red.jpg\" alt=\"\" width=\"400\" height=\"299\" srcset=\"http:\/\/media.larsnordvall.se\/2024\/10\/Stockmyra1_red.jpg 400w, http:\/\/media.larsnordvall.se\/2024\/10\/Stockmyra1_red-300x224.jpg 300w, http:\/\/media.larsnordvall.se\/2024\/10\/Stockmyra1_red-16x12.jpg 16w\" sizes=\"auto, (max-width: 400px) 100vw, 400px\" \/><br \/>\n<em><strong>Stockmyra 2009<\/strong><\/em><br \/>\n<em><strong>Foto: Anders Johansson, Link\u00f6ping<\/strong><\/em><\/p>\n<\/div><\/section><\/div>\n<div class=\"flex_column av_one_full  flex_column_div av-zero-column-padding first  avia-builder-el-28  el_after_av_one_half  el_before_av_three_fifth  column-top-margin\" style='border-radius:0px; '><section class=\"av_textblock_section\"  itemscope=\"itemscope\" itemtype=\"https:\/\/schema.org\/CreativeWork\" ><div class='avia_textblock'   itemprop=\"text\" ><p><strong>I Landeryds Hembygdsf\u00f6renings skrifter 1. st\u00e5r f\u00f6ljande om Oskar Johansson.<\/strong><\/p>\n<p>Oskar arbetade som snickare hos byggm\u00e4stare L\u00f6vgren i Hjulsbro och var bl a med om att bygga \u00c5hagens ladug\u00e5rd. Han var omtalad f\u00f6r att han visslade s\u00e5 vackert. I torparrendet ingick vissa dagsverken och n\u00e4r visslingen ekade \u00f6ver Hultskogen, visste folk att Oskar kom fr\u00e5n herrg\u00e5rden.<\/p>\n<\/div><\/section><\/div>\n<div class=\"flex_column av_three_fifth  flex_column_div av-zero-column-padding first  avia-builder-el-30  el_after_av_one_full  el_before_av_two_fifth  column-top-margin\" style='border-radius:0px; '><section class=\"av_textblock_section\"  itemscope=\"itemscope\" itemtype=\"https:\/\/schema.org\/CreativeWork\" ><div class='avia_textblock'   itemprop=\"text\" ><p><img loading=\"lazy\" decoding=\"async\" class=\"size-full wp-image-4565 alignleft\" src=\"http:\/\/media.larsnordvall.se\/2024\/10\/morsdag-kort_red.jpg\" alt=\"\" width=\"300\" height=\"464\" srcset=\"http:\/\/media.larsnordvall.se\/2024\/10\/morsdag-kort_red.jpg 300w, http:\/\/media.larsnordvall.se\/2024\/10\/morsdag-kort_red-194x300.jpg 194w, http:\/\/media.larsnordvall.se\/2024\/10\/morsdag-kort_red-8x12.jpg 8w\" sizes=\"auto, (max-width: 300px) 100vw, 300px\" \/><\/p>\n<p><em>Versen lyder:<\/em><br \/>\n<em>Du sm\u00e5ler s\u00e5 ljuvt, du sm\u00e5ler s\u00e5 \u00f6mt<\/em><br \/>\n<em>I vakna dr\u00f6mmar du ler.<\/em><br \/>\n<em>De minnen Du \u00e4lskar och aldrig gl\u00f6mt<\/em><br \/>\n<em>I skymningens stund Du ser!<\/em><\/p>\n<p><em>Jag \u00e4ger ock minnen \u00e4lskade Mor<\/em><br \/>\n<em>De vackraste fick jag av Dig<\/em><br \/>\n<em>f\u00f6r dem, f\u00f6r all k\u00e4rlek och omsorg stor<\/em><br \/>\n<em>s\u00e5 innerligt tackar jag dig.<\/em><\/p>\n<\/div><\/section><\/div>\n<div class=\"flex_column av_two_fifth  flex_column_div av-zero-column-padding   avia-builder-el-32  el_after_av_three_fifth  el_before_av_one_third  column-top-margin\" style='border-radius:0px; '><section class=\"av_textblock_section\"  itemscope=\"itemscope\" itemtype=\"https:\/\/schema.org\/CreativeWork\" ><div class='avia_textblock'   itemprop=\"text\" ><p><img loading=\"lazy\" decoding=\"async\" class=\"alignnone size-full wp-image-4567\" src=\"http:\/\/media.larsnordvall.se\/2024\/10\/morsdag-kort_bak_red.jpg\" alt=\"\" width=\"464\" height=\"304\" srcset=\"http:\/\/media.larsnordvall.se\/2024\/10\/morsdag-kort_bak_red.jpg 464w, http:\/\/media.larsnordvall.se\/2024\/10\/morsdag-kort_bak_red-300x197.jpg 300w, http:\/\/media.larsnordvall.se\/2024\/10\/morsdag-kort_bak_red-18x12.jpg 18w\" sizes=\"auto, (max-width: 464px) 100vw, 464px\" \/><\/p>\n<\/div><\/section><\/div>\n<div class=\"flex_column av_one_third  flex_column_div av-zero-column-padding first  avia-builder-el-34  el_after_av_two_fifth  el_before_av_one_third\" style='border-radius:0px; '><section class=\"av_textblock_section\"  itemscope=\"itemscope\" itemtype=\"https:\/\/schema.org\/CreativeWork\" ><div class='avia_textblock'   itemprop=\"text\" ><p>Det finns ytterligare ett vykort kvar som Elin skickade till sin mamma Lovisa p\u00e5 hennes f\u00f6delsedag den 28 mars 1918. \u00a0D\u00e5 bodde Elin och Oscar fortfarande i Knekttorpet. Lovisa fyllde 71 \u00e5r.<\/p>\n<p>Elin var d\u00e5 38 \u00e5r och hade f\u00f6tt 8 barn varav 7 var i livet. Det yngsta barnet var 2 \u00e5r och det \u00e4ldsta 15 \u00e5r. Av handstilen att d\u00f6ma och underskriften \u201dEJ\u201d s\u00e5 verkar det som om det \u00e4r Oskar som har skrivit kortet.<\/p>\n<p><em><strong>Versen lyder:<\/strong><\/em><br \/>\n<em><strong>Hjertligaste gratulationer p\u00e5<\/strong><\/em><br \/>\n<em><strong>F\u00f6delsedagen<\/strong><\/em><br \/>\n<em><strong>Jag skulle plocka blommor <\/strong><\/em><br \/>\n<em><strong>och binda dig en krans men<\/strong><\/em><br \/>\n<em><strong>\u00e4ngen den var frusen och inga blommor fans<\/strong><\/em><br \/>\n<em><strong>EJ.<\/strong><\/em><\/p>\n<\/div><\/section><\/div>\n<div class=\"flex_column av_one_third  flex_column_div av-zero-column-padding   avia-builder-el-36  el_after_av_one_third  el_before_av_one_third\" style='border-radius:0px; '><section class=\"av_textblock_section\"  itemscope=\"itemscope\" itemtype=\"https:\/\/schema.org\/CreativeWork\" ><div class='avia_textblock'   itemprop=\"text\" ><p><img loading=\"lazy\" decoding=\"async\" class=\"alignnone size-full wp-image-4569\" src=\"http:\/\/media.larsnordvall.se\/2024\/10\/Grattis_red.jpg\" alt=\"\" width=\"300\" height=\"460\" srcset=\"http:\/\/media.larsnordvall.se\/2024\/10\/Grattis_red.jpg 300w, http:\/\/media.larsnordvall.se\/2024\/10\/Grattis_red-196x300.jpg 196w, http:\/\/media.larsnordvall.se\/2024\/10\/Grattis_red-8x12.jpg 8w\" sizes=\"auto, (max-width: 300px) 100vw, 300px\" \/><\/p>\n<\/div><\/section><\/div>\n<div class=\"flex_column av_one_third  flex_column_div av-zero-column-padding   avia-builder-el-38  el_after_av_one_third  el_before_av_one_full\" style='border-radius:0px; '><section class=\"av_textblock_section\"  itemscope=\"itemscope\" itemtype=\"https:\/\/schema.org\/CreativeWork\" ><div class='avia_textblock'   itemprop=\"text\" ><p><img loading=\"lazy\" decoding=\"async\" class=\"alignnone size-full wp-image-4570\" src=\"http:\/\/media.larsnordvall.se\/2024\/10\/grattis_bak_red.jpg\" alt=\"\" width=\"300\" height=\"454\" srcset=\"http:\/\/media.larsnordvall.se\/2024\/10\/grattis_bak_red.jpg 300w, http:\/\/media.larsnordvall.se\/2024\/10\/grattis_bak_red-198x300.jpg 198w, http:\/\/media.larsnordvall.se\/2024\/10\/grattis_bak_red-8x12.jpg 8w\" sizes=\"auto, (max-width: 300px) 100vw, 300px\" \/><\/p>\n<\/div><\/section><\/div>\n<div class=\"flex_column av_one_full  flex_column_div av-zero-column-padding first  avia-builder-el-40  el_after_av_one_third  el_before_av_one_half  column-top-margin\" style='border-radius:0px; '><section class=\"av_textblock_section\"  itemscope=\"itemscope\" itemtype=\"https:\/\/schema.org\/CreativeWork\" ><div class='avia_textblock'   itemprop=\"text\" ><p>Cirka 1920 \u00a0flyttar Oskar och Elin nu med 8 barn in i en egenh\u00e4ndigt byggd villa i Hjulsbro. \u00a0I Oskarsborg fick Elin och Oskar ytterligare tv\u00e5 d\u00f6ttrar Mai och Gull. Nu hade familjen Johansson 10 barn. Till h\u00f6ger om d\u00f6rren hade Oskar en v\u00e4ggtelefon som satt p\u00e5 v\u00e4ggen i finrummet mellan d\u00f6rren och f\u00f6nstret. F\u00f6nstren hade m\u00f6rkr\u00f6da rullgardiner. Rakt fram l\u00e5g k\u00f6ket.<\/p>\n<\/div><\/section><\/div>\n<div class=\"flex_column av_one_half  flex_column_div av-zero-column-padding first  avia-builder-el-42  el_after_av_one_full  el_before_av_one_half  column-top-margin\" style='border-radius:0px; '><section class=\"av_textblock_section\"  itemscope=\"itemscope\" itemtype=\"https:\/\/schema.org\/CreativeWork\" ><div class='avia_textblock'   itemprop=\"text\" ><p><img loading=\"lazy\" decoding=\"async\" class=\"alignnone size-full wp-image-4573\" src=\"http:\/\/media.larsnordvall.se\/2024\/10\/oscarsborg_red.jpg\" alt=\"\" width=\"395\" height=\"273\" srcset=\"http:\/\/media.larsnordvall.se\/2024\/10\/oscarsborg_red.jpg 395w, http:\/\/media.larsnordvall.se\/2024\/10\/oscarsborg_red-300x207.jpg 300w, http:\/\/media.larsnordvall.se\/2024\/10\/oscarsborg_red-18x12.jpg 18w\" sizes=\"auto, (max-width: 395px) 100vw, 395px\" \/><br \/>\n<em><strong>Oskarsborg, Hjulsbro<\/strong><\/em><\/p>\n<\/div><\/section><\/div>\n<div class=\"flex_column av_one_half  flex_column_div av-zero-column-padding   avia-builder-el-44  el_after_av_one_half  el_before_av_one_full  column-top-margin\" style='border-radius:0px; '><section class=\"av_textblock_section\"  itemscope=\"itemscope\" itemtype=\"https:\/\/schema.org\/CreativeWork\" ><div class='avia_textblock'   itemprop=\"text\" ><p><em><strong>I Landeryds Hembygdsf\u00f6renings skrifter 4, st\u00e5r f\u00f6ljande om Oscar:<\/strong><\/em><br \/>\nEtt env\u00e5ningshus uppf\u00f6rdes i tr\u00e4 \u00e5r 1919 av \u00e4garen byggm\u00e4staren Nils Oscar Johansson, F\u00f6dd 1881 i Vist, gift med Elin f. Cederqvist 1880 i Vist. De fick 10 barn:<br \/>\nNils, Betty, Dagny, Elna, Greta, Sonja, Oscar, Karin, Mai och Gull.<\/p>\n<p>Oscar jobbade som snickare hos Byggm\u00e4stare L\u00f6vgren, d\u00e4rf\u00f6r fick han bygga sig en villa I det nordv\u00e4stra h\u00f6rnet av L\u00f6vgrens f.d. \u00c5kermark.<\/p>\n<p>Oscar blev mest k\u00e4nd f\u00f6r \u201c K\u00f6ten\u201d, ett namn han f\u00e5tt d\u00e5 pojkarna knackade p\u00e5 och fr\u00e5gade om de fick plocka kottar ihop med hans d\u00f6ttrar.<br \/>\n&#8211; \u201cK\u00f4ter\u201d sa Oscar, ja har ju hele gareroben full ut\u00e5 k\u00f4ter. Kottarna hade han att elda med. Huset l\u00e5g l\u00e4ngst ut p\u00e5 Holmsv\u00e4gen. Det revs omkring 1968, n\u00e4r V\u00e5rdsbergsv\u00e4gen fick sin nuvarande str\u00e4ckning.<\/p>\n<\/div><\/section><\/div>\n<div class=\"flex_column av_one_full  flex_column_div av-zero-column-padding first  avia-builder-el-46  el_after_av_one_half  el_before_av_one_half  column-top-margin\" style='border-radius:0px; '><section class=\"av_textblock_section\"  itemscope=\"itemscope\" itemtype=\"https:\/\/schema.org\/CreativeWork\" ><div class='avia_textblock'   itemprop=\"text\" ><p>Elin arbetade h\u00e5rt f\u00f6r sin stora familj. Kalle T\u00f6rnqvist ber\u00e4ttade att Elin syyde alla kl\u00e4der till sig sj\u00e4lv och barnen. N\u00e4r det n\u00e4rmade sig skolavslutningen satt Elin uppe hela n\u00e4tterna och sydde kl\u00e4nningar till \u00a0flickorna och byxor till pojkarna som fortfarande gick i skolan .<\/p>\n<\/div><\/section><\/div>\n<div class=\"flex_column av_one_half  flex_column_div av-zero-column-padding first  avia-builder-el-48  el_after_av_one_full  el_before_av_one_half  column-top-margin\" style='border-radius:0px; '><section class=\"av_textblock_section\"  itemscope=\"itemscope\" itemtype=\"https:\/\/schema.org\/CreativeWork\" ><div class='avia_textblock'   itemprop=\"text\" ><p><em><strong>Dottern Sonja ber\u00e4ttar:<\/strong><\/em> Oscar var h\u00e5rd mot sina barn. Alla barnen var r\u00e4dda f\u00f6r honom, utom Mai. Hon var den \u00e4nda som kr\u00f6p upp och satt i hans kn\u00e4. N\u00e4r Oscar kom hem fr\u00e5n jobbet och gick in i k\u00f6ket, tassade alla barnen tyst ut p\u00e5 led d\u00e4rifr\u00e5n och in i det andra rummet p\u00e5 nedre v\u00e5ningen. N\u00e4r han sedan kom in dit s\u00e5 var det en flock barn som \u00e4nnu en g\u00e5ng tyst p\u00e5 rad tyst tassade ut i k\u00f6ket igen.<\/p>\n<p>Dottern Sonja gick i \u00a0Hageby skolan , Sonja st\u00e5r under det r\u00f6da krysset 7 \u00e5r gammal.<\/p>\n<p><img loading=\"lazy\" decoding=\"async\" class=\"alignnone size-full wp-image-4575\" src=\"http:\/\/media.larsnordvall.se\/2024\/10\/Mormor_hagebyskolan.jpg\" alt=\"\" width=\"500\" height=\"324\" srcset=\"http:\/\/media.larsnordvall.se\/2024\/10\/Mormor_hagebyskolan.jpg 500w, http:\/\/media.larsnordvall.se\/2024\/10\/Mormor_hagebyskolan-300x194.jpg 300w, http:\/\/media.larsnordvall.se\/2024\/10\/Mormor_hagebyskolan-18x12.jpg 18w\" sizes=\"auto, (max-width: 500px) 100vw, 500px\" \/><br \/>\n<em><strong>Hagebyskolan i Hjulsbro ca 1920<\/strong><\/em><\/p>\n<\/div><\/section><\/div>\n<div class=\"flex_column av_one_half  flex_column_div av-zero-column-padding   avia-builder-el-50  el_after_av_one_half  el_before_av_one_half  column-top-margin\" style='border-radius:0px; '><section class=\"av_textblock_section\"  itemscope=\"itemscope\" itemtype=\"https:\/\/schema.org\/CreativeWork\" ><div class='avia_textblock'   itemprop=\"text\" ><p><img loading=\"lazy\" decoding=\"async\" class=\"alignnone size-full wp-image-4576\" src=\"http:\/\/media.larsnordvall.se\/2024\/10\/skolan_mai.jpg\" alt=\"\" width=\"401\" height=\"238\" srcset=\"http:\/\/media.larsnordvall.se\/2024\/10\/skolan_mai.jpg 401w, http:\/\/media.larsnordvall.se\/2024\/10\/skolan_mai-300x178.jpg 300w, http:\/\/media.larsnordvall.se\/2024\/10\/skolan_mai-18x12.jpg 18w\" sizes=\"auto, (max-width: 401px) 100vw, 401px\" \/><br \/>\n<em><strong>Skolfoto p\u00e5 3 av barnen Johansson <\/strong><\/em><br \/>\n<em><strong>Mai 3:a fr\u00e5n h\u00f6ger, 2:a raden nerifr\u00e5n,Karin 2:a fr\u00e5n v. i samma rad, samt <\/strong><\/em><br \/>\n<em><strong>Oscar n\u00e5gonstans.<\/strong><\/em><\/p>\n<\/div><\/section><\/div>\n<div class=\"flex_column av_one_half  flex_column_div av-zero-column-padding first  avia-builder-el-52  el_after_av_one_half  el_before_av_one_half  column-top-margin\" style='border-radius:0px; '><section class=\"av_textblock_section\"  itemscope=\"itemscope\" itemtype=\"https:\/\/schema.org\/CreativeWork\" ><div class='avia_textblock'   itemprop=\"text\" ><p>Livet g\u00e5r visare hos familjen Oscar och Elin Johansson. De flesta av barnen b\u00f6rjade att arbeta \/ ta tj\u00e4nst redan som 12 \u00e5ringar. N\u00e4r de fyllde femton bodde ingen av dom hemma l\u00e4ngre. P\u00e5 s\u00e5 vis bodde det oftast inte mer \u00e4n 7 barn hemma samtidigt.<br \/>\n<img loading=\"lazy\" decoding=\"async\" class=\"alignnone size-full wp-image-4577\" src=\"http:\/\/media.larsnordvall.se\/2024\/10\/Elin_oscar_maj_karin_huset.jpg\" alt=\"\" width=\"316\" height=\"529\" srcset=\"http:\/\/media.larsnordvall.se\/2024\/10\/Elin_oscar_maj_karin_huset.jpg 316w, http:\/\/media.larsnordvall.se\/2024\/10\/Elin_oscar_maj_karin_huset-179x300.jpg 179w, http:\/\/media.larsnordvall.se\/2024\/10\/Elin_oscar_maj_karin_huset-7x12.jpg 7w\" sizes=\"auto, (max-width: 316px) 100vw, 316px\" \/><br \/>\n<em><strong>H\u00e4r p\u00e5 bilden st\u00e5r Oscar och Elin med barnen<\/strong><\/em><br \/>\n<em><strong>fr\u00e5n v. Karin, Mai och Gull p\u00e5 trappen till Oskarsberg.<\/strong><\/em><\/p>\n<p>Barnen p\u00e5 bilden \u00e4r Karin 10 \u00e5r, Mai 8 \u00e5r och Gull 6 \u00e5r, \u00e5ldern p\u00e5 systrarna \u00e4r en gissning. Det skulle inneb\u00e4ra att Elin borde vara ca 50 \u00e5r och och Oscar 49 \u00e5r. Bilden borde varit tagen n\u00e5gon g\u00e5ng ca 1929.<\/p>\n<p>N\u00e4r Oscar k\u00f6pte kl\u00e4der till alla barnen d\u00e5 var det tyg i metervara. Det var samma tyg till alla barna. Det var Elins jobb att se till att tyget blev till kl\u00e4nningar. Elin hade bara tid att sy kl\u00e4nningar p\u00e5 n\u00e4tterna n\u00e4r barnen sov. Vad tr\u00f6tt hon m\u00e5ste varit. Stackars Elin.<\/p>\n<\/div><\/section><\/div>\n<div class=\"flex_column av_one_half  flex_column_div av-zero-column-padding   avia-builder-el-54  el_after_av_one_half  el_before_av_one_full  column-top-margin\" style='border-radius:0px; '><section class=\"av_textblock_section\"  itemscope=\"itemscope\" itemtype=\"https:\/\/schema.org\/CreativeWork\" ><div class='avia_textblock'   itemprop=\"text\" ><p><img loading=\"lazy\" decoding=\"async\" class=\"alignnone wp-image-4578\" src=\"http:\/\/media.larsnordvall.se\/2024\/10\/Elin-o-Oskar1945.jpg\" alt=\"\" width=\"282\" height=\"177\" srcset=\"http:\/\/media.larsnordvall.se\/2024\/10\/Elin-o-Oskar1945.jpg 175w, http:\/\/media.larsnordvall.se\/2024\/10\/Elin-o-Oskar1945-18x12.jpg 18w\" sizes=\"auto, (max-width: 282px) 100vw, 282px\" \/><br \/>\n<em><strong>Elin och Oscar 1945.<br \/>\nH\u00e4r \u00e4r Elin 65 \u00e5r och Oscar 64<\/strong><\/em><\/p>\n<p>Mormor Sonja ber\u00e4ttade att Elin tyckte att det var bonnigt att ha s\u00e5 m\u00e5nga barn som hon och Oscar hade. Men det innebar inte att hon inte tyckte om sina barn. Hon var en otroligt sn\u00e4ll mamma. Elin sa aldrig ett ont ord och var tystl\u00e5ten av sig.<\/p>\n<p><img loading=\"lazy\" decoding=\"async\" class=\"alignnone wp-image-4582\" src=\"http:\/\/media.larsnordvall.se\/2024\/10\/Hjulsbro1935-red.jpg\" alt=\"\" width=\"537\" height=\"368\" srcset=\"http:\/\/media.larsnordvall.se\/2024\/10\/Hjulsbro1935-red.jpg 498w, http:\/\/media.larsnordvall.se\/2024\/10\/Hjulsbro1935-red-300x205.jpg 300w, http:\/\/media.larsnordvall.se\/2024\/10\/Hjulsbro1935-red-18x12.jpg 18w\" sizes=\"auto, (max-width: 537px) 100vw, 537px\" \/><br \/>\n<em><strong>Flygfoto \u00f6ver Hjulsbro och Holmsv\u00e4gen t.v. Huset med r\u00f6da cirkeln \u00e4r Oscarsberg. Foto taget 1935 av Flygfrakt.<\/strong><\/em><\/p>\n<\/div><\/section><\/div>\n<div class=\"flex_column av_one_full  flex_column_div av-zero-column-padding first  avia-builder-el-56  el_after_av_one_half  el_before_av_one_fifth  column-top-margin\" style='border-radius:0px; '><section class=\"av_textblock_section\"  itemscope=\"itemscope\" itemtype=\"https:\/\/schema.org\/CreativeWork\" ><div class='avia_textblock'   itemprop=\"text\" ><h3 style=\"text-align: center;\">Syskonen Johansson<\/h3>\n<\/div><\/section><\/div>\n<div class=\"flex_column av_one_fifth  flex_column_div av-zero-column-padding first  avia-builder-el-58  el_after_av_one_full  el_before_av_one_fifth  column-top-margin\" style='border-radius:0px; '><section class=\"av_textblock_section\"  itemscope=\"itemscope\" itemtype=\"https:\/\/schema.org\/CreativeWork\" ><div class='avia_textblock'   itemprop=\"text\" ><p><img loading=\"lazy\" decoding=\"async\" class=\"alignnone wp-image-4583\" src=\"http:\/\/media.larsnordvall.se\/2024\/10\/nisse.jpg\" alt=\"\" width=\"168\" height=\"228\" srcset=\"http:\/\/media.larsnordvall.se\/2024\/10\/nisse.jpg 156w, http:\/\/media.larsnordvall.se\/2024\/10\/nisse-9x12.jpg 9w\" sizes=\"auto, (max-width: 168px) 100vw, 168px\" \/><br \/>\n<strong>Nisse Johansson\u00a0<\/strong><\/p>\n<p><strong>F\u00f6dd: 1903-09-17<\/strong><br \/>\n<strong>D\u00f6d: 1970<br \/>\n67 \u00e5r<\/strong><\/p>\n<\/div><\/section><\/div>\n<div class=\"flex_column av_one_fifth  flex_column_div av-zero-column-padding   avia-builder-el-60  el_after_av_one_fifth  el_before_av_one_fifth  column-top-margin\" style='border-radius:0px; '><section class=\"av_textblock_section\"  itemscope=\"itemscope\" itemtype=\"https:\/\/schema.org\/CreativeWork\" ><div class='avia_textblock'   itemprop=\"text\" ><p><img loading=\"lazy\" decoding=\"async\" class=\"alignnone size-full wp-image-4584\" src=\"http:\/\/media.larsnordvall.se\/2024\/10\/Betty-kanske.jpg\" alt=\"\" width=\"210\" height=\"250\" srcset=\"http:\/\/media.larsnordvall.se\/2024\/10\/Betty-kanske.jpg 210w, http:\/\/media.larsnordvall.se\/2024\/10\/Betty-kanske-10x12.jpg 10w\" sizes=\"auto, (max-width: 210px) 100vw, 210px\" \/><br \/>\n<strong>Betty Johansson<\/strong><\/p>\n<p><strong>F\u00f6dd: 1905-09-13<\/strong><br \/>\n<strong>D\u00f6d: 1986-08-20<br \/>\n<\/strong><strong>81 \u00e5r<\/strong><\/p>\n<\/div><\/section><\/div>\n<div class=\"flex_column av_one_fifth  flex_column_div av-zero-column-padding   avia-builder-el-62  el_after_av_one_fifth  el_before_av_one_fifth  column-top-margin\" style='border-radius:0px; '><section class=\"av_textblock_section\"  itemscope=\"itemscope\" itemtype=\"https:\/\/schema.org\/CreativeWork\" ><div class='avia_textblock'   itemprop=\"text\" ><p><img loading=\"lazy\" decoding=\"async\" class=\"alignnone wp-image-4585\" src=\"http:\/\/media.larsnordvall.se\/2024\/10\/Dagny.jpg\" alt=\"\" width=\"195\" height=\"247\" srcset=\"http:\/\/media.larsnordvall.se\/2024\/10\/Dagny.jpg 300w, http:\/\/media.larsnordvall.se\/2024\/10\/Dagny-237x300.jpg 237w, http:\/\/media.larsnordvall.se\/2024\/10\/Dagny-9x12.jpg 9w\" sizes=\"auto, (max-width: 195px) 100vw, 195px\" \/><br \/>\n<strong>Dagny Johansson<\/strong><\/p>\n<p><strong>F\u00f6dd: 1907-09-02<\/strong><br \/>\n<strong>D\u00f6d: 1994-12-??<\/strong><br \/>\n<strong>87 \u00e5r<\/strong><\/p>\n<\/div><\/section><\/div>\n<div class=\"flex_column av_one_fifth  flex_column_div av-zero-column-padding   avia-builder-el-64  el_after_av_one_fifth  el_before_av_one_fifth  column-top-margin\" style='border-radius:0px; '><section class=\"av_textblock_section\"  itemscope=\"itemscope\" itemtype=\"https:\/\/schema.org\/CreativeWork\" ><div class='avia_textblock'   itemprop=\"text\" ><p><img loading=\"lazy\" decoding=\"async\" class=\"alignnone wp-image-4586\" src=\"http:\/\/media.larsnordvall.se\/2024\/10\/Elna.jpg\" alt=\"\" width=\"219\" height=\"241\" srcset=\"http:\/\/media.larsnordvall.se\/2024\/10\/Elna.jpg 341w, http:\/\/media.larsnordvall.se\/2024\/10\/Elna-272x300.jpg 272w, http:\/\/media.larsnordvall.se\/2024\/10\/Elna-11x12.jpg 11w\" sizes=\"auto, (max-width: 219px) 100vw, 219px\" \/><strong><br \/>\nElna Johansson<\/strong><\/p>\n<p>F\u00f6dd:1910-03-30<br \/>\nD\u00f6d: 1985-07-10<br \/>\n75 \u00e5r<\/p>\n<\/div><\/section><\/div>\n<div class=\"flex_column av_one_fifth  flex_column_div av-zero-column-padding   avia-builder-el-66  el_after_av_one_fifth  el_before_av_one_fifth  column-top-margin\" style='border-radius:0px; '><section class=\"av_textblock_section\"  itemscope=\"itemscope\" itemtype=\"https:\/\/schema.org\/CreativeWork\" ><div class='avia_textblock'   itemprop=\"text\" ><p><img loading=\"lazy\" decoding=\"async\" class=\"alignnone size-full wp-image-4587\" src=\"http:\/\/media.larsnordvall.se\/2024\/10\/Greta-kanske1.jpg\" alt=\"\" width=\"214\" height=\"253\" srcset=\"http:\/\/media.larsnordvall.se\/2024\/10\/Greta-kanske1.jpg 214w, http:\/\/media.larsnordvall.se\/2024\/10\/Greta-kanske1-10x12.jpg 10w\" sizes=\"auto, (max-width: 214px) 100vw, 214px\" \/><br \/>\n<strong>Greta Johansson<\/strong><\/p>\n<p><strong>F\u00f6dd: 1911-04-22<\/strong><br \/>\n<strong> D\u00f6d: 1969-07-02<\/strong><br \/>\n<strong> 58 \u00e5r<\/strong><\/p>\n<\/div><\/section><\/div>\n<div class=\"flex_column av_one_fifth  flex_column_div av-zero-column-padding first  avia-builder-el-68  el_after_av_one_fifth  el_before_av_one_fifth  column-top-margin\" style='border-radius:0px; '><section class=\"av_textblock_section\"  itemscope=\"itemscope\" itemtype=\"https:\/\/schema.org\/CreativeWork\" ><div class='avia_textblock'   itemprop=\"text\" ><p><img loading=\"lazy\" decoding=\"async\" class=\"alignnone wp-image-4589\" src=\"http:\/\/media.larsnordvall.se\/2024\/10\/Mormor-sonja.jpg\" alt=\"\" width=\"246\" height=\"308\" srcset=\"http:\/\/media.larsnordvall.se\/2024\/10\/Mormor-sonja.jpg 396w, http:\/\/media.larsnordvall.se\/2024\/10\/Mormor-sonja-240x300.jpg 240w, http:\/\/media.larsnordvall.se\/2024\/10\/Mormor-sonja-10x12.jpg 10w\" sizes=\"auto, (max-width: 246px) 100vw, 246px\" \/><br \/>\n<strong>Sonja Johansson gift Vidar<\/strong><\/p>\n<p><strong>F\u00f6dd: 1913-02-14<\/strong><br \/>\n<strong>D\u00f6d: 2007-10-12<\/strong><br \/>\n<strong>95 \u00e5r<\/strong><\/p>\n<\/div><\/section><\/div>\n<div class=\"flex_column av_one_fifth  flex_column_div av-zero-column-padding   avia-builder-el-70  el_after_av_one_fifth  el_before_av_one_fifth  column-top-margin\" style='border-radius:0px; '><section class=\"av_textblock_section\"  itemscope=\"itemscope\" itemtype=\"https:\/\/schema.org\/CreativeWork\" ><div class='avia_textblock'   itemprop=\"text\" ><p><img loading=\"lazy\" decoding=\"async\" class=\"alignnone size-full wp-image-4590\" src=\"http:\/\/media.larsnordvall.se\/2024\/10\/Oskar1948.jpg\" alt=\"\" width=\"184\" height=\"272\" srcset=\"http:\/\/media.larsnordvall.se\/2024\/10\/Oskar1948.jpg 184w, http:\/\/media.larsnordvall.se\/2024\/10\/Oskar1948-8x12.jpg 8w\" sizes=\"auto, (max-width: 184px) 100vw, 184px\" \/><br \/>\n<strong>Oscar Johansson 33 \u00e5r<\/strong><\/p>\n<p><strong>F\u00f6dd: 1915-04-17<\/strong><br \/>\n<strong>D\u00f6d: 1998-10-22<\/strong><br \/>\n<strong>78 \u00e5r<\/strong><\/p>\n<\/div><\/section><\/div>\n<div class=\"flex_column av_one_fifth  flex_column_div av-zero-column-padding   avia-builder-el-72  el_after_av_one_fifth  el_before_av_one_fifth  column-top-margin\" style='border-radius:0px; '><section class=\"av_textblock_section\"  itemscope=\"itemscope\" itemtype=\"https:\/\/schema.org\/CreativeWork\" ><div class='avia_textblock'   itemprop=\"text\" ><p><img loading=\"lazy\" decoding=\"async\" class=\"alignnone wp-image-4591\" src=\"http:\/\/media.larsnordvall.se\/2024\/10\/Karin.jpg\" alt=\"\" width=\"234\" height=\"266\" srcset=\"http:\/\/media.larsnordvall.se\/2024\/10\/Karin.jpg 361w, http:\/\/media.larsnordvall.se\/2024\/10\/Karin-264x300.jpg 264w, http:\/\/media.larsnordvall.se\/2024\/10\/Karin-11x12.jpg 11w\" sizes=\"auto, (max-width: 234px) 100vw, 234px\" \/><br \/>\n<strong>Karin Johansson<\/strong><\/p>\n<p><strong>F\u00f6dd: 1919-02-06<\/strong><br \/>\n<strong>D\u00f6d: 2003-04-02<\/strong><br \/>\n<strong>84 \u00e5r<\/strong><\/p>\n<\/div><\/section><\/div>\n<div class=\"flex_column av_one_fifth  flex_column_div av-zero-column-padding   avia-builder-el-74  el_after_av_one_fifth  el_before_av_one_fifth  column-top-margin\" style='border-radius:0px; '><section class=\"av_textblock_section\"  itemscope=\"itemscope\" itemtype=\"https:\/\/schema.org\/CreativeWork\" ><div class='avia_textblock'   itemprop=\"text\" ><p><img loading=\"lazy\" decoding=\"async\" class=\"alignnone size-full wp-image-4592\" src=\"http:\/\/media.larsnordvall.se\/2024\/10\/Mai.jpg\" alt=\"\" width=\"191\" height=\"209\" srcset=\"http:\/\/media.larsnordvall.se\/2024\/10\/Mai.jpg 191w, http:\/\/media.larsnordvall.se\/2024\/10\/Mai-11x12.jpg 11w\" sizes=\"auto, (max-width: 191px) 100vw, 191px\" \/><br \/>\n<strong>Mai Johansson<\/strong><\/p>\n<p><strong>F\u00f6dd:1921-05-03<\/strong><br \/>\n<strong>D\u00f6d: 2001-09-05<\/strong><br \/>\n<strong>80 \u00e5r<\/strong><\/p>\n<\/div><\/section><\/div>\n<div class=\"flex_column av_one_fifth  flex_column_div av-zero-column-padding   avia-builder-el-76  el_after_av_one_fifth  el_before_av_one_half  column-top-margin\" style='border-radius:0px; '><section class=\"av_textblock_section\"  itemscope=\"itemscope\" itemtype=\"https:\/\/schema.org\/CreativeWork\" ><div class='avia_textblock'   itemprop=\"text\" ><p><img loading=\"lazy\" decoding=\"async\" class=\"alignnone size-full wp-image-4593\" src=\"http:\/\/media.larsnordvall.se\/2024\/10\/Gull1.jpg\" alt=\"\" width=\"205\" height=\"259\" srcset=\"http:\/\/media.larsnordvall.se\/2024\/10\/Gull1.jpg 205w, http:\/\/media.larsnordvall.se\/2024\/10\/Gull1-9x12.jpg 9w\" sizes=\"auto, (max-width: 205px) 100vw, 205px\" \/><br \/>\n<strong>Gull Johansson<\/strong><\/p>\n<p><strong>F\u00f6dd: 1923-04-21<\/strong><br \/>\n<strong>D\u00f6d: 1984-12-20<\/strong><br \/>\n<strong>55 \u00e5r<\/strong><\/p>\n<\/div><\/section><\/div>\n<div class=\"flex_column av_one_half  flex_column_div av-zero-column-padding first  avia-builder-el-78  el_after_av_one_fifth  el_before_av_one_half  column-top-margin\" style='border-radius:0px; '><section class=\"av_textblock_section\"  itemscope=\"itemscope\" itemtype=\"https:\/\/schema.org\/CreativeWork\" ><div class='avia_textblock'   itemprop=\"text\" ><p><img loading=\"lazy\" decoding=\"async\" class=\"alignnone size-full wp-image-4595\" src=\"http:\/\/media.larsnordvall.se\/2024\/10\/Elin_oscar_middag.jpg\" alt=\"\" width=\"400\" height=\"266\" srcset=\"http:\/\/media.larsnordvall.se\/2024\/10\/Elin_oscar_middag.jpg 400w, http:\/\/media.larsnordvall.se\/2024\/10\/Elin_oscar_middag-300x200.jpg 300w, http:\/\/media.larsnordvall.se\/2024\/10\/Elin_oscar_middag-18x12.jpg 18w\" sizes=\"auto, (max-width: 400px) 100vw, 400px\" \/><br \/>\n<strong>Elin och Oscar p\u00e5 n\u00e5gon fest, br\u00f6llop<\/strong><br \/>\n<strong>Kanske n\u00e5gon som vet ?<\/strong><\/p>\n<\/div><\/section><\/div>\n<div class=\"flex_column av_one_half  flex_column_div av-zero-column-padding   avia-builder-el-80  el_after_av_one_half  el_before_av_one_full  column-top-margin\" style='border-radius:0px; '><section class=\"av_textblock_section\"  itemscope=\"itemscope\" itemtype=\"https:\/\/schema.org\/CreativeWork\" ><div class='avia_textblock'   itemprop=\"text\" ><p><img loading=\"lazy\" decoding=\"async\" class=\"alignnone size-full wp-image-4596\" src=\"http:\/\/media.larsnordvall.se\/2024\/10\/Oskar_Elin_gamla.jpg\" alt=\"\" width=\"300\" height=\"400\" srcset=\"http:\/\/media.larsnordvall.se\/2024\/10\/Oskar_Elin_gamla.jpg 300w, http:\/\/media.larsnordvall.se\/2024\/10\/Oskar_Elin_gamla-225x300.jpg 225w, http:\/\/media.larsnordvall.se\/2024\/10\/Oskar_Elin_gamla-9x12.jpg 9w\" sizes=\"auto, (max-width: 300px) 100vw, 300px\" \/><br \/>\n<em><strong>Elins 70-\u00e5rs dag, 26 februari 1950<\/strong><\/em><\/p>\n<p>I mormor Sonjas fotoalbum fanns detta kort och f\u00f6ljande hade hon \u00a0skrivit ovanf\u00f6r kortet:<br \/>\nStackars mamma s\u00e5 jobbigt hon hade det &#8211; precis slut.<\/p>\n<\/div><\/section><\/div>\n<div class=\"flex_column av_one_full  flex_column_div av-zero-column-padding first  avia-builder-el-82  el_after_av_one_half  el_before_av_one_fourth  column-top-margin\" style='border-radius:0px; '><section class=\"av_textblock_section\"  itemscope=\"itemscope\" itemtype=\"https:\/\/schema.org\/CreativeWork\" ><div class='avia_textblock'   itemprop=\"text\" ><p><img loading=\"lazy\" decoding=\"async\" class=\"size-full wp-image-4460 alignleft\" src=\"http:\/\/media.larsnordvall.se\/2024\/10\/blaklocka.gif\" alt=\"\" width=\"100\" height=\"97\" \/>7 m\u00e5nader senare den 12 september 1950 d\u00f6r Elin av svagt hj\u00e4rta. Ett \u00a0mycket arbetsamt liv har kommit till \u00e4nda. Elin var md barn n\u00e4stan konstant i \u00a020 \u00e5r och f\u00f6dde sitt sista barn n\u00e4r hon var 43 \u00e5r gammal. Att ta hand om sin stora familj och n\u00e4stan alltid vara med barn m\u00e5ste ha varit oerh\u00f6rt arbetsamt. Mormor Sonja sa: Mamma, hon klagade aldrig. \u00a0Mormor Sonja sa ofta: Jag skulle \u00e5kt hem oftare och hj\u00e4lp mamma, men man f\u00f6rstod inte b\u00e4ttre p\u00e5 den tiden. Det blev inte av s\u00e5 ofta. Oscar bor efter Elins d\u00f6d ensam kvar i Oskarsberg.<\/p>\n<\/div><\/section><\/div>\n<div class=\"flex_column av_one_fourth  flex_column_div av-zero-column-padding first  avia-builder-el-84  el_after_av_one_full  el_before_av_one_fourth  column-top-margin\" style='border-radius:0px; '><section class=\"av_textblock_section\"  itemscope=\"itemscope\" itemtype=\"https:\/\/schema.org\/CreativeWork\" ><div class='avia_textblock'   itemprop=\"text\" ><p><img loading=\"lazy\" decoding=\"async\" class=\"alignnone size-full wp-image-4598\" src=\"http:\/\/media.larsnordvall.se\/2024\/10\/Oskar_small_checkmamma.jpg\" alt=\"\" width=\"229\" height=\"283\" srcset=\"http:\/\/media.larsnordvall.se\/2024\/10\/Oskar_small_checkmamma.jpg 229w, http:\/\/media.larsnordvall.se\/2024\/10\/Oskar_small_checkmamma-10x12.jpg 10w\" sizes=\"auto, (max-width: 229px) 100vw, 229px\" \/><br \/>\n<em><strong>Oscar som ung ca 20-22 \u00e5r.<\/strong><\/em><\/p>\n<\/div><\/section><\/div>\n<div class=\"flex_column av_one_fourth  flex_column_div av-zero-column-padding   avia-builder-el-86  el_after_av_one_fourth  el_before_av_one_fourth  column-top-margin\" style='border-radius:0px; '><section class=\"av_textblock_section\"  itemscope=\"itemscope\" itemtype=\"https:\/\/schema.org\/CreativeWork\" ><div class='avia_textblock'   itemprop=\"text\" ><p><img loading=\"lazy\" decoding=\"async\" class=\"alignnone wp-image-4599\" src=\"http:\/\/media.larsnordvall.se\/2024\/10\/oskar_gammal.jpg\" alt=\"\" width=\"332\" height=\"360\" srcset=\"http:\/\/media.larsnordvall.se\/2024\/10\/oskar_gammal.jpg 429w, http:\/\/media.larsnordvall.se\/2024\/10\/oskar_gammal-277x300.jpg 277w, http:\/\/media.larsnordvall.se\/2024\/10\/oskar_gammal-11x12.jpg 11w\" sizes=\"auto, (max-width: 332px) 100vw, 332px\" \/><br \/>\n<em><strong>Sista kortet p\u00e5 Oscar, kanske 85-\u00e5rsdagen.<\/strong><\/em><\/p>\n<\/div><\/section><\/div>\n<div class=\"flex_column av_one_fourth  flex_column_div av-zero-column-padding   avia-builder-el-88  el_after_av_one_fourth  el_before_av_one_fourth  column-top-margin\" style='border-radius:0px; '><section class=\"av_textblock_section\"  itemscope=\"itemscope\" itemtype=\"https:\/\/schema.org\/CreativeWork\" ><div class='avia_textblock'   itemprop=\"text\" ><p><img loading=\"lazy\" decoding=\"async\" class=\"alignnone size-full wp-image-4600\" src=\"http:\/\/media.larsnordvall.se\/2024\/10\/elin-cederkvist-ca-1900.jpg\" alt=\"\" width=\"225\" height=\"246\" srcset=\"http:\/\/media.larsnordvall.se\/2024\/10\/elin-cederkvist-ca-1900.jpg 225w, http:\/\/media.larsnordvall.se\/2024\/10\/elin-cederkvist-ca-1900-11x12.jpg 11w\" sizes=\"auto, (max-width: 225px) 100vw, 225px\" \/><br \/>\n<em><strong>Elin innan hon gifte sig ca 20-22 \u00e5r.<\/strong><\/em><\/p>\n<\/div><\/section><\/div>\n<div class=\"flex_column av_one_fourth  flex_column_div av-zero-column-padding   avia-builder-el-90  el_after_av_one_fourth  el_before_av_one_half  column-top-margin\" style='border-radius:0px; '><section class=\"av_textblock_section\"  itemscope=\"itemscope\" itemtype=\"https:\/\/schema.org\/CreativeWork\" ><div class='avia_textblock'   itemprop=\"text\" ><p><img loading=\"lazy\" decoding=\"async\" class=\"alignnone wp-image-4601\" src=\"http:\/\/media.larsnordvall.se\/2024\/10\/elin.jpg\" alt=\"\" width=\"132\" height=\"198\" srcset=\"http:\/\/media.larsnordvall.se\/2024\/10\/elin.jpg 75w, http:\/\/media.larsnordvall.se\/2024\/10\/elin-8x12.jpg 8w\" sizes=\"auto, (max-width: 132px) 100vw, 132px\" \/><br \/>\n<em><strong>Elin 65 \u00e5r gammal<\/strong><\/em><\/p>\n<\/div><\/section><\/div>\n<div class=\"flex_column av_one_half  flex_column_div av-zero-column-padding first  avia-builder-el-92  el_after_av_one_fourth  el_before_av_one_half  column-top-margin\" style='border-radius:0px; '><section class=\"av_textblock_section\"  itemscope=\"itemscope\" itemtype=\"https:\/\/schema.org\/CreativeWork\" ><div class='avia_textblock'   itemprop=\"text\" ><p><img loading=\"lazy\" decoding=\"async\" class=\"alignnone size-full wp-image-4604\" src=\"http:\/\/media.larsnordvall.se\/2024\/10\/Elin_gammal_helbild_edited-.jpg\" alt=\"\" width=\"400\" height=\"533\" srcset=\"http:\/\/media.larsnordvall.se\/2024\/10\/Elin_gammal_helbild_edited-.jpg 400w, http:\/\/media.larsnordvall.se\/2024\/10\/Elin_gammal_helbild_edited--225x300.jpg 225w, http:\/\/media.larsnordvall.se\/2024\/10\/Elin_gammal_helbild_edited--9x12.jpg 9w\" sizes=\"auto, (max-width: 400px) 100vw, 400px\" \/><br \/>\nDetta kortet p\u00e5 Elin hade dottern Sonja inramat i en silveram och det stod i TV-rummet i alla \u00e5r. Och varje g\u00e5ng man pratade om Elin sa mormor j\u00e4mt: Stackars mamma s\u00e5 jobbigt hon hade det.<\/p>\n<\/div><\/section><\/div>\n<div class=\"flex_column av_one_half  flex_column_div av-zero-column-padding   avia-builder-el-94  el_after_av_one_half  el_before_av_one_half  column-top-margin\" style='border-radius:0px; '><section class=\"av_textblock_section\"  itemscope=\"itemscope\" itemtype=\"https:\/\/schema.org\/CreativeWork\" ><div class='avia_textblock'   itemprop=\"text\" ><p><img loading=\"lazy\" decoding=\"async\" class=\"alignnone wp-image-4605\" src=\"http:\/\/media.larsnordvall.se\/2024\/10\/gretaoscar.jpg\" alt=\"\" width=\"357\" height=\"365\" srcset=\"http:\/\/media.larsnordvall.se\/2024\/10\/gretaoscar.jpg 635w, http:\/\/media.larsnordvall.se\/2024\/10\/gretaoscar-293x300.jpg 293w, http:\/\/media.larsnordvall.se\/2024\/10\/gretaoscar-12x12.jpg 12w, http:\/\/media.larsnordvall.se\/2024\/10\/gretaoscar-36x36.jpg 36w\" sizes=\"auto, (max-width: 357px) 100vw, 357px\" \/><br \/>\n<strong><em>Greta och henes son med morfar Oscar<\/em><\/strong><\/p>\n<p><strong><em><img loading=\"lazy\" decoding=\"async\" class=\"alignnone size-full wp-image-4460\" src=\"http:\/\/media.larsnordvall.se\/2024\/10\/blaklocka.gif\" alt=\"\" width=\"100\" height=\"97\" \/><br \/>\n<\/em><\/strong>Oscar bor ensam kvar i Oscarsborg i 18 \u00e5r till sin d\u00f6d 1968.<br \/>\nOscar blev 87 \u00e5r gammal.<\/p>\n<\/div><\/section><\/div><div class=\"flex_column av_one_half  flex_column_div av-zero-column-padding first  avia-builder-el-96  el_after_av_one_half  el_before_av_one_half  column-top-margin\" style='border-radius:0px; '><section class=\"av_textblock_section\"  itemscope=\"itemscope\" itemtype=\"https:\/\/schema.org\/CreativeWork\" ><div class='avia_textblock'   itemprop=\"text\" ><p>B\u00e5de Elin och Oskar ligger begravda p\u00e5 kyrkog\u00e5rden i Landeryd.<\/p>\n<p><img loading=\"lazy\" decoding=\"async\" class=\"alignnone size-full wp-image-4607\" src=\"http:\/\/media.larsnordvall.se\/2024\/10\/Elin_Oscar-grav.jpg\" alt=\"\" width=\"400\" height=\"363\" srcset=\"http:\/\/media.larsnordvall.se\/2024\/10\/Elin_Oscar-grav.jpg 400w, http:\/\/media.larsnordvall.se\/2024\/10\/Elin_Oscar-grav-300x272.jpg 300w, http:\/\/media.larsnordvall.se\/2024\/10\/Elin_Oscar-grav-13x12.jpg 13w\" sizes=\"auto, (max-width: 400px) 100vw, 400px\" \/><br \/>\n<strong><em>Elin och Oscars grav p\u00e5 Landeryds kyrkog\u00e5rd.<\/em><\/strong><br \/>\n<strong><em>Foto: Anders Johansson, Link\u00f6ping<\/em><\/strong><\/p>\n<\/div><\/section><\/div><div class=\"flex_column av_one_half  flex_column_div av-zero-column-padding   avia-builder-el-98  el_after_av_one_half  el_before_av_one_full  column-top-margin\" style='border-radius:0px; '><section class=\"av_textblock_section\"  itemscope=\"itemscope\" itemtype=\"https:\/\/schema.org\/CreativeWork\" ><div class='avia_textblock'   itemprop=\"text\" ><p>Strax efter Oscars d\u00f6d rivs Oskarsborg. D\u00e4r barnen Johansson vuxit upp och sprungit och lekt g\u00e5r nu V\u00e5rdsbergsv\u00e4gen. \u00a0En del av historien och en svunnen tid \u00e4r nu borta f\u00f6r alltid.<\/p>\n<p><img loading=\"lazy\" decoding=\"async\" class=\"alignnone size-full wp-image-4608\" src=\"http:\/\/media.larsnordvall.se\/2024\/10\/oskarsborg.jpg\" alt=\"\" width=\"327\" height=\"327\" srcset=\"http:\/\/media.larsnordvall.se\/2024\/10\/oskarsborg.jpg 327w, http:\/\/media.larsnordvall.se\/2024\/10\/oskarsborg-300x300.jpg 300w, http:\/\/media.larsnordvall.se\/2024\/10\/oskarsborg-80x80.jpg 80w, http:\/\/media.larsnordvall.se\/2024\/10\/oskarsborg-12x12.jpg 12w, http:\/\/media.larsnordvall.se\/2024\/10\/oskarsborg-36x36.jpg 36w, http:\/\/media.larsnordvall.se\/2024\/10\/oskarsborg-180x180.jpg 180w\" sizes=\"auto, (max-width: 327px) 100vw, 327px\" \/><br \/>\n<em><strong>Oskarsborg, Hjulsbro<\/strong><\/em><\/p>\n<\/div><\/section><\/div><div class=\"flex_column av_one_full  flex_column_div av-zero-column-padding first  avia-builder-el-100  el_after_av_one_half  avia-builder-el-last  column-top-margin\" style='border-radius:0px; '><section class=\"av_textblock_section\"  itemscope=\"itemscope\" itemtype=\"https:\/\/schema.org\/CreativeWork\" ><div class='avia_textblock'   itemprop=\"text\" ><p style=\"text-align: center;\">LarsNordvall.se\u00a0 2024<br \/>\nKontakt: susperstad@gmail.com<\/p>\n<\/div><\/section><\/div><\/p>","protected":false},"excerpt":{"rendered":"","protected":false},"author":1,"featured_media":0,"parent":0,"menu_order":0,"comment_status":"closed","ping_status":"closed","template":"","meta":{"_uag_custom_page_level_css":"","wpm_timeformat":"","_wpm_styles":"","footnotes":""},"class_list":["post-4188","page","type-page","status-publish","hentry"],"yoast_head":"<!-- This site is optimized with the Yoast SEO plugin v27.5 - https:\/\/yoast.com\/product\/yoast-seo-wordpress\/ -->\n<title>Elin Cederqvist - LarsNordvall.se<\/title>\n<meta name=\"robots\" content=\"index, follow, max-snippet:-1, max-image-preview:large, max-video-preview:-1\" \/>\n<link rel=\"canonical\" href=\"https:\/\/larsnordvall.se\/en\/elin-cederqvist\/\" \/>\n<meta property=\"og:locale\" content=\"en_US\" \/>\n<meta property=\"og:type\" content=\"article\" \/>\n<meta property=\"og:title\" content=\"Elin Cederqvist - LarsNordvall.se\" \/>\n<meta property=\"og:url\" content=\"https:\/\/larsnordvall.se\/en\/elin-cederqvist\/\" \/>\n<meta property=\"og:site_name\" content=\"LarsNordvall.se\" \/>\n<meta property=\"article:modified_time\" content=\"2024-10-14T22:17:27+00:00\" \/>\n<meta property=\"og:image\" content=\"https:\/\/media.larsnordvall.se\/2024\/10\/elin_banner.jpg\" \/>\n\t<meta property=\"og:image:width\" content=\"1000\" \/>\n\t<meta property=\"og:image:height\" content=\"180\" \/>\n\t<meta property=\"og:image:type\" content=\"image\/jpeg\" \/>\n<meta name=\"twitter:card\" content=\"summary_large_image\" \/>\n<meta name=\"twitter:label1\" content=\"Est. reading time\" \/>\n\t<meta name=\"twitter:data1\" content=\"33 minutes\" \/>\n<script type=\"application\/ld+json\" class=\"yoast-schema-graph\">{\"@context\":\"https:\\\/\\\/schema.org\",\"@graph\":[{\"@type\":\"WebPage\",\"@id\":\"https:\\\/\\\/larsnordvall.se\\\/elin-cederqvist\\\/\",\"url\":\"https:\\\/\\\/larsnordvall.se\\\/elin-cederqvist\\\/\",\"name\":\"Elin Cederqvist - LarsNordvall.se\",\"isPartOf\":{\"@id\":\"https:\\\/\\\/larsnordvall.se\\\/#website\"},\"primaryImageOfPage\":{\"@id\":\"https:\\\/\\\/larsnordvall.se\\\/elin-cederqvist\\\/#primaryimage\"},\"image\":{\"@id\":\"https:\\\/\\\/larsnordvall.se\\\/elin-cederqvist\\\/#primaryimage\"},\"thumbnailUrl\":\"http:\\\/\\\/media.larsnordvall.se\\\/2024\\\/10\\\/elin_banner.jpg\",\"datePublished\":\"2022-02-10T15:56:25+00:00\",\"dateModified\":\"2024-10-14T22:17:27+00:00\",\"breadcrumb\":{\"@id\":\"https:\\\/\\\/larsnordvall.se\\\/elin-cederqvist\\\/#breadcrumb\"},\"inLanguage\":\"en-US\",\"potentialAction\":[{\"@type\":\"ReadAction\",\"target\":[\"https:\\\/\\\/larsnordvall.se\\\/elin-cederqvist\\\/\"]}]},{\"@type\":\"ImageObject\",\"inLanguage\":\"en-US\",\"@id\":\"https:\\\/\\\/larsnordvall.se\\\/elin-cederqvist\\\/#primaryimage\",\"url\":\"http:\\\/\\\/media.larsnordvall.se\\\/2024\\\/10\\\/elin_banner.jpg\",\"contentUrl\":\"http:\\\/\\\/media.larsnordvall.se\\\/2024\\\/10\\\/elin_banner.jpg\"},{\"@type\":\"BreadcrumbList\",\"@id\":\"https:\\\/\\\/larsnordvall.se\\\/elin-cederqvist\\\/#breadcrumb\",\"itemListElement\":[{\"@type\":\"ListItem\",\"position\":1,\"name\":\"Hem\",\"item\":\"https:\\\/\\\/larsnordvall.se\\\/\"},{\"@type\":\"ListItem\",\"position\":2,\"name\":\"Elin Cederqvist\"}]},{\"@type\":\"WebSite\",\"@id\":\"https:\\\/\\\/larsnordvall.se\\\/#website\",\"url\":\"https:\\\/\\\/larsnordvall.se\\\/\",\"name\":\"LarsNordvall.se\",\"description\":\"Ett Vingslag Tillbaka i Tiden!\",\"potentialAction\":[{\"@type\":\"SearchAction\",\"target\":{\"@type\":\"EntryPoint\",\"urlTemplate\":\"https:\\\/\\\/larsnordvall.se\\\/?s={search_term_string}\"},\"query-input\":{\"@type\":\"PropertyValueSpecification\",\"valueRequired\":true,\"valueName\":\"search_term_string\"}}],\"inLanguage\":\"en-US\"}]}<\/script>\n<!-- \/ Yoast SEO plugin. -->","yoast_head_json":{"title":"Elin Cederqvist - LarsNordvall.se","robots":{"index":"index","follow":"follow","max-snippet":"max-snippet:-1","max-image-preview":"max-image-preview:large","max-video-preview":"max-video-preview:-1"},"canonical":"https:\/\/larsnordvall.se\/en\/elin-cederqvist\/","og_locale":"en_US","og_type":"article","og_title":"Elin Cederqvist - LarsNordvall.se","og_url":"https:\/\/larsnordvall.se\/en\/elin-cederqvist\/","og_site_name":"LarsNordvall.se","article_modified_time":"2024-10-14T22:17:27+00:00","og_image":[{"width":1000,"height":180,"url":"https:\/\/media.larsnordvall.se\/2024\/10\/elin_banner.jpg","type":"image\/jpeg"}],"twitter_card":"summary_large_image","twitter_misc":{"Est. reading time":"33 minutes"},"schema":{"@context":"https:\/\/schema.org","@graph":[{"@type":"WebPage","@id":"https:\/\/larsnordvall.se\/elin-cederqvist\/","url":"https:\/\/larsnordvall.se\/elin-cederqvist\/","name":"Elin Cederqvist - LarsNordvall.se","isPartOf":{"@id":"https:\/\/larsnordvall.se\/#website"},"primaryImageOfPage":{"@id":"https:\/\/larsnordvall.se\/elin-cederqvist\/#primaryimage"},"image":{"@id":"https:\/\/larsnordvall.se\/elin-cederqvist\/#primaryimage"},"thumbnailUrl":"http:\/\/media.larsnordvall.se\/2024\/10\/elin_banner.jpg","datePublished":"2022-02-10T15:56:25+00:00","dateModified":"2024-10-14T22:17:27+00:00","breadcrumb":{"@id":"https:\/\/larsnordvall.se\/elin-cederqvist\/#breadcrumb"},"inLanguage":"en-US","potentialAction":[{"@type":"ReadAction","target":["https:\/\/larsnordvall.se\/elin-cederqvist\/"]}]},{"@type":"ImageObject","inLanguage":"en-US","@id":"https:\/\/larsnordvall.se\/elin-cederqvist\/#primaryimage","url":"http:\/\/media.larsnordvall.se\/2024\/10\/elin_banner.jpg","contentUrl":"http:\/\/media.larsnordvall.se\/2024\/10\/elin_banner.jpg"},{"@type":"BreadcrumbList","@id":"https:\/\/larsnordvall.se\/elin-cederqvist\/#breadcrumb","itemListElement":[{"@type":"ListItem","position":1,"name":"Hem","item":"https:\/\/larsnordvall.se\/"},{"@type":"ListItem","position":2,"name":"Elin Cederqvist"}]},{"@type":"WebSite","@id":"https:\/\/larsnordvall.se\/#website","url":"https:\/\/larsnordvall.se\/","name":"LarsNordvall.se","description":"Ett Vingslag Tillbaka i Tiden!","potentialAction":[{"@type":"SearchAction","target":{"@type":"EntryPoint","urlTemplate":"https:\/\/larsnordvall.se\/?s={search_term_string}"},"query-input":{"@type":"PropertyValueSpecification","valueRequired":true,"valueName":"search_term_string"}}],"inLanguage":"en-US"}]}},"uagb_featured_image_src":{"full":false,"thumbnail":false,"medium":false,"medium_large":false,"large":false,"1536x1536":false,"2048x2048":false,"trp-custom-language-flag":false,"widget":false,"square":false,"featured":false,"featured_large":false,"extra_large":false,"portfolio":false,"portfolio_small":false,"gallery":false,"magazine":false,"masonry":false,"entry_with_sidebar":false,"entry_without_sidebar":false},"uagb_author_info":{"display_name":"larsnordvall.se","author_link":"https:\/\/larsnordvall.se\/en\/author\/larsnordvall-se\/"},"uagb_comment_info":0,"uagb_excerpt":null,"_links":{"self":[{"href":"https:\/\/larsnordvall.se\/en\/wp-json\/wp\/v2\/pages\/4188","targetHints":{"allow":["GET"]}}],"collection":[{"href":"https:\/\/larsnordvall.se\/en\/wp-json\/wp\/v2\/pages"}],"about":[{"href":"https:\/\/larsnordvall.se\/en\/wp-json\/wp\/v2\/types\/page"}],"author":[{"embeddable":true,"href":"https:\/\/larsnordvall.se\/en\/wp-json\/wp\/v2\/users\/1"}],"replies":[{"embeddable":true,"href":"https:\/\/larsnordvall.se\/en\/wp-json\/wp\/v2\/comments?post=4188"}],"version-history":[{"count":25,"href":"https:\/\/larsnordvall.se\/en\/wp-json\/wp\/v2\/pages\/4188\/revisions"}],"predecessor-version":[{"id":4609,"href":"https:\/\/larsnordvall.se\/en\/wp-json\/wp\/v2\/pages\/4188\/revisions\/4609"}],"wp:attachment":[{"href":"https:\/\/larsnordvall.se\/en\/wp-json\/wp\/v2\/media?parent=4188"}],"curies":[{"name":"wp","href":"https:\/\/api.w.org\/{rel}","templated":true}]}}