{"id":61,"date":"2020-10-26T21:11:16","date_gmt":"2020-10-26T21:11:16","guid":{"rendered":"https:\/\/larsnordvall.se\/?page_id=61"},"modified":"2025-09-30T22:24:16","modified_gmt":"2025-09-30T22:24:16","slug":"nordvall-1650-1855","status":"publish","type":"page","link":"https:\/\/larsnordvall.se\/en\/nordvall-1650-1855\/","title":{"rendered":"Nordvall 1650 &#8211; 1855"},"content":{"rendered":"<div class=\"flex_column av_one_full  flex_column_div av-zero-column-padding first  avia-builder-el-0  el_before_av_one_full  avia-builder-el-first\" style='border-radius:0px; '><section class=\"av_textblock_section\"  itemscope=\"itemscope\" itemtype=\"https:\/\/schema.org\/CreativeWork\" ><div class='avia_textblock'   itemprop=\"text\" ><p><img loading=\"lazy\" decoding=\"async\" class=\"size-full wp-image-4852 aligncenter\" src=\"http:\/\/media.larsnordvall.se\/2025\/09\/larsmagnus_banner.jpg\" alt=\"\" width=\"1000\" height=\"180\" srcset=\"http:\/\/media.larsnordvall.se\/2025\/09\/larsmagnus_banner.jpg 1000w, http:\/\/media.larsnordvall.se\/2025\/09\/larsmagnus_banner-300x54.jpg 300w, http:\/\/media.larsnordvall.se\/2025\/09\/larsmagnus_banner-768x138.jpg 768w, http:\/\/media.larsnordvall.se\/2025\/09\/larsmagnus_banner-18x3.jpg 18w, http:\/\/media.larsnordvall.se\/2025\/09\/larsmagnus_banner-705x127.jpg 705w\" sizes=\"auto, (max-width: 1000px) 100vw, 1000px\" \/><\/p>\n<h3 style=\"text-align: center;\"><strong><em><u>Erik Olofsson f\u00f6dd ca 1650, Hyngelsb\u00f6le, Nordmaling, \u00a0\u00a0\u2020 1736 \u00a0Hyngelsb\u00f6le \u00a0\u00a0\u00a086 \u00e5r<\/u><\/em><\/strong><\/h3>\n<p>Den 23 mars 1683 kommer Erik Olofsson och tillk\u00e4nnagav till Tinget att hans f\u00f6r\u00e4ldrar Olof och Brita nyligen genom d\u00f6den avg\u00e5gne och syskonen l\u00e5ngt h\u00e4rifr\u00e5n, s\u00e5 att de hemmanet icke emottaga kunna, ty \u00a0beg\u00e4r han emottaga hemmanet p\u00e5 eget \u00e4ventyr med egen kostnad och icke det bebruka s\u00e5som en Landbo i oskiftat bo.<\/p>\n<p><img loading=\"lazy\" decoding=\"async\" class=\"alignnone size-full wp-image-4854\" src=\"http:\/\/media.larsnordvall.se\/2025\/09\/Bondgard_1736_w.jpg\" alt=\"\" width=\"450\" height=\"385\" srcset=\"http:\/\/media.larsnordvall.se\/2025\/09\/Bondgard_1736_w.jpg 450w, http:\/\/media.larsnordvall.se\/2025\/09\/Bondgard_1736_w-300x257.jpg 300w, http:\/\/media.larsnordvall.se\/2025\/09\/Bondgard_1736_w-14x12.jpg 14w\" sizes=\"auto, (max-width: 450px) 100vw, 450px\" \/><\/p>\n<p><strong><em>Illlustration av en bondg\u00e5rd i Torne\u00e5 av reseskildraren Outhi\u00e9r 1736<\/em><\/strong><\/p>\n<p>(Domboken) <strong>DBN1683,23\/3,\u00a74:<\/strong> \u00a0<strong>Tinget d\u00f6mer f\u00f6ljande:<\/strong> I f\u00f6rm\u00e5ga av Kungl. Resolutioner b\u00f6r en av syskonen svara f\u00f6r hemmanet, att det icke p\u00e5 n\u00e5got s\u00e4tt kommer i vanbruk, och Erich Olofsson n\u00e4rmast till handen och bekv\u00e4mligast \u00e4r sin salig Faders hemman i Hyngelsb\u00f6le emottaga, att svara till alla utg\u00e5ende Utlagor till Cronan, ty honom intet v\u00e4gras, dock de andra syskonen i deras arvsr\u00e4tt alldeles prejudicerade. Dvs att de andra syskonen inte hade n\u00e5gon laglig r\u00e4tt till hemmanet. \u00a0I samband med denna dom blev Erik Olofsson ocks\u00e5 utsedd till Tolvman. Denna tj\u00e4nst gick i arv fr\u00e5n far till son.<\/p>\n<p><strong>Erik Olofsson gifte sig med M\u00e4retha Olofsdotter f\u00f6dd 1652 i J\u00e4rn\u00e4s. De fick 10 barn mellan 1680 &#8211; 1698<\/strong><\/p>\n<p>Jakob Eriksson ca 1680 &#8211; Hyngelsb\u00f6le, Nordmaling\u00a0 \u00a0 \u00a0 \u00a0 \u00a0 \u00a0 \u00a0 \u00a0 \u00a0 \u00a0 \u00a0 \u00a0 \u00a0 \u00a0\u2020 1718-12-14 Hyngelsb\u00f6le 38 \u00e5r<br \/>\nErik Eriksson ca 1680 &#8211;\u00a0 Hyngelsb\u00f6le, Nordmaling\u00a0 \u00a0 \u00a0 \u00a0 \u00a0 \u00a0 \u00a0 \u00a0 \u00a0 \u00a0 \u00a0 \u00a0 \u00a0 \u00a0 \u00a0\u2020<br \/>\nEriksdotter ca 1680 &#8211;\u00a0 Hyngelsb\u00f6le, Nordmaling \u2020<br \/>\nBrita Eriksdotter Ca 1680 &#8211;\u00a0 Hyngelsb\u00f6le, Nordmaling\u00a0 \u00a0 \u00a0 \u00a0 \u00a0 \u00a0 \u00a0 \u00a0 \u00a0 \u00a0 \u00a0 \u00a0\u2020 1722 Ledusj\u00f6 42 \u00e5r<br \/>\nKatarina Eriksdotter 1687-03 &#8211;\u00a0 Hyngelsb\u00f6le, Nordmaling\u00a0 \u00a0 \u00a0 \u00a0 \u00a0 \u00a0 \u00a0 \u00a0 \u2020 1767-02-17 Ny\u00e5ker 80 \u00e5r<br \/>\nMaria Eriksdotter 1690 &#8211;\u00a0 Hyngelsb\u00f6le, Nordmaling\u00a0 \u00a0 \u00a0 \u00a0 \u00a0 \u00a0 \u00a0 \u00a0 \u00a0 \u00a0 \u00a0 \u00a0 \u00a0 \u00a0\u2020<br \/>\nMargareta Eriksdotter 1691-02-03 &#8211;\u00a0 Hyngelsb\u00f6le, Nordmaling\u00a0 \u00a0 \u00a0 \u00a0\u2020 1758-06-26 \u00a0 Tob\u00f6le 67 \u00e5r<br \/>\nPer Eriksson 1693 &#8211;\u00a0 Hyngelsb\u00f6le, Nordmaling\u00a0 \u00a0 \u00a0 \u00a0 \u00a0 \u00a0 \u00a0 \u00a0 \u00a0 \u00a0 \u00a0 \u00a0 \u00a0 \u00a0 \u00a0 \u00a0 \u00a0 \u00a0 \u00a0\u2020 1767-03-25 Hyngelsb\u00f6le 74 \u00e5r<br \/>\n<em><strong>Lars Eriksson 1694-02-04\u00a0 &#8211; Hyngelsb\u00f6le, Nordmaling\u00a0 \u00a0 \u00a0\u2020 1767-05-06 L\u00f6gde\u00e5 73 \u00e5r<\/strong><\/em><br \/>\nM\u00e4rit Eriksdotter 1698 &#8211;\u00a0 Hyngelsb\u00f6le, Nordmaling\u00a0 \u00a0 \u00a0 \u00a0 \u00a0 \u00a0 \u00a0 \u00a0 \u00a0 \u00a0 \u00a0 \u00a0 \u00a0 \u00a0 \u2020 1766-01-03 \u00a0 Hyngelsb\u00f6le 68 \u00e5r<\/p>\n<p><strong>S\u00e5 vad h\u00e4nde med Erik Olofsson och hans syskon:<\/strong><br \/>\n<em><strong>Erik Olofsson<\/strong><\/em> tog som f\u00f6rstf\u00f6dd son \u00f6ver sl\u00e4ktg\u00e5rden \/ Hemmanet Nr. 1, 6 sel. i Hyngelsb\u00f6le Nordmalings Socken och \u00c5ngermanlands Norra F\u00f6gderi och gifte sig med M\u00e4retha Olofsdotter f\u00f6dd 1652 i J\u00e4rn\u00e4s. De fick 10 barn mellan 1680 &#8211; 1698. Erik Olofsson och M\u00e4retha hade varit gifta i 48 \u00e5r n\u00e4r Erik dog den 10 november 1723 ca 73 \u00e5r. M\u00e4retha dog 10 augusti 1730, hon blev 78 \u00e5r gammal. D\u00f6dsnotis: Begrovs i kyrkan p\u00e5 manfolkssid i 3dje valvet efter h\u00e5llen likpredikan av Psalm 116 vers 7,8,9.<br \/>\n<em><strong>Olof Olofsson<\/strong> <\/em>gifter sig med Ingeborg \u00d6stensdotter, f\u00f6dd 1650 i Brattfors. Olof flyttar och blir bonde i Brattfors. Olof och Ingeborg f\u00e5r fyra barn tillsammans mellan 1670 &#8211; 1681. Det tog Erik och Olof \u00e4nda till 26 februari 1692 ca 10 \u00e5r innan de kom \u00f6vernes om arvet. F\u00f6ljande st\u00e5r i Domboken: Br\u00f6derna Erik Olofsson i Hyngelsb\u00f6le och Olof Olofsson i Brattfors som varit stridiga om utl\u00f6sen av det fasta i Hyngelsb\u00f6le \u00a0&#8211; \u00a0f\u00f6rlikta. Olof avlider december 1708, ca 68 \u00e5r gammal.<br \/>\n<em><strong>Lars Olofsson<\/strong><\/em> rymde till Stockholm .<br \/>\n<em><strong>Brita<\/strong> <\/em>stannade kvar i Hyngelsb\u00f6le, Det finns inga uppgifter om hon gifte sig eller inte. Brita dog i Hyngelsb\u00f6le 1736. Brita blev 79 \u00e5r.<br \/>\n<em><strong>Dordea<\/strong> <\/em>flyttade till Ume\u00e5 och gifte sig ca 1683 med borgaren Simon Sandman Simonsson fr\u00e5n Ume\u00e5 stad. Mellan 1684 &#8211; 1691 f\u00e5r Dordea tillsammans med simon 4 barn, tv\u00e5 pojkar och tv\u00e5 flickor. 1699 avlider Dordeas man Simon bara ca 49 \u00e5r gammal. 1697 st\u00e5r det f\u00f6ljande i Domboken och vilken ger oss en inblick i vad ett farsarv kunde best\u00e5 av: Erik Olofsson i Hyngelsb\u00f6le avlade sin Ed med hand \u00e5 bok, att n\u00e4r sv\u00e5gern Simon Simonsson (Eriks syster Dordeas man) n\u00e4st f\u00f6r Jul var i Hyngelsb\u00f6le levererade han honom 2 lispund Sm\u00f6r och Talg, 5 st. Ryssbitskinn, 8 st. Getskinn, 5 st. Kalvskinn, 6 st. Lammskinn i avbetalning p\u00e5 hans hustrus arv.<\/p>\n<p><img loading=\"lazy\" decoding=\"async\" class=\"alignnone size-full wp-image-4856\" src=\"http:\/\/media.larsnordvall.se\/2025\/09\/Magalotti_kvinnor_vatten167.jpg\" alt=\"\" width=\"450\" height=\"255\" srcset=\"http:\/\/media.larsnordvall.se\/2025\/09\/Magalotti_kvinnor_vatten167.jpg 450w, http:\/\/media.larsnordvall.se\/2025\/09\/Magalotti_kvinnor_vatten167-300x170.jpg 300w, http:\/\/media.larsnordvall.se\/2025\/09\/Magalotti_kvinnor_vatten167-18x10.jpg 18w\" sizes=\"auto, (max-width: 450px) 100vw, 450px\" \/><br \/>\n<em><strong>Detta \u00e4r den enda av Magalottis illustrationer som f\u00f6rst\u00e4ller <\/strong><\/em><br \/>\n<em><strong>bondkvinnor. Kvinnor som h\u00e4mtar vatten fr\u00e5m 1674.<\/strong><\/em><\/p>\n<p>Det finns inte m\u00e5nga autentiska bilder p\u00e5 bondkvinnor fr\u00e5n 1600-talet. I Magalottis verk finns en illustration av 21 st som visar bondkvinnor fr\u00e5n 1674. Den visar tv\u00e5 kvinnor som b\u00e4r vatten.<\/p>\n<p>P\u00e5 <strong>Vikingatiden<\/strong> fick en kvinna ha hur m\u00e5nga f\u00f6rh\u00e5llanden hon ville tills hon blev gift. Det var kvinnan som best\u00e4mde, sk\u00f6tte g\u00e5rd och v\u00e4rdshus. Sedan gick det visst bara utf\u00f6r. Men att arbeta h\u00e5rt fick kvinnor under 1600-talet g\u00f6ra, \u00e4ven mansjobb.<\/p>\n<p>Mer v\u00e4lvilligt ser <strong>Alessandro Bichi<\/strong> p\u00e5 svenskarna, en Magalottis landsman, f\u00f6rn\u00e4m sienesare, som reser till Sverige f\u00f6r sitt n\u00f6jes skull mot slutet p\u00e5 <strong>1680-talet<\/strong>. Med ett tyskt fartyg anl\u00e4nder han till Landsort. Hur stor blir icke Bichis f\u00f6rv\u00e5ning, d\u00e5 han h\u00e4rifr\u00e5n seglas in till Stockholm af tvenne kvinnor, mor och dotter. Senare fick han ofta anledning att f\u00f6rv\u00e5nas \u00f6fver i huru h\u00f6g grad svenska kvinnor anv\u00e4ndes till kroppsarbete, vid tr\u00f6skning, som rodder-skor, som handtlangerskor. \u00bbIngen plats p\u00e5 jorden finnes\u00bb, utbrister han med anledning h\u00e4raf, \u00bbd\u00e4r kvinnorna lefva i s\u00e5 stor tr\u00e4ldom och f\u00f6ra ett s\u00e5 m\u00f6dosamt lif.\u00bb<\/p>\n<\/div><\/section><\/div>\n<div class=\"flex_column av_one_full  flex_column_div av-zero-column-padding first  avia-builder-el-2  el_after_av_one_full  avia-builder-el-last  column-top-margin\" style='border-radius:0px; '><section class=\"av_textblock_section\"  itemscope=\"itemscope\" itemtype=\"https:\/\/schema.org\/CreativeWork\" ><div class='avia_textblock'   itemprop=\"text\" ><h3>Hur gick det sedan f\u00f6r den stora sl\u00e4ktg\u00e5rden i Hyngelsb\u00f6le ?<\/h3>\n<p>Som vanligt var det den f\u00f6rsf\u00f6dda sonen som fick ta \u00f6ver g\u00e5rden\/hemmanet. <strong>Erik Olofsson och M\u00e4retha fick 11 barn<\/strong>.<strong> Jakob Eriksson f\u00f6dd ca 1680<\/strong> blev arvtagare till g\u00e5rden. Jakob gifte sig 1707 med Cesilia Johansdotter f\u00f6dd april 1682 fr\u00e5n Sunnansj\u00f6. Jakob och Cesilia f\u00e5r 7 barn mellan 1710 &#8211; 1717. Jakob avlider av ok\u00e4nd orsak redan 3:e advent 1719. Cesilia blir \u00e4nka, men nu \u00e4ven myndig att ta egna beslut. Hon stannar p\u00e5 g\u00e5rden och sk\u00f6ter den tillsammans med Jakobs f\u00f6r\u00e4ldrar Erik och M\u00e4retha som fortfarande \u00e4r i livet. Fyra \u00e5r senare 1723, 9 m\u00e5nader innan Erik avlider st\u00e5r f\u00f6ljande i Domboken om den en g\u00e5ng mycket v\u00e4lm\u00e5ende g\u00e5rden i Hyngelsb\u00f6le.<\/p>\n<p><strong>AGN 1723,22\/2,\u00a716:<\/strong><\/p>\n<p>22 feb, 1723\u00a0 \u00c4nkan Hustru Cesilia Johansdotter fr\u00e5n Sunnansi\u00f6,som efter erh\u00e5llit tillst\u00e5nd av Befallningsmannen V\u00e4lbetrodde Olof Westman, n\u00e4stlidne v\u00e5r tilltr\u00e4tt hemmanet nr. 1 av 6 sel. i Hyngelsb\u00f6le, vilket hennes framlidne man Jacob Eriksson \u00e5bott och 4 \u00e5r sedan \u00d6de l\u00e4mnat, beg\u00e4r n\u00e5gra frihets\u00e5r, samt uppvisar L\u00e4ndsmannen Hans Finbergs och N\u00e4mndem\u00e4nnen Isak Jacobssons samt P\u00e4r Erichssons i Ledusi\u00f6, Syneskrift av den 17 Sept. 1722, f\u00f6rm\u00e4landes att Husen p\u00e5 ber\u00f6rda hemman \u00e4ro tillika med Diken och G\u00e4rdesg\u00e5rdar alldeles f\u00f6rfallna, \u00c4ngarna skogg\u00e5ngna, \u00c5kern i l\u00e4gd och linda, intet Fiskevatten \u00a0eller kvarnst\u00e4lle, men Mulbete och Skog till husbehov. \u00a0I anseende av f\u00f6rbem\u00e4lda omst\u00e4ndigheter och hemmanets f\u00f6rfallna tillst\u00e5nd, pr\u00f6vade R\u00e4tten sk\u00e4ligt, att till dess uppr\u00e4ttelse f\u00f6resl\u00e5 3 frihets\u00e5r, vilket General L\u00f6jtnanten och Landsh\u00f6vdingen H\u00f6gv\u00e4lborne Baron Hr. Magnus Palmqvist \u00f6dmjukeligen hemst\u00e4lles.<\/p>\n<p><img loading=\"lazy\" decoding=\"async\" class=\"alignnone size-full wp-image-4857\" src=\"http:\/\/media.larsnordvall.se\/2025\/09\/hyngelsbole_vy_w.jpg\" alt=\"\" width=\"263\" height=\"400\" srcset=\"http:\/\/media.larsnordvall.se\/2025\/09\/hyngelsbole_vy_w.jpg 263w, http:\/\/media.larsnordvall.se\/2025\/09\/hyngelsbole_vy_w-197x300.jpg 197w, http:\/\/media.larsnordvall.se\/2025\/09\/hyngelsbole_vy_w-8x12.jpg 8w\" sizes=\"auto, (max-width: 263px) 100vw, 263px\" \/><br \/>\n<em><strong>Vy \u00f6ver Tjarn i Hyngelsb\u00f6le<\/strong><\/em><\/p>\n<p><strong>AGN1749,1\/6,Skattev\u00e4rdering \u00e5 nr.1 i Hyngelsb\u00f6le<\/strong><br \/>\n1 juni, 1749 Efter de i H\u00e4radsskrivare Kontorets befinteliga anm\u00e4rkningar, har detta hemman 1719 blivit av d\u00e5varande \u00c5bon Erik Olofsson f\u00f6r dess fattigdoms skull \u00d6de l\u00e4mnat, och s\u00e5ledes ifr\u00e5n Skatte till Krono f\u00f6rfallit. \u00a0Varande annars efter nu d\u00e4r\u00f6ver h\u00e5llen besiktning;<br \/>\n<strong>\u00c5KERJORDEN<\/strong> till st\u00f6rre delen Ler med Sandmj\u00e4la blandad, dels ock mera sandig. F\u00f6rsvarligt h\u00e4vdad och brukad, \u00c4ngsland och Mulbete mot Skattetalet tillr\u00e4ckeligt, s\u00e5 att \u00c5boenden (nuvarande Erik Jacobsson) kan f\u00f6da en Ko efter S\u00e4deslandet, f\u00f6rutom sm\u00e5kretur och tvenne H\u00e4star. Dock befanns att L\u00f6gd\u00f6 \u00c4lven, som h\u00e4r framflyter, med floden dels utskurit, dels uppkastat sand \u00f6ver \u00e4gorna, r\u00e4knas i l\u00e4ngden till 1 \u00bd och till bredden (2\/4) mil best\u00e5ende av Tall, Gran och Bj\u00f6rkskog till n\u00f6digt behov och n\u00e5got till avsalu f\u00f6rmedelst br\u00e4ders tillverkande och Tj\u00e4rubr\u00e4nneri. Ingen storv\u00e4xt Skog.<br \/>\n<strong>HUMMELG\u00c5RD<\/strong> befinnes h\u00e4r anlagd till 120 st\u00e4nger, som giver Humle till husbehov, untantagandes i torra \u00e5r, d\u00e5 densamma f\u00f6rvissnar.<br \/>\n<strong>KVARNST\u00c4LLE<\/strong> f\u00f6r \u00e4gorna i L\u00f6gd\u00f6 Elven ( L\u00f6gde\u00e5 \u00c4lven ) \u00a0bel\u00e4get till husbehov.<\/p>\n<p><img loading=\"lazy\" decoding=\"async\" class=\"alignnone size-full wp-image-4859\" src=\"http:\/\/media.larsnordvall.se\/2025\/09\/Hyngelsbole_alvstrand.jpg\" alt=\"\" width=\"400\" height=\"300\" srcset=\"http:\/\/media.larsnordvall.se\/2025\/09\/Hyngelsbole_alvstrand.jpg 400w, http:\/\/media.larsnordvall.se\/2025\/09\/Hyngelsbole_alvstrand-300x225.jpg 300w, http:\/\/media.larsnordvall.se\/2025\/09\/Hyngelsbole_alvstrand-16x12.jpg 16w\" sizes=\"auto, (max-width: 400px) 100vw, 400px\" \/>\u00a0 \u00a0 <img loading=\"lazy\" decoding=\"async\" class=\"alignnone size-full wp-image-4860\" src=\"http:\/\/media.larsnordvall.se\/2025\/09\/hyngelsbole_w.jpg\" alt=\"\" width=\"350\" height=\"263\" srcset=\"http:\/\/media.larsnordvall.se\/2025\/09\/hyngelsbole_w.jpg 350w, http:\/\/media.larsnordvall.se\/2025\/09\/hyngelsbole_w-300x225.jpg 300w, http:\/\/media.larsnordvall.se\/2025\/09\/hyngelsbole_w-16x12.jpg 16w\" sizes=\"auto, (max-width: 350px) 100vw, 350px\" \/><br \/>\n<strong>Till v\u00e4nster:<\/strong> Hyngelsb\u00f6le vid L\u00f6gde\u00e5n. De flesta som bodde i Hyngelsb\u00f6le hade sin mark l\u00e4ngs L\u00f6gde\u00e5n. Det var d\u00e4r den brukbara marken fanns, vid strandkanten och vallarna runt omkring \u00e5n.<br \/>\n<strong>Till h\u00f6ger:<\/strong> Foto \u00f6ver L\u00f6gde\u00e5n i Hyngelsb\u00f6le<\/p>\n<p>Sjukdom var d\u00e5 som nu f\u00f6renligt med fattigdom. Eftersom Jakobs och Cesilias f\u00f6rstf\u00f6dda son bara var 9 \u00e5r d\u00e5 hans far Jakob avled 1919, m\u00e5ste det varit v\u00e4ldigt sv\u00e5rt f\u00f6r Cesilia att sk\u00f6ta g\u00e5rden Hyngelsb\u00f6le med sex sm\u00e5 barn mellan \u00a02 &#8211; 9 \u00e5r.<\/p>\n<p>Hur som helst hon klarade av detta \u00e4ven med ett visst f\u00f6rfall av g\u00e5rden. <strong>1734<\/strong> st\u00e5r Cesilias och Jakobs f\u00f6rstf\u00f6dda son <strong>Erik Jakobsson<\/strong> som bonde p\u00e5 Hyngelsb\u00f6le. Han bor d\u00e4r tillsammans med sin mamma Cescilia,br\u00f6derna Jakob och Olof och syster Margareta.<\/p>\n<p><img loading=\"lazy\" decoding=\"async\" class=\"alignnone size-full wp-image-4833\" src=\"http:\/\/media.larsnordvall.se\/2025\/09\/blaklocka.gif\" alt=\"\" width=\"100\" height=\"97\" \/><strong>Erik Jakobsson avlider av stenpassion dvs. detsamma som man idag kallar bl\u00e5ssten \/ prostataf\u00f6rstoring i en \u00e5lder av 86 \u00e5r<\/strong><\/p>\n<h3><strong>Lars \u00a0Eriksson f\u00f6dd ca 1694-02-04, Hyngelsb\u00f6le, Nordmaling, \u00a0\u00a0\u2020 1767-05-06 \u00a0L\u00f6gde\u00e5<\/strong><\/h3>\n<p>Att vara f\u00f6dd n\u00e4st sist i en baranskara om 10 barn innebar att man var tvungen att se sig om efter en egen g\u00e5rd eller l\u00e4ra sig ett annat yrke.<strong> Lars Eriksson<\/strong> finner sitt hj\u00e4rtas dam och <strong>gifter sig 1719 med Catarina Eriksdotter f\u00f6dd 1696-02-02<\/strong> fr\u00e5n L\u00f6gde\u00e5. Br\u00f6llopet st\u00e5r i L\u00f6gde\u00e5 dit Lars flyttar efter br\u00f6llopet.<\/p>\n<p>Catarinas mamma och pappa hade en g\u00e5rd i L\u00f6gde\u00e5. Catarinas mamma, Kerstin Algotsdotter blev \u00e4nka 1715, och efter sin mans bortg\u00e5ng orkade hon inte att h\u00e5lla hemmanet. Tv\u00e5 \u00e5r senare v\u00e5ren 1717 avviker Kerstin Algotsdotter fr\u00e5n hemmanet och det ligger \u00f6de. \u00a0<strong>\u00c5r 1719 anh\u00e5ller Lars Eriksson som gift sig med Kerstins dotter Catarina Eriksdotter om n\u00f6diga frihets\u00e5r dvs. att han blev skattebefriad p\u00e5 hemmanet nr. 2, 5 \u00bc sel. i L\u00f6gde\u00e5 och Nordmalings socken. De tar \u00f6ver hemmanet samma \u00e5r.<\/strong><\/p>\n<p><strong>S\u00e5 h\u00e4r beskrivs hemmanet nr. 2, 5 \u00bc sel. i L\u00f6gde\u00e5 och Nordmalings socken i Domboken den 22 september 1719:<\/strong><\/p>\n<p><strong>AGN1720,29\/11,\u00a737:<\/strong><br \/>\nLars Eriksson fr\u00e5n Hyngelsb\u00f6le anh\u00e5ller om n\u00f6diga frihets\u00e5r p\u00e5 hemmanet nr. 2, 5 \u00bc sel. i L\u00f6gde\u00e5 och Nordmalings socken. den 22 Sept. 1719 uppsatta skrift, finnes att G\u00e5rden n\u00e5gorlunda \u00e4r f\u00f6rsvarlig, undantagandes F\u00e4-och F\u00e5rhuset, samt en Lada som alldeles oduglig \u00e4r. \u00c5kern ligger i linda, Diken och G\u00e4rdesg\u00e5rdar f\u00f6rfallna. Under hemmanet \u00e4r Kvarn, Fiskevatten och Skog husbehov.<\/p>\n<p><img loading=\"lazy\" decoding=\"async\" class=\"alignnone size-full wp-image-4861\" src=\"http:\/\/media.larsnordvall.se\/2025\/09\/Magalottis_fralsebonder_w.jpg\" alt=\"\" width=\"450\" height=\"335\" srcset=\"http:\/\/media.larsnordvall.se\/2025\/09\/Magalottis_fralsebonder_w.jpg 450w, http:\/\/media.larsnordvall.se\/2025\/09\/Magalottis_fralsebonder_w-300x223.jpg 300w, http:\/\/media.larsnordvall.se\/2025\/09\/Magalottis_fralsebonder_w-16x12.jpg 16w\" sizes=\"auto, (max-width: 450px) 100vw, 450px\" \/><br \/>\n<em><strong>Illustration av Magalotti &#8211; Fr\u00e4lseb\u00f6nder 1674<\/strong><\/em><\/p>\n<p>Lars Eriksson fick mycket att g\u00f6ra. G\u00e4rdsg\u00e5rdar skulle byggas, f\u00e5rhus och lada byggas upp. Allt virke fick han sj\u00e4lv hugga i skogen och s\u00e5ga till de br\u00e4dor man beh\u00f6vde. Livet var h\u00e5rt.<\/p>\n<p>Det var ett kronohemman som de tog \u00f6ver, dvs det var kronans mark. Villkoren f\u00f6r jakt, bos\u00e4ttning och skattevillkor reglerades av staten och den kronojord som f\u00f6rblev i statlig \u00e4go kom sm\u00e5ningom att omvandlas till de marker som f\u00f6rvaltas av dagens Sveaskog. \u00a0Var man inte f\u00f6rstf\u00f6dd och fick \u00e4rva en g\u00e5rd var ett alternativ att bli Fr\u00e4lsebonde dvs. man arrenderade mark av skatteb\u00f6nder eller adel.<\/p>\n<p><img loading=\"lazy\" decoding=\"async\" class=\"alignnone size-full wp-image-4862\" src=\"http:\/\/media.larsnordvall.se\/2025\/09\/Magalotti_praster_w.jpg\" alt=\"\" width=\"450\" height=\"343\" srcset=\"http:\/\/media.larsnordvall.se\/2025\/09\/Magalotti_praster_w.jpg 450w, http:\/\/media.larsnordvall.se\/2025\/09\/Magalotti_praster_w-300x229.jpg 300w, http:\/\/media.larsnordvall.se\/2025\/09\/Magalotti_praster_w-16x12.jpg 16w\" sizes=\"auto, (max-width: 450px) 100vw, 450px\" \/><br \/>\n<em><strong>Magalottis illustration av tre konverserande pr\u00e4ster 1674<\/strong><\/em><\/p>\n<p>Pr\u00e4ster som ville f\u00e5 en bra befattning gifte sig med sin f\u00f6retr\u00e4dares \u00e4nka, och en hantverkarges\u00e4ll som ville ta \u00f6ver sin avlidne m\u00e4stares verkstad var i samma situation.<\/p>\n<p>I de flesta fall gifte man sig fr\u00e4mst med n\u00e5gon som var ungef\u00e4rligen j\u00e4mn\u00e5rig, men bland pr\u00e4ster och det h\u00f6gre borgerskapet var det inte ovanligt att en man m\u00e5ste v\u00e4nta tills han var bort\u00e5t 35 eller 40 \u00e5r innan han hade s\u00e5dana inkomster att han \u201dst\u00e5ndsm\u00e4ssigt\u201d kunde f\u00f6rs\u00f6rja en hustru. Och d\u00e5 valde han naturligtvis en fr\u00e4sch ung flicka p\u00e5 18-20 \u00e5r.<\/p>\n<p>V\u00e4lbest\u00e4llda i alla st\u00e5nd gifte sig i allm\u00e4nhet n\u00e4r de var runt 20-22 \u00e5r \u2013 men de allra flesta fick v\u00e4nta betydligt l\u00e4ngre p\u00e5 gifterm\u00e5let. I bondeklassen gav sig de flesta ut att tj\u00e4na n\u00e4r de var runt 18 \u00e5r, och de h\u00f6ll ofta p\u00e5 i runt tio \u00e5r innan de hade f\u00e5tt ihop tillr\u00e4ckligt f\u00f6r att ha en grundpl\u00e5t att gifta sig p\u00e5.<\/p>\n<p><strong>P\u00e5 hemmanet nr. 2 i L\u00f6gde\u00e5 fick Lars och Catarina 11 barn mellan 1721 &#8211; 1739<\/strong><\/p>\n<p>Erik Larsson 1721-10-21 L\u00f6gde\u00e5\u00a0 \u00a0 \u00a0 \u00a0 \u00a0 \u00a0 \u00a0 \u00a0 \u00a0 \u00a0 \u00a0 \u00a0 \u00a0 \u00a0 \u00a0 \u00a0 \u00a0\u2020 \u00a0\u00a01768-04-03 \u00a0\u00a0Hummelholm 47 \u00e5r<br \/>\nMaria Larsdotter 1723 L\u00f6gde\u00e5\u00a0 \u00a0 \u00a0 \u00a0 \u00a0 \u00a0 \u00a0 \u00a0 \u00a0 \u00a0 \u00a0 \u00a0 \u00a0 \u00a0 \u00a0 \u00a0 \u00a0 \u00a0 \u2020<br \/>\nOlof Larsson 1725-02-02 L\u00f6gde\u00e5\u00a0 \u00a0 \u00a0 \u00a0 \u00a0 \u00a0 \u00a0 \u00a0 \u00a0 \u00a0 \u00a0 \u00a0 \u00a0 \u00a0 \u00a0 \u00a0\u2020 \u00a0\u00a01796-06-20 \u00a0\u00a0L\u00f6gde\u00e5\u00a0 \u00a071 \u00e5r<br \/>\n\u00d6sten Larsson 1726-08-22 L\u00f6gde\u00e5\u00a0 \u00a0 \u00a0 \u00a0 \u00a0 \u00a0 \u00a0 \u00a0 \u00a0 \u00a0 \u00a0 \u00a0 \u00a0 \u00a0 \u2020 \u00a0\u00a01729 L\u00f6gde\u00e5\u00a0 \u00a0 \u00a0 \u00a0 \u00a0 \u00a0 \u00a0 \u00a0 \u00a0 3 \u00e5r<br \/>\nKristina Larsdotter 1727-11-19 L\u00f6gde\u00e5\u00a0 \u00a0 \u00a0 \u00a0 \u00a0 \u00a0 \u00a0 \u00a0 \u00a0 \u00a0 \u00a0 \u2020<br \/>\nKatarina Larsdotter ca 1728 L\u00f6gde\u00e5\u00a0 \u00a0 \u00a0 \u00a0 \u00a0 \u00a0 \u00a0 \u00a0 \u00a0 \u00a0 \u00a0 \u00a0 \u00a0 \u2020<br \/>\n<strong>Lars Nordvall Larsson 1730-11-11 L\u00f6gde\u00e5\u00a0 \u00a0 \u00a0\u2020 \u00a01814-05-04 \u00a0\u00a0L\u00f6gde\u00e5 84 \u00e5r<\/strong><br \/>\nMikael Larsson 1732-09-04 L\u00f6gde\u00e5\u00a0 \u00a0 \u00a0 \u00a0 \u00a0 \u00a0 \u00a0 \u00a0 \u00a0 \u00a0 \u00a0 \u00a0 \u00a0 \u2020<br \/>\nMargareta Larsdotter 1734-07-06 L\u00f6gde\u00e5\u00a0 \u00a0 \u00a0 \u00a0 \u00a0 \u00a0 \u00a0 \u00a0\u2020 \u00a0\u00a01814-05-07 \u00a0\u00a0J\u00e4rn\u00e4s 80 \u00e5r<br \/>\nGabriel Larsson 1736-05-08 L\u00f6gde\u00e5\u00a0 \u00a0 \u00a0 \u00a0 \u00a0 \u00a0 \u00a0 \u00a0 \u00a0 \u00a0 \u00a0 \u00a0 \u00a0\u2020 \u00a0\u00a01738-06-26\u00a0 \u00a0 \u00a0 \u00a0 \u00a0 \u00a0 \u00a0 \u00a0 \u00a0 2 \u00e5r<br \/>\nKatarina 1739-06-14 L\u00f6gde\u00e5\u00a0 \u00a0 \u00a0 \u00a0 \u00a0 \u00a0 \u00a0 \u00a0 \u00a0 \u00a0 \u00a0 \u00a0 \u00a0 \u00a0 \u00a0 \u00a0 \u00a0 \u00a0 \u00a0 \u00a0\u2020 \u00a0\u00a01773-08-12\u00a0 \u00a0 \u00a0 \u00a0 \u00a0 \u00a0 \u00a0 \u00a0 \u00a034 \u00e5r<\/p>\n<p>Av de 11 barnen som f\u00f6ddes p\u00e5 g\u00e5rden i L\u00f6gde\u00e5 var det bara 7 som n\u00e5dde vuxen \u00e5lder.<\/p>\n<h3>Ryssen kommer !<\/h3>\n<p>N\u00e4r Lars och Catarina precis har b\u00f6rjat arbeta upp g\u00e5rden anfalls Ume\u00e5 och V\u00e4sterbottens kuster <strong>1720<\/strong> av ryssarna. De beryktade ryssh\u00e4rjningarna. Ryssarna hade eskader av 35 gal\u00e4rer och 6500 man. Syftet med anfallet var att locka bort den svenska flottan fr\u00e5n Stockholm och \u00c5lands hav. Tack vare en sammandrabbning i <strong>R\u00f6dhamn 27 juli 1720<\/strong> vilket ledde till att ryssarna f\u00f6rlorade 2200 man skonades den svenska ostkusten fr\u00e5n fler ryssh\u00e4rjningar det \u00e5ret.<\/p>\n<p><strong>Sommaren 1721<\/strong> var det dags igen f\u00f6r nya ryssh\u00e4rjningar. Ryssarna br\u00e4nde och sk\u00f6vlade sig fram \u00e4nda till Nordmaling bara 6 km fr\u00e5n d\u00e4r Lars och Catarina hade sin krong\u00e5rd i L\u00f6gde\u00e5. Catarina var i 6:e m\u00e5naden n\u00e4r ryssarna vandaliserade Nordmalings kyrka och br\u00e4nde ner pr\u00e4stg\u00e5rden.<\/p>\n<p><img loading=\"lazy\" decoding=\"async\" class=\"alignnone wp-image-4865\" src=\"http:\/\/media.larsnordvall.se\/2025\/09\/Nordmalings_kyrka_w.jpg\" alt=\"\" width=\"401\" height=\"285\" srcset=\"http:\/\/media.larsnordvall.se\/2025\/09\/Nordmalings_kyrka_w.jpg 500w, http:\/\/media.larsnordvall.se\/2025\/09\/Nordmalings_kyrka_w-300x213.jpg 300w, http:\/\/media.larsnordvall.se\/2025\/09\/Nordmalings_kyrka_w-18x12.jpg 18w, http:\/\/media.larsnordvall.se\/2025\/09\/Nordmalings_kyrka_w-260x185.jpg 260w\" sizes=\"auto, (max-width: 401px) 100vw, 401px\" \/> \u00a0<img loading=\"lazy\" decoding=\"async\" class=\"alignnone wp-image-4866\" src=\"http:\/\/media.larsnordvall.se\/2025\/09\/nordmalings-kyrka_altare_w.jpg\" alt=\"\" width=\"425\" height=\"283\" srcset=\"http:\/\/media.larsnordvall.se\/2025\/09\/nordmalings-kyrka_altare_w.jpg 450w, http:\/\/media.larsnordvall.se\/2025\/09\/nordmalings-kyrka_altare_w-300x200.jpg 300w, http:\/\/media.larsnordvall.se\/2025\/09\/nordmalings-kyrka_altare_w-18x12.jpg 18w\" sizes=\"auto, (max-width: 425px) 100vw, 425px\" \/><em><strong>Nordmalings kyrka byggd ca 1480<\/strong><\/em><\/p>\n<p>Det var nog inte n\u00e5gon l\u00e4ttarbetad g\u00e5rd som Lars och Catarina flyttade in i. D\u00e5 som nu sker det med j\u00e4mna mellanrum skattev\u00e4rderingar p\u00e5 egendom. Skattev\u00e4rderingen som var den 12 juli 1750 talar om hur Lars och Catarina g\u00e5rd s\u00e5g ut i stora drag, samt b\u00f6rdighet.<\/p>\n<p><strong>AGN1750,12\/7,skattev\u00e4rdering av kronohemman nr.2 L\u00f6gde\u00e5<\/strong><br \/>\nSkattev\u00e4rdering \u00f6ver Kronohemmanet nr. 2 i L\u00f6gde\u00e5, 6 \u00bd sel. i L\u00f6gde\u00e5 Nordmalings socken och \u00c5ngermanlands Norra F\u00f6gderi, likm\u00e4tigt H\u00f6gv\u00e4lborne Landsh\u00f6vdingens och Riddarens av Kungl. Majts. Sv\u00e4rdsorden remiss av den 8 Juni 1749, f\u00f6retagen och h\u00e5llen utav underskrivne v\u00e4rderings m\u00e4n den 12 Juni 1750.<br \/>\nHalva delen av ber\u00f6rda hemman, befanns efter Jordeboks anm\u00e4rkningarna, f\u00f6rmedelst \u00c5boens d\u00f6dsfall och dess Hustrus fattigdom, ha blivit \u00d6de lagt \u00e5ret 1715, men \u00e5ter upptagit av nuvarande innehavaren Lars Ersson ( Lars Eriksson .) Hemmanets beskaffenhet besiktigades och befanns som f\u00f6ljer.<br \/>\n\u00c5KERJORDEN \u00a0best\u00e5r dels av sand, dels ock av mo och sj\u00f6botten-Jord, men allt grov r\u00f6d sand till grund. Nog varav \u00e5rsv\u00e4xten nu syntes p\u00e5 flera st\u00e4llen skadad och f\u00f6rtorkad, \u00e4ven jorden kunnat hava n\u00e5gorlunda v\u00e4ta. \u00c4ven s\u00e5 fanns samma jordm\u00e5n, till ogr\u00e4s och i synnerhet landhavre mycket ben\u00e4gen. \u00a0\u00c5kern icke destomindre efter dess beskaffenhet v\u00e4l h\u00e4vdad och brukad.<br \/>\n\u00c4NGESLANDET \u00a0av lika jordm\u00e5n med \u00c5kern, men mera myrl\u00e4nt. \u00a0\u00c5boen klagade \u00f6ver brist p\u00e5 upptagsland till H\u00f6slott, s\u00e5v\u00e4l som \u00f6ver Mulbetets ringhet, varigenom f\u00e5 kreatur kunna b\u00e4rgas och f\u00f6ljaktlig brist p\u00e5 g\u00f6dning, som i anseende till jordm\u00e5nens svaga halt \u00e4r endaste medel till ern\u00e5ende till n\u00e5gon ynmnigare b\u00e4rgning och \u00e5rsv\u00e4xt p\u00e5 denna magra landtorten.<br \/>\nSKOGEN \u00a0har \u00c5boen hittills dags d\u00e5 n\u00f6den tr\u00e4ngt, igenom br\u00e4ders tillverkning p\u00e5 egen Grovbladig S\u00e5g gjort sig n\u00e5got underst\u00f6d, men numera \u00e4r samma skog, som \u00e4r avskild, till st\u00f6rsta delen avhuggen, dels till husbehovs f\u00e5ng \u00f6vrig. \u00a0Mulbetet ganska ringa och magert.<br \/>\nHUMLEG\u00c5RD \u00a0finns ingen vid detta hemman anlagd.<br \/>\nKVARNST\u00c4LLE \u00a0brukar \u00c5boen uti Aspe\u00e5n, och kan nyttjas i synnerhet H\u00f6st och V\u00e5r, medan floden p\u00e5st\u00e5r.<br \/>\nFISKEVATTEN \u00a0\u00e4r ej heller n\u00e5got annat \u00e4n i L\u00f6gd\u00f6 \u00c5n, d\u00e4rest med Not och N\u00e4t h\u00f6stetiden kan f\u00e5ngas n\u00e5gon Sik till husbehov, och \u00e4ven n\u00e5got till salu. Men \u00c5bon f\u00f6rmente samma f\u00f6rm\u00e5n vara iakttagen vid Skattl\u00e4ggningen, hemmanet till last. Varf\u00f6r nu dessto mindre avseende upp\u00e5 s\u00e5dant fiske skall b\u00f6ra havas, som hemmans \u00e4gorna, vilka intill bem\u00e4lde \u00c4lv bel\u00e4gna \u00e4ro, mestadels \u00e5rligen med V\u00e5rfloden f\u00f6rst\u00f6ras och f\u00f6rringas, \u00c5boen till mycken skada och avsaknad, vilket ock V\u00e4rderingsm\u00e4nnerna nogsamt befunnit hava. I j\u00e4mf\u00f6rande med alla dessa f\u00f6rm\u00e4lta omst\u00e4ndigheter \u2026 Ut Supra.<\/p>\n<h3><strong>Lars Nordvall Larsson f\u00f6dd 1730 &#8211; Skomakarl\u00e4rling<\/strong><\/h3>\n<p><strong>Sonen Lars Nordvall Larsson <\/strong>ville inte bli bonde utan ans\u00f6kte om att f\u00e5 ett utresepass till V\u00e4ster\u00e5s f\u00f6r att d\u00e4r utbilda sig till skomakare. Det \u00e4r Lars Nordvall Larssons liv \u00a0som vi kommer att f\u00f6lja. F\u00f6ljande st\u00e5r om Lars Nordvall Larsson den 3 juni 1749<\/p>\n<p><strong>AGN1749,6\/3,\u00a717:<\/strong><br \/>\nS.d. \u00a0\u00a0N\u00e4mndemannen Johan Isaksson i Mo anh\u00f6ll, om B\u00f6rds och levnads bevis f\u00f6r Lars Larsson fr\u00e5n Nordmaling och L\u00f6gde\u00e5 By, som begivit sig till hantverk hos det lovliga Skomakare \u00e4mbetet i Westr\u00e5hs, ( V\u00e4ster\u00e5s ) och alldenstund j\u00e4mte Kyrkoherden v\u00e4ll\u00e4rde och \u00c4rev\u00f6rdige Hr. Magister Joh. Uneii, efter utdrag av Nordmalings Kyrkobok genom meddelad intygan, \u00e4venv\u00e4l N\u00e4mnden och n\u00e4rvarande Tings Allmoge visste ber\u00e4tta, att bem\u00e4lde Lars Larsson den 11 Nov. 1730 \u00e4r f\u00f6dd av \u00e4kta s\u00e4ng och Kristeliga f\u00f6r\u00e4ldrar.<br \/>\nFadern Bonden Lars Ersson ( Lars Eriksson ) och Modern Hustru Karin Ersdotter, \u00a0b\u00e4gge \u00e4nnu i livet. Samt att Lars Larsson under den tid han hemma hos f\u00f6r\u00e4ldrarna vistats, sig v\u00e4l och beskedeligt \u00a0f\u00f6reh\u00e5llit, ingen annat om honom s\u00e4ga vet.<\/p>\n<p>F\u00f6rdenskull har Tings R\u00e4tten inte kunnat undg\u00e5, att honom detta till bevis igenom utdrag av domboken meddela. \u00a0Blivandes i \u00f6vrigt hos alla vederb\u00f6rande, som han om n\u00e5gon v\u00e4nlig hj\u00e4lp och bist\u00e5nd anlitandes varder i tj\u00e4nt, s\u00e5 v\u00e4nligen till det b\u00e4sta befordrad, i hopp att han s\u00e5dant skall anta varda och ber\u00f6mma samt s\u00e5 mycket och sk\u00e4ligt \u00e4r att avtj\u00e4na.<\/p>\n<p><img loading=\"lazy\" decoding=\"async\" class=\"alignnone size-full wp-image-4868\" src=\"http:\/\/media.larsnordvall.se\/2025\/09\/vasteras_1700.jpg\" alt=\"\" width=\"500\" height=\"329\" srcset=\"http:\/\/media.larsnordvall.se\/2025\/09\/vasteras_1700.jpg 500w, http:\/\/media.larsnordvall.se\/2025\/09\/vasteras_1700-300x197.jpg 300w, http:\/\/media.larsnordvall.se\/2025\/09\/vasteras_1700-18x12.jpg 18w\" sizes=\"auto, (max-width: 500px) 100vw, 500px\" \/><br \/>\n<em><strong>V\u00e4ster\u00e5s 1700<\/strong><\/em><\/p>\n<p><img loading=\"lazy\" decoding=\"async\" class=\"alignnone size-full wp-image-4833\" src=\"http:\/\/media.larsnordvall.se\/2025\/09\/blaklocka.gif\" alt=\"\" width=\"100\" height=\"97\" \/>Som 19-\u00e5ring beger sig nu <strong>Lars Nordvall Larsson till V\u00e4ster\u00e5s.<\/strong> Hemma p\u00e5 g\u00e5rden g\u00e5r allt sin gilla g\u00e5ng. Pappan Lars Ersson h\u00e5ller en ganska l\u00e5g profil i tinget. D\u00e4r tar man som vanligt upp vem som lagt sina laxtinnor p\u00e5 fel fiskevatten, tagit h\u00f6 fr\u00e5n fel \u00e4ng etc. Lars Ersson \u00e4r d\u00e4r titt som t\u00e4tt som vittne.<\/p>\n<p><strong>Lars Eriksson\/Ersson \u00a0avlider v\u00e5ren 1767-05-06. \u00a0<\/strong><\/p>\n<p><strong>D\u00d6DSRUNA:<\/strong><br \/>\n<strong>Lars Ersson<\/strong> i L\u00f6gde\u00e5 varit gift med Carin Ersdotter i samma by i 48 \u00e5r 4 m\u00e5nader och haft med henne 11 barn, 7 \u00a0kristlig levnad. Begravd 17 maj. Levat 73 \u00e5r 8 v 6 d.<br \/>\nSju \u00a0\u00e5r senare 1774-10-22 avlider Lars fru Catarina vid en \u00e5lder av 78 \u00e5r.<br \/>\nB\u00e5da begravda i Nordmalings kyrka.<\/p>\n<p><img loading=\"lazy\" decoding=\"async\" class=\"alignnone size-full wp-image-4867\" src=\"http:\/\/media.larsnordvall.se\/2025\/09\/Nordmalings-kyrka-orgel_w.jpg\" alt=\"\" width=\"450\" height=\"300\" srcset=\"http:\/\/media.larsnordvall.se\/2025\/09\/Nordmalings-kyrka-orgel_w.jpg 450w, http:\/\/media.larsnordvall.se\/2025\/09\/Nordmalings-kyrka-orgel_w-300x200.jpg 300w, http:\/\/media.larsnordvall.se\/2025\/09\/Nordmalings-kyrka-orgel_w-18x12.jpg 18w\" sizes=\"auto, (max-width: 450px) 100vw, 450px\" \/><br \/>\n<strong>Orgeln i Nordmalings kyrka fr\u00e5n 1730<br \/>\nFoto: Cristofers Foto<\/strong><\/p>\n<h3><strong>Lars \u00a0Nordvall Larsson f\u00f6dd \u00a01730-11-11, L\u00f6gde\u00e5, Nordmaling, \u00a0\u00a0\u2020 1814-05-04 \u00a0L\u00f6gde\u00e5<\/strong><\/h3>\n<p><strong>Lars Larsson<\/strong> l\u00e4mnade L\u00f6gde\u00e5, Nordmaling 1749 f\u00f6r att l\u00e4ra sig Skomakare \u00e4mbetet i Westr\u00e5hs. Efter att Lars tagit sin examen som skomakare flyttar han till Stockholm.<\/p>\n<p>D\u00e4r tr\u00e4ffar Lars sin blivande fru <strong>Christina Wettersten<\/strong>. Christina kommer ursprungligen fr\u00e5n Fogel\u00e5s i V\u00e4steg\u00f6tland. Christina f\u00f6ddes 1739. \u00a0N\u00e4r Lars \u00e4r 35 \u00e5r , 1765 gifter han sig med \u00a0Christina nu 26 \u00e5r \u00a0i Stockholm.<\/p>\n<p>Lars och Christina bor kvar i Stockholm i ytterligare 4 \u00e5r. N\u00e5gon g\u00e5ng innan 26 april 1769 flyttar Lars med sin fru Christina tillbaka till Nordmaling. <strong>Lars blev enl. hantverksreg. socken skomakare i Nordmaling 1769-04-26, \u00a0<\/strong><\/p>\n<p><img loading=\"lazy\" decoding=\"async\" class=\"alignnone size-full wp-image-4870\" src=\"http:\/\/media.larsnordvall.se\/2025\/09\/Stockholm1770_sevenbom.jpg\" alt=\"\" width=\"550\" height=\"381\" srcset=\"http:\/\/media.larsnordvall.se\/2025\/09\/Stockholm1770_sevenbom.jpg 550w, http:\/\/media.larsnordvall.se\/2025\/09\/Stockholm1770_sevenbom-300x208.jpg 300w, http:\/\/media.larsnordvall.se\/2025\/09\/Stockholm1770_sevenbom-18x12.jpg 18w\" sizes=\"auto, (max-width: 550px) 100vw, 550px\" \/><br \/>\n<em><strong>Stockholm 1770, m\u00e5lning av Sevenbom<\/strong><\/em><\/p>\n<p>Sockenskomakare l\u00e5ter som ett exklusivt arbete p\u00e5 1700-talet. Men det som allt annat hade sina f\u00f6r- och nackdelar. Att vara skomakare innabar inte att kunderna kom till skomakaren utan det var tv\u00e4rtom. Skomakaren fick s\u00f6ka upp kunden. \u00c4nda fram till mitten av 1800-talet gick skomakarna i allm\u00e4nhet runt i g\u00e5rdarna och tog upp best\u00e4llningar p\u00e5 skor.<\/p>\n<p><img loading=\"lazy\" decoding=\"async\" class=\"alignnone size-full wp-image-4871\" src=\"http:\/\/media.larsnordvall.se\/2025\/09\/1859skomakare-Killian-Zoll_.jpg\" alt=\"\" width=\"450\" height=\"291\" srcset=\"http:\/\/media.larsnordvall.se\/2025\/09\/1859skomakare-Killian-Zoll_.jpg 450w, http:\/\/media.larsnordvall.se\/2025\/09\/1859skomakare-Killian-Zoll_-300x194.jpg 300w, http:\/\/media.larsnordvall.se\/2025\/09\/1859skomakare-Killian-Zoll_-18x12.jpg 18w\" sizes=\"auto, (max-width: 450px) 100vw, 450px\" \/><br \/>\n<em><strong>Skomakare m\u00e5lad av Killian Zoll 1859<\/strong><\/em><\/p>\n<p>N\u00e4stan ett \u00e5r senare bor Lars och Christina i L\u00f6gde\u00e5 d\u00e4r deras barn f\u00f6ds.<\/p>\n<p>Lars Nordvall Larsson 1770-07-16\u00a0 &#8211; L\u00f6gde\u00e5 Flyttar till Stockholm 1795<br \/>\nOlof Larsson 1772-06-26 &#8211;\u00a0 L\u00f6gde\u00e5 Dog innan 1779<\/p>\n<p>Lars och Christina hade alla f\u00f6ruts\u00e4ttningar att f\u00e5 ett bra och lyckligt liv men Christina drabbas av slag 1772 n\u00e4r hon bara \u00e4r 33 \u00e5r. Hon \u00f6verlever men f\u00e5r \u201cmen och ol\u00e4genhet\u201d. Kanske det hade med f\u00f6delsen av deras andra barn att g\u00f6ra som f\u00f6ddes samma \u00e5r. Livet g\u00e5r trots detta vidare.<\/p>\n<p>1775 blir Lars \u00e4ntligen sockenskomakare i L\u00f6gde\u00e5.<\/p>\n<p><img loading=\"lazy\" decoding=\"async\" class=\"alignnone size-full wp-image-4833\" src=\"http:\/\/media.larsnordvall.se\/2025\/09\/blaklocka.gif\" alt=\"\" width=\"100\" height=\"97\" \/>Fyra \u00e5r senare h\u00f6sten 1779 blir<strong> Christina<\/strong> s\u00e4mre och blir s\u00e4ngliggande. Hon avlider den 19 december 1779 bara 40 \u00e5r gammal.<\/p>\n<p>Lars var nu \u00e4nkeman med sin son Lars . Lars tr\u00e4ffar ganska fort en ny kvinna. \u00e4nkan <strong>Anna Eriksdotter<\/strong>. Anna \u00e4r 31 \u00e5r \u00a0och \u00e4r <strong>f\u00f6dd 1749-11-12. Anna \u00e4r 19 \u00e5r yngre \u00e4n Lars.<\/strong><\/p>\n<p>Anna har redan varit gift med \u00d6sten Nilsson men han dog redan 1778. Anna och \u00d6sten hann bara vara gifta i 6 \u00e5r. De fick tv\u00e5 barn tillsammans Nils \u00a0f\u00f6dd 1773 och Erik \u00d6stensson. Sonen Erik dog dock samma \u00e5r som han f\u00f6ddes 1775.<br \/>\nS\u00e5 den 18 juni 1780 (skulle kunnat vara midsommarafton) gifter sig Lars och Anna och knappt 6 m\u00e5nader senare f\u00f6ds deras gemensamma f\u00f6rsta barn Kristina Katarina. Kanske valet av namn var att hedra Lars f\u00f6rsta fru Christina. Lars och Anna fick 5 barn tillsammans:<\/p>\n<p>Kristina Katarina Nordvall Larsdotter\u00a0 &#8211; 1780-12-30 L\u00f6gde\u00e5<br \/>\n<strong>Erik Nordvall Larsson\u00a0 &#8211; 1782-11-07 L\u00f6gde\u00e5\u00a0 \u00a0 \u00a0 \u00a0 \u00a0 \u00a0 \u00a0 \u00a0 \u00a0 \u00a0 \u00a0 \u00a0 \u00a0 \u00a0 \u00a0 \u00a0 \u2020 \u00a0\u00a0\u00a01861-08-10 \u00a0\u00a0Mo 79 \u00e5r<\/strong><br \/>\nAnna Margareta Larsdotter\u00a0 &#8211; 1784-07-15 L\u00f6gde\u00e5<br \/>\nFredrika Juliana Nordvall Larsdotter &#8211;\u00a0 1787-01-07 L\u00f6gde\u00e5\u00a0 \u00a0 \u00a0 \u00a0 \u00a0 \u00a0 \u00a0 \u00a0 \u00a0\u2020 \u00a0\u00a01872-02-10 \u00a0\u00a0\u00a0L\u00f6gde\u00e5 85 \u00e5r<br \/>\nOlof Nordvall Larsson\u00a0 &#8211; 1788-09-06 L\u00f6gde\u00e5\u00a0 \u00a0 \u00a0 \u00a0 \u00a0 \u00a0 \u00a0 \u00a0 \u00a0 \u00a0 \u00a0 \u00a0 \u00a0 \u00a0 \u00a0 \u00a0 \u00a0 \u00a0 \u00a0 \u00a0 \u00a0 \u00a0\u2020 \u00a0\u00a0\u00a01816 \u00a0\u00a0\u00a0\u00a0\u00a0\u00a0\u00a0\u00a0\u00a0\u00a0\u00a0\u00a0\u00a0L\u00f6gde\u00e5 28 \u00e5r<\/p>\n<p><img loading=\"lazy\" decoding=\"async\" class=\"alignnone size-full wp-image-4833\" src=\"http:\/\/media.larsnordvall.se\/2025\/09\/blaklocka.gif\" alt=\"\" width=\"100\" height=\"97\" \/><strong>Lars Nordvall Larsson<\/strong> avlider 1814-05-04 I en \u00e5lder av 84 \u00e5r. Lars Nordvall Larsson \u00e4r den som hitintills blivit \u00e4ldst i sl\u00e4kten \u00e4nda tilbaka 1510. Hans andra fru Anna Eriksdotter bodde kvar i L\u00f6gde\u00e5 till sin d\u00f6d 1821. Hon blev 73 \u00e5r.<\/p>\n<h3><strong>Erik Nordvall Larsson f\u00f6dd \u00a01782-11-07, L\u00f6gde\u00e5, Nordmaling, \u00a0\u00a0\u2020 1861-08-10 \u00a0Mo<\/strong><\/h3>\n<p>Lars och Annas son <strong>Erik \u00a0Nordvall Larsson<\/strong> arbetar hemma p\u00e5 g\u00e5rden tills han \u00a0n\u00e5gon g\u00e5ng mellan 1805 och 1809 blir torpare i L\u00e5nged i Grundsunda socken. Den 29 oktober 1809 gifter sig Erik 37 \u00e5r med Sara Cecilia Nilsdotter 23 \u00e5r fr\u00e5n F\u00e4llfors, Nordmaling. F\u00f6rmodligen var torpet i L\u00e5nged inte n\u00e5gon s\u00e4ker k\u00e4lla f\u00f6r livets n\u00f6dtorft, s\u00e5 Erik tar tj\u00e4nst hos sin sv\u00e4rfar och flyttar till sin fru \u00a0i \u00a0F\u00e4llfors. D\u00e4r arbetar han \u00e4ven som kolare.<\/p>\n<p>Att vara kolare var inget 9-5 jobb. En kolmila kunde inneb\u00e4ra n\u00e4rmare ett \u00e5rsarbete om man r\u00e4knar in alla moment fr\u00e5n beredning av kolbotten och huggning av tr\u00e4 till transport av f\u00e4rdig kol. F\u00f6r att transportera kol fr\u00e5n en enda mila kunde det beh\u00f6vas omkring 30 h\u00e4stforor.<\/p>\n<p><img loading=\"lazy\" decoding=\"async\" class=\"alignnone wp-image-4872\" src=\"http:\/\/media.larsnordvall.se\/2025\/09\/kolare.jpg\" alt=\"\" width=\"435\" height=\"289\" srcset=\"http:\/\/media.larsnordvall.se\/2025\/09\/kolare.jpg 374w, http:\/\/media.larsnordvall.se\/2025\/09\/kolare-300x200.jpg 300w, http:\/\/media.larsnordvall.se\/2025\/09\/kolare-18x12.jpg 18w\" sizes=\"auto, (max-width: 435px) 100vw, 435px\" \/>\u00a0 \u00a0 \u00a0 \u00a0 \u00a0 \u00a0 \u00a0\u00a0 <img loading=\"lazy\" decoding=\"async\" class=\"alignnone wp-image-4873\" src=\"http:\/\/media.larsnordvall.se\/2025\/09\/skogskoja.jpg\" alt=\"\" width=\"388\" height=\"288\" srcset=\"http:\/\/media.larsnordvall.se\/2025\/09\/skogskoja.jpg 450w, http:\/\/media.larsnordvall.se\/2025\/09\/skogskoja-300x223.jpg 300w, http:\/\/media.larsnordvall.se\/2025\/09\/skogskoja-16x12.jpg 16w\" sizes=\"auto, (max-width: 388px) 100vw, 388px\" \/><\/p>\n<p><em><strong>Foto till h\u00f6ger: En kolmila med kolarkoja i bakgrunden.<\/strong><\/em><br \/>\n<em><strong>Foto till v\u00e4nster: Kolarkoja med eldstad i mitten<\/strong><\/em><\/p>\n<p>Eriks och Saras f\u00f6rsta tv\u00e5 barn f\u00f6ds hemma i Saras barndomsg\u00e5rd i F\u00e4llfors. Sara kom fr\u00e5n en v\u00e4lb\u00e4rgad bondefamilj. Nils Hendriksson s\u00e5lde av sin halva arvsg\u00e5rd Bjerten tillsammans med sin sv\u00e5ger 1780 f\u00f6r 180 kopparmynt. Nils blev blev sedan landbonde nr 2. i F\u00e4llfors.<\/p>\n<p><strong>Sara Cecilia och Erik f\u00e5r 7 barn tillsammans.<\/strong><\/p>\n<p>Erik Eriksson 1810-03-27\u00a0 &#8211; F\u00e4llfors, Nordmalings fs\u00a0 \u00a0 \u00a0 \u00a0 \u00a0 \u00a0 \u00a0 \u00a0 \u00a0 \u00a0 \u00a0 \u00a0 \u00a0 \u00a0 \u00a0 \u00a0 \u00a0 \u00a0 \u00a0 \u2020 \u00a0ca 1884\u00a0 \u00a0 \u00a0 \u00a0 \u00a074 \u00e5r<br \/>\nAnna Cecilia Eriksdotter &#8211;\u00a0 1812-11-02 Mo. \u00a0Nordmalings fs\u00a0 \u00a0 \u00a0 \u00a0 \u00a0 \u00a0 \u00a0 \u00a0 \u00a0 \u00a0 \u00a0 \u00a0 \u00a0 \u2020 \u00a01813\u00a0 \u00a0 \u00a0 \u00a0 \u00a0 \u00a0 \u00a0 \u00a0 2 m\u00e5nader<br \/>\n<strong>Lars Olof Nordvall 1814-10-27 &#8211;\u00a0 L\u00f6gde\u00e5, \u00a0Nordmalings fs\u00a0 \u00a0 \u00a0 \u00a0 \u00a0 \u00a0 \u00a0\u2020 \u00a0\u00a01862-01-23\u00a0 48 \u00e5r<\/strong><br \/>\nNils Petter Nordvall 1816-08-12\u00a0 &#8211; Mo, \u00a0Nordmalings fs 1873 arbeter N.P p\u00e5 Horn\u00f6n.<br \/>\nCatrina Helena Nordvall Eriksdotter\u00a0 &#8211; 1818-06-19 Mo, \u00a0Nordmalings fs\u00a0 \u00a0\u2020<br \/>\nSara Kristina \u00a0Nordvall Eriksdotter &#8211;\u00a0 1822-03-11 Mo, \u00a0Nordmalings fs\u00a0 \u00a0 \u00a0 \u2020<br \/>\nCecilia Juliana Nordvall Eriksdotter &#8211;\u00a0 1824-05-21 Mo, \u00a0Nordmalings fs\u00a0 \u00a0 \u2020 \u00a0\u00a01867-06-16\u00a0 \u00a043 \u00e5r<\/p>\n<p><strong>N\u00e4r Erik \u00e4r 43 \u00e5r 1825<\/strong>, st\u00e5r han som dagakarl i kyrkboken. En dagakarl var en icke fast anst\u00e4lld arbetare som avl\u00f6nades per dag. Hela familjen bodde fortfarande kvar p\u00e5 g\u00e5rden i Mo, Nordmaling.<\/p>\n<p>Eriks och Saras f\u00f6rstf\u00f6dda son Erik \u00e4r d\u00e5 15 \u00e5r gammal och \u00e4r f\u00f6rmodligen gammal nog att ta \u00f6ver arbetet p\u00e5 g\u00e5rden s\u00e5 att Erik kan tj\u00e4na extra pengar. Med sammanlagt nio munnar att m\u00e4tta varje dag var extrainkomster ett m\u00e5ste. Sonen Erik jobbar p\u00e5 faderns g\u00e5rd i ytterligare 10 \u00e5r innan han gifter sig och skaffar sig ett eget torp i K\u00f6nsa 1836-37. K\u00f6nsa ligger ca 2 mil s\u00f6der om L\u00f6gde\u00e5.<\/p>\n<p>1845-1864 st\u00e5r sonen Erik med familj skriven som torpare i Godmark. Och de sista \u00e5ren 1875-1884 som f\u00f6rm\u00e5nstagare.<\/p>\n<p><img loading=\"lazy\" decoding=\"async\" class=\"alignnone wp-image-4875\" src=\"http:\/\/media.larsnordvall.se\/2025\/09\/nordmaling_marknad1890_edit.jpg\" alt=\"\" width=\"468\" height=\"313\" srcset=\"http:\/\/media.larsnordvall.se\/2025\/09\/nordmaling_marknad1890_edit.jpg 468w, http:\/\/media.larsnordvall.se\/2025\/09\/nordmaling_marknad1890_edit-300x201.jpg 300w, http:\/\/media.larsnordvall.se\/2025\/09\/nordmaling_marknad1890_edit-18x12.jpg 18w\" sizes=\"auto, (max-width: 468px) 100vw, 468px\" \/><br \/>\n<em><strong>Nordmaling marknad 1890<\/strong><\/em><\/p>\n<p>Att vara dagakarl var nog ingen dans p\u00e5\u00a8rosor. Olofsfors Bruk var ett j\u00e4rnbruk och ett fullskaligt jordbruk. \u00a0H\u00e4r fanns hela processen i \u00e4ldre tiders j\u00e4rnsframst\u00e4llning. Man tillverkade olika produkter s\u00e5 som spik, s\u00e5gblad, h\u00e4stskor och andra bruksf\u00f6rem\u00e5l.<\/p>\n<p><img loading=\"lazy\" decoding=\"async\" class=\"alignnone size-full wp-image-4876\" src=\"http:\/\/media.larsnordvall.se\/2025\/09\/Olofsfors_bruk-skottkarra_w.jpg\" alt=\"\" width=\"450\" height=\"337\" srcset=\"http:\/\/media.larsnordvall.se\/2025\/09\/Olofsfors_bruk-skottkarra_w.jpg 450w, http:\/\/media.larsnordvall.se\/2025\/09\/Olofsfors_bruk-skottkarra_w-300x225.jpg 300w, http:\/\/media.larsnordvall.se\/2025\/09\/Olofsfors_bruk-skottkarra_w-16x12.jpg 16w\" sizes=\"auto, (max-width: 450px) 100vw, 450px\" \/><br \/>\n<em><strong>Skottk\u00e4rra fr\u00e5n Olofsfors bruk som man k\u00f6rde tr\u00e4kol med.<\/strong><\/em><\/p>\n<p>Det var inte s\u00e5 l\u00e5ngt mellan Mo och Olofsfors Bruk. Erik och Sara bodde hela tiden kvar i Mo.\u00a0 Erik och Saras yngsta dotter Cecilia Juliana b\u00f6rjade ocks\u00e5 att arbeta p\u00e5 Olofsfors Bruk. \u00a0Hon var d\u00e5 ca 20 \u00e5r och bodde fortfarande hemma. Hon blir med barn och f\u00e5r en son 1854-05-29. Han d\u00f6ps till Karl Julius Leonard Nordvall. Fadern \u00e4r ok\u00e4nd. Karl Julius d\u00f6r endast 10 m\u00e5nader gammal p\u00e5 Olofsfors bruk. Cecilia Juliana st\u00e5r fortfarande som dotter i kyrkoboken 1854 d\u00e5 \u00e4r hon 30 \u00e5r gammal och ogift.<\/p>\n<p><img loading=\"lazy\" decoding=\"async\" class=\"alignnone size-full wp-image-4877\" src=\"http:\/\/media.larsnordvall.se\/2025\/09\/Olofsfors-bruk1_w.jpg\" alt=\"\" width=\"450\" height=\"299\" srcset=\"http:\/\/media.larsnordvall.se\/2025\/09\/Olofsfors-bruk1_w.jpg 450w, http:\/\/media.larsnordvall.se\/2025\/09\/Olofsfors-bruk1_w-300x199.jpg 300w, http:\/\/media.larsnordvall.se\/2025\/09\/Olofsfors-bruk1_w-18x12.jpg 18w\" sizes=\"auto, (max-width: 450px) 100vw, 450px\" \/><br \/>\n<em><strong>Olofsfors Bruk<\/strong><\/em><\/p>\n<p><img decoding=\"async\" src=\"http:\/\/media.larsnordvall.se\/2025\/09\/blaklocka.gif\" \/><strong>Erik Nordvall Larsson<\/strong> arbetar kvar p\u00e5 Olofsfors bruk till sin d\u00f6d 1861-08-10 han \u00e4r d\u00e5 79 \u00e5r. Hans fru Sara blir ocks\u00e5 79 \u00e5r men lever som \u00e4nka de sista 6 \u00e5ren. Hon avlider 1867-05-16 i \u00a0Olofsfors.<\/p>\n<p>Mellan \u00e5ren 1834 och 1873 drabbades Sverige av fem epidemier av kolera. Mot den var det bara f\u00f6rebyggande \u00e5tg\u00e4rder som hj\u00e4lpte. Kosth\u00e5llningen spelade ocks\u00e5 en stor roll. Potatisen blev vanlig i Sverige och den inneh\u00e5ller ju som bekant ett antal nyttiga n\u00e4rings\u00e4mnen. Man fick ocks\u00e5 insikt i vad hygienen betydde f\u00f6r bla f\u00f6rlossningar. Det gjorde att barnad\u00f6dligheten minskade.<\/p>\n<p>Eftersom Sveriges befolkning hade \u00f6kat s\u00e5 drastiskt fanns det helt enkelt inte jobb \u00e5t alla. Den industriella revulotionen hade ju kommit till Sverige och industrin \u00f6kade men inte tillr\u00e4ckligt snabbt. 1865 och 1866 innebar ocks\u00e5 missv\u00e4xt. D\u00e5 var alla lador och f\u00f6rr\u00e5d t\u00f6mda och det fanns inga marginaler. D\u00e5 kom katastrof\u00e5ret 1867. I Norrbotten l\u00e5g isarna kvar till juni. S\u00e5dden skedde runt midsommar men frosten b\u00f6rjade redan i augusti.<\/p>\n<p>I Sm\u00e5land var det inte m\u00e5nga b\u00f6nder som s\u00e5g n\u00e5got regn mellan juni och augusti. Jorden br\u00e4ndes av en tropisk hetta. Det var n\u00e4stan 30 grader varje dag. N\u00e4r den ynkliga sk\u00f6rden skulle tas hem vr\u00e4kte regnet ned f\u00f6r att sedan \u00f6verg\u00e5 i sn\u00f6. M\u00e5nga tusen svenskar drevs ut p\u00e5 v\u00e4garna f\u00f6r att tigga och f\u00f6rs\u00f6ka skaffa sig ett jobb. M\u00e5nga f\u00f6rs\u00f6kte s\u00f6ka sig till st\u00e4derna. Men d\u00e4r var det redan fullt med tiggare och det fanns inga jobb. Febrar och sjukdomar h\u00e4rjade ocks\u00e5 i det \u00f6verfulla Stockholm. Under den tiden var d\u00f6dligheten i Sverige ca 20 promille. S\u00e5 h\u00f6g har den aldrig varit, varken f\u00f6re eller efter naturkatastrofen.<\/p>\n<p><img loading=\"lazy\" decoding=\"async\" class=\"alignnone size-full wp-image-4878\" src=\"http:\/\/media.larsnordvall.se\/2025\/09\/tiggare_w.jpg\" alt=\"\" width=\"400\" height=\"480\" srcset=\"http:\/\/media.larsnordvall.se\/2025\/09\/tiggare_w.jpg 400w, http:\/\/media.larsnordvall.se\/2025\/09\/tiggare_w-250x300.jpg 250w, http:\/\/media.larsnordvall.se\/2025\/09\/tiggare_w-10x12.jpg 10w\" sizes=\"auto, (max-width: 400px) 100vw, 400px\" \/><br \/>\n<em><strong>Tiggare \/ Luffare<\/strong><\/em><\/p>\n<p>Erik och Saras tredje andra son<strong> Lars Olof Nordvall<\/strong> f\u00e5r \u00e4ven han skaffa sig f\u00f6rs\u00f6rjning utanf\u00f6r den egna g\u00e5rden.<\/p>\n<p><a href=\"https:\/\/larsnordvall.se\/en\/lars-magnus-nordvall\/\"><em><strong>Forts\u00e4ttningen om Lars Olofs liv kan du l\u00e4sa h\u00e4r: Lars Magnus Nordvall<\/strong><\/em><\/a><\/p>\n<\/div><\/section><\/div>","protected":false},"excerpt":{"rendered":"","protected":false},"author":1,"featured_media":0,"parent":0,"menu_order":0,"comment_status":"closed","ping_status":"closed","template":"","meta":{"_uag_custom_page_level_css":"","wpm_timeformat":"","_wpm_styles":"","footnotes":""},"class_list":["post-61","page","type-page","status-publish","hentry"],"yoast_head":"<!-- This site is optimized with the Yoast SEO plugin v27.5 - https:\/\/yoast.com\/product\/yoast-seo-wordpress\/ -->\n<title>Nordvall 1650 - 1855 - LarsNordvall.se<\/title>\n<meta name=\"robots\" content=\"index, follow, max-snippet:-1, max-image-preview:large, max-video-preview:-1\" \/>\n<link rel=\"canonical\" href=\"https:\/\/larsnordvall.se\/en\/nordvall-1650-1855\/\" \/>\n<meta property=\"og:locale\" content=\"en_US\" \/>\n<meta property=\"og:type\" content=\"article\" \/>\n<meta property=\"og:title\" content=\"Nordvall 1650 - 1855 - LarsNordvall.se\" \/>\n<meta property=\"og:url\" content=\"https:\/\/larsnordvall.se\/en\/nordvall-1650-1855\/\" \/>\n<meta property=\"og:site_name\" content=\"LarsNordvall.se\" \/>\n<meta property=\"article:modified_time\" content=\"2025-09-30T22:24:16+00:00\" \/>\n<meta property=\"og:image\" content=\"https:\/\/media.larsnordvall.se\/2025\/09\/larsmagnus_banner.jpg\" \/>\n\t<meta property=\"og:image:width\" content=\"1000\" \/>\n\t<meta property=\"og:image:height\" content=\"180\" \/>\n\t<meta property=\"og:image:type\" content=\"image\/jpeg\" \/>\n<meta name=\"twitter:card\" content=\"summary_large_image\" \/>\n<meta name=\"twitter:label1\" content=\"Est. reading time\" \/>\n\t<meta name=\"twitter:data1\" content=\"27 minutes\" \/>\n<script type=\"application\/ld+json\" class=\"yoast-schema-graph\">{\"@context\":\"https:\\\/\\\/schema.org\",\"@graph\":[{\"@type\":\"WebPage\",\"@id\":\"https:\\\/\\\/larsnordvall.se\\\/nordvall-1650-1855\\\/\",\"url\":\"https:\\\/\\\/larsnordvall.se\\\/nordvall-1650-1855\\\/\",\"name\":\"Nordvall 1650 - 1855 - LarsNordvall.se\",\"isPartOf\":{\"@id\":\"https:\\\/\\\/larsnordvall.se\\\/#website\"},\"primaryImageOfPage\":{\"@id\":\"https:\\\/\\\/larsnordvall.se\\\/nordvall-1650-1855\\\/#primaryimage\"},\"image\":{\"@id\":\"https:\\\/\\\/larsnordvall.se\\\/nordvall-1650-1855\\\/#primaryimage\"},\"thumbnailUrl\":\"http:\\\/\\\/media.larsnordvall.se\\\/2025\\\/09\\\/larsmagnus_banner.jpg\",\"datePublished\":\"2020-10-26T21:11:16+00:00\",\"dateModified\":\"2025-09-30T22:24:16+00:00\",\"breadcrumb\":{\"@id\":\"https:\\\/\\\/larsnordvall.se\\\/nordvall-1650-1855\\\/#breadcrumb\"},\"inLanguage\":\"en-US\",\"potentialAction\":[{\"@type\":\"ReadAction\",\"target\":[\"https:\\\/\\\/larsnordvall.se\\\/nordvall-1650-1855\\\/\"]}]},{\"@type\":\"ImageObject\",\"inLanguage\":\"en-US\",\"@id\":\"https:\\\/\\\/larsnordvall.se\\\/nordvall-1650-1855\\\/#primaryimage\",\"url\":\"http:\\\/\\\/media.larsnordvall.se\\\/2025\\\/09\\\/larsmagnus_banner.jpg\",\"contentUrl\":\"http:\\\/\\\/media.larsnordvall.se\\\/2025\\\/09\\\/larsmagnus_banner.jpg\"},{\"@type\":\"BreadcrumbList\",\"@id\":\"https:\\\/\\\/larsnordvall.se\\\/nordvall-1650-1855\\\/#breadcrumb\",\"itemListElement\":[{\"@type\":\"ListItem\",\"position\":1,\"name\":\"Hem\",\"item\":\"https:\\\/\\\/larsnordvall.se\\\/\"},{\"@type\":\"ListItem\",\"position\":2,\"name\":\"Nordvall 1650 &#8211; 1855\"}]},{\"@type\":\"WebSite\",\"@id\":\"https:\\\/\\\/larsnordvall.se\\\/#website\",\"url\":\"https:\\\/\\\/larsnordvall.se\\\/\",\"name\":\"LarsNordvall.se\",\"description\":\"Ett Vingslag Tillbaka i Tiden!\",\"potentialAction\":[{\"@type\":\"SearchAction\",\"target\":{\"@type\":\"EntryPoint\",\"urlTemplate\":\"https:\\\/\\\/larsnordvall.se\\\/?s={search_term_string}\"},\"query-input\":{\"@type\":\"PropertyValueSpecification\",\"valueRequired\":true,\"valueName\":\"search_term_string\"}}],\"inLanguage\":\"en-US\"}]}<\/script>\n<!-- \/ Yoast SEO plugin. -->","yoast_head_json":{"title":"Nordvall 1650 - 1855 - LarsNordvall.se","robots":{"index":"index","follow":"follow","max-snippet":"max-snippet:-1","max-image-preview":"max-image-preview:large","max-video-preview":"max-video-preview:-1"},"canonical":"https:\/\/larsnordvall.se\/en\/nordvall-1650-1855\/","og_locale":"en_US","og_type":"article","og_title":"Nordvall 1650 - 1855 - LarsNordvall.se","og_url":"https:\/\/larsnordvall.se\/en\/nordvall-1650-1855\/","og_site_name":"LarsNordvall.se","article_modified_time":"2025-09-30T22:24:16+00:00","og_image":[{"width":1000,"height":180,"url":"https:\/\/media.larsnordvall.se\/2025\/09\/larsmagnus_banner.jpg","type":"image\/jpeg"}],"twitter_card":"summary_large_image","twitter_misc":{"Est. reading time":"27 minutes"},"schema":{"@context":"https:\/\/schema.org","@graph":[{"@type":"WebPage","@id":"https:\/\/larsnordvall.se\/nordvall-1650-1855\/","url":"https:\/\/larsnordvall.se\/nordvall-1650-1855\/","name":"Nordvall 1650 - 1855 - LarsNordvall.se","isPartOf":{"@id":"https:\/\/larsnordvall.se\/#website"},"primaryImageOfPage":{"@id":"https:\/\/larsnordvall.se\/nordvall-1650-1855\/#primaryimage"},"image":{"@id":"https:\/\/larsnordvall.se\/nordvall-1650-1855\/#primaryimage"},"thumbnailUrl":"http:\/\/media.larsnordvall.se\/2025\/09\/larsmagnus_banner.jpg","datePublished":"2020-10-26T21:11:16+00:00","dateModified":"2025-09-30T22:24:16+00:00","breadcrumb":{"@id":"https:\/\/larsnordvall.se\/nordvall-1650-1855\/#breadcrumb"},"inLanguage":"en-US","potentialAction":[{"@type":"ReadAction","target":["https:\/\/larsnordvall.se\/nordvall-1650-1855\/"]}]},{"@type":"ImageObject","inLanguage":"en-US","@id":"https:\/\/larsnordvall.se\/nordvall-1650-1855\/#primaryimage","url":"http:\/\/media.larsnordvall.se\/2025\/09\/larsmagnus_banner.jpg","contentUrl":"http:\/\/media.larsnordvall.se\/2025\/09\/larsmagnus_banner.jpg"},{"@type":"BreadcrumbList","@id":"https:\/\/larsnordvall.se\/nordvall-1650-1855\/#breadcrumb","itemListElement":[{"@type":"ListItem","position":1,"name":"Hem","item":"https:\/\/larsnordvall.se\/"},{"@type":"ListItem","position":2,"name":"Nordvall 1650 &#8211; 1855"}]},{"@type":"WebSite","@id":"https:\/\/larsnordvall.se\/#website","url":"https:\/\/larsnordvall.se\/","name":"LarsNordvall.se","description":"Ett Vingslag Tillbaka i Tiden!","potentialAction":[{"@type":"SearchAction","target":{"@type":"EntryPoint","urlTemplate":"https:\/\/larsnordvall.se\/?s={search_term_string}"},"query-input":{"@type":"PropertyValueSpecification","valueRequired":true,"valueName":"search_term_string"}}],"inLanguage":"en-US"}]}},"uagb_featured_image_src":{"full":false,"thumbnail":false,"medium":false,"medium_large":false,"large":false,"1536x1536":false,"2048x2048":false,"trp-custom-language-flag":false,"widget":false,"square":false,"featured":false,"featured_large":false,"extra_large":false,"portfolio":false,"portfolio_small":false,"gallery":false,"magazine":false,"masonry":false,"entry_with_sidebar":false,"entry_without_sidebar":false},"uagb_author_info":{"display_name":"larsnordvall.se","author_link":"https:\/\/larsnordvall.se\/en\/author\/larsnordvall-se\/"},"uagb_comment_info":0,"uagb_excerpt":null,"_links":{"self":[{"href":"https:\/\/larsnordvall.se\/en\/wp-json\/wp\/v2\/pages\/61","targetHints":{"allow":["GET"]}}],"collection":[{"href":"https:\/\/larsnordvall.se\/en\/wp-json\/wp\/v2\/pages"}],"about":[{"href":"https:\/\/larsnordvall.se\/en\/wp-json\/wp\/v2\/types\/page"}],"author":[{"embeddable":true,"href":"https:\/\/larsnordvall.se\/en\/wp-json\/wp\/v2\/users\/1"}],"replies":[{"embeddable":true,"href":"https:\/\/larsnordvall.se\/en\/wp-json\/wp\/v2\/comments?post=61"}],"version-history":[{"count":7,"href":"https:\/\/larsnordvall.se\/en\/wp-json\/wp\/v2\/pages\/61\/revisions"}],"predecessor-version":[{"id":4879,"href":"https:\/\/larsnordvall.se\/en\/wp-json\/wp\/v2\/pages\/61\/revisions\/4879"}],"wp:attachment":[{"href":"https:\/\/larsnordvall.se\/en\/wp-json\/wp\/v2\/media?parent=61"}],"curies":[{"name":"wp","href":"https:\/\/api.w.org\/{rel}","templated":true}]}}