{"id":62,"date":"2020-10-26T21:11:16","date_gmt":"2020-10-26T21:11:16","guid":{"rendered":"https:\/\/larsnordvall.se\/?page_id=62"},"modified":"2025-10-02T22:12:44","modified_gmt":"2025-10-02T22:12:44","slug":"lars-magnus-nordvall","status":"publish","type":"page","link":"https:\/\/larsnordvall.se\/en\/lars-magnus-nordvall\/","title":{"rendered":"Lars Magnus Nordvall"},"content":{"rendered":"<div class=\"flex_column av_one_full  flex_column_div av-zero-column-padding first  avia-builder-el-0  el_before_av_one_full  avia-builder-el-first\" style='border-radius:0px; '><section class=\"av_textblock_section\"  itemscope=\"itemscope\" itemtype=\"https:\/\/schema.org\/CreativeWork\" ><div class='avia_textblock'   itemprop=\"text\" ><h2 style=\"text-align: center;\"><img loading=\"lazy\" decoding=\"async\" class=\"alignnone size-full wp-image-4762\" src=\"http:\/\/media.larsnordvall.se\/2024\/10\/larsmagnus_banner-1.jpg\" alt=\"\" width=\"1000\" height=\"180\" srcset=\"http:\/\/media.larsnordvall.se\/2024\/10\/larsmagnus_banner-1.jpg 1000w, http:\/\/media.larsnordvall.se\/2024\/10\/larsmagnus_banner-1-300x54.jpg 300w, http:\/\/media.larsnordvall.se\/2024\/10\/larsmagnus_banner-1-768x138.jpg 768w, http:\/\/media.larsnordvall.se\/2024\/10\/larsmagnus_banner-1-18x3.jpg 18w, http:\/\/media.larsnordvall.se\/2024\/10\/larsmagnus_banner-1-705x127.jpg 705w\" sizes=\"auto, (max-width: 1000px) 100vw, 1000px\" \/><\/h2>\n<h3 style=\"text-align: center;\">Lars Magnus\u00a0 Nordvall<\/h3>\n<h3 style=\"text-align: center;\">F\u00f6dd: 4 feb. 1855<br \/>\nD\u00f6d: 18 okt. 1935<\/h3>\n<h3 style=\"text-align: center;\">70 \u00e5r<\/h3>\n<h3 style=\"text-align: center;\"><\/h3>\n<\/div><\/section><\/div><div class=\"flex_column av_one_full  flex_column_div av-zero-column-padding first  avia-builder-el-2  el_after_av_one_full  el_before_av_one_full  column-top-margin\" style='border-radius:0px; '><section class=\"av_textblock_section\"  itemscope=\"itemscope\" itemtype=\"https:\/\/schema.org\/CreativeWork\" ><div class='avia_textblock'   itemprop=\"text\" ><h3>Lars Olof \u00a0Nordvall \u00a0f\u00f6dd 1814-10-27, L\u00f6gde\u00e5, Nordmaling, \u00a0\u2020 1862-01-23<\/h3>\n<p><strong>Lars Olof Nordvall<\/strong> var Eriks och Saras andra son. 1840-06-14 n\u00e4r Lars Olof \u00e4r 36 \u00e5r har han nog med pengar, gifter han sig med Sofia Johanna Sundkvist (se nedan) nu 20 \u00e5r f\u00f6dd 1820-05-26 fr\u00e5n Gide\u00e5 Bruk. \u00a0Br\u00f6llopet sker i Arn\u00e4s f\u00f6rsamling. \u00c5tta m\u00e5nader senare f\u00f6ds deras f\u00f6rsta son Erik Olof Nordvall \u00e5r 1841 p\u00e5 deras torp i Eldsmark. Lars Olof och Sofia f\u00e5r sammanlagt 7 barn tillsammans. Alla deras barn \u00f6verlever vilket \u00e4r ganska ovanligt.<\/p>\n<p><img loading=\"lazy\" decoding=\"async\" class=\"alignnone wp-image-4766\" src=\"http:\/\/media.larsnordvall.se\/2024\/10\/arnas_kyrka_w.jpg\" alt=\"\" width=\"367\" height=\"275\" srcset=\"http:\/\/media.larsnordvall.se\/2024\/10\/arnas_kyrka_w.jpg 256w, http:\/\/media.larsnordvall.se\/2024\/10\/arnas_kyrka_w-16x12.jpg 16w\" sizes=\"auto, (max-width: 367px) 100vw, 367px\" \/><br \/>\n<em><strong>Arn\u00e4s Kyrka<\/strong><\/em><\/p>\n<p><em><strong>Lars Olofs och Sofias barn:<\/strong><\/em><\/p>\n<p>Erik Olof Nordvall 1841\u00a0 &#8211; Eldsmark St\u00e5r som hemmavarande son till 1869<br \/>\nSara Kristina Nordvall 1843-07-29 &#8211;\u00a0 Eldsmark\u00a0 \u00a0 \u00a0 \u00a0 \u00a0 \u00a0 \u00a0 \u00a0 \u00a0 \u00a0 \u00a0 \u00a0 \u00a0 \u00a0 \u00a0 \u00a0 \u00a0 \u00a0 \u00a0 \u00a0 \u00a0 \u00a0 \u00a0 \u00a0 \u00a0 \u00a0 \u00a0 \u00a0 \u00a0\u2020 \u00a01924-02-16 \u00a0\u00a0Skademark 81 \u00e5r<br \/>\nHerman Petter Nordvall 1845-02-05\u00a0 &#8211; Eldsmark Flyttar tilll Arn\u00e4s 1869<br \/>\nAnders Fredrik Nordvall 1847-05-08\u00a0 &#8211; Eldsmark Till Grundsunda 1865<br \/>\nNils Petter Nordvall * 1849-06-02\u00a0 &#8211; Eldsmark Flyttar till St\u00f6de \/Fanbyn (Sl\u00e4tt\u00e5n)<br \/>\nJohan Nordvall 1851-12-31\u00a0 &#8211; Eldsmark St\u00e5r 1875-84 \u00a0som arbetare utan viss skrivningsort<br \/>\n<strong>Lars Magnus Nordvall 1855-02-04 Eldsmark\u00a0 \u00a0 \u00a0 \u00a0 \u00a0 \u00a0 \u00a0 \u00a0 \u00a0 \u00a0 \u00a0 \u00a0 \u00a0 \u00a0 \u00a0 \u00a0 \u00a0 \u00a0 \u00a0 \u00a0 \u00a0 \u00a0 \u2020 1935-10-18 \u00a0\u00a0Grundsunda 70 \u00e5r<\/strong><\/p>\n<p><em><strong><img loading=\"lazy\" decoding=\"async\" class=\"size-full wp-image-4460 alignleft\" src=\"http:\/\/media.larsnordvall.se\/2024\/10\/blaklocka.gif\" alt=\"\" width=\"100\" height=\"97\" \/><\/strong><\/em><strong>Lars Olof Nordvall<\/strong> lever hela sitt liv som brukstorpare i Eldsmark tillsammans med sin fru Sofia Johanna. \u00a0I husf\u00f6rh\u00f6rsl\u00e4ngden 1826-1835 st\u00e5r det att Lars Olof \u00a0l\u00e4ser med f\u00e4rdighet, L\u00e4ser lilla katekesen; och j\u00e4mte densamma f\u00f6rsta huvudstycket av Svebelii F\u00f6rklaring; och s\u00e5 vidare En punkt f\u00f6r vardera av de fyra \u00f6vriga huvudstyckena.<\/p>\n<p><strong>Lars Olof var bara nyss fyllda 48 \u00e5r d\u00e5 han dog 1862-01-23.<\/strong><\/p>\n<p>Sofia Johanna blev ensam kvar med sina sju barn d\u00e5 hennes man Lars Olof \u00a0dog tidigt vid 48 \u00e5rs \u00e5lder. Deras yngsta barn var bara 3 \u00e5r. Sofia Johanna nu 28 \u00e5r bor kvar i Eldsmark. Hon gifter aldrig om sig. Det var ett h\u00e5rt liv och n\u00e4r hon \u00e4r \u00a059 \u00e5r den 12 november 1879 st\u00e5r hon som inhyses. \u00a0Men 1883 samma \u00e5r som hennes yngsta son Lars Magnus Nordvall \u00a0gifter sig flyttar hon till Arn\u00e4s.<\/p>\n<\/div><\/section><\/div><\/p>\n<div class=\"flex_column av_one_full  flex_column_div av-zero-column-padding first  avia-builder-el-4  el_after_av_one_full  avia-builder-el-last  column-top-margin\" style='border-radius:0px; '><section class=\"av_textblock_section\"  itemscope=\"itemscope\" itemtype=\"https:\/\/schema.org\/CreativeWork\" ><div class='avia_textblock'   itemprop=\"text\" ><h3><em><strong> Sofia Johanna Sundqvist \u00a0f. 1820-05-26 , Gide\u00e5 Bruk. \u00a0( Lars Magnus Nordvalls mamma )<br \/>\n<\/strong><\/em><\/h3>\n<p><strong>Sofia Johanna Nordvall<\/strong> &#8211; Lars Olofs \u00e4nka kom \u00e4ven hon ifr\u00e5n en familj med 6 syskon. \u00a0Hennes pappa \u00e4r <strong>Erik Sundqvist Jonsson f\u00f6ddes 1784-09-28 i Sunnansj\u00f6<\/strong>, \u00a0gifte sig 1809-12-10 \u00a0med \u00a0Sofias mamma <strong>Stina Sofia Ersdotter<\/strong>. Stina Sofia Ersdotter \u00e4r n\u00e4mndemansdotter fr\u00e5n Sunnansj\u00f6. Erik Sundqvist Jonsson \u00e4r 25 \u00e5r n\u00e4r han gifter sig med den blott 18 \u00e5riga Stina. Stina \u00a0\u00e4r f\u00f6dd 1791-05-10.<\/p>\n<p>F\u00f6rsta \u00e5ret bor \u00a0de hemma hos Stina p\u00e5 hennes f\u00f6r\u00e4ldra g\u00e5rd. Men de best\u00e4mmer sig f\u00f6r att flytta efter att f\u00f6rsta barnet \u00e4r f\u00f6tt. Han arbetar f\u00f6rst som dagkarl och bruksarbetare och de f\u00e5r 11 barn tillsammans. Fr\u00e5n 1818 \u00e4r familjen bosatt vid Gide\u00e5 Bruk och Erik Sundqvist Jonsson \u00e4r skriven som torpare vid bruket i Eldsmark fs.<\/p>\n<p><em><strong>Erik Sundqvist och Stina Sofias barn:<\/strong><\/em><\/p>\n<p>Jonas Sundqvist 1810-10-10 &#8211;\u00a0 Sunnansj\u00f6<br \/>\nErik Sundqvist 1811-10-26 &#8211; Bjurb\u00e4ck<br \/>\nJohan Sundqvist 1812-11-28\u00a0 &#8211; Bjurb\u00e4ck<br \/>\nBrita Kristina Sundqvist 1814-03-13\u00a0 &#8211; Sunnansj\u00f6\u00a0 \u00a0 \u00a0 \u00a0 \u00a0 \u00a0 \u00a0 \u00a0 \u00a0 \u00a0 \u00a0 \u00a0 \u00a0 \u00a0 \u00a0 \u00a0 \u00a0 \u00a0 \u00a0 \u00a0 \u00a0 \u00a0 \u00a0 \u00a0 \u00a0 \u00a0 \u00a0\u2020 \u00a0\u00a01868-09-22 Eldfastmark\u00a0 \u00a0 \u00a054 \u00e5r<br \/>\nMaria Magdalena Sundqvist 1815-04-18\u00a0 &#8211; Jansmark\u00a0 \u00a0 \u00a0 \u00a0 \u00a0 \u00a0 \u00a0 \u00a0 \u00a0 \u00a0 \u00a0 \u00a0 \u00a0 \u00a0 \u00a0 \u00a0 \u00a0 \u00a0 \u00a0 \u00a0 \u00a0 \u00a0 \u00a0 \u00a0\u2020 \u00a0\u00a01898-12-25 Gide\u00e5 Bruk\u00a0 \u00a0 \u00a0 \u00a083 \u00e5r<br \/>\nMargareta Sofia Eriksdotter 1816-11-09 &#8211;\u00a0 S\u00f6rgidsj\u00f6\u00a0 \u00a0 \u00a0 \u00a0 \u00a0 \u00a0 \u00a0 \u00a0 \u00a0 \u00a0 \u00a0 \u00a0 \u00a0 \u00a0 \u00a0 \u00a0 \u00a0 \u00a0 \u00a0 \u00a0 \u00a0 \u00a0 \u00a0 \u00a0 \u00a0\u2020 \u00a0\u00a01817\u00a0 \u00a0 \u00a0 \u00a0 \u00a0 \u00a0 \u00a0 \u00a0 \u00a0 \u00a0 \u00a0 \u00a0 \u00a0 \u00a0 \u00a0 \u00a0 \u00a0 \u00a0 \u00a0 \u00a0 \u00a0 \u00a0 2 m\u00e5n<br \/>\nJohan Erik Sundqvist 1818-08-05\u00a0 &#8211; Gide\u00e5 Bruk, Gide\u00e5 fs\u00a0 \u00a0 \u00a0 \u00a0 \u00a0 \u00a0 \u00a0 \u00a0 \u00a0 \u00a0 \u00a0 \u00a0 \u00a0 \u00a0 \u00a0 \u00a0 \u00a0 \u00a0 \u00a0 \u00a0\u2020 \u00a0\u00a01818-12-02 Gide\u00e5 Bruk\u00a0 \u00a0 \u00a0 \u00a0 \u00a0 4 m\u00e5n<br \/>\n<strong>Sofia Johanna Sundqvist 1820-05-26\u00a0 &#8211; Gide\u00e5 Bruk, Gide\u00e5 fs\u00a0 \u00a0 \u00a0 \u00a0 \u00a0 \u00a0 \u00a0 \u00a0 \u2020 \u00a0\u00a01897-04-26\u00a0 \u00a0 \u00a0 \u00a0 \u00a0 \u00a0 \u00a0 \u00a0 \u00a0 \u00a0 \u00a0 \u00a0 \u00a077 \u00e5r<\/strong><br \/>\nKatarina Margareta Sundqvist 1823-07-02\u00a0 &#8211; Gide\u00e5 Bruk, Gide\u00e5 fs\u00a0 \u00a0 \u00a0 \u00a0 \u00a0 \u00a0 \u00a0 \u00a0 \u00a0 \u00a0 \u00a0 \u00a0\u2020 \u00a0\u00a01911-10-08 F\u00f6rsammlings-hemmet\u00a0 88 \u00e5r<br \/>\nJan Erik Sundqvist 1824-10-06\u00a0 &#8211; Gide\u00e5 Bruk, Gide\u00e5 fs<br \/>\nEva Lovisa Sundqvist 1827-05-31\u00a0 &#8211; Gide\u00e5 Bruk, Gide\u00e5 fs\u00a0 \u00a0 \u00a0 \u00a0 \u00a0 \u00a0 \u00a0 \u00a0 \u00a0 \u00a0 \u00a0 \u00a0 \u00a0 \u00a0 \u00a0 \u00a0 \u00a0 \u00a0 \u00a0 \u00a0 \u2020 \u00a0\u00a01828-04-10 Eldsmark\u00a0 \u00a0 \u00a0 \u00a0 \u00a0 \u00a0 \u00a01 \u00e5r<\/p>\n<p><img loading=\"lazy\" decoding=\"async\" class=\"alignnone wp-image-4882\" src=\"http:\/\/media.larsnordvall.se\/2025\/10\/gideabruk.jpg\" alt=\"\" width=\"489\" height=\"239\" srcset=\"http:\/\/media.larsnordvall.se\/2025\/10\/gideabruk.jpg 411w, http:\/\/media.larsnordvall.se\/2025\/10\/gideabruk-300x147.jpg 300w, http:\/\/media.larsnordvall.se\/2025\/10\/gideabruk-18x9.jpg 18w\" sizes=\"auto, (max-width: 489px) 100vw, 489px\" \/><br \/>\nH\u00e4r p\u00e5 <strong>Gide\u00e5 Bruk<\/strong> f\u00f6ddes <strong>Sofia Johanna<\/strong>. Det uppf\u00f6rdes 1805 av br\u00f6derna Classson fr\u00e5n G\u00e4vle. Hammarhus, kolmagasin och arbetarbost\u00e4der byggdes upp, och 1830 stod herrg\u00e5rden f\u00e4rdig. H\u00e4r uppf\u00f6rdes ocks\u00e5 k\u00e4gelbana, ekonomibyggnader till jordbruket samt en skola.<\/p>\n<p><img loading=\"lazy\" decoding=\"async\" class=\"alignnone wp-image-4881\" src=\"http:\/\/media.larsnordvall.se\/2025\/10\/Gidea_torp_web.jpg\" alt=\"\" width=\"481\" height=\"235\" srcset=\"http:\/\/media.larsnordvall.se\/2025\/10\/Gidea_torp_web.jpg 379w, http:\/\/media.larsnordvall.se\/2025\/10\/Gidea_torp_web-300x146.jpg 300w, http:\/\/media.larsnordvall.se\/2025\/10\/Gidea_torp_web-18x9.jpg 18w\" sizes=\"auto, (max-width: 481px) 100vw, 481px\" \/><br \/>\nSofia Johanna\u2019s pappa Erik Sundqvist arbetar som dagkarl, bruksarbetare vid Gide\u00e5 Bruk och \u00e4ven torpare vid Gide\u00e5 Bruk. Familjen Sundqvist \u00e4r skriven i Eldsmark, \u00a0Eldsmark ligger ca 3,5 km fr\u00e5n Gide\u00e5 Bruk. H\u00e4r p\u00e5 bild ett arbetartorp \u00e4gt av Gide\u00e5 Bruk. Mycket troligt att Lars Olof med familj bodde i ett liknande.<\/p>\n<p><img loading=\"lazy\" decoding=\"async\" class=\"alignnone size-full wp-image-4833\" src=\"http:\/\/media.larsnordvall.se\/2025\/09\/blaklocka.gif\" alt=\"\" width=\"100\" height=\"97\" \/>Genom en tragisk olycka 27 november 1828 drunknar <strong>Erik Sundqvist 44 \u00e5r<\/strong> vid det sk Lapps\u00e4te. \u00a0I kyrkboken st\u00e5r f\u00f6ljande: Alla dessa m\u00e4n drunknade p\u00e5 samma st\u00e4lle Bonden Anders Andersson i Wittsj\u00f6 &#8211; 43, Bonde Nils Jonasson i Hittsj\u00f6, Torparen Erik Sundqvist i Eldsmark. Vilka alla stadda p\u00e5 hemresan fr\u00e5n Husum drunknade vid det s\u00e5 kallade Lapps\u00e4te.<\/p>\n<p>Eriks fru Stina 37 \u00e5r blir nu ensam med 6 barn. i och med att \u00e4ldsta sonen Jonas var 18 \u00e5r hans systrar Brita Stina 15 \u00e5r och Maria Magdalena var 14 \u00e5r s\u00e5 fanns det arbetskraft i familjen. Sofia var bara 8 \u00e5r d\u00e5 hon f\u00f6rlorade sin far. Mamma Stina kan ha klarat torpet och dagsverken med hj\u00e4lp av sina barn. Vid 58 \u00e5rs \u00e5lder d\u00f6r Stina ensam i fattighuset i Arn\u00e4s fs.<\/p>\n<p><img loading=\"lazy\" decoding=\"async\" class=\"alignnone wp-image-4883\" src=\"http:\/\/media.larsnordvall.se\/2025\/10\/Fattighus_web.jpg\" alt=\"\" width=\"474\" height=\"258\" srcset=\"http:\/\/media.larsnordvall.se\/2025\/10\/Fattighus_web.jpg 446w, http:\/\/media.larsnordvall.se\/2025\/10\/Fattighus_web-300x163.jpg 300w, http:\/\/media.larsnordvall.se\/2025\/10\/Fattighus_web-18x10.jpg 18w\" sizes=\"auto, (max-width: 474px) 100vw, 474px\" \/><br \/>\nFattigstugor och fattighus var mycket vanligare i s\u00f6dra Sverige medan man i Norrland ofta l\u00f6ste de fattigas situation med naturabidrag fr\u00e5n socknen eller kringg\u00e5ng. Kringg\u00e5ng betydde att den fattige fick g\u00e5 runt i socknen f\u00f6r att f\u00f6rs\u00f6rjas n\u00e5gra dagar p\u00e5 varje hemman och fick arbeta p\u00e5 g\u00e5rdarna efter f\u00f6rm\u00e5ga.<\/p>\n<h3><strong><em><u>Lars Olof \u00a0Nordvall \u00a0forts\u00e4ttning<\/u><\/em><\/strong><\/h3>\n<p>Av Lars Olofs och Sofias sju barn finns det f\u00f6r n\u00e4rvarnde 2 fotografier. Ett p\u00e5 Nils Petter och ett p\u00e5 Lars Magnus som kan ses nedan.<\/p>\n<p><img loading=\"lazy\" decoding=\"async\" class=\"alignnone size-full wp-image-4888\" src=\"http:\/\/media.larsnordvall.se\/2025\/10\/Nils-Petter-Nordvall-1.jpg\" alt=\"\" width=\"212\" height=\"235\" srcset=\"http:\/\/media.larsnordvall.se\/2025\/10\/Nils-Petter-Nordvall-1.jpg 212w, http:\/\/media.larsnordvall.se\/2025\/10\/Nils-Petter-Nordvall-1-11x12.jpg 11w\" sizes=\"auto, (max-width: 212px) 100vw, 212px\" \/><br \/>\n<em><strong>Nils Petter Nordvall ca 41 \u00e5r<\/strong><\/em><br \/>\n<em><strong>Foto : Per Nordwall, Sundsvall\u00a0 <\/strong><\/em><\/p>\n<p><em><strong><img loading=\"lazy\" decoding=\"async\" class=\"alignnone wp-image-4890\" src=\"http:\/\/media.larsnordvall.se\/2025\/10\/Lars_Magnus_w.jpg\" alt=\"\" width=\"200\" height=\"233\" srcset=\"http:\/\/media.larsnordvall.se\/2025\/10\/Lars_Magnus_w.jpg 104w, http:\/\/media.larsnordvall.se\/2025\/10\/Lars_Magnus_w-10x12.jpg 10w\" sizes=\"auto, (max-width: 200px) 100vw, 200px\" \/>\u00a0 \u00a0<\/strong> <\/em><br \/>\n<em><strong>Lars Magnus Nordvall<\/strong><\/em><\/p>\n<p><strong>Nils Petter<\/strong> gifte sig med <strong>Sigrid Kajsa<\/strong> de bosatte sig i <strong>St\u00f6de\/Fanbyn(Sl\u00e4tt\u00e5n<\/strong>). Fanbyn betyder \u201cden \u00e4ldsta byn i trakten\u201d. Den ligger ca 3,5 km s\u00f6der om St\u00f6de kyrka. Nils Petter och Sigrid Kajsa fick bl.a. en dotter 1888-10-15 som d\u00f6ptes till Johanna Nelina Albertina Nordvall (Lina). Lina f\u00f6rblev ogift men fick \u00e4nd\u00e5 tre barn. Ett av barnen d\u00f6ptes till Nils <u>Helmer<\/u> f\u00f6dd 1910-09-21.<\/p>\n<p><strong><img loading=\"lazy\" decoding=\"async\" class=\"alignnone size-full wp-image-4833\" src=\"http:\/\/media.larsnordvall.se\/2025\/09\/blaklocka.gif\" alt=\"\" width=\"100\" height=\"97\" \/>Nils Helmer Nordvall dog 1986-01-12 i St\u00f6de.<\/strong><\/p>\n<p><img loading=\"lazy\" decoding=\"async\" class=\"alignnone size-full wp-image-4889\" src=\"http:\/\/media.larsnordvall.se\/2025\/10\/Nils_petter_Sigrid_kajsa_w.jpg\" alt=\"\" width=\"400\" height=\"558\" srcset=\"http:\/\/media.larsnordvall.se\/2025\/10\/Nils_petter_Sigrid_kajsa_w.jpg 400w, http:\/\/media.larsnordvall.se\/2025\/10\/Nils_petter_Sigrid_kajsa_w-215x300.jpg 215w, http:\/\/media.larsnordvall.se\/2025\/10\/Nils_petter_Sigrid_kajsa_w-9x12.jpg 9w\" sizes=\"auto, (max-width: 400px) 100vw, 400px\" \/>\u00a0 \u00a0 <img loading=\"lazy\" decoding=\"async\" class=\"alignnone size-full wp-image-4891\" src=\"http:\/\/media.larsnordvall.se\/2025\/10\/Johanna_Nelina-_w.jpg\" alt=\"\" width=\"400\" height=\"566\" srcset=\"http:\/\/media.larsnordvall.se\/2025\/10\/Johanna_Nelina-_w.jpg 400w, http:\/\/media.larsnordvall.se\/2025\/10\/Johanna_Nelina-_w-212x300.jpg 212w, http:\/\/media.larsnordvall.se\/2025\/10\/Johanna_Nelina-_w-8x12.jpg 8w\" sizes=\"auto, (max-width: 400px) 100vw, 400px\" \/><br \/>\n<em><strong>Till v\u00e4nster: Nils Petter Nordvall med fru Sigrid Kajsa<\/strong><\/em><br \/>\n<em><strong>Till h\u00f6ger: Nils Petter och Sigrids Kajsas dotter Johanna Nelina Albertina Nordvall (Lina)<\/strong><\/em><br \/>\n<em><strong>Foto : Per Nordwall, Sundsvall<\/strong><\/em><\/p>\n<h3 style=\"text-align: center;\">Lars Magnus Nordvall \u00a0f\u00f6dd 1855-02-04, Eldsmark \u00a0\u2020 1935-10-18<\/h3>\n<p>Livet gick vidare f\u00f6r Lars Olof och Sofia Johannas yngsta son Lars Magnus Nordvall. Han st\u00e5r som torpare f\u00f6rst i Arn\u00e4s fs och sedan i Grundsunda fs.<\/p>\n<p>\u00c4ven <strong>Lars Magnus Nordvall<\/strong> hittar sitt hj\u00e4rtas dam att gifta sig med, hennes namn \u00e4r <strong>Maria Kristina Karlsdotter<\/strong>. Br\u00f6llopet st\u00e5r den 30 oktober 1881. Maria Kristina var \u00e4ven hon f\u00f6dd i Arn\u00e4s fs n\u00e4rmare best\u00e4mt i \u00a0T\u00e4fte\u00e5 1858-04-23. Lars Magnus var 26 \u00e5r och Maria Kristina var 23 \u00e5r n\u00e4r de gifte sig. 1883 flyttar herr och fru Lars Magnus Nordvall in p\u00e5 g\u00e5rden i Kasa, Grundsunda fs. Ett \u00e5r senare 1884-06-22 f\u00f6ds deras f\u00f6rsta barn p\u00e5 Kasa Magnus Leonard.<\/p>\n<p><em><strong>Lars Magnus och Maria Kristinas barn:<\/strong><\/em><\/p>\n<p>Magnus Leonard 1884-06-22\u00a0 &#8211; Kasa, Grundsunda fs\u00a0 \u00a0 \u00a0 \u00a0 \u00a0 \u00a0 \u00a0 \u00a0 \u00a0 \u00a0 \u00a0 \u00a0 \u00a0 \u00a0 \u00a0 \u00a0 \u00a0 \u00a0 \u00a0 \u00a0 \u00a0 \u00a0 \u00a0 \u00a0 \u00a0 \u00a0 \u2020 \u00a0\u00a01918-02-16 Grundsunda 33,5 \u00e5r<br \/>\nKarl Felix 1887-01-18 &#8211; Kasa, Grundsunda fs Till Nord Amerika 1907\u00a0 \u00a0 \u00a0 \u00a0 \u00a0 \u00a0 \u00a0 \u00a0 \u00a0 \u00a0 \u00a0 \u00a0\u2020\u00a0 \u00a01933-10-16, Duluth 44 \u00e5r<br \/>\nFritz 1889-04-10\u00a0 &#8211; Kasa, Grundsunda fs\u00a0 \u00a0 \u00a0 \u00a0 \u00a0 \u00a0 \u00a0 \u00a0 \u00a0 \u00a0 \u00a0 \u00a0 \u00a0 \u00a0 \u00a0 \u00a0 \u00a0 \u00a0 \u00a0 \u00a0 \u00a0 \u00a0 \u00a0 \u00a0 \u00a0 \u00a0 \u00a0 \u00a0 \u00a0 \u00a0 \u00a0 \u00a0 \u00a0 \u00a0 \u00a0 \u00a0 \u00a0 \u2020 \u00a0\u00a01957-12-07 Grundsunda 68 \u00e5r<br \/>\nAnnie 1889-04-10 Kasa, Grundsunda fs\u00a0 \u00a0 \u00a0 \u00a0 \u00a0 \u00a0 \u00a0 \u00a0 \u00a0 \u00a0 \u00a0 \u00a0 \u00a0 \u00a0 \u00a0 \u00a0 \u00a0 \u00a0 \u00a0 \u00a0 \u00a0 \u00a0 \u00a0 \u00a0 \u00a0 \u00a0 \u00a0 \u00a0 \u00a0 \u00a0 \u00a0 \u00a0 \u00a0 \u00a0 \u00a0 \u00a0 \u00a0 \u00a0\u2020 \u00a0\u00a01960-08-01 Grundsunda 71 \u00e5r<\/p>\n<p>Nedan \u00e4r en tavla av Kasa d\u00e4r Lars Magnus och Maria Kristinas fyra barn \u00e4r f\u00f6dda.<\/p>\n<p><img loading=\"lazy\" decoding=\"async\" class=\"alignnone size-full wp-image-4895\" src=\"http:\/\/media.larsnordvall.se\/2025\/10\/Kasaviken_web.jpg\" alt=\"\" width=\"400\" height=\"295\" srcset=\"http:\/\/media.larsnordvall.se\/2025\/10\/Kasaviken_web.jpg 400w, http:\/\/media.larsnordvall.se\/2025\/10\/Kasaviken_web-300x221.jpg 300w, http:\/\/media.larsnordvall.se\/2025\/10\/Kasaviken_web-16x12.jpg 16w\" sizes=\"auto, (max-width: 400px) 100vw, 400px\" \/><br \/>\n<strong><em>M\u00e5lning av Kasa, Husum 1968<\/em><\/strong><\/p>\n<p><strong><img loading=\"lazy\" decoding=\"async\" class=\"alignnone size-full wp-image-4833\" src=\"http:\/\/media.larsnordvall.se\/2025\/09\/blaklocka.gif\" alt=\"\" width=\"100\" height=\"97\" \/><\/strong>Efter 16 \u00e5rs \u00e4ktenskap avlider Maria Kristina den 5 januari 1897 av hj\u00e4rtlidande, hon var bara 39 \u00e5r d\u00e5 hon dog.<\/p>\n<p>I Kasa fanns \u00e5r 1680, 3 st g\u00e5rdar. 100 \u00e5r senare 1780 fanns det bara 2 st g\u00e5rdar. Sedan tog det fart n\u00e4r alla krig var \u00f6ver.<br \/>\n1880 fanns det 4 hemman, 19 torp, 8 arbetarhush\u00e5ll, 1 r\u00e4ttare, 3 skr\u00e4ddare, 1 b\u00e5tsman, 1 sj\u00f6man, 2 sockenlappar, sammanlagt 175 personer, 12 \u00f6ver 65 \u00e5r, 90 vuxna, 73 under 20 \u00e5r.<\/p>\n<p>Lars Magnus \u00e4r nu 42 \u00e5r ensam med sk\u00f6tsel av fyra barn och jordbruk. Oturligt nog dog \u00e4ven Lars Magnus mamma Sofia Johanna bara 3 m\u00e5nader efter hans fru Maria Kristina.<\/p>\n<p>Tv\u00e5 \u00e5r senare den 23 april <strong>1899 gifter Lars Magnus<\/strong> om sig med <strong>M\u00e4rta Carolina \u00d6dling 36 \u00e5r<\/strong>, hon \u00e4r \u00e5tta \u00e5r yngre \u00e4n Lars Magnus som nu \u00e4r 44 \u00e5r.<\/p>\n<p><img loading=\"lazy\" decoding=\"async\" class=\"alignnone wp-image-4896\" src=\"http:\/\/media.larsnordvall.se\/2025\/10\/Lars_Magnus_Carolina_w.jpg\" alt=\"\" width=\"496\" height=\"310\" srcset=\"http:\/\/media.larsnordvall.se\/2025\/10\/Lars_Magnus_Carolina_w.jpg 253w, http:\/\/media.larsnordvall.se\/2025\/10\/Lars_Magnus_Carolina_w-18x12.jpg 18w\" sizes=\"auto, (max-width: 496px) 100vw, 496px\" \/><br \/>\n<em><strong>Lars Magnus och Carolina p\u00e5 \u00e4ldre dagar.<\/strong><\/em><\/p>\n<p>Man f\u00e5r en k\u00e4nsla av att de hade l\u00e4tt till skratt tillsammans, det var v\u00e4ldigt ovanligt att man log p\u00e5 kort p\u00e5 den h\u00e4r tiden.<\/p>\n<p>Carolina har redan en son som heter <strong>Anton och \u00e4r 10 \u00e5r<\/strong>. Carolina med sin son Anton flyttar in p\u00e5 g\u00e5rden i Kasa och tar hand om <strong>Lars Magnus barn Karl Felix \u00e4r 12 \u00e5r, tvillingarna Fritz och Annie \u00e4r 10 \u00e5r.<\/strong><\/p>\n<p>Tv\u00e5 \u00e5r senare f\u00f6ds deras f\u00f6rsta gemensamma barn <strong>Bror Emil 1902-01-02<\/strong>, och efter ytterligare 6 \u00e5r f\u00f6ds <strong>Emils bror Erik Hilmer 1908\u201305-20.<\/strong><\/p>\n<p><strong>Carolinas son:<br \/>\n<\/strong>Johan Anton Nordvall 1889-04-26\u00a0 &#8211; Arn\u00e4s fs\u00a0 \u00a0 \u00a0 \u00a0 \u00a0 \u00a0 \u00a0 \u00a0 \u00a0 \u00a0 \u00a0 \u00a0 \u00a0 \u00a0 \u00a0 \u00a0 \u00a0 \u00a0 \u00a0 \u00a0 \u00a0 \u00a0 \u00a0 \u00a0\u00a0 \u00a0\u2020 1979-04-20 Kasa, Grundsunda 90 \u00e5r<\/p>\n<p><em><strong>Lars Magnus och Carolinas barn:<\/strong><\/em><\/p>\n<p><strong>Bror Emil Nordvall 1902-01-02\u00a0 &#8211; Kasa, Grundsunda fs\u00a0 \u00a0 \u00a0 \u00a0 \u00a0 \u00a0 \u00a0 \u00a0 \u2020 1979-12-10 Kasa, Grundsunda 77 \u00e5r<\/strong><br \/>\nErik Hilmar Nordvall 1908-05-20\u00a0 &#8211; Kasa, Grundsunda fs\u00a0 \u00a0 \u00a0 \u00a0 \u00a0 \u00a0 \u00a0 \u00a0 \u00a0 \u00a0 \u00a0 \u00a0 \u00a0 \u00a0\u2020 2002-06-28 V\u00e4ster\u00e5s 94 \u00e5r<\/p>\n<p>P\u00e5 detta fotot fr\u00e5n 1910 \u00e4r Lars Magnus och Carolinas gemensamma s\u00f6ner Emil och Hilmar. Emil \u00e4r 8 \u00e5r p\u00e5 kortet och Hilmar 2 \u00e5r. M\u00e5nga g\u00e5nger s\u00e5 s\u00e5g pojkar ut som flickor n\u00e4r de var sm\u00e5 p\u00e5 den h\u00e4r tiden. Kanske en praktisk bra l\u00f6sning p\u00e5 d\u00e5tidens bl\u00f6jbyten d\u00e5 l\u00e5ngbyxor m\u00e5ste varit ett gissel att s\u00e4tta p\u00e5 och ta av sm\u00e5 pojkar.<\/p>\n<p><img loading=\"lazy\" decoding=\"async\" class=\"alignnone wp-image-4899\" src=\"http:\/\/media.larsnordvall.se\/2025\/10\/Emil1910_flicka_web1.jpg\" alt=\"\" width=\"322\" height=\"444\" srcset=\"http:\/\/media.larsnordvall.se\/2025\/10\/Emil1910_flicka_web1.jpg 283w, http:\/\/media.larsnordvall.se\/2025\/10\/Emil1910_flicka_web1-218x300.jpg 218w, http:\/\/media.larsnordvall.se\/2025\/10\/Emil1910_flicka_web1-9x12.jpg 9w\" sizes=\"auto, (max-width: 322px) 100vw, 322px\" \/>\u00a0 \u00a0 \u00a0 <img loading=\"lazy\" decoding=\"async\" class=\"alignnone wp-image-4908\" src=\"http:\/\/media.larsnordvall.se\/2025\/10\/Anton_Nordvall_w.jpg\" alt=\"\" width=\"282\" height=\"452\" srcset=\"http:\/\/media.larsnordvall.se\/2025\/10\/Anton_Nordvall_w.jpg 400w, http:\/\/media.larsnordvall.se\/2025\/10\/Anton_Nordvall_w-187x300.jpg 187w, http:\/\/media.larsnordvall.se\/2025\/10\/Anton_Nordvall_w-7x12.jpg 7w\" sizes=\"auto, (max-width: 282px) 100vw, 282px\" \/><br \/>\n<em><strong>Emil och Hilmar Nordvall 1910 och Johan Anton Nordvall 5 \u00e5r gammal<\/strong><\/em><\/p>\n<p><strong>Emil Nordvall<\/strong> blev den pojken som kom att ta \u00f6ver g\u00e5rden Kasa efter sin pappa Lars Magnus. Det var knappa f\u00f6rh\u00e5llanden. Marken var mager och mestadels skogsmark. G\u00e5rden var liten med 4 kossor. Bakom Lars Magnus p\u00e5 bilden nedan syns \u00a0en h\u00f6h\u00e4ssja d\u00e4r man tar tillvara p\u00e5 det gr\u00e4s som v\u00e4xer p\u00e5 g\u00e5rdsplanen f\u00f6r att ha till vintern.<\/p>\n<p><img loading=\"lazy\" decoding=\"async\" class=\"alignnone wp-image-4902\" src=\"http:\/\/media.larsnordvall.se\/2025\/10\/Lars_Magnus.jpg\" alt=\"\" width=\"368\" height=\"421\" srcset=\"http:\/\/media.larsnordvall.se\/2025\/10\/Lars_Magnus.jpg 400w, http:\/\/media.larsnordvall.se\/2025\/10\/Lars_Magnus-262x300.jpg 262w, http:\/\/media.larsnordvall.se\/2025\/10\/Lars_Magnus-10x12.jpg 10w\" sizes=\"auto, (max-width: 368px) 100vw, 368px\" \/><br \/>\n<em><strong>Lars Magnus Nordvall ca 1930 &#8211; 75 \u00e5r, Kasa, Husum<\/strong><\/em><\/p>\n<p>Sedan folkskolestadgan utf\u00e4rdades 1842 tog det flera \u00e5r innan ordnad undervisning kunde p\u00e5b\u00f6rjas. Den f\u00f6rsta skolan var ofta inrymd i ett bostadshus om d\u00e4r fanns plats, i annat fall i bagarstugan eller f\u00f6rm\u00e5nsstugan. Om skolan delades av flera byar flyttade den mellan byarna, som ocks\u00e5 skulle ordna bostad \u00e5t l\u00e4raren. i n\u00e5gra st\u00f6rre byar byggdes tidigt en egen skollokal. Vart Emil och Hilmar gick i skolan finns det inga uppgifter p\u00e5.<\/p>\n<p>Lars Magnus var en duktig snickare och som det var f\u00f6rr s\u00e5 ville man ha n\u00e5got nytt till hemmet fick man snickra ihop det sj\u00e4lv. Lyckligtvis finns ett sk\u00e5p kvar som Lars Magnus sj\u00e4lv har byggt. Ett h\u00f6rnsk\u00e5p som ingen vet exakt n\u00e4r det byggdes. Vem som m\u00e5lat sk\u00e5pet \u00e4r ok\u00e4ndt. Sk\u00e5pet \u00e4r byggt utan spikar.<\/p>\n<p><img loading=\"lazy\" decoding=\"async\" class=\"alignnone size-full wp-image-4903\" src=\"http:\/\/media.larsnordvall.se\/2025\/10\/skap_1_w.jpg\" alt=\"\" width=\"300\" height=\"489\" srcset=\"http:\/\/media.larsnordvall.se\/2025\/10\/skap_1_w.jpg 300w, http:\/\/media.larsnordvall.se\/2025\/10\/skap_1_w-184x300.jpg 184w, http:\/\/media.larsnordvall.se\/2025\/10\/skap_1_w-7x12.jpg 7w\" sizes=\"auto, (max-width: 300px) 100vw, 300px\" \/><br \/>\n<strong><em>Lars Magnus Nordvalls h\u00f6rnsk\u00e5p<\/em><\/strong><\/p>\n<p><em>\u00a0<\/em><img loading=\"lazy\" decoding=\"async\" class=\"alignnone wp-image-4904\" src=\"http:\/\/media.larsnordvall.se\/2025\/10\/skap_krona_w.jpg\" alt=\"\" width=\"325\" height=\"244\" srcset=\"http:\/\/media.larsnordvall.se\/2025\/10\/skap_krona_w.jpg 400w, http:\/\/media.larsnordvall.se\/2025\/10\/skap_krona_w-300x225.jpg 300w, http:\/\/media.larsnordvall.se\/2025\/10\/skap_krona_w-16x12.jpg 16w\" sizes=\"auto, (max-width: 325px) 100vw, 325px\" \/>\u00a0 \u00a0 \u00a0 \u00a0 <img loading=\"lazy\" decoding=\"async\" class=\"alignnone wp-image-4905\" src=\"http:\/\/media.larsnordvall.se\/2025\/10\/skap_lada_w.jpg\" alt=\"\" width=\"325\" height=\"244\" srcset=\"http:\/\/media.larsnordvall.se\/2025\/10\/skap_lada_w.jpg 300w, http:\/\/media.larsnordvall.se\/2025\/10\/skap_lada_w-16x12.jpg 16w\" sizes=\"auto, (max-width: 325px) 100vw, 325px\" \/><br \/>\n<em><strong>Kronan p\u00e5 sk\u00e5pet samt Sk\u00e5pet har \u00e4ven en l\u00e5da nertill med l\u00e5s.<\/strong><\/em><\/p>\n<p>Bror Emil som \u00e4r n\u00e4st yngst av alla barnen Nordvall blir den sonen som tar \u00f6ver g\u00e5rden. N\u00e5gon g\u00e5ng runt 1925 tr\u00e4ffar s\u00e5 Emil sitt hj\u00e4rtas dam, hon heter<strong><em> Nanny Elvira Sj\u00f6berg.<\/em><\/strong> <strong><em>Nanny \u00e4r f\u00f6dd samma \u00e5r som Emil 1902-01-29<\/em><\/strong> i V\u00e4sterlandsj\u00f6, Arn\u00e4s fs.<\/p>\n<p><img loading=\"lazy\" decoding=\"async\" class=\"alignnone size-full wp-image-4907\" src=\"http:\/\/media.larsnordvall.se\/2025\/10\/nanny_svartvit_web.jpg\" alt=\"\" width=\"207\" height=\"264\" srcset=\"http:\/\/media.larsnordvall.se\/2025\/10\/nanny_svartvit_web.jpg 207w, http:\/\/media.larsnordvall.se\/2025\/10\/nanny_svartvit_web-9x12.jpg 9w\" sizes=\"auto, (max-width: 207px) 100vw, 207px\" \/>\u00a0 \u00a0 <img loading=\"lazy\" decoding=\"async\" class=\"alignnone wp-image-4906\" src=\"http:\/\/media.larsnordvall.se\/2025\/10\/emil_svartvit_web.jpg\" alt=\"\" width=\"207\" height=\"265\" srcset=\"http:\/\/media.larsnordvall.se\/2025\/10\/emil_svartvit_web.jpg 202w, http:\/\/media.larsnordvall.se\/2025\/10\/emil_svartvit_web-9x12.jpg 9w\" sizes=\"auto, (max-width: 207px) 100vw, 207px\" \/><br \/>\n<em><strong>Nanny Sj\u00f6berg och Emil Nordvall<\/strong><\/em><\/p>\n<p>Emil och Nanny \u00a0gifter sig i Grundsunda kyrka den 2 oktober 1926, d\u00e5 \u00e4r Nanny redan med barn och \u00e4r i sj\u00e4tte m\u00e5naden.<\/p>\n<p><img loading=\"lazy\" decoding=\"async\" class=\"alignnone size-full wp-image-4911\" src=\"http:\/\/media.larsnordvall.se\/2025\/10\/grundsunda-kyrka_gamal_edit.jpg\" alt=\"\" width=\"400\" height=\"294\" srcset=\"http:\/\/media.larsnordvall.se\/2025\/10\/grundsunda-kyrka_gamal_edit.jpg 400w, http:\/\/media.larsnordvall.se\/2025\/10\/grundsunda-kyrka_gamal_edit-300x221.jpg 300w, http:\/\/media.larsnordvall.se\/2025\/10\/grundsunda-kyrka_gamal_edit-16x12.jpg 16w\" sizes=\"auto, (max-width: 400px) 100vw, 400px\" \/><br \/>\n<em><strong>Grundsunda kyrka med klockstapel d\u00e4r Emil och Nanny gifte sig hos pr\u00e4sten.<\/strong><\/em><br \/>\n<em><strong>Foto fr\u00e5n 1911.<\/strong><\/em><\/p>\n<p>Denna bilden \u00e4r nog sl\u00e5ende lik den dagen Emil och Nanny gifte sig en oktoberdag i Kasa.<\/p>\n<p>Emil och Nanny blev g\u00e5rden Kasa dess nya \u00e4gare, men Emils f\u00f6r\u00e4ldrar Lars Magnus och M\u00e4rta Karolina bor kvar p\u00e5 g\u00e5rden. P\u00e5 den h\u00e4r tiden var m\u00e4nniskorna tvungna att umg\u00e5s och bo tillsammans. Man m\u00e5ste ha varit duktig p\u00e5 att l\u00f6sa konflikter, det gick inte att fly fr\u00e5n dem.<\/p>\n<p><img loading=\"lazy\" decoding=\"async\" class=\"alignnone size-full wp-image-4913\" src=\"http:\/\/media.larsnordvall.se\/2025\/10\/kasagard_web.jpg\" alt=\"\" width=\"800\" height=\"297\" srcset=\"http:\/\/media.larsnordvall.se\/2025\/10\/kasagard_web.jpg 800w, http:\/\/media.larsnordvall.se\/2025\/10\/kasagard_web-300x111.jpg 300w, http:\/\/media.larsnordvall.se\/2025\/10\/kasagard_web-768x285.jpg 768w, http:\/\/media.larsnordvall.se\/2025\/10\/kasagard_web-18x7.jpg 18w, http:\/\/media.larsnordvall.se\/2025\/10\/kasagard_web-705x262.jpg 705w\" sizes=\"auto, (max-width: 800px) 100vw, 800px\" \/><br \/>\n<strong><em>Kasa g\u00e5rd, Husum ca 1940<\/em><\/strong><\/p>\n<p>Detta \u00e4r det sista kortet p\u00e5 Lars Magnus och M\u00e4rta Karolina d\u00e4r hela familjen Nordvall sitter samlade.<\/p>\n<p><img loading=\"lazy\" decoding=\"async\" class=\"alignnone size-full wp-image-4915\" src=\"http:\/\/media.larsnordvall.se\/2025\/10\/Lars-Magnus_med-familjen_tr.jpg\" alt=\"\" width=\"444\" height=\"295\" srcset=\"http:\/\/media.larsnordvall.se\/2025\/10\/Lars-Magnus_med-familjen_tr.jpg 444w, http:\/\/media.larsnordvall.se\/2025\/10\/Lars-Magnus_med-familjen_tr-300x199.jpg 300w, http:\/\/media.larsnordvall.se\/2025\/10\/Lars-Magnus_med-familjen_tr-18x12.jpg 18w\" sizes=\"auto, (max-width: 444px) 100vw, 444px\" \/><br \/>\n<em><strong>Hela familjen Nordvall p\u00e5 farstutrappen ca 1930. <\/strong><\/em><br \/>\n<em><strong>Fr\u00e5n v\u00e4nster: Lars Magnus, Emil med Henry i kn\u00e4t, M\u00e4rta Karolina, <\/strong><\/em><br \/>\n<em><strong>Till h\u00f6ger: Nanny med Lasse i kn\u00e4t.<\/strong><\/em><\/p>\n<p><img loading=\"lazy\" decoding=\"async\" class=\"alignnone wp-image-4917\" src=\"http:\/\/media.larsnordvall.se\/2025\/10\/farfarsfar_web.jpg\" alt=\"\" width=\"219\" height=\"304\" srcset=\"http:\/\/media.larsnordvall.se\/2025\/10\/farfarsfar_web.jpg 300w, http:\/\/media.larsnordvall.se\/2025\/10\/farfarsfar_web-216x300.jpg 216w, http:\/\/media.larsnordvall.se\/2025\/10\/farfarsfar_web-9x12.jpg 9w\" sizes=\"auto, (max-width: 219px) 100vw, 219px\" \/> \u00a0\u00a0<img loading=\"lazy\" decoding=\"async\" class=\"alignnone size-full wp-image-4920\" src=\"http:\/\/media.larsnordvall.se\/2025\/10\/farfarsmor_edit.jpg\" alt=\"\" width=\"193\" height=\"197\" srcset=\"http:\/\/media.larsnordvall.se\/2025\/10\/farfarsmor_edit.jpg 193w, http:\/\/media.larsnordvall.se\/2025\/10\/farfarsmor_edit-12x12.jpg 12w, http:\/\/media.larsnordvall.se\/2025\/10\/farfarsmor_edit-36x36.jpg 36w\" sizes=\"auto, (max-width: 193px) 100vw, 193px\" \/><br \/>\n<strong><em>Lars Magnus ca 1930 i Kasa 75 \u00e5r och M\u00e4rta Karlina ca 1930 i Kasa 67 \u00e5r.<\/em><\/strong><\/p>\n<p><img loading=\"lazy\" decoding=\"async\" class=\"alignnone wp-image-4983\" src=\"http:\/\/media.larsnordvall.se\/2025\/10\/Lars-Magnus-Nordvalls-Familjegrav.jpg\" alt=\"\" width=\"579\" height=\"434\" srcset=\"http:\/\/media.larsnordvall.se\/2025\/10\/Lars-Magnus-Nordvalls-Familjegrav.jpg 800w, http:\/\/media.larsnordvall.se\/2025\/10\/Lars-Magnus-Nordvalls-Familjegrav-300x225.jpg 300w, http:\/\/media.larsnordvall.se\/2025\/10\/Lars-Magnus-Nordvalls-Familjegrav-768x576.jpg 768w, http:\/\/media.larsnordvall.se\/2025\/10\/Lars-Magnus-Nordvalls-Familjegrav-16x12.jpg 16w, http:\/\/media.larsnordvall.se\/2025\/10\/Lars-Magnus-Nordvalls-Familjegrav-705x529.jpg 705w\" sizes=\"auto, (max-width: 579px) 100vw, 579px\" \/><br \/>\n<em><strong>Lars Magnus Nordvalls Familjegrav p\u00e5 Grundsunda Kyrkog\u00e5rd.<\/strong><\/em><br \/>\n<em><strong>H\u00e4r ligger f\u00f6ljande begravda: M\u00e4rta Karolina, Nanny, Lars Magnus och Lars Magnus tv\u00e5 barn fr\u00e5n f\u00f6rsta giftet Annie och Fritz.<\/strong><\/em><\/p>\n<p><strong><img loading=\"lazy\" decoding=\"async\" class=\"alignnone size-full wp-image-4833\" src=\"http:\/\/media.larsnordvall.se\/2025\/09\/blaklocka.gif\" alt=\"\" width=\"100\" height=\"97\" \/><\/strong>Carolina d\u00f6r av hj\u00e4rtlidande den 3 juni 1933. Hon begravs i Grundsunda kyrka. \u00a0Lars Magnus bor kvar hos Emil och Nanny i ytterligare tv\u00e5 \u00e5r. Lars Magnus d\u00f6r vid en \u00e5lder av 80 \u00e5r den 18 oktober 1935. \u00a0Lars Magnus begravs \u00e4ven han i familjegraven p\u00e5 kyrkog\u00e5rden i Grundsunda. \u00a0Kasa som varit Lars Magnus och Carolinas hem i mer \u00e4n 49 \u00e5r g\u00e5r nu vidare till yngsta sonen Emil Nordvall som kommer att bo och bruka jorden i ytterligare 43 \u00e5r.<\/p>\n<p><img loading=\"lazy\" decoding=\"async\" class=\"alignnone wp-image-4923\" src=\"http:\/\/media.larsnordvall.se\/2025\/10\/Kasaviken_karta1.jpg\" alt=\"\" width=\"423\" height=\"482\" srcset=\"http:\/\/media.larsnordvall.se\/2025\/10\/Kasaviken_karta1.jpg 380w, http:\/\/media.larsnordvall.se\/2025\/10\/Kasaviken_karta1-263x300.jpg 263w, http:\/\/media.larsnordvall.se\/2025\/10\/Kasaviken_karta1-11x12.jpg 11w\" sizes=\"auto, (max-width: 423px) 100vw, 423px\" \/><\/p>\n<\/div><\/section><\/div>","protected":false},"excerpt":{"rendered":"","protected":false},"author":1,"featured_media":0,"parent":0,"menu_order":0,"comment_status":"closed","ping_status":"closed","template":"","meta":{"_uag_custom_page_level_css":"","wpm_timeformat":"","_wpm_styles":"","footnotes":""},"class_list":["post-62","page","type-page","status-publish","hentry"],"yoast_head":"<!-- This site is optimized with the Yoast SEO plugin v27.5 - https:\/\/yoast.com\/product\/yoast-seo-wordpress\/ -->\n<title>Lars Magnus Nordvall - LarsNordvall.se<\/title>\n<meta name=\"robots\" content=\"index, follow, max-snippet:-1, max-image-preview:large, max-video-preview:-1\" \/>\n<link rel=\"canonical\" href=\"https:\/\/larsnordvall.se\/en\/lars-magnus-nordvall\/\" \/>\n<meta property=\"og:locale\" content=\"en_US\" \/>\n<meta property=\"og:type\" content=\"article\" \/>\n<meta property=\"og:title\" content=\"Lars Magnus Nordvall - LarsNordvall.se\" \/>\n<meta property=\"og:url\" content=\"https:\/\/larsnordvall.se\/en\/lars-magnus-nordvall\/\" \/>\n<meta property=\"og:site_name\" content=\"LarsNordvall.se\" \/>\n<meta property=\"article:modified_time\" content=\"2025-10-02T22:12:44+00:00\" \/>\n<meta property=\"og:image\" content=\"https:\/\/media.larsnordvall.se\/2024\/10\/larsmagnus_banner-1.jpg\" \/>\n\t<meta property=\"og:image:width\" content=\"1000\" \/>\n\t<meta property=\"og:image:height\" content=\"180\" \/>\n\t<meta property=\"og:image:type\" content=\"image\/jpeg\" \/>\n<meta name=\"twitter:card\" content=\"summary_large_image\" \/>\n<meta name=\"twitter:label1\" content=\"Est. reading time\" \/>\n\t<meta name=\"twitter:data1\" content=\"18 minutes\" \/>\n<script type=\"application\/ld+json\" class=\"yoast-schema-graph\">{\"@context\":\"https:\\\/\\\/schema.org\",\"@graph\":[{\"@type\":\"WebPage\",\"@id\":\"https:\\\/\\\/larsnordvall.se\\\/lars-magnus-nordvall\\\/\",\"url\":\"https:\\\/\\\/larsnordvall.se\\\/lars-magnus-nordvall\\\/\",\"name\":\"Lars Magnus Nordvall - LarsNordvall.se\",\"isPartOf\":{\"@id\":\"https:\\\/\\\/larsnordvall.se\\\/#website\"},\"primaryImageOfPage\":{\"@id\":\"https:\\\/\\\/larsnordvall.se\\\/lars-magnus-nordvall\\\/#primaryimage\"},\"image\":{\"@id\":\"https:\\\/\\\/larsnordvall.se\\\/lars-magnus-nordvall\\\/#primaryimage\"},\"thumbnailUrl\":\"http:\\\/\\\/media.larsnordvall.se\\\/2024\\\/10\\\/larsmagnus_banner-1.jpg\",\"datePublished\":\"2020-10-26T21:11:16+00:00\",\"dateModified\":\"2025-10-02T22:12:44+00:00\",\"breadcrumb\":{\"@id\":\"https:\\\/\\\/larsnordvall.se\\\/lars-magnus-nordvall\\\/#breadcrumb\"},\"inLanguage\":\"en-US\",\"potentialAction\":[{\"@type\":\"ReadAction\",\"target\":[\"https:\\\/\\\/larsnordvall.se\\\/lars-magnus-nordvall\\\/\"]}]},{\"@type\":\"ImageObject\",\"inLanguage\":\"en-US\",\"@id\":\"https:\\\/\\\/larsnordvall.se\\\/lars-magnus-nordvall\\\/#primaryimage\",\"url\":\"http:\\\/\\\/media.larsnordvall.se\\\/2024\\\/10\\\/larsmagnus_banner-1.jpg\",\"contentUrl\":\"http:\\\/\\\/media.larsnordvall.se\\\/2024\\\/10\\\/larsmagnus_banner-1.jpg\"},{\"@type\":\"BreadcrumbList\",\"@id\":\"https:\\\/\\\/larsnordvall.se\\\/lars-magnus-nordvall\\\/#breadcrumb\",\"itemListElement\":[{\"@type\":\"ListItem\",\"position\":1,\"name\":\"Hem\",\"item\":\"https:\\\/\\\/larsnordvall.se\\\/\"},{\"@type\":\"ListItem\",\"position\":2,\"name\":\"Lars Magnus Nordvall\"}]},{\"@type\":\"WebSite\",\"@id\":\"https:\\\/\\\/larsnordvall.se\\\/#website\",\"url\":\"https:\\\/\\\/larsnordvall.se\\\/\",\"name\":\"LarsNordvall.se\",\"description\":\"Ett Vingslag Tillbaka i Tiden!\",\"potentialAction\":[{\"@type\":\"SearchAction\",\"target\":{\"@type\":\"EntryPoint\",\"urlTemplate\":\"https:\\\/\\\/larsnordvall.se\\\/?s={search_term_string}\"},\"query-input\":{\"@type\":\"PropertyValueSpecification\",\"valueRequired\":true,\"valueName\":\"search_term_string\"}}],\"inLanguage\":\"en-US\"}]}<\/script>\n<!-- \/ Yoast SEO plugin. -->","yoast_head_json":{"title":"Lars Magnus Nordvall - LarsNordvall.se","robots":{"index":"index","follow":"follow","max-snippet":"max-snippet:-1","max-image-preview":"max-image-preview:large","max-video-preview":"max-video-preview:-1"},"canonical":"https:\/\/larsnordvall.se\/en\/lars-magnus-nordvall\/","og_locale":"en_US","og_type":"article","og_title":"Lars Magnus Nordvall - LarsNordvall.se","og_url":"https:\/\/larsnordvall.se\/en\/lars-magnus-nordvall\/","og_site_name":"LarsNordvall.se","article_modified_time":"2025-10-02T22:12:44+00:00","og_image":[{"width":1000,"height":180,"url":"https:\/\/media.larsnordvall.se\/2024\/10\/larsmagnus_banner-1.jpg","type":"image\/jpeg"}],"twitter_card":"summary_large_image","twitter_misc":{"Est. reading time":"18 minutes"},"schema":{"@context":"https:\/\/schema.org","@graph":[{"@type":"WebPage","@id":"https:\/\/larsnordvall.se\/lars-magnus-nordvall\/","url":"https:\/\/larsnordvall.se\/lars-magnus-nordvall\/","name":"Lars Magnus Nordvall - LarsNordvall.se","isPartOf":{"@id":"https:\/\/larsnordvall.se\/#website"},"primaryImageOfPage":{"@id":"https:\/\/larsnordvall.se\/lars-magnus-nordvall\/#primaryimage"},"image":{"@id":"https:\/\/larsnordvall.se\/lars-magnus-nordvall\/#primaryimage"},"thumbnailUrl":"http:\/\/media.larsnordvall.se\/2024\/10\/larsmagnus_banner-1.jpg","datePublished":"2020-10-26T21:11:16+00:00","dateModified":"2025-10-02T22:12:44+00:00","breadcrumb":{"@id":"https:\/\/larsnordvall.se\/lars-magnus-nordvall\/#breadcrumb"},"inLanguage":"en-US","potentialAction":[{"@type":"ReadAction","target":["https:\/\/larsnordvall.se\/lars-magnus-nordvall\/"]}]},{"@type":"ImageObject","inLanguage":"en-US","@id":"https:\/\/larsnordvall.se\/lars-magnus-nordvall\/#primaryimage","url":"http:\/\/media.larsnordvall.se\/2024\/10\/larsmagnus_banner-1.jpg","contentUrl":"http:\/\/media.larsnordvall.se\/2024\/10\/larsmagnus_banner-1.jpg"},{"@type":"BreadcrumbList","@id":"https:\/\/larsnordvall.se\/lars-magnus-nordvall\/#breadcrumb","itemListElement":[{"@type":"ListItem","position":1,"name":"Hem","item":"https:\/\/larsnordvall.se\/"},{"@type":"ListItem","position":2,"name":"Lars Magnus Nordvall"}]},{"@type":"WebSite","@id":"https:\/\/larsnordvall.se\/#website","url":"https:\/\/larsnordvall.se\/","name":"LarsNordvall.se","description":"Ett Vingslag Tillbaka i Tiden!","potentialAction":[{"@type":"SearchAction","target":{"@type":"EntryPoint","urlTemplate":"https:\/\/larsnordvall.se\/?s={search_term_string}"},"query-input":{"@type":"PropertyValueSpecification","valueRequired":true,"valueName":"search_term_string"}}],"inLanguage":"en-US"}]}},"uagb_featured_image_src":{"full":false,"thumbnail":false,"medium":false,"medium_large":false,"large":false,"1536x1536":false,"2048x2048":false,"trp-custom-language-flag":false,"widget":false,"square":false,"featured":false,"featured_large":false,"extra_large":false,"portfolio":false,"portfolio_small":false,"gallery":false,"magazine":false,"masonry":false,"entry_with_sidebar":false,"entry_without_sidebar":false},"uagb_author_info":{"display_name":"larsnordvall.se","author_link":"https:\/\/larsnordvall.se\/en\/author\/larsnordvall-se\/"},"uagb_comment_info":0,"uagb_excerpt":null,"_links":{"self":[{"href":"https:\/\/larsnordvall.se\/en\/wp-json\/wp\/v2\/pages\/62","targetHints":{"allow":["GET"]}}],"collection":[{"href":"https:\/\/larsnordvall.se\/en\/wp-json\/wp\/v2\/pages"}],"about":[{"href":"https:\/\/larsnordvall.se\/en\/wp-json\/wp\/v2\/types\/page"}],"author":[{"embeddable":true,"href":"https:\/\/larsnordvall.se\/en\/wp-json\/wp\/v2\/users\/1"}],"replies":[{"embeddable":true,"href":"https:\/\/larsnordvall.se\/en\/wp-json\/wp\/v2\/comments?post=62"}],"version-history":[{"count":26,"href":"https:\/\/larsnordvall.se\/en\/wp-json\/wp\/v2\/pages\/62\/revisions"}],"predecessor-version":[{"id":4985,"href":"https:\/\/larsnordvall.se\/en\/wp-json\/wp\/v2\/pages\/62\/revisions\/4985"}],"wp:attachment":[{"href":"https:\/\/larsnordvall.se\/en\/wp-json\/wp\/v2\/media?parent=62"}],"curies":[{"name":"wp","href":"https:\/\/api.w.org\/{rel}","templated":true}]}}