{"id":63,"date":"2020-10-26T21:11:16","date_gmt":"2020-10-26T21:11:16","guid":{"rendered":"https:\/\/larsnordvall.se\/?page_id=63"},"modified":"2025-10-02T14:05:29","modified_gmt":"2025-10-02T14:05:29","slug":"anton-nordvall","status":"publish","type":"page","link":"https:\/\/larsnordvall.se\/en\/anton-nordvall\/","title":{"rendered":"Anton Nordvall"},"content":{"rendered":"<div class=\"flex_column av_one_full  flex_column_div av-zero-column-padding first  avia-builder-el-0  el_before_av_one_half  avia-builder-el-first\" style='border-radius:0px; '><section class=\"av_textblock_section\"  itemscope=\"itemscope\" itemtype=\"https:\/\/schema.org\/CreativeWork\" ><div class='avia_textblock'   itemprop=\"text\" ><h3><img loading=\"lazy\" decoding=\"async\" class=\"alignnone size-full wp-image-4527\" src=\"http:\/\/media.larsnordvall.se\/2024\/10\/banner_anton_w.jpg\" alt=\"\" width=\"1000\" height=\"180\" srcset=\"http:\/\/media.larsnordvall.se\/2024\/10\/banner_anton_w.jpg 1000w, http:\/\/media.larsnordvall.se\/2024\/10\/banner_anton_w-300x54.jpg 300w, http:\/\/media.larsnordvall.se\/2024\/10\/banner_anton_w-768x138.jpg 768w, http:\/\/media.larsnordvall.se\/2024\/10\/banner_anton_w-18x3.jpg 18w, http:\/\/media.larsnordvall.se\/2024\/10\/banner_anton_w-705x127.jpg 705w\" sizes=\"auto, (max-width: 1000px) 100vw, 1000px\" \/><\/h3>\n<h3 style=\"text-align: center;\"><strong>Johan <\/strong>Anton <strong>Nordvall\u00a0 <\/strong><\/h3>\n<p style=\"text-align: center;\"><strong>F\u00f6dd 26 april, 1889\u00a0 H\u00f6gbyn, Arn\u00e4s fs.<br \/>\nD\u00f6d: 20 april 1979 &#8211; 89 \u00e5r<\/strong><\/p>\n<\/div><\/section><\/div><div class=\"flex_column av_one_half  flex_column_div av-zero-column-padding first  avia-builder-el-2  el_after_av_one_full  el_before_av_one_half  column-top-margin\" style='border-radius:0px; '><section class=\"av_textblock_section\"  itemscope=\"itemscope\" itemtype=\"https:\/\/schema.org\/CreativeWork\" ><div class='avia_textblock'   itemprop=\"text\" ><p>1889-04-26 f\u00f6dde M\u00e4rta Karolina \u00d6dling 26 \u00e5r i H\u00f6gbyn , Arn\u00e4s fs en son som d\u00f6ptes till Johan <strong>Anton<\/strong> Johansson senare <strong>Nordvall<\/strong>. Antons pappa \u00e4r ok\u00e4nd. O\u00e4kta barn var vanligt f\u00f6rekommande p\u00e5 denna tiden trots att det inte s\u00e5gs med blida \u00f6gon.<\/p>\n<p>Antons morfar \u00a0Johan Erik \u00d6dling Eriksson f\u00f6ddes 1822-06-21 i \u00d6sterbursj\u00f6 i Arn\u00e4s fs. Han levde sitt liv som torpare i \u00d6sterbursj\u00f6, V\u00e4sterbursj\u00f6 och i Idbyn. Alla byar l\u00e5g inom Arn\u00e4s fs. N\u00e4r Johan var 37 \u00e5r, 1859-10-14 hade han tillr\u00e4ckligt med pengar f\u00f6r att gifta sig med Katarina Persdotter 29 \u00e5r, f\u00f6dd 1825-12-20 i Nordan\u00e5s i Sj\u00e4levad fs. Johan Erik och Katarina gifte sig i Sj\u00e4levds kyrka. Prosten som vigde Johan och Katarina hette Jonas Emanuel Dyn\u00e6sius.<\/p>\n<\/div><\/section><\/div><\/p>\n<div class=\"flex_column av_one_half  flex_column_div av-zero-column-padding   avia-builder-el-4  el_after_av_one_half  el_before_av_one_full  column-top-margin\" style='border-radius:0px; '><section class=\"av_textblock_section\"  itemscope=\"itemscope\" itemtype=\"https:\/\/schema.org\/CreativeWork\" ><div class='avia_textblock'   itemprop=\"text\" ><p><img loading=\"lazy\" decoding=\"async\" class=\"alignnone wp-image-4458\" src=\"http:\/\/media.larsnordvall.se\/2024\/10\/sjalevads_kyrka-300x214.jpg\" alt=\"\" width=\"398\" height=\"284\" srcset=\"http:\/\/media.larsnordvall.se\/2024\/10\/sjalevads_kyrka-300x214.jpg 300w, http:\/\/media.larsnordvall.se\/2024\/10\/sjalevads_kyrka-18x12.jpg 18w, http:\/\/media.larsnordvall.se\/2024\/10\/sjalevads_kyrka-260x185.jpg 260w, http:\/\/media.larsnordvall.se\/2024\/10\/sjalevads_kyrka.jpg 329w\" sizes=\"auto, (max-width: 398px) 100vw, 398px\" \/><br \/>\nSj\u00e4levads gamla kyrka ovanf\u00f6r bron \u00f6ver Pr\u00e4stsundet fr\u00e5n 1200-talet. \u00c5ngb\u00e5tens namn \u00e4r &#8221;Laxen&#8221;.<\/p>\n<\/div><\/section><\/div>\n<div class=\"flex_column av_one_full  flex_column_div av-zero-column-padding first  avia-builder-el-6  el_after_av_one_half  el_before_av_one_half  column-top-margin\" style='border-radius:0px; '><section class=\"av_textblock_section\"  itemscope=\"itemscope\" itemtype=\"https:\/\/schema.org\/CreativeWork\" ><div class='avia_textblock'   itemprop=\"text\" ><p>Sj\u00e4levads gamla medeltida kyrka \u00e4r byggd p\u00e5 1200-talet. Kyrkan utgjorde en enkel rektangul\u00e4r stenbyggnad utan torn, 45\u00bd aln. l\u00e5ng, 17\u00bd aln. bred, 16 aln. h\u00f6g, f\u00f6rsedd medvapenhus och sakristia samt prydd med tegelornering \u00e5tminstone \u00e5 v\u00e4stra gafveln. Innerv\u00e4ggarna voro f\u00f6rsedda med m\u00e5lningar, som \u00f6fverkalkades vid en reparation p\u00e5 1700-talet. Hon b\u00f6rjade rifvas 29 maj 1876. Man gjorde det i hemlighet s\u00e5 att f\u00f6rsamlingen inte skulle bli \u00a0uppr\u00f6rd. Det slutade med att man fick spr\u00e4nga bort den gamla stenkyrka eftersom den var s\u00e5 v\u00e4lbyggd.<\/p>\n<p><strong>Johan och Katarina fick fem barn tillsammans varav 3 \u00f6verlevde.<\/strong><\/p>\n<p>Erika \u00d6dling 1860-07-13 \u00d6sterbursj\u00f6, Arn\u00e4s fs \u2020 1860-12-26 \u00d6sterbursj\u00f6, Arn\u00e4s fs 5 m\u00e5n<br \/>\nErika \u00d6dling 1861-11-02 \u00d6sterbursj\u00f6, Arn\u00e4s fs<br \/>\n<em><strong>M\u00e4rta Karolina<\/strong> <strong>1863-01-01 V\u00e4sterbursj\u00f6, Arn\u00e4s fs<\/strong><\/em><br \/>\nJohan Petter 1867-01-10 Idbyn, Arn\u00e4s fs \u2020 1867-05-13 Idbyn, Arn\u00e4s fs 4 m\u00e5n<br \/>\nJohan Petter 1871-12-15 Idbyn, Arn\u00e4s fs<\/p>\n<p>Enligt husf\u00f6rh\u00f6rsl\u00e4ngden var Johan Erik \u00d6dling Eriksson utfattig 1873. Det var sv\u00e5ra tider i Sverige det var missv\u00e4xt och m\u00e5nga begav sig in till storst\u00e4derna efter jobb f\u00f6r att kunna f\u00f6rs\u00f6rja sina familjer. Att emigrera till America var det mer \u00e4n en miljon svenskar som gjorde i slutet av 1800-talet.<br \/>\nFamiljen \u00d6dling Eriksson flyttade till H\u00f6gbyn 1872, de f\u00f6rblev torpare t.o.m 1894. Efter 1894 \u00a0levde Johan Erik och Katarina som \u00a0inhysejon i H\u00f6gbyn. D.v.s de fick arbeta s\u00e5 gott de kunde f\u00f6r tak \u00f6ver huvudet och mat f\u00f6r dagen. Johan Erik var d\u00e5 72 \u00e5r och Katarina 69 \u00e5r.<\/p>\n<p><img loading=\"lazy\" decoding=\"async\" class=\"alignnone size-medium wp-image-4460\" src=\"http:\/\/media.larsnordvall.se\/2024\/10\/blaklocka.gif\" alt=\"\" width=\"100\" height=\"97\" \/>Johan Erik \u00d6dling Eriksson slutade sina dagar 1907-02-17, t\u00e4tt f\u00f6ljd av sin fru Katarina. Katarina dog \u00a0n\u00e4stan p\u00e5 dagen 8 m\u00e5nader senare 1907-10-23. Johan Erik blev trots ett h\u00e5rt och arbetsamt liv 85 \u00e5r och hans fru Katarina 82 \u00e5r. B\u00e5da dog i H\u00f6gbyn i Arn\u00e4s fs.<\/p>\n<\/div><\/section><\/div>\n<div class=\"flex_column av_one_half  flex_column_div av-zero-column-padding first  avia-builder-el-8  el_after_av_one_full  el_before_av_one_half  column-top-margin\" style='border-radius:0px; '><section class=\"av_textblock_section\"  itemscope=\"itemscope\" itemtype=\"https:\/\/schema.org\/CreativeWork\" ><div class='avia_textblock'   itemprop=\"text\" ><p><img loading=\"lazy\" decoding=\"async\" class=\"alignnone size-medium wp-image-4461\" src=\"http:\/\/media.larsnordvall.se\/2024\/10\/Anton_5_red-197x300.jpg\" alt=\"\" width=\"197\" height=\"300\" srcset=\"http:\/\/media.larsnordvall.se\/2024\/10\/Anton_5_red-197x300.jpg 197w, http:\/\/media.larsnordvall.se\/2024\/10\/Anton_5_red-8x12.jpg 8w, http:\/\/media.larsnordvall.se\/2024\/10\/Anton_5_red.jpg 400w\" sizes=\"auto, (max-width: 197px) 100vw, 197px\" \/><\/p>\n<p>Johan <em><strong>Anton<\/strong><\/em> Johansson 5 \u00e5r<\/p>\n<\/div><\/section><\/div>\n<div class=\"flex_column av_one_half  flex_column_div av-zero-column-padding   avia-builder-el-10  el_after_av_one_half  el_before_av_one_full  column-top-margin\" style='border-radius:0px; '><section class=\"av_textblock_section\"  itemscope=\"itemscope\" itemtype=\"https:\/\/schema.org\/CreativeWork\" ><div class='avia_textblock'   itemprop=\"text\" ><p>1889-04-26 f\u00f6dde M\u00e4rta Karolina \u00d6dling 26 \u00e5r i H\u00f6gbyn , Arn\u00e4s fs en son som d\u00f6ptes till Johan<strong> Anton<\/strong> Johansson. Antons pappa \u00e4r ok\u00e4nd. O\u00e4kta barn var vanligt f\u00f6rekommande p\u00e5 denna tiden trots att det inte s\u00e5gs med blida \u00f6gon.<\/p>\n<p>M\u00e4rta Karolina f\u00f6dde sitt barn Anton hemma hos sin mamma och pappa i H\u00f6gbyn. Hon d\u00f6pte ocks\u00e5 Anton efter sin far Johan <strong>Anton<\/strong> Johansson. \u00c5r 1890 knappt ett \u00e5r senare arbetar M\u00e4rta Karolina som piga hos bonden Per Ersson i T\u00e4vra, Arn\u00e4s fs. T\u00e4vra ligger ca 2,5 km sydv\u00e4st om H\u00f6gbyn och ca 4 km s\u00f6der om Kasa.<\/p>\n<p>Per Ersson hade i sitt hush\u00e5ll 1890 sin fru Anna Maria Jonsdotter f. 1814 och deras son Jonas f. 1847. P\u00e5 g\u00e5rden fanns tv\u00e5 pigor anst\u00e4llda den ena var <strong>M\u00e4rta Karolina med sin son Anton<\/strong>. Den andra pigan var Emma Kristina Norddling f. 1872.<\/p>\n<p>Vad M\u00e4rta Karolina gjorde mellan 1890 och 1899 d\u00e5 hon gifte sig med <a href=\"https:\/\/larsnordvall.se\/en\/anton-nordvall\/\">Lars Magnus Nordvall<\/a> vet man inte. Men det faller sig naturligt att de tr\u00e4ffades d\u00e5 deras g\u00e5rdar bara l\u00e5g 4 km fr\u00e5n varandra.<\/p>\n<\/div><\/section><\/div>\n<div class=\"flex_column av_one_full  flex_column_div av-zero-column-padding first  avia-builder-el-12  el_after_av_one_half  el_before_av_one_half  column-top-margin\" style='border-radius:0px; '><section class=\"av_textblock_section\"  itemscope=\"itemscope\" itemtype=\"https:\/\/schema.org\/CreativeWork\" ><div class='avia_textblock'   itemprop=\"text\" ><p><img loading=\"lazy\" decoding=\"async\" class=\"wp-image-4462 aligncenter\" src=\"http:\/\/media.larsnordvall.se\/2024\/10\/kasagard_web-300x111.jpg\" alt=\"\" width=\"630\" height=\"233\" srcset=\"http:\/\/media.larsnordvall.se\/2024\/10\/kasagard_web-300x111.jpg 300w, http:\/\/media.larsnordvall.se\/2024\/10\/kasagard_web-768x285.jpg 768w, http:\/\/media.larsnordvall.se\/2024\/10\/kasagard_web-18x7.jpg 18w, http:\/\/media.larsnordvall.se\/2024\/10\/kasagard_web-705x262.jpg 705w, http:\/\/media.larsnordvall.se\/2024\/10\/kasagard_web.jpg 800w\" sizes=\"auto, (max-width: 630px) 100vw, 630px\" \/><\/p>\n<p style=\"text-align: center;\"><strong><em>G\u00e5rden Kasa, Husum d\u00e4r Anton v\u00e4xte upp.\u00a0<\/em><\/strong><\/p>\n<p>N\u00e4r Anton Nordvall var 10 \u00e5r 1899 gifte sig hans mamma med \u00a0Lars Magnus Nordvall fr\u00e5n Kasaviken. Han var \u00e4nkling med fyra barn varav de tv\u00e5 yngsta tvillingarna Felix och Annie var i samma \u00e5lder som Anton. Anton tar nu namnet Nordvall som efternamn. Tv\u00e5 \u00e5r senare n\u00e4r Anton var 12 \u00e5r f\u00f6dde M\u00e4rta Karolina sitt och Lars Magnus f\u00f6rsta gemensamma barn, <a href=\"https:\/\/larsnordvall.se\/en\/emil-nordvall\/\">Bror <strong>Emil Nordvall<\/strong> <\/a>1902-01-02. Sex \u00e5r senare n\u00e4r Anton var 18 \u00e5r, f\u00f6ddes \u00e4nnu en halvbror Erik Hilmar 1908-05-20. \u00a0Anton bodde och arbetade p\u00e5 g\u00e5rden i Kasaviken tills han blev 20 \u00e5r, 1909.<\/p>\n<\/div><\/section><\/div>\n<div class=\"flex_column av_one_half  flex_column_div av-zero-column-padding first  avia-builder-el-14  el_after_av_one_full  el_before_av_one_half  column-top-margin\" style='border-radius:0px; '><section class=\"av_textblock_section\"  itemscope=\"itemscope\" itemtype=\"https:\/\/schema.org\/CreativeWork\" ><div class='avia_textblock'   itemprop=\"text\" ><p>Antons \u00e4ldre styvbror Karl <strong>Felix Nordvall<\/strong>, \u00a0var tv\u00e5 \u00e5r \u00e4ldre \u00e4n Anton. Han emigrerade till Amerika redan 1907. Det m\u00e5ste ha lockat Anton som d\u00e5 var 18 \u00e5r gammal. Tv\u00e5 \u00e5r senare den 16 juni 1909 var det dags f\u00f6r Anton sj\u00e4lv att g\u00f6ra den l\u00e5nga resan till Amerika med slutdestination Los Angeles, Californien.<\/p>\n<p>Wilson-Linjen trafikerade mellan G\u00f6teborg och Grimsby hamn med postb\u00e5tar som tog 1000 passagerare och \u00e4ven boskap. Dessa \u201dpostb\u00e5tar \u201d hade <strong>6 stycken livb\u00e5tar till 1000 passagerare.<\/strong><br \/>\nAnton tog b\u00e5ten, \u00e5ngfartyget Montebello fr\u00e5n G\u00f6teborgs hamn som tog honom till Grimsby Docks, Liverpool, England. Resan \u00f6ver Nordsj\u00f6n tog 2 dagar .<\/p>\n<\/div><\/section><\/div>\n<div class=\"flex_column av_one_half  flex_column_div av-zero-column-padding   avia-builder-el-16  el_after_av_one_half  el_before_av_one_half  column-top-margin\" style='border-radius:0px; '><section class=\"av_textblock_section\"  itemscope=\"itemscope\" itemtype=\"https:\/\/schema.org\/CreativeWork\" ><div class='avia_textblock'   itemprop=\"text\" ><p><img loading=\"lazy\" decoding=\"async\" class=\"wp-image-4465 aligncenter\" src=\"http:\/\/media.larsnordvall.se\/2024\/10\/anton_usa_red-198x300.jpg\" alt=\"\" width=\"263\" height=\"398\" srcset=\"http:\/\/media.larsnordvall.se\/2024\/10\/anton_usa_red-198x300.jpg 198w, http:\/\/media.larsnordvall.se\/2024\/10\/anton_usa_red-680x1030.jpg 680w, http:\/\/media.larsnordvall.se\/2024\/10\/anton_usa_red-768x1163.jpg 768w, http:\/\/media.larsnordvall.se\/2024\/10\/anton_usa_red-8x12.jpg 8w, http:\/\/media.larsnordvall.se\/2024\/10\/anton_usa_red-466x705.jpg 466w, http:\/\/media.larsnordvall.se\/2024\/10\/anton_usa_red.jpg 914w\" sizes=\"auto, (max-width: 263px) 100vw, 263px\" \/><\/p>\n<p style=\"text-align: center;\"><strong><em>Anton Nordvall, fotot taget i Los Angeles<\/em><\/strong><\/p>\n<\/div><\/section><\/div>\n<div class=\"flex_column av_one_half  flex_column_div av-zero-column-padding first  avia-builder-el-18  el_after_av_one_half  el_before_av_one_half  column-top-margin\" style='border-radius:0px; '><section class=\"av_textblock_section\"  itemscope=\"itemscope\" itemtype=\"https:\/\/schema.org\/CreativeWork\" ><div class='avia_textblock'   itemprop=\"text\" ><p><img loading=\"lazy\" decoding=\"async\" class=\"alignnone size-medium wp-image-4467\" src=\"http:\/\/media.larsnordvall.se\/2024\/10\/Emigrant_Gtb_bat-300x222.jpg\" alt=\"\" width=\"300\" height=\"222\" srcset=\"http:\/\/media.larsnordvall.se\/2024\/10\/Emigrant_Gtb_bat-300x222.jpg 300w, http:\/\/media.larsnordvall.se\/2024\/10\/Emigrant_Gtb_bat-16x12.jpg 16w, http:\/\/media.larsnordvall.se\/2024\/10\/Emigrant_Gtb_bat.jpg 400w\" sizes=\"auto, (max-width: 300px) 100vw, 300px\" \/><br \/>\n<strong><em>Emigrantb\u00e5t i G\u00f6teborgs hamn<\/em><\/strong><\/p>\n<\/div><\/section><\/div>\n<div class=\"flex_column av_one_half  flex_column_div av-zero-column-padding   avia-builder-el-20  el_after_av_one_half  el_before_av_one_full  column-top-margin\" style='border-radius:0px; '><section class=\"av_textblock_section\"  itemscope=\"itemscope\" itemtype=\"https:\/\/schema.org\/CreativeWork\" ><div class='avia_textblock'   itemprop=\"text\" ><p><img loading=\"lazy\" decoding=\"async\" class=\"alignnone wp-image-4468\" src=\"http:\/\/media.larsnordvall.se\/2024\/10\/Grimsby-docks1-300x196.jpg\" alt=\"\" width=\"337\" height=\"220\" srcset=\"http:\/\/media.larsnordvall.se\/2024\/10\/Grimsby-docks1-300x196.jpg 300w, http:\/\/media.larsnordvall.se\/2024\/10\/Grimsby-docks1-18x12.jpg 18w, http:\/\/media.larsnordvall.se\/2024\/10\/Grimsby-docks1.jpg 500w\" sizes=\"auto, (max-width: 337px) 100vw, 337px\" \/><br \/>\n<strong><em>Grimsby Docks, Liverpool, England<\/em><\/strong><\/p>\n<\/div><\/section><\/div>\n<div class=\"flex_column av_one_full  flex_column_div av-zero-column-padding first  avia-builder-el-22  el_after_av_one_half  el_before_av_one_half  column-top-margin\" style='border-radius:0px; '><section class=\"av_textblock_section\"  itemscope=\"itemscope\" itemtype=\"https:\/\/schema.org\/CreativeWork\" ><div class='avia_textblock'   itemprop=\"text\" ><p style=\"text-align: left;\">Fr\u00e5n Grimsby Docks, England \u00a0tog Anton t\u00e5get till Liverpool. Den 25 juni 1909 klev Anton p\u00e5 b\u00e5ten R:M:S Celtic som tog honom \u00f6ver Atlanten p\u00e5 9 dagar.<\/p>\n<p style=\"text-align: left;\"><strong><em>R.M.S Celtic <\/em><\/strong>\u00e4gdes av White Star linjen. Celtic var den f\u00f6rsta av fyra systerb\u00e5tar som v\u00e4gde mer \u00e4n 20 000 ton som byggdes av White Star linjen. De var 697,5 fot (212 m)l\u00e5nga, 75,5 fot (23 m)breda. R.M.S Celtic hade 10 livb\u00e5tar. De fyra syster skeppen kallades f\u00f6r \u201cThe big four\u201d. R.M.S Celtic gjorde 16 knop \u00a0(30 km\/h) och hade 2 propellrar.<\/p>\n<p style=\"text-align: left;\">R:M:S Celtic sj\u00f6sattes den 4 april 1901 I Belfast, Irland, och gjorde sin f\u00f6rsta resa fr\u00e5n Liverpool till New York 26 juli samma \u00e5r. Celtic tog 2,857 passagerare. 300 1:a klass, 160 2:a klass och 2,350 3:e klass passagerare.<strong>\u00a0 \u00a0<\/strong><em><strong><br \/>\n<\/strong><\/em><\/p>\n<\/div><\/section><\/div>\n<div class=\"flex_column av_one_half  flex_column_div av-zero-column-padding first  avia-builder-el-24  el_after_av_one_full  el_before_av_one_half  column-top-margin\" style='border-radius:0px; '><section class=\"av_textblock_section\"  itemscope=\"itemscope\" itemtype=\"https:\/\/schema.org\/CreativeWork\" ><div class='avia_textblock'   itemprop=\"text\" ><p><strong><em><img loading=\"lazy\" decoding=\"async\" class=\"alignnone wp-image-4475\" src=\"http:\/\/media.larsnordvall.se\/2024\/10\/Celtic_kaj-1-300x196.jpg\" alt=\"\" width=\"337\" height=\"220\" srcset=\"http:\/\/media.larsnordvall.se\/2024\/10\/Celtic_kaj-1-300x196.jpg 300w, http:\/\/media.larsnordvall.se\/2024\/10\/Celtic_kaj-1-18x12.jpg 18w, http:\/\/media.larsnordvall.se\/2024\/10\/Celtic_kaj-1.jpg 400w\" sizes=\"auto, (max-width: 337px) 100vw, 337px\" \/><\/em><\/strong><\/p>\n<p><em><strong>R.M.S Celtic vid kajen i Liverpool<\/strong><\/em><\/p>\n<\/div><\/section><\/div>\n<div class=\"flex_column av_one_half  flex_column_div av-zero-column-padding   avia-builder-el-26  el_after_av_one_half  el_before_av_one_full  column-top-margin\" style='border-radius:0px; '><section class=\"av_textblock_section\"  itemscope=\"itemscope\" itemtype=\"https:\/\/schema.org\/CreativeWork\" ><div class='avia_textblock'   itemprop=\"text\" ><p><img loading=\"lazy\" decoding=\"async\" class=\"alignnone wp-image-4476\" src=\"http:\/\/media.larsnordvall.se\/2024\/10\/RMS_Celtic-1-300x192.jpg\" alt=\"\" width=\"346\" height=\"221\" srcset=\"http:\/\/media.larsnordvall.se\/2024\/10\/RMS_Celtic-1-300x192.jpg 300w, http:\/\/media.larsnordvall.se\/2024\/10\/RMS_Celtic-1-18x12.jpg 18w, http:\/\/media.larsnordvall.se\/2024\/10\/RMS_Celtic-1.jpg 400w\" sizes=\"auto, (max-width: 346px) 100vw, 346px\" \/><br \/>\n<em><strong>R.M.S Celtic p\u00e5 v\u00e4g till New York<\/strong><\/em><\/p>\n<\/div><\/section><\/div>\n<div class=\"flex_column av_one_full  flex_column_div av-zero-column-padding first  avia-builder-el-28  el_after_av_one_half  el_before_av_one_third  column-top-margin\" style='border-radius:0px; '><section class=\"av_textblock_section\"  itemscope=\"itemscope\" itemtype=\"https:\/\/schema.org\/CreativeWork\" ><div class='avia_textblock'   itemprop=\"text\" ><p style=\"text-align: left;\">Efter 2 veckor till sj\u00f6ss under mycket tr\u00e5nga f\u00f6rh\u00e5llanden kom s\u00e5 Anton till New York 3 juli 1909. F\u00f6rsta och andra klass passagerare beh\u00f6vde inte g\u00e5 igenom n\u00e5gon h\u00e4lsokontroll eller n\u00e5gon inspection p\u00e5 Ellis Island. De fick g\u00f6ra allt detta ombord p\u00e5 b\u00e5ten. Amerikanarnas teori var att hade man r\u00e5d att k\u00f6pa en f\u00f6rsta eller andra klass biljett s\u00e5 var chansen mindre att man skulle bli en b\u00f6rda f\u00f6r den Amerikanska staten \u00a0pga av medecinska eller lagliga anledningar. Det var bara om dessa passagerare var sjuka eller hade n\u00e5gra lagliga problem som de blev s\u00e4nda till Ellis Island.<\/p>\n<p>S\u00e5 n\u00e4r skeppen lade till vid Hudson eller \u00d6stra piren var det bara dessa passagerare som fick g\u00e5 av skeppen, g\u00e5 igenom tullen och sedan var de i Amerika.<\/p>\n<p>Men f\u00f6r tredje klass passagerana var det helt annolunda. De bodde mycket tr\u00e5ngt och utan all form av lyx. Deras hytter l\u00e5g n\u00e4rmast botten p\u00e5 \u00e5ngfartygen. S\u00e5 h\u00e4r s\u00e5g det oftast ut. Bilderna nedan \u00e4r fr\u00e5n ett annat fartyg M\/S Saxonia som trafikerade samma rutt 1909.<\/p>\n<\/div><\/section><\/div>\n<div class=\"flex_column av_one_third  flex_column_div av-zero-column-padding first  avia-builder-el-30  el_after_av_one_full  el_before_av_one_third  column-top-margin\" style='border-radius:0px; '><section class=\"av_textblock_section\"  itemscope=\"itemscope\" itemtype=\"https:\/\/schema.org\/CreativeWork\" ><div class='avia_textblock'   itemprop=\"text\" ><p><img loading=\"lazy\" decoding=\"async\" class=\"alignnone wp-image-4479\" src=\"http:\/\/media.larsnordvall.se\/2024\/10\/Saxonia_3rdClassSmokeRoom.gif\" alt=\"\" width=\"312\" height=\"219\" \/><br \/>\n<em><strong>Saxonia-3:e klass r\u00f6krum<\/strong><\/em><\/p>\n<\/div><\/section><\/div>\n<div class=\"flex_column av_one_third  flex_column_div av-zero-column-padding   avia-builder-el-32  el_after_av_one_third  el_before_av_one_third  column-top-margin\" style='border-radius:0px; '><section class=\"av_textblock_section\"  itemscope=\"itemscope\" itemtype=\"https:\/\/schema.org\/CreativeWork\" ><div class='avia_textblock'   itemprop=\"text\" ><p><img loading=\"lazy\" decoding=\"async\" class=\"alignnone wp-image-4480\" src=\"http:\/\/media.larsnordvall.se\/2024\/10\/saxonia_3rdClassDiningRoom.gif\" alt=\"\" width=\"310\" height=\"218\" \/><br \/>\n<em><strong>Saxonia-3:e klass &#8211; matrum<\/strong><\/em><\/p>\n<\/div><\/section><\/div>\n<div class=\"flex_column av_one_third  flex_column_div av-zero-column-padding   avia-builder-el-34  el_after_av_one_third  el_before_av_one_half  column-top-margin\" style='border-radius:0px; '><section class=\"av_textblock_section\"  itemscope=\"itemscope\" itemtype=\"https:\/\/schema.org\/CreativeWork\" ><div class='avia_textblock'   itemprop=\"text\" ><p><img loading=\"lazy\" decoding=\"async\" class=\"alignnone wp-image-4481\" src=\"http:\/\/media.larsnordvall.se\/2024\/10\/Saxonia_3rdClass4BerthRoom-.gif\" alt=\"\" width=\"381\" height=\"238\" \/><br \/>\n<em><strong>Foto fr\u00e5n SS Campania systerfartyg till SS Saxonia. 3:e klass sovhytt<\/strong><\/em><\/p>\n<\/div><\/section><\/div>\n<div class=\"flex_column av_one_half  flex_column_div av-zero-column-padding first  avia-builder-el-36  el_after_av_one_third  el_before_av_one_half  column-top-margin\" style='border-radius:0px; '><section class=\"av_textblock_section\"  itemscope=\"itemscope\" itemtype=\"https:\/\/schema.org\/CreativeWork\" ><div class='avia_textblock'   itemprop=\"text\" ><p>Tredje klass passagerarna fick ta en f\u00e4rja fr\u00e5n piren eller g\u00e5 av direkt p\u00e5 Ellis Island f\u00f6r att genomg\u00e5 medicinsk och laglig inspektion. Om immigranternas papper var i ordning och de var i n\u00e5gorlunda god h\u00e4lsa, kunde inspektionen ta 4 &#8211; 5 timmar. Den medicinska unders\u00f6kningen kallades\u201dsix seconds physical\u201d (6 sekunders l\u00e4karunders\u00f6kning) pga av att dessa l\u00e4kare l\u00e4rde sig genom \u00e5ren att p\u00e5 n\u00e5gra \u00f6gonblick se om en passagerarna hade allt ifr\u00e5n lunginflammtion, struma till \u00e5derbr\u00e5ck.<\/p>\n<\/div><\/section><\/div>\n<div class=\"flex_column av_one_half  flex_column_div av-zero-column-padding   avia-builder-el-38  el_after_av_one_half  el_before_av_one_half  column-top-margin\" style='border-radius:0px; '><section class=\"av_textblock_section\"  itemscope=\"itemscope\" itemtype=\"https:\/\/schema.org\/CreativeWork\" ><div class='avia_textblock'   itemprop=\"text\" ><p><img loading=\"lazy\" decoding=\"async\" class=\"alignnone wp-image-4484\" src=\"http:\/\/media.larsnordvall.se\/2024\/10\/ellis-300x185.jpg\" alt=\"\" width=\"347\" height=\"214\" srcset=\"http:\/\/media.larsnordvall.se\/2024\/10\/ellis-300x185.jpg 300w, http:\/\/media.larsnordvall.se\/2024\/10\/ellis-18x12.jpg 18w, http:\/\/media.larsnordvall.se\/2024\/10\/ellis.jpg 400w\" sizes=\"auto, (max-width: 347px) 100vw, 347px\" \/><br \/>\n<em><strong>Ellis Island, New York<\/strong><\/em><\/p>\n<\/div><\/section><\/div>\n<div class=\"flex_column av_one_half  flex_column_div av-zero-column-padding first  avia-builder-el-40  el_after_av_one_half  el_before_av_one_half  column-top-margin\" style='border-radius:0px; '><section class=\"av_textblock_section\"  itemscope=\"itemscope\" itemtype=\"https:\/\/schema.org\/CreativeWork\" ><div class='avia_textblock'   itemprop=\"text\" ><p>Den lagliga inspektionen bestod av det som stod i skepps manifestet s\u00e5som namn, samt 29 fr\u00e5gor som immigranten f\u00e5tt svara p\u00e5 redan innan de gick p\u00e5 b\u00e5ten i Liverpool. Dessa fr\u00e5gor och svar anv\u00e4ndes nu p\u00e5 Ellis Island n\u00e4r de blev f\u00f6rh\u00f6rda p\u00e5 samma fr\u00e5gor en g\u00e5ng till, under heder och samvete. Klarade man detta var man fri att resa vidare till sin destination. F\u00f6rst d\u00e5 fick man g\u00e5 p\u00e5 f\u00e4rjan som tog immigranterna in till fastlandet.<\/p>\n<p><img loading=\"lazy\" decoding=\"async\" class=\"alignnone size-medium wp-image-4486\" src=\"http:\/\/media.larsnordvall.se\/2024\/10\/farja_ellis-288x300.jpg\" alt=\"\" width=\"288\" height=\"300\" srcset=\"http:\/\/media.larsnordvall.se\/2024\/10\/farja_ellis-288x300.jpg 288w, http:\/\/media.larsnordvall.se\/2024\/10\/farja_ellis-12x12.jpg 12w, http:\/\/media.larsnordvall.se\/2024\/10\/farja_ellis.jpg 400w\" sizes=\"auto, (max-width: 288px) 100vw, 288px\" \/><br \/>\n<em><strong>F\u00e4rjan fr\u00e5n Ellis Island till fastlandet<\/strong><\/em><\/p>\n<p>N\u00e4r Anton kommit igenom alla inspektioner fortsatte han sin resa till Los Angeles. Om Anton h\u00e4lsade p\u00e5 Karl Felix sin \u00e4ldre styvbror f\u00f6rt\u00e4ljer inte historien.<\/p>\n<\/div><\/section><\/div>\n<div class=\"flex_column av_one_half  flex_column_div av-zero-column-padding   avia-builder-el-42  el_after_av_one_half  el_before_av_one_third  column-top-margin\" style='border-radius:0px; '><section class=\"av_textblock_section\"  itemscope=\"itemscope\" itemtype=\"https:\/\/schema.org\/CreativeWork\" ><div class='avia_textblock'   itemprop=\"text\" ><p>Den 22 april 1910, 10 m\u00e5nader efter att Anton l\u00e4mnat sitt hem och familj i Kasa. Bor Anton nu 21 \u00e5r, i stadsdelen Monrovia, Los Angeles, Californien. I stadens census st\u00e5r det att Anton redan talar engelska och att han har fast arbete. Monrovia hade 3576 inv\u00e5nare 1910 och hela Los Angeles 300.000 inv\u00e5nare. Det m\u00e5ste ha varit en stor kontrast f\u00f6r Anton att komma fr\u00e5n Kasa med \u00d6rnsk\u00f6ldsvik som st\u00f6rsta t\u00e4tort med 2600 inv\u00e5nare 1910. Monrovia ligger i ytterst i Los Angeles \u00f6stra del \u00a0av staden.<\/p>\n<p><img loading=\"lazy\" decoding=\"async\" class=\"alignnone wp-image-4487\" src=\"http:\/\/media.larsnordvall.se\/2024\/10\/Monrovia-1903_w-300x188.jpg\" alt=\"\" width=\"313\" height=\"196\" srcset=\"http:\/\/media.larsnordvall.se\/2024\/10\/Monrovia-1903_w-300x188.jpg 300w, http:\/\/media.larsnordvall.se\/2024\/10\/Monrovia-1903_w-18x12.jpg 18w, http:\/\/media.larsnordvall.se\/2024\/10\/Monrovia-1903_w.jpg 400w\" sizes=\"auto, (max-width: 313px) 100vw, 313px\" \/><br \/>\n<em><strong>Korsningen Myrtle och Olive street, Monrovia 1903<\/strong><\/em><\/p>\n<p>Monrovia hade redan 1909 sp\u00e5rvagnar som gick mellan Monrovia till Los Angeles centrum. Det gjorde att det var l\u00e4tt att ta sig emellan st\u00e4derna f\u00f6r dom som arbetade inne i Los Angeles centrum.<\/p>\n<\/div><\/section><\/div>\n<div class=\"flex_column av_one_third  flex_column_div av-zero-column-padding first  avia-builder-el-44  el_after_av_one_half  el_before_av_one_third  column-top-margin\" style='border-radius:0px; '><section class=\"av_textblock_section\"  itemscope=\"itemscope\" itemtype=\"https:\/\/schema.org\/CreativeWork\" ><div class='avia_textblock'   itemprop=\"text\" ><p>Anton hade m\u00f6jlighet att bli amerikansk medborgare och han fyllde \u00e4ven i ett dokument 1 juni 1914 som visar att hans intention var att vid den h\u00e4r tidpunkten att stanna i Amerika. Anton hade nu flyttat fr\u00e5n Monrovia och bodde 1 juni 1914 i Torrance, Californien. Torrance \u00e4r en kust stad vid Stilla havet som \u00e4r en del av Los Angeles. \u00a0Varf\u00f6r Anton inte fullf\u00f6ljde ans\u00f6kan om medborgarskap \u00e4r det ingen som vet. Men han hade chansen att bli sl\u00e4ktens f\u00f6rste amerikanska medborgare.<\/p>\n<p>Anton arbetade p\u00e5 ett byggf\u00f6retag med projekt i Californien och Mexico. S\u00e5 den 9 juni 1915 befinner sig Anton nu 26 \u00e5r i Calexico en gr\u00e4nsstad mellan Californien och Mexico.<\/p>\n<\/div><\/section><\/div>\n<div class=\"flex_column av_one_third  flex_column_div av-zero-column-padding   avia-builder-el-46  el_after_av_one_third  el_before_av_one_third  column-top-margin\" style='border-radius:0px; '><section class=\"av_textblock_section\"  itemscope=\"itemscope\" itemtype=\"https:\/\/schema.org\/CreativeWork\" ><div class='avia_textblock'   itemprop=\"text\" ><p><img loading=\"lazy\" decoding=\"async\" class=\"alignnone wp-image-4496\" src=\"http:\/\/media.larsnordvall.se\/2024\/10\/green_card-1-197x300.jpg\" alt=\"\" width=\"246\" height=\"375\" srcset=\"http:\/\/media.larsnordvall.se\/2024\/10\/green_card-1-197x300.jpg 197w, http:\/\/media.larsnordvall.se\/2024\/10\/green_card-1-8x12.jpg 8w, http:\/\/media.larsnordvall.se\/2024\/10\/green_card-1.jpg 400w\" sizes=\"auto, (max-width: 246px) 100vw, 246px\" \/><\/p>\n<\/div><\/section><\/div>\n<div class=\"flex_column av_one_third  flex_column_div av-zero-column-padding   avia-builder-el-48  el_after_av_one_third  el_before_av_one_third  column-top-margin\" style='border-radius:0px; '><section class=\"av_textblock_section\"  itemscope=\"itemscope\" itemtype=\"https:\/\/schema.org\/CreativeWork\" ><div class='avia_textblock'   itemprop=\"text\" ><p>Anton arbetade p\u00e5 ett byggf\u00f6retag med projekt i Californien och Mexico. S\u00e5 den 9 juni 1915 befinner sig Anton nu 26 \u00e5r i Calexico en gr\u00e4nsstad mellan Californien och Mexico.<\/p>\n<p><img loading=\"lazy\" decoding=\"async\" class=\"alignnone size-medium wp-image-4494\" src=\"http:\/\/media.larsnordvall.se\/2024\/10\/calexico-300x175.jpg\" alt=\"\" width=\"300\" height=\"175\" srcset=\"http:\/\/media.larsnordvall.se\/2024\/10\/calexico-300x175.jpg 300w, http:\/\/media.larsnordvall.se\/2024\/10\/calexico-18x12.jpg 18w, http:\/\/media.larsnordvall.se\/2024\/10\/calexico.jpg 390w\" sizes=\"auto, (max-width: 300px) 100vw, 300px\" \/><br \/>\n<em><strong>En aff\u00e4rsgata i Calexico, Californien<\/strong><\/em><\/p>\n<\/div><\/section><\/div>\n<div class=\"flex_column av_one_third  flex_column_div av-zero-column-padding first  avia-builder-el-50  el_after_av_one_third  el_before_av_one_third  column-top-margin\" style='border-radius:0px; '><section class=\"av_textblock_section\"  itemscope=\"itemscope\" itemtype=\"https:\/\/schema.org\/CreativeWork\" ><div class='avia_textblock'   itemprop=\"text\" ><p>Registreringskort Mexikanska gr\u00e4nsen<br \/>\nnu \u00e4r Anton 26 \u00e5r 0ch styr kosan mot<br \/>\nMexico 9 juni, 1915.<\/p>\n<p><img loading=\"lazy\" decoding=\"async\" class=\"alignnone wp-image-4498\" src=\"http:\/\/media.larsnordvall.se\/2024\/10\/Mexico_1915_w.jpg\" alt=\"\" width=\"286\" height=\"175\" srcset=\"http:\/\/media.larsnordvall.se\/2024\/10\/Mexico_1915_w.jpg 250w, http:\/\/media.larsnordvall.se\/2024\/10\/Mexico_1915_w-18x12.jpg 18w\" sizes=\"auto, (max-width: 286px) 100vw, 286px\" \/><\/p>\n<\/div><\/section><\/div>\n<div class=\"flex_column av_one_third  flex_column_div av-zero-column-padding   avia-builder-el-52  el_after_av_one_third  el_before_av_one_third  column-top-margin\" style='border-radius:0px; '><section class=\"av_textblock_section\"  itemscope=\"itemscope\" itemtype=\"https:\/\/schema.org\/CreativeWork\" ><div class='avia_textblock'   itemprop=\"text\" ><p>\u00c4nnu en g\u00e5ng f\u00e5r nu Anton fylla i papper och bli immigrant i p\u00e5 nytt. Denna g\u00e5ng i Mexico. I hans immigrations papper st\u00e5r det att han \u00e4ven har varit och arbetat i Arizona en grannstat till Californien mellan 1909-1915. Anton g\u00e5r till fots \u00f6ver gr\u00e4nsen tilll Mexico och i sin pl\u00e5nbok har han 14 dollar. 14 dollar \u00e4r \u00e5r 2012 ca 2600 s.kr.<\/p>\n<p>Manifestet beskriver ocks\u00e5 hur Anton s\u00e5g ut: l\u00e4ngd: 1.80 cm , hudf\u00e4rg: medium ljus, ljusbrunt h\u00e5r och bl\u00e5 \u00f6gon, vikt 72 kg .<\/p>\n<p><img loading=\"lazy\" decoding=\"async\" class=\"alignnone wp-image-4499\" src=\"http:\/\/media.larsnordvall.se\/2024\/10\/mexico_manif-300x262.jpg\" alt=\"\" width=\"329\" height=\"287\" srcset=\"http:\/\/media.larsnordvall.se\/2024\/10\/mexico_manif-300x262.jpg 300w, http:\/\/media.larsnordvall.se\/2024\/10\/mexico_manif-14x12.jpg 14w, http:\/\/media.larsnordvall.se\/2024\/10\/mexico_manif.jpg 450w\" sizes=\"auto, (max-width: 329px) 100vw, 329px\" \/><br \/>\n<em><strong>Manifest fr\u00e5n Calexico<\/strong><\/em><\/p>\n<\/div><\/section><\/div>\n<div class=\"flex_column av_one_third  flex_column_div av-zero-column-padding   avia-builder-el-54  el_after_av_one_third  el_before_av_one_third  column-top-margin\" style='border-radius:0px; '><section class=\"av_textblock_section\"  itemscope=\"itemscope\" itemtype=\"https:\/\/schema.org\/CreativeWork\" ><div class='avia_textblock'   itemprop=\"text\" ><p>America hade fr\u00e5n och med 5 juni 1917 tre olika inkallelser till armen. Det spelade ingen roll om man var amerikansk medborgare eller inte alla som var f\u00f6dda mellan 6 juni 1886 &#8211; 5 juni 1896 var tvungna att inst\u00e4lla sig f\u00f6r tj\u00e4nstg\u00f6rning.<\/p>\n<p><img loading=\"lazy\" decoding=\"async\" class=\"alignnone wp-image-4500\" src=\"http:\/\/media.larsnordvall.se\/2024\/10\/WW1_Reg_card1-244x300.jpg\" alt=\"\" width=\"303\" height=\"373\" srcset=\"http:\/\/media.larsnordvall.se\/2024\/10\/WW1_Reg_card1-244x300.jpg 244w, http:\/\/media.larsnordvall.se\/2024\/10\/WW1_Reg_card1-10x12.jpg 10w, http:\/\/media.larsnordvall.se\/2024\/10\/WW1_Reg_card1.jpg 300w\" sizes=\"auto, (max-width: 303px) 100vw, 303px\" \/><br \/>\n<em><strong>Antons registreringskort till Amerikanska armen.<\/strong><\/em><\/p>\n<p>N\u00e4stan p\u00e5 dagen 2 \u00e5r efter att Anton passerat \u00f6ver den Mexikanska gr\u00e4nsen, den 5 juni 1917 blir Anton inkallad i armen. Hur l\u00e4nge han stannade f\u00f6r att arbeta i Mexico \u00e4r det ingen som vet. I Europa p\u00e5g\u00e5r f\u00f6rsta v\u00e4rldskriget f\u00f6r fullt och Ryssland kapitulerar mot de tyska offensiverna. Amerika har b\u00f6rjat att mobilisera sina trupper och december 1917 g\u00e5r Amerika officiellt in i kriget mot Tyskland.<\/p>\n<\/div><\/section><\/div>\n<div class=\"flex_column av_one_third  flex_column_div av-zero-column-padding first  avia-builder-el-56  el_after_av_one_third  el_before_av_one_third  column-top-margin\" style='border-radius:0px; '><section class=\"av_textblock_section\"  itemscope=\"itemscope\" itemtype=\"https:\/\/schema.org\/CreativeWork\" ><div class='avia_textblock'   itemprop=\"text\" ><p>Anton g\u00f6r sin milit\u00e4rtj\u00e4nstg\u00f6ring i Fort Mac Arthur, 6:e Kust Artelleriet i Los Angeles ( Private 6th Company, Los Angeles, Coast Artillery). I Fort Mac Arthur fanns det 4500 soldater.<\/p>\n<p><img loading=\"lazy\" decoding=\"async\" class=\"alignnone size-medium wp-image-4503\" src=\"http:\/\/media.larsnordvall.se\/2024\/10\/fort-mac-arthur-1917_w-300x216.jpg\" alt=\"\" width=\"300\" height=\"216\" srcset=\"http:\/\/media.larsnordvall.se\/2024\/10\/fort-mac-arthur-1917_w-300x216.jpg 300w, http:\/\/media.larsnordvall.se\/2024\/10\/fort-mac-arthur-1917_w-18x12.jpg 18w, http:\/\/media.larsnordvall.se\/2024\/10\/fort-mac-arthur-1917_w.jpg 400w\" sizes=\"auto, (max-width: 300px) 100vw, 300px\" \/><br \/>\n<em><strong>Flygbild \u00f6ver Fort Mac Arthur 1937, inloppet till Los Angeles hamn.<\/strong><\/em><\/p>\n<\/div><\/section><\/div>\n<div class=\"flex_column av_one_third  flex_column_div av-zero-column-padding   avia-builder-el-58  el_after_av_one_third  el_before_av_one_third  column-top-margin\" style='border-radius:0px; '><section class=\"av_textblock_section\"  itemscope=\"itemscope\" itemtype=\"https:\/\/schema.org\/CreativeWork\" ><div class='avia_textblock'   itemprop=\"text\" ><p><img loading=\"lazy\" decoding=\"async\" class=\"alignnone size-medium wp-image-4504\" src=\"http:\/\/media.larsnordvall.se\/2024\/10\/Fort_mA_barack_w-300x166.jpg\" alt=\"\" width=\"300\" height=\"166\" srcset=\"http:\/\/media.larsnordvall.se\/2024\/10\/Fort_mA_barack_w-300x166.jpg 300w, http:\/\/media.larsnordvall.se\/2024\/10\/Fort_mA_barack_w-18x10.jpg 18w, http:\/\/media.larsnordvall.se\/2024\/10\/Fort_mA_barack_w.jpg 400w\" sizes=\"auto, (max-width: 300px) 100vw, 300px\" \/><br \/>\n<em><strong>Artilleri soldaternas sovbarack, Fort Mac Arthur, Californien<\/strong><\/em><\/p>\n<\/div><\/section><\/div>\n<div class=\"flex_column av_one_third  flex_column_div av-zero-column-padding   avia-builder-el-60  el_after_av_one_third  el_before_av_one_third  column-top-margin\" style='border-radius:0px; '><section class=\"av_textblock_section\"  itemscope=\"itemscope\" itemtype=\"https:\/\/schema.org\/CreativeWork\" ><div class='avia_textblock'   itemprop=\"text\" ><p><img loading=\"lazy\" decoding=\"async\" class=\"alignnone size-medium wp-image-4505\" src=\"http:\/\/media.larsnordvall.se\/2024\/10\/1918-04-12_FortMacArthurSol-300x193.jpg\" alt=\"\" width=\"300\" height=\"193\" srcset=\"http:\/\/media.larsnordvall.se\/2024\/10\/1918-04-12_FortMacArthurSol-300x193.jpg 300w, http:\/\/media.larsnordvall.se\/2024\/10\/1918-04-12_FortMacArthurSol-18x12.jpg 18w, http:\/\/media.larsnordvall.se\/2024\/10\/1918-04-12_FortMacArthurSol.jpg 450w\" sizes=\"auto, (max-width: 300px) 100vw, 300px\" \/><br \/>\n<em><strong>Artilleri soldater fr\u00e5n Fort Mac Arthur, 12 mars 1918<\/strong><\/em><\/p>\n<p>Anton tillbringade nu sin tid fr\u00e5n och med 5 juni 1917 t.o.m 19 december 1918 som soldat i Fort Mac Arthur.<\/p>\n<p><img loading=\"lazy\" decoding=\"async\" class=\"alignnone size-medium wp-image-4506\" src=\"http:\/\/media.larsnordvall.se\/2024\/10\/fort-MAc-arthur-loading-14-300x161.jpg\" alt=\"\" width=\"300\" height=\"161\" srcset=\"http:\/\/media.larsnordvall.se\/2024\/10\/fort-MAc-arthur-loading-14-300x161.jpg 300w, http:\/\/media.larsnordvall.se\/2024\/10\/fort-MAc-arthur-loading-14-18x10.jpg 18w, http:\/\/media.larsnordvall.se\/2024\/10\/fort-MAc-arthur-loading-14.jpg 400w\" sizes=\"auto, (max-width: 300px) 100vw, 300px\" \/><br \/>\n<em><strong>Artilleri pj\u00e4s, Fort Mac Arthur 1918<\/strong><\/em><\/p>\n<\/div><\/section><\/div>\n<div class=\"flex_column av_one_third  flex_column_div av-zero-column-padding first  avia-builder-el-62  el_after_av_one_third  el_before_av_one_third  column-top-margin\" style='border-radius:0px; '><section class=\"av_textblock_section\"  itemscope=\"itemscope\" itemtype=\"https:\/\/schema.org\/CreativeWork\" ><div class='avia_textblock'   itemprop=\"text\" ><p>Under tiden Anton var inkallad fick han samtidigt och tog m\u00f6jligheten att bli certifierad snickare. Det betyder att Anton b\u00e5de l\u00e4rt sig att l\u00e4sa och skriva engelska utan problem. Han fick under milit\u00e4rtj\u00e4nstg\u00f6rningen utbildning p\u00e5 Lincoln High school. \u00a0Den 24 aug 1918 var Antons stora examensdag.<\/p>\n<p><img loading=\"lazy\" decoding=\"async\" class=\"alignnone wp-image-4507\" src=\"http:\/\/media.larsnordvall.se\/2024\/10\/carpenter-300x180.jpg\" alt=\"\" width=\"407\" height=\"244\" srcset=\"http:\/\/media.larsnordvall.se\/2024\/10\/carpenter-300x180.jpg 300w, http:\/\/media.larsnordvall.se\/2024\/10\/carpenter-18x12.jpg 18w, http:\/\/media.larsnordvall.se\/2024\/10\/carpenter.jpg 400w\" sizes=\"auto, (max-width: 407px) 100vw, 407px\" \/><br \/>\n<em><strong>Anton diplomerad snickare 24 augusti 1918<\/strong><\/em><\/p>\n<\/div><\/section><\/div>\n<div class=\"flex_column av_one_third  flex_column_div av-zero-column-padding   avia-builder-el-64  el_after_av_one_third  el_before_av_one_third  column-top-margin\" style='border-radius:0px; '><section class=\"av_textblock_section\"  itemscope=\"itemscope\" itemtype=\"https:\/\/schema.org\/CreativeWork\" ><div class='avia_textblock'   itemprop=\"text\" ><p><img loading=\"lazy\" decoding=\"async\" class=\"alignnone size-medium wp-image-4508\" src=\"http:\/\/media.larsnordvall.se\/2024\/10\/lincoln-high-school-300x200.jpg\" alt=\"\" width=\"300\" height=\"200\" srcset=\"http:\/\/media.larsnordvall.se\/2024\/10\/lincoln-high-school-300x200.jpg 300w, http:\/\/media.larsnordvall.se\/2024\/10\/lincoln-high-school-18x12.jpg 18w, http:\/\/media.larsnordvall.se\/2024\/10\/lincoln-high-school.jpg 400w\" sizes=\"auto, (max-width: 300px) 100vw, 300px\" \/><br \/>\n<em><strong>Lincoln High school, Los Angeles var ett verkstads tekniskt gymansium.<\/strong><\/em><\/p>\n<\/div><\/section><\/div>\n<div class=\"flex_column av_one_third  flex_column_div av-zero-column-padding   avia-builder-el-66  el_after_av_one_third  el_before_av_one_third  column-top-margin\" style='border-radius:0px; '><section class=\"av_textblock_section\"  itemscope=\"itemscope\" itemtype=\"https:\/\/schema.org\/CreativeWork\" ><div class='avia_textblock'   itemprop=\"text\" ><p>Anton blir efter krigets slut hedersfullt avskedad fr\u00e5n armen den 19 december 1918.<\/p>\n<p>N\u00e4r kriget var slut visste inte den Amerikanska regeringen vad man skulle g\u00f6ra av alla \u00e5terv\u00e4ndande soldater fr\u00e5n Europa. Arbetsl\u00f6sheten v\u00e4xte lavinartat, massiva strejker inom st\u00e5l och matpackningsindustrin avl\u00f6ste varandra.<\/p>\n<p>Konfrontationer mellan f\u00e4rgade och vita blev vardagsmat, bara under februari m\u00e5nad 1919 var det mer \u00e4n 20 v\u00e5ldsamma upplopp.<\/p>\n<p>Kanske allt detta var anledningen till att Anton den 28 april 1919( tv\u00e5 dagar efter sin 30 \u00e5rs dag) best\u00e4mde sig f\u00f6r att g\u00e5 till det svenska konsulatet i San Fransisco och beg\u00e4ra utresehandlingar s\u00e5 han kunde resa tillbaka till Sverige. Amerika hade p\u00e5 kort tid f\u00f6r\u00e4ndrat sig. Sv\u00e5righeten att skaffa sig ett arbete och f\u00f6rs\u00f6rjning ledde till en allt aggresivare arbetsmarknad.<\/p>\n<\/div><\/section><\/div>\n<div class=\"flex_column av_one_third  flex_column_div av-zero-column-padding first  avia-builder-el-68  el_after_av_one_third  el_before_av_one_third  column-top-margin\" style='border-radius:0px; '><section class=\"av_textblock_section\"  itemscope=\"itemscope\" itemtype=\"https:\/\/schema.org\/CreativeWork\" ><div class='avia_textblock'   itemprop=\"text\" ><p><img loading=\"lazy\" decoding=\"async\" class=\"alignnone size-full wp-image-4510\" src=\"http:\/\/media.larsnordvall.se\/2024\/10\/UTRESE.jpg\" alt=\"\" width=\"450\" height=\"620\" srcset=\"http:\/\/media.larsnordvall.se\/2024\/10\/UTRESE.jpg 450w, http:\/\/media.larsnordvall.se\/2024\/10\/UTRESE-218x300.jpg 218w, http:\/\/media.larsnordvall.se\/2024\/10\/UTRESE-9x12.jpg 9w\" sizes=\"auto, (max-width: 450px) 100vw, 450px\" \/><\/p>\n<\/div><\/section><\/div>\n<div class=\"flex_column av_one_third  flex_column_div av-zero-column-padding   avia-builder-el-70  el_after_av_one_third  el_before_av_one_third  column-top-margin\" style='border-radius:0px; '><section class=\"av_textblock_section\"  itemscope=\"itemscope\" itemtype=\"https:\/\/schema.org\/CreativeWork\" ><div class='avia_textblock'   itemprop=\"text\" ><p><img loading=\"lazy\" decoding=\"async\" class=\"alignnone wp-image-4509\" src=\"http:\/\/media.larsnordvall.se\/2024\/10\/anton_hem.jpg\" alt=\"\" width=\"287\" height=\"282\" srcset=\"http:\/\/media.larsnordvall.se\/2024\/10\/anton_hem.jpg 400w, http:\/\/media.larsnordvall.se\/2024\/10\/anton_hem-300x294.jpg 300w, http:\/\/media.larsnordvall.se\/2024\/10\/anton_hem-80x80.jpg 80w, http:\/\/media.larsnordvall.se\/2024\/10\/anton_hem-12x12.jpg 12w, http:\/\/media.larsnordvall.se\/2024\/10\/anton_hem-36x36.jpg 36w\" sizes=\"auto, (max-width: 287px) 100vw, 287px\" \/><br \/>\n<em><strong>Anton Nordvall den 28 april 1919, 30 \u00e5r gammal<\/strong><\/em><\/p>\n<p>Borta bra men hemma b\u00e4st &#8211; Den 12 juni 1919 stod Anton \u00e4n en g\u00e5ng p\u00e5 kajen i New Yorks hamn. Nu 10 \u00e5r \u00e4ldre och sett den amerikanska dr\u00f6mmen fr\u00e5n \u00f6stkusten till v\u00e4stkusten, arbetat i Mexico, varit soldat i ett fr\u00e4mmande land och utbildat sig till snickare. Anton var klok och gav sig av vid r\u00e4tt tidpunkt. Livet f\u00f6r immigranter blev tuffare och sv\u00e5rare och de pengar som de genom h\u00e5rt arbete sparat ihop f\u00f6r framtiden gick f\u00f6r de flesta \u00e5t till ren \u00f6verlevnad.<\/p>\n<\/div><\/section><\/div>\n<div class=\"flex_column av_one_third  flex_column_div av-zero-column-padding   avia-builder-el-72  el_after_av_one_third  el_before_av_one_third  column-top-margin\" style='border-radius:0px; '><section class=\"av_textblock_section\"  itemscope=\"itemscope\" itemtype=\"https:\/\/schema.org\/CreativeWork\" ><div class='avia_textblock'   itemprop=\"text\" ><p>SS Stavangerfjord tillh\u00f6rde ett norskt rederi som tog Anton till Bergen, vilket var kortaste v\u00e4gen hem till Kasa, Husum.<\/p>\n<p><img loading=\"lazy\" decoding=\"async\" class=\"alignnone size-full wp-image-4511\" src=\"http:\/\/media.larsnordvall.se\/2024\/10\/ss_stavangerfjord_w.jpg\" alt=\"\" width=\"400\" height=\"254\" srcset=\"http:\/\/media.larsnordvall.se\/2024\/10\/ss_stavangerfjord_w.jpg 400w, http:\/\/media.larsnordvall.se\/2024\/10\/ss_stavangerfjord_w-300x191.jpg 300w, http:\/\/media.larsnordvall.se\/2024\/10\/ss_stavangerfjord_w-18x12.jpg 18w\" sizes=\"auto, (max-width: 400px) 100vw, 400px\" \/><\/p>\n<\/div><\/section><\/div>\n<div class=\"flex_column av_one_third  flex_column_div av-zero-column-padding first  avia-builder-el-74  el_after_av_one_third  el_before_av_one_third  column-top-margin\" style='border-radius:0px; '><section class=\"av_textblock_section\"  itemscope=\"itemscope\" itemtype=\"https:\/\/schema.org\/CreativeWork\" ><div class='avia_textblock'   itemprop=\"text\" ><p>SS Stavangerfjord lade till den 22 juni 1919. I Bergen fick Anton tre dagars resebr\u00f6d att ha p\u00e5 v\u00e4gen hem.<\/p>\n<p>V\u00e4l hemma i Kasaviken igen rullade \u00e5ren p\u00e5 och inte f\u00f6rr\u00e4n Anton var 42 \u00e5r gifte han sig med Hedvig Elisabet Sj\u00f6str\u00f6m 40 \u00e5r, f\u00f6dd 1891-10-15 i Gide\u00e5backa. Br\u00f6llopet stod den 5 september 1931. Samma \u00e5r som deras f\u00f6rsta barn Ulrik f\u00f6ddes 8 oktober 1934, b\u00f6rjade Anton tillsammans med sina br\u00f6der Emil och Hilmar att bygga sitt dr\u00f6mhus i Gide\u00e5backa ca 3 km nordost om Kasaviken.<\/p>\n<\/div><\/section><\/div>\n<div class=\"flex_column av_one_third  flex_column_div av-zero-column-padding   avia-builder-el-76  el_after_av_one_third  el_before_av_one_third  column-top-margin\" style='border-radius:0px; '><section class=\"av_textblock_section\"  itemscope=\"itemscope\" itemtype=\"https:\/\/schema.org\/CreativeWork\" ><div class='avia_textblock'   itemprop=\"text\" ><p>Huset byggdes efter ritningar som Anton gjorde sj\u00e4lv, med id\u00e9er fr\u00e5n Amerika. Huset stod f\u00e4rdigt 1935.<\/p>\n<p><img loading=\"lazy\" decoding=\"async\" class=\"alignnone size-full wp-image-4512\" src=\"http:\/\/media.larsnordvall.se\/2024\/10\/Anton_Ulrik_Hedvig.jpg\" alt=\"\" width=\"450\" height=\"299\" srcset=\"http:\/\/media.larsnordvall.se\/2024\/10\/Anton_Ulrik_Hedvig.jpg 450w, http:\/\/media.larsnordvall.se\/2024\/10\/Anton_Ulrik_Hedvig-300x199.jpg 300w, http:\/\/media.larsnordvall.se\/2024\/10\/Anton_Ulrik_Hedvig-18x12.jpg 18w\" sizes=\"auto, (max-width: 450px) 100vw, 450px\" \/><br \/>\n<em><strong>Familjen Anton Nordvalls hus i Kasa. Fr\u00e5n v\u00e4nster: Hedvig, Anton och sonen Ulrik ca 1945.<\/strong><\/em><\/p>\n<\/div><\/section><\/div>\n<div class=\"flex_column av_one_third  flex_column_div av-zero-column-padding   avia-builder-el-78  el_after_av_one_third  el_before_av_one_full  column-top-margin\" style='border-radius:0px; '><section class=\"av_textblock_section\"  itemscope=\"itemscope\" itemtype=\"https:\/\/schema.org\/CreativeWork\" ><div class='avia_textblock'   itemprop=\"text\" ><p>Kanske var det f\u00f6rbandschefens hus i Fort Mac Arthur som Anton f\u00e5tt sin inspiration ifr\u00e5n med den stora verandan. Huset Anton designade och byggde m\u00e5ste ha st\u00e5tt ut mot de andra husen runt om Gide\u00e5backa med omnejd..<\/p>\n<p><img loading=\"lazy\" decoding=\"async\" class=\"alignnone size-full wp-image-4513\" src=\"http:\/\/media.larsnordvall.se\/2024\/10\/americahus.jpg\" alt=\"\" width=\"400\" height=\"252\" srcset=\"http:\/\/media.larsnordvall.se\/2024\/10\/americahus.jpg 400w, http:\/\/media.larsnordvall.se\/2024\/10\/americahus-300x189.jpg 300w, http:\/\/media.larsnordvall.se\/2024\/10\/americahus-18x12.jpg 18w\" sizes=\"auto, (max-width: 400px) 100vw, 400px\" \/><br \/>\n<em><strong>F\u00f6rbandschefen hus i Fort Mac Arthur, Los Angeles<\/strong><\/em><\/p>\n<\/div><\/section><\/div>\n<div class=\"flex_column av_one_full  flex_column_div av-zero-column-padding first  avia-builder-el-80  el_after_av_one_third  el_before_av_one_third  column-top-margin\" style='border-radius:0px; '><section class=\"av_textblock_section\"  itemscope=\"itemscope\" itemtype=\"https:\/\/schema.org\/CreativeWork\" ><div class='avia_textblock'   itemprop=\"text\" ><h3 style=\"text-align: center;\">De Tre Br\u00f6derna Nordvall Fr\u00e5n Kasa, Husum<\/h3>\n<\/div><\/section><\/div>\n<div class=\"flex_column av_one_third  flex_column_div av-zero-column-padding first  avia-builder-el-82  el_after_av_one_full  el_before_av_one_third  column-top-margin\" style='border-radius:0px; '><section class=\"av_textblock_section\"  itemscope=\"itemscope\" itemtype=\"https:\/\/schema.org\/CreativeWork\" ><div class='avia_textblock'   itemprop=\"text\" ><p><img loading=\"lazy\" decoding=\"async\" class=\"alignnone wp-image-4514\" src=\"http:\/\/media.larsnordvall.se\/2024\/10\/emil2.jpg\" alt=\"\" width=\"213\" height=\"234\" srcset=\"http:\/\/media.larsnordvall.se\/2024\/10\/emil2.jpg 139w, http:\/\/media.larsnordvall.se\/2024\/10\/emil2-11x12.jpg 11w\" sizes=\"auto, (max-width: 213px) 100vw, 213px\" \/><br \/>\n<em><strong>Emil Nordvall 1933, 31 \u00e5r<\/strong><\/em><\/p>\n<\/div><\/section><\/div>\n<div class=\"flex_column av_one_third  flex_column_div av-zero-column-padding   avia-builder-el-84  el_after_av_one_third  el_before_av_one_third  column-top-margin\" style='border-radius:0px; '><section class=\"av_textblock_section\"  itemscope=\"itemscope\" itemtype=\"https:\/\/schema.org\/CreativeWork\" ><div class='avia_textblock'   itemprop=\"text\" ><p><img loading=\"lazy\" decoding=\"async\" class=\"alignnone wp-image-4515\" src=\"http:\/\/media.larsnordvall.se\/2024\/10\/anton_hem-1.jpg\" alt=\"\" width=\"244\" height=\"239\" srcset=\"http:\/\/media.larsnordvall.se\/2024\/10\/anton_hem-1.jpg 400w, http:\/\/media.larsnordvall.se\/2024\/10\/anton_hem-1-300x294.jpg 300w, http:\/\/media.larsnordvall.se\/2024\/10\/anton_hem-1-12x12.jpg 12w, http:\/\/media.larsnordvall.se\/2024\/10\/anton_hem-1-36x36.jpg 36w\" sizes=\"auto, (max-width: 244px) 100vw, 244px\" \/><br \/>\n<em><strong>Anton Nordvall 1919, 30 \u00e5r<\/strong><\/em><\/p>\n<\/div><\/section><\/div>\n<div class=\"flex_column av_one_third  flex_column_div av-zero-column-padding   avia-builder-el-86  el_after_av_one_third  el_before_av_one_full  column-top-margin\" style='border-radius:0px; '><section class=\"av_textblock_section\"  itemscope=\"itemscope\" itemtype=\"https:\/\/schema.org\/CreativeWork\" ><div class='avia_textblock'   itemprop=\"text\" ><p><img loading=\"lazy\" decoding=\"async\" class=\"alignnone wp-image-4516\" src=\"http:\/\/media.larsnordvall.se\/2024\/10\/Hilmar.jpg\" alt=\"\" width=\"245\" height=\"265\" srcset=\"http:\/\/media.larsnordvall.se\/2024\/10\/Hilmar.jpg 204w, http:\/\/media.larsnordvall.se\/2024\/10\/Hilmar-11x12.jpg 11w\" sizes=\"auto, (max-width: 245px) 100vw, 245px\" \/><br \/>\n<em><strong>Hilmar Nordvall 1934, 26 \u00e5r<\/strong><\/em><\/p>\n<\/div><\/section><\/div>\n<div class=\"flex_column av_one_full  flex_column_div av-zero-column-padding first  avia-builder-el-88  el_after_av_one_third  avia-builder-el-last  column-top-margin\" style='border-radius:0px; '><section class=\"av_textblock_section\"  itemscope=\"itemscope\" itemtype=\"https:\/\/schema.org\/CreativeWork\" ><div class='avia_textblock'   itemprop=\"text\" ><p style=\"text-align: center;\"><em><img loading=\"lazy\" decoding=\"async\" class=\"size-full wp-image-4518 aligncenter\" src=\"http:\/\/media.larsnordvall.se\/2024\/10\/Anton_Hedvig.jpg\" alt=\"\" width=\"450\" height=\"294\" srcset=\"http:\/\/media.larsnordvall.se\/2024\/10\/Anton_Hedvig.jpg 450w, http:\/\/media.larsnordvall.se\/2024\/10\/Anton_Hedvig-300x196.jpg 300w, http:\/\/media.larsnordvall.se\/2024\/10\/Anton_Hedvig-18x12.jpg 18w\" sizes=\"auto, (max-width: 450px) 100vw, 450px\" \/><\/em><em><strong>Anton och Hedvig p\u00e5 \u00e4ldre dagar.<\/strong><\/em><\/p>\n<p style=\"text-align: left;\"><img loading=\"lazy\" decoding=\"async\" class=\"size-full wp-image-4460 alignleft\" src=\"http:\/\/media.larsnordvall.se\/2024\/10\/blaklocka.gif\" alt=\"\" width=\"100\" height=\"97\" \/>Anton levde sitt liv med sin familj i Gide\u00e5backa och den 2 sept 1969 dog hans k\u00e4ra fru Hedvig bara 78 \u00e5r gammal. Anton levde ensam i 10 \u00e5r och \u00a0dog den 20 april 1979 med bara en vecka till 90-\u00e5rsdagen. Anton var den brodern som blev \u00e4ldst av de tre br\u00f6derna Nordvall.<\/p>\n<\/div><\/section><\/div>","protected":false},"excerpt":{"rendered":"","protected":false},"author":1,"featured_media":0,"parent":0,"menu_order":0,"comment_status":"closed","ping_status":"closed","template":"","meta":{"_uag_custom_page_level_css":"","wpm_timeformat":"","_wpm_styles":"","footnotes":""},"class_list":["post-63","page","type-page","status-publish","hentry"],"yoast_head":"<!-- This site is optimized with the Yoast SEO plugin v27.5 - https:\/\/yoast.com\/product\/yoast-seo-wordpress\/ -->\n<title>Anton Nordvall - LarsNordvall.se<\/title>\n<meta name=\"description\" content=\"N\u00e4r Anton Nordvall var 10 \u00e5r 1899 gifte sig hans mamma M\u00e4rta Karolina \u00d6dling med \u00a0Lars Magnus Nordvall fr\u00e5n Kasaviken. Han var \u00e4nkling med fyra barn varav de tv\u00e5 yngsta tvillingarna Felix och Annie var i samma \u00e5lder som Anton.\" \/>\n<meta name=\"robots\" content=\"index, follow, max-snippet:-1, max-image-preview:large, max-video-preview:-1\" \/>\n<link rel=\"canonical\" href=\"https:\/\/larsnordvall.se\/en\/anton-nordvall\/\" \/>\n<meta property=\"og:locale\" content=\"en_US\" \/>\n<meta property=\"og:type\" content=\"article\" \/>\n<meta property=\"og:title\" content=\"Anton Nordvall - LarsNordvall.se\" \/>\n<meta property=\"og:description\" content=\"N\u00e4r Anton Nordvall var 10 \u00e5r 1899 gifte sig hans mamma M\u00e4rta Karolina \u00d6dling med \u00a0Lars Magnus Nordvall fr\u00e5n Kasaviken. Han var \u00e4nkling med fyra barn varav de tv\u00e5 yngsta tvillingarna Felix och Annie var i samma \u00e5lder som Anton.\" \/>\n<meta property=\"og:url\" content=\"https:\/\/larsnordvall.se\/en\/anton-nordvall\/\" \/>\n<meta property=\"og:site_name\" content=\"LarsNordvall.se\" \/>\n<meta property=\"article:modified_time\" content=\"2025-10-02T14:05:29+00:00\" \/>\n<meta property=\"og:image\" content=\"https:\/\/media.larsnordvall.se\/2024\/10\/banner_anton_w.jpg\" \/>\n\t<meta property=\"og:image:width\" content=\"1000\" \/>\n\t<meta property=\"og:image:height\" content=\"180\" \/>\n\t<meta property=\"og:image:type\" content=\"image\/jpeg\" \/>\n<meta name=\"twitter:card\" content=\"summary_large_image\" \/>\n<meta name=\"twitter:label1\" content=\"Est. reading time\" \/>\n\t<meta name=\"twitter:data1\" content=\"32 minutes\" \/>\n<script type=\"application\/ld+json\" class=\"yoast-schema-graph\">{\"@context\":\"https:\\\/\\\/schema.org\",\"@graph\":[{\"@type\":\"WebPage\",\"@id\":\"https:\\\/\\\/larsnordvall.se\\\/anton-nordvall\\\/\",\"url\":\"https:\\\/\\\/larsnordvall.se\\\/anton-nordvall\\\/\",\"name\":\"Anton Nordvall - LarsNordvall.se\",\"isPartOf\":{\"@id\":\"https:\\\/\\\/larsnordvall.se\\\/#website\"},\"primaryImageOfPage\":{\"@id\":\"https:\\\/\\\/larsnordvall.se\\\/anton-nordvall\\\/#primaryimage\"},\"image\":{\"@id\":\"https:\\\/\\\/larsnordvall.se\\\/anton-nordvall\\\/#primaryimage\"},\"thumbnailUrl\":\"http:\\\/\\\/media.larsnordvall.se\\\/2024\\\/10\\\/banner_anton_w.jpg\",\"datePublished\":\"2020-10-26T21:11:16+00:00\",\"dateModified\":\"2025-10-02T14:05:29+00:00\",\"description\":\"N\u00e4r Anton Nordvall var 10 \u00e5r 1899 gifte sig hans mamma M\u00e4rta Karolina \u00d6dling med \u00a0Lars Magnus Nordvall fr\u00e5n Kasaviken. Han var \u00e4nkling med fyra barn varav de tv\u00e5 yngsta tvillingarna Felix och Annie var i samma \u00e5lder som Anton.\",\"breadcrumb\":{\"@id\":\"https:\\\/\\\/larsnordvall.se\\\/anton-nordvall\\\/#breadcrumb\"},\"inLanguage\":\"en-US\",\"potentialAction\":[{\"@type\":\"ReadAction\",\"target\":[\"https:\\\/\\\/larsnordvall.se\\\/anton-nordvall\\\/\"]}]},{\"@type\":\"ImageObject\",\"inLanguage\":\"en-US\",\"@id\":\"https:\\\/\\\/larsnordvall.se\\\/anton-nordvall\\\/#primaryimage\",\"url\":\"http:\\\/\\\/media.larsnordvall.se\\\/2024\\\/10\\\/banner_anton_w.jpg\",\"contentUrl\":\"http:\\\/\\\/media.larsnordvall.se\\\/2024\\\/10\\\/banner_anton_w.jpg\"},{\"@type\":\"BreadcrumbList\",\"@id\":\"https:\\\/\\\/larsnordvall.se\\\/anton-nordvall\\\/#breadcrumb\",\"itemListElement\":[{\"@type\":\"ListItem\",\"position\":1,\"name\":\"Hem\",\"item\":\"https:\\\/\\\/larsnordvall.se\\\/\"},{\"@type\":\"ListItem\",\"position\":2,\"name\":\"Anton Nordvall\"}]},{\"@type\":\"WebSite\",\"@id\":\"https:\\\/\\\/larsnordvall.se\\\/#website\",\"url\":\"https:\\\/\\\/larsnordvall.se\\\/\",\"name\":\"LarsNordvall.se\",\"description\":\"Ett Vingslag Tillbaka i Tiden!\",\"potentialAction\":[{\"@type\":\"SearchAction\",\"target\":{\"@type\":\"EntryPoint\",\"urlTemplate\":\"https:\\\/\\\/larsnordvall.se\\\/?s={search_term_string}\"},\"query-input\":{\"@type\":\"PropertyValueSpecification\",\"valueRequired\":true,\"valueName\":\"search_term_string\"}}],\"inLanguage\":\"en-US\"}]}<\/script>\n<!-- \/ Yoast SEO plugin. -->","yoast_head_json":{"title":"Anton Nordvall - LarsNordvall.se","description":"N\u00e4r Anton Nordvall var 10 \u00e5r 1899 gifte sig hans mamma M\u00e4rta Karolina \u00d6dling med \u00a0Lars Magnus Nordvall fr\u00e5n Kasaviken. Han var \u00e4nkling med fyra barn varav de tv\u00e5 yngsta tvillingarna Felix och Annie var i samma \u00e5lder som Anton.","robots":{"index":"index","follow":"follow","max-snippet":"max-snippet:-1","max-image-preview":"max-image-preview:large","max-video-preview":"max-video-preview:-1"},"canonical":"https:\/\/larsnordvall.se\/en\/anton-nordvall\/","og_locale":"en_US","og_type":"article","og_title":"Anton Nordvall - LarsNordvall.se","og_description":"N\u00e4r Anton Nordvall var 10 \u00e5r 1899 gifte sig hans mamma M\u00e4rta Karolina \u00d6dling med \u00a0Lars Magnus Nordvall fr\u00e5n Kasaviken. Han var \u00e4nkling med fyra barn varav de tv\u00e5 yngsta tvillingarna Felix och Annie var i samma \u00e5lder som Anton.","og_url":"https:\/\/larsnordvall.se\/en\/anton-nordvall\/","og_site_name":"LarsNordvall.se","article_modified_time":"2025-10-02T14:05:29+00:00","og_image":[{"width":1000,"height":180,"url":"https:\/\/media.larsnordvall.se\/2024\/10\/banner_anton_w.jpg","type":"image\/jpeg"}],"twitter_card":"summary_large_image","twitter_misc":{"Est. reading time":"32 minutes"},"schema":{"@context":"https:\/\/schema.org","@graph":[{"@type":"WebPage","@id":"https:\/\/larsnordvall.se\/anton-nordvall\/","url":"https:\/\/larsnordvall.se\/anton-nordvall\/","name":"Anton Nordvall - LarsNordvall.se","isPartOf":{"@id":"https:\/\/larsnordvall.se\/#website"},"primaryImageOfPage":{"@id":"https:\/\/larsnordvall.se\/anton-nordvall\/#primaryimage"},"image":{"@id":"https:\/\/larsnordvall.se\/anton-nordvall\/#primaryimage"},"thumbnailUrl":"http:\/\/media.larsnordvall.se\/2024\/10\/banner_anton_w.jpg","datePublished":"2020-10-26T21:11:16+00:00","dateModified":"2025-10-02T14:05:29+00:00","description":"N\u00e4r Anton Nordvall var 10 \u00e5r 1899 gifte sig hans mamma M\u00e4rta Karolina \u00d6dling med \u00a0Lars Magnus Nordvall fr\u00e5n Kasaviken. Han var \u00e4nkling med fyra barn varav de tv\u00e5 yngsta tvillingarna Felix och Annie var i samma \u00e5lder som Anton.","breadcrumb":{"@id":"https:\/\/larsnordvall.se\/anton-nordvall\/#breadcrumb"},"inLanguage":"en-US","potentialAction":[{"@type":"ReadAction","target":["https:\/\/larsnordvall.se\/anton-nordvall\/"]}]},{"@type":"ImageObject","inLanguage":"en-US","@id":"https:\/\/larsnordvall.se\/anton-nordvall\/#primaryimage","url":"http:\/\/media.larsnordvall.se\/2024\/10\/banner_anton_w.jpg","contentUrl":"http:\/\/media.larsnordvall.se\/2024\/10\/banner_anton_w.jpg"},{"@type":"BreadcrumbList","@id":"https:\/\/larsnordvall.se\/anton-nordvall\/#breadcrumb","itemListElement":[{"@type":"ListItem","position":1,"name":"Hem","item":"https:\/\/larsnordvall.se\/"},{"@type":"ListItem","position":2,"name":"Anton Nordvall"}]},{"@type":"WebSite","@id":"https:\/\/larsnordvall.se\/#website","url":"https:\/\/larsnordvall.se\/","name":"LarsNordvall.se","description":"Ett Vingslag Tillbaka i Tiden!","potentialAction":[{"@type":"SearchAction","target":{"@type":"EntryPoint","urlTemplate":"https:\/\/larsnordvall.se\/?s={search_term_string}"},"query-input":{"@type":"PropertyValueSpecification","valueRequired":true,"valueName":"search_term_string"}}],"inLanguage":"en-US"}]}},"uagb_featured_image_src":{"full":false,"thumbnail":false,"medium":false,"medium_large":false,"large":false,"1536x1536":false,"2048x2048":false,"trp-custom-language-flag":false,"widget":false,"square":false,"featured":false,"featured_large":false,"extra_large":false,"portfolio":false,"portfolio_small":false,"gallery":false,"magazine":false,"masonry":false,"entry_with_sidebar":false,"entry_without_sidebar":false},"uagb_author_info":{"display_name":"larsnordvall.se","author_link":"https:\/\/larsnordvall.se\/en\/author\/larsnordvall-se\/"},"uagb_comment_info":0,"uagb_excerpt":null,"_links":{"self":[{"href":"https:\/\/larsnordvall.se\/en\/wp-json\/wp\/v2\/pages\/63","targetHints":{"allow":["GET"]}}],"collection":[{"href":"https:\/\/larsnordvall.se\/en\/wp-json\/wp\/v2\/pages"}],"about":[{"href":"https:\/\/larsnordvall.se\/en\/wp-json\/wp\/v2\/types\/page"}],"author":[{"embeddable":true,"href":"https:\/\/larsnordvall.se\/en\/wp-json\/wp\/v2\/users\/1"}],"replies":[{"embeddable":true,"href":"https:\/\/larsnordvall.se\/en\/wp-json\/wp\/v2\/comments?post=63"}],"version-history":[{"count":28,"href":"https:\/\/larsnordvall.se\/en\/wp-json\/wp\/v2\/pages\/63\/revisions"}],"predecessor-version":[{"id":4533,"href":"https:\/\/larsnordvall.se\/en\/wp-json\/wp\/v2\/pages\/63\/revisions\/4533"}],"wp:attachment":[{"href":"https:\/\/larsnordvall.se\/en\/wp-json\/wp\/v2\/media?parent=63"}],"curies":[{"name":"wp","href":"https:\/\/api.w.org\/{rel}","templated":true}]}}