{"id":65,"date":"2020-10-26T21:11:16","date_gmt":"2020-10-26T21:11:16","guid":{"rendered":"https:\/\/larsnordvall.se\/?page_id=65"},"modified":"2024-10-20T23:48:17","modified_gmt":"2024-10-20T23:48:17","slug":"hilmar-nordvall","status":"publish","type":"page","link":"https:\/\/larsnordvall.se\/en\/hilmar-nordvall\/","title":{"rendered":"Hilmar Nordvall"},"content":{"rendered":"<div class=\"flex_column av_one_full  flex_column_div av-zero-column-padding first  avia-builder-el-0  el_before_av_one_half  avia-builder-el-first\" style='border-radius:0px; '><section class=\"av_textblock_section\"  itemscope=\"itemscope\" itemtype=\"https:\/\/schema.org\/CreativeWork\" ><div class='avia_textblock'   itemprop=\"text\" ><h3 style=\"text-align: center;\"><img loading=\"lazy\" decoding=\"async\" class=\"alignnone size-full wp-image-4773 aligncenter\" src=\"http:\/\/media.larsnordvall.se\/2024\/10\/banner_hilmar.jpg\" alt=\"\" width=\"1000\" height=\"180\" srcset=\"http:\/\/media.larsnordvall.se\/2024\/10\/banner_hilmar.jpg 1000w, http:\/\/media.larsnordvall.se\/2024\/10\/banner_hilmar-300x54.jpg 300w, http:\/\/media.larsnordvall.se\/2024\/10\/banner_hilmar-768x138.jpg 768w, http:\/\/media.larsnordvall.se\/2024\/10\/banner_hilmar-18x3.jpg 18w, http:\/\/media.larsnordvall.se\/2024\/10\/banner_hilmar-705x127.jpg 705w\" sizes=\"auto, (max-width: 1000px) 100vw, 1000px\" \/>Bror Hilmar Nordvall<\/h3>\n<h3 style=\"text-align: center;\">F\u00f6dd: 20 maj, 1908<\/h3>\n<h3 style=\"text-align: center;\">D\u00f6d: 28 juni, 2002<\/h3>\n<h3 style=\"text-align: center;\">94 \u00e5r<\/h3>\n<\/div><\/section><\/div>\n<div class=\"flex_column av_one_half  flex_column_div av-zero-column-padding first  avia-builder-el-2  el_after_av_one_full  el_before_av_one_half  column-top-margin\" style='border-radius:0px; '><section class=\"av_textblock_section\"  itemscope=\"itemscope\" itemtype=\"https:\/\/schema.org\/CreativeWork\" ><div class='avia_textblock'   itemprop=\"text\" ><p>Den 20 maj 1908 f\u00f6ddes <strong>Bror Hilmar<\/strong>. Hilmar var <strong>Lars Magnus Nordvall<\/strong> och hans fru<strong> M\u00e4rta Karolina<\/strong> yngsta och sista barn. Hilmar v\u00e4xte upp p\u00e5 g\u00e5rden i Kasaviken tillsammans med sin \u00e4ldre helbror <strong>Emil<\/strong> och halvbror <strong>Anton<\/strong>. Pappa Lars Magnus hade redan innan tre barn som alla var utflugna, syskonen <strong>Karl Felix, Fritz och Annie.<\/strong><\/p>\n<p>Som alla barn p\u00e5 den h\u00e4r tiden s\u00e5 var det naturligt att arbeta och hj\u00e4lpa till p\u00e5 g\u00e5rden efter skolan. Och det var inget l\u00e4tt arbete d\u00e5 det mest gjordes f\u00f6r hand.<\/p>\n<\/div><\/section><\/div>\n<div class=\"flex_column av_one_half  flex_column_div av-zero-column-padding   avia-builder-el-4  el_after_av_one_half  el_before_av_one_half  column-top-margin\" style='border-radius:0px; '><section class=\"av_textblock_section\"  itemscope=\"itemscope\" itemtype=\"https:\/\/schema.org\/CreativeWork\" ><div class='avia_textblock'   itemprop=\"text\" ><p><img loading=\"lazy\" decoding=\"async\" class=\"alignnone size-full wp-image-4774\" src=\"http:\/\/media.larsnordvall.se\/2024\/10\/Hilmar_kasa_w.jpg\" alt=\"\" width=\"478\" height=\"327\" srcset=\"http:\/\/media.larsnordvall.se\/2024\/10\/Hilmar_kasa_w.jpg 478w, http:\/\/media.larsnordvall.se\/2024\/10\/Hilmar_kasa_w-300x205.jpg 300w, http:\/\/media.larsnordvall.se\/2024\/10\/Hilmar_kasa_w-18x12.jpg 18w\" sizes=\"auto, (max-width: 478px) 100vw, 478px\" \/><br \/>\n<em><strong>Fr\u00e5n h\u00f6ger: Hilmar med sin bror Emil och pappa Lars Magnus jobbar <\/strong><\/em><br \/>\n<em><strong>med h\u00f6sk\u00f6rden p\u00e5 g\u00e5rden i Kasaviken.<\/strong><\/em><\/p>\n<\/div><\/section><\/div>\n<div class=\"flex_column av_one_half  flex_column_div av-zero-column-padding first  avia-builder-el-6  el_after_av_one_half  el_before_av_one_half  column-top-margin\" style='border-radius:0px; '><section class=\"av_textblock_section\"  itemscope=\"itemscope\" itemtype=\"https:\/\/schema.org\/CreativeWork\" ><div class='avia_textblock'   itemprop=\"text\" ><p>Hilmar gjorde som resten av syskonen Nordvall han konfirmerades i Grundsunda kyrka. Kortet nedan \u00e4r f\u00f6rmodligen taget vid den tidpunkten.<\/p>\n<p><img loading=\"lazy\" decoding=\"async\" class=\"alignnone size-full wp-image-4775\" src=\"http:\/\/media.larsnordvall.se\/2024\/10\/Hilmar_konf.jpg\" alt=\"\" width=\"350\" height=\"269\" srcset=\"http:\/\/media.larsnordvall.se\/2024\/10\/Hilmar_konf.jpg 350w, http:\/\/media.larsnordvall.se\/2024\/10\/Hilmar_konf-300x231.jpg 300w, http:\/\/media.larsnordvall.se\/2024\/10\/Hilmar_konf-16x12.jpg 16w\" sizes=\"auto, (max-width: 350px) 100vw, 350px\" \/><br \/>\n<em><strong>Hilmar ca 15 \u00e5r utanf\u00f6r huset i Kasaviken<\/strong><\/em><\/p>\n<\/div><\/section><\/div>\n<div class=\"flex_column av_one_half  flex_column_div av-zero-column-padding   avia-builder-el-8  el_after_av_one_half  el_before_av_one_half  column-top-margin\" style='border-radius:0px; '><section class=\"av_textblock_section\"  itemscope=\"itemscope\" itemtype=\"https:\/\/schema.org\/CreativeWork\" ><div class='avia_textblock'   itemprop=\"text\" ><p>Hilmar bodde hemma och hj\u00e4lpte till p\u00e5 g\u00e5rden tills han gifte sig. Det var inte bara arbete, utan det fanns ocks\u00e5 tid f\u00f6r att roa sig. Hilmar hade m\u00e5nga v\u00e4nner.<\/p>\n<p>\u00c4ven om Kasaviken l\u00e5g lite avsides fanns det gott om ungdomar i omr\u00e5det. Utan datorer och playstation hittade man p\u00e5 annt kul s\u00e5som h\u00e4r nedan &#8211;\u00a0 teater. Skulle man ha kul fick man bjuda p\u00e5 sig sj\u00e4lv.<\/p>\n<p><img loading=\"lazy\" decoding=\"async\" class=\"alignnone size-full wp-image-4776\" src=\"http:\/\/media.larsnordvall.se\/2024\/10\/Hilmar_teaterW.jpg\" alt=\"\" width=\"450\" height=\"263\" srcset=\"http:\/\/media.larsnordvall.se\/2024\/10\/Hilmar_teaterW.jpg 450w, http:\/\/media.larsnordvall.se\/2024\/10\/Hilmar_teaterW-300x175.jpg 300w, http:\/\/media.larsnordvall.se\/2024\/10\/Hilmar_teaterW-18x12.jpg 18w\" sizes=\"auto, (max-width: 450px) 100vw, 450px\" \/><br \/>\n<em><strong>Hilmars glada \u201cteaterg\u00e4ng\u201d fr\u00e5n Kasaviken<\/strong><\/em><\/p>\n<\/div><\/section><\/div>\n<div class=\"flex_column av_one_half  flex_column_div av-zero-column-padding first  avia-builder-el-10  el_after_av_one_half  el_before_av_one_half  column-top-margin\" style='border-radius:0px; '><section class=\"av_textblock_section\"  itemscope=\"itemscope\" itemtype=\"https:\/\/schema.org\/CreativeWork\" ><div class='avia_textblock'   itemprop=\"text\" ><p>S\u00e5 h\u00e4r kunde det se ut en varm sommardag. Eftersom alla \u00e4r uppkl\u00e4dda kanske s\u00e4llskapet \u00e4r p\u00e5 v\u00e4g till en l\u00f6rdagsdans i n\u00e4rhetenen.<\/p>\n<p>Med tanke p\u00e5 flickornas hattar borde detta vara n\u00e5gon g\u00e5ng i mitten p\u00e5 20-talet. Hilmar och hans v\u00e4nner borde vara ca 18-19 \u00e5r.<\/p>\n<p><img loading=\"lazy\" decoding=\"async\" class=\"alignnone size-full wp-image-4777\" src=\"http:\/\/media.larsnordvall.se\/2024\/10\/Hilmar_bergkulle.jpg\" alt=\"\" width=\"500\" height=\"290\" srcset=\"http:\/\/media.larsnordvall.se\/2024\/10\/Hilmar_bergkulle.jpg 500w, http:\/\/media.larsnordvall.se\/2024\/10\/Hilmar_bergkulle-300x174.jpg 300w, http:\/\/media.larsnordvall.se\/2024\/10\/Hilmar_bergkulle-18x10.jpg 18w\" sizes=\"auto, (max-width: 500px) 100vw, 500px\" \/><br \/>\n<strong><em>Ett tjusigt g\u00e4ng fr\u00e5n kasaviken ca mitten av 1920-talet<\/em><\/strong><\/p>\n<\/div><\/section><\/div>\n<div class=\"flex_column av_one_half  flex_column_div av-zero-column-padding   avia-builder-el-12  el_after_av_one_half  el_before_av_one_half  column-top-margin\" style='border-radius:0px; '><section class=\"av_textblock_section\"  itemscope=\"itemscope\" itemtype=\"https:\/\/schema.org\/CreativeWork\" ><div class='avia_textblock'   itemprop=\"text\" ><p>L\u00e5nga veckor med slit b\u00e5de i skog och p\u00e5 \u00e5ker. Kasaviken var en tungarbetad g\u00e5rd med mycket sten p\u00e5 \u00e5krarna. Under tiden Hilmar bodde hemma och arbetade p\u00e5 g\u00e5rden blev han en mycket duktig snickare. S\u00e5 duktig att det skulle leda honom mot helt andra vyer \u00e4n vad han var van vid hemma i Kasaviken.<\/p>\n<p style=\"text-align: left;\">\u00a0Att arbeta som oftast 7 dagar i veckan d\u00e5 beh\u00f6vde man f\u00e5 en stund f\u00f6r sig sj\u00e4lv ibland. Man beh\u00f6vde inte alltid vara med flickor f\u00f6r att ha en trevlig kv\u00e4ll. Ibland f\u00f6redrog man bara en kv\u00e4ll med \u201ckillg\u00e4nget\u201d som kunde vara nog s\u00e5 trevligt. Men en fr\u00e5ga dyker upp: vem \u00e4r fotografen?<\/p>\n<p style=\"text-align: left;\"><img loading=\"lazy\" decoding=\"async\" class=\"size-full wp-image-4778\" src=\"http:\/\/media.larsnordvall.se\/2024\/10\/Hilmar_killarna.jpg\" alt=\"\" width=\"350\" height=\"552\" srcset=\"http:\/\/media.larsnordvall.se\/2024\/10\/Hilmar_killarna.jpg 350w, http:\/\/media.larsnordvall.se\/2024\/10\/Hilmar_killarna-190x300.jpg 190w, http:\/\/media.larsnordvall.se\/2024\/10\/Hilmar_killarna-8x12.jpg 8w\" sizes=\"auto, (max-width: 350px) 100vw, 350px\" \/><br \/>\n<em><strong>Killg\u00e4nget med Hilmar svalkar sig en sommardag vid Kasaviken.<\/strong><\/em><\/p>\n<p>Killg\u00e4nget med Hilmar svalkar sig en sommardag vid Kasaviken.<\/p>\n<\/div><\/section><\/div>\n<div class=\"flex_column av_one_half  flex_column_div av-zero-column-padding first  avia-builder-el-14  el_after_av_one_half  el_before_av_one_half  column-top-margin\" style='border-radius:0px; '><section class=\"av_textblock_section\"  itemscope=\"itemscope\" itemtype=\"https:\/\/schema.org\/CreativeWork\" ><div class='avia_textblock'   itemprop=\"text\" ><p>Men som alltid s\u00e5 finns det alltid n\u00e5gon speciell person som betyder mer \u00e4n alla andra. Hilmar hittade den personen hon hette Dagny H\u00e5llander. Se bild nedan.<\/p>\n<p><img loading=\"lazy\" decoding=\"async\" class=\"alignnone size-full wp-image-4779\" src=\"http:\/\/media.larsnordvall.se\/2024\/10\/Dagny_Hilmar_hagen.jpg\" alt=\"\" width=\"350\" height=\"442\" srcset=\"http:\/\/media.larsnordvall.se\/2024\/10\/Dagny_Hilmar_hagen.jpg 350w, http:\/\/media.larsnordvall.se\/2024\/10\/Dagny_Hilmar_hagen-238x300.jpg 238w, http:\/\/media.larsnordvall.se\/2024\/10\/Dagny_Hilmar_hagen-10x12.jpg 10w\" sizes=\"auto, (max-width: 350px) 100vw, 350px\" \/><br \/>\n<em><strong>Dagny och Hilmar i hagen, l\u00e4gg m\u00e4rke till de tuffa skorna Hilmar har p\u00e5 sig.<\/strong><\/em><\/p>\n<\/div><\/section><\/div>\n<div class=\"flex_column av_one_half  flex_column_div av-zero-column-padding   avia-builder-el-16  el_after_av_one_half  el_before_av_one_half  column-top-margin\" style='border-radius:0px; '><section class=\"av_textblock_section\"  itemscope=\"itemscope\" itemtype=\"https:\/\/schema.org\/CreativeWork\" ><div class='avia_textblock'   itemprop=\"text\" ><p>Med flickv\u00e4nnen Dagny H\u00e5llander b\u00f6rjade Hilmar att planera sin framtid. \u00a0Hilmar som var en utomordentligt duktig snickare snickade sj\u00e4lv ihop det som beh\u00f6vdes till sitt och Dagnys egna hem. Och det var ett stort plus eftersom pengar var en bristvara n\u00e4r man skulle flytta hemifr\u00e5n, och ville k\u00f6pa saker till ett gemensamt hem.<\/p>\n<p><img loading=\"lazy\" decoding=\"async\" class=\"alignnone size-full wp-image-4780\" src=\"http:\/\/media.larsnordvall.se\/2024\/10\/Hilmar_Dagny_cool.jpg\" alt=\"\" width=\"300\" height=\"447\" srcset=\"http:\/\/media.larsnordvall.se\/2024\/10\/Hilmar_Dagny_cool.jpg 300w, http:\/\/media.larsnordvall.se\/2024\/10\/Hilmar_Dagny_cool-201x300.jpg 201w, http:\/\/media.larsnordvall.se\/2024\/10\/Hilmar_Dagny_cool-8x12.jpg 8w\" sizes=\"auto, (max-width: 300px) 100vw, 300px\" \/><br \/>\n<em><strong>Hilmar med Dagny<\/strong><\/em><\/p>\n<\/div><\/section><\/div>\n<div class=\"flex_column av_one_half  flex_column_div av-zero-column-padding first  avia-builder-el-18  el_after_av_one_half  el_before_av_one_half  column-top-margin\" style='border-radius:0px; '><section class=\"av_textblock_section\"  itemscope=\"itemscope\" itemtype=\"https:\/\/schema.org\/CreativeWork\" ><div class='avia_textblock'   itemprop=\"text\" ><p>S\u00e5 \u00e4ntligen var det dags f\u00f6r br\u00f6llop. Hilmar var nu 27 \u00e5r n\u00e4r han gifte sig med sin Dagny. Br\u00f6lloppet stod i Grundsunda kyrka.<\/p>\n<p><img loading=\"lazy\" decoding=\"async\" class=\"alignnone wp-image-4781\" src=\"http:\/\/media.larsnordvall.se\/2024\/10\/brollop.jpg\" alt=\"\" width=\"355\" height=\"509\" srcset=\"http:\/\/media.larsnordvall.se\/2024\/10\/brollop.jpg 400w, http:\/\/media.larsnordvall.se\/2024\/10\/brollop-209x300.jpg 209w, http:\/\/media.larsnordvall.se\/2024\/10\/brollop-8x12.jpg 8w\" sizes=\"auto, (max-width: 355px) 100vw, 355px\" \/><br \/>\n<em><strong>Hilmar och Dagny Nordvall p\u00e5 deras br\u00f6llopsdag.<\/strong><\/em><\/p>\n<\/div><\/section><\/div>\n<div class=\"flex_column av_one_half  flex_column_div av-zero-column-padding   avia-builder-el-20  el_after_av_one_half  el_before_av_one_half  column-top-margin\" style='border-radius:0px; '><section class=\"av_textblock_section\"  itemscope=\"itemscope\" itemtype=\"https:\/\/schema.org\/CreativeWork\" ><div class='avia_textblock'   itemprop=\"text\" ><p>January 1934 gick flyttlasset fr\u00e5n Kasaviken till ett hyrt hus som \u00e4gdes av Albin Johansson. Albin Johansson bodde bara ett par hundra meter fr\u00e5n Hilmars barndomshem Kasaviken.<\/p>\n<p>Den f\u00f6rsta juni 1934 f\u00f6ddes Hilmars och Dagnys f\u00f6rsta barn, en pojke som d\u00f6ptes till Egon.<\/p>\n<p>Bara ett \u00e5r senare flyttade Hilmar med sin familj till ett alldeles nybyggt hus p\u00e5 varvet, som var en en del av Husum. Hilmar b\u00f6rjade att arbeta som timmerman n\u00e4r Sulfatfabriken gjorde sin utbyggnad.<\/p>\n<p>Redan 1938 blev Hilmar erbjuden jobb som byggnadsarbetare i K\u00f6ping. Duktiga snickare var v\u00e4ldigt eftertraktat. Det var inget l\u00e4tt beslut f\u00f6r Hilmar att tacka ja till ett nytt arbete, n\u00e4r det samtidigt betydde att han var tvungen att l\u00e4mna sin unga fru och barn i Husum.<\/p>\n<p>H\u00f6sten 1938 begav sig dock Hilmar till K\u00f6ping och sitt nya jobb.<\/p>\n<\/div><\/section><\/div>\n<div class=\"flex_column av_one_half  flex_column_div av-zero-column-padding first  avia-builder-el-22  el_after_av_one_half  el_before_av_one_half  column-top-margin\" style='border-radius:0px; '><section class=\"av_textblock_section\"  itemscope=\"itemscope\" itemtype=\"https:\/\/schema.org\/CreativeWork\" ><div class='avia_textblock'   itemprop=\"text\" ><p><img loading=\"lazy\" decoding=\"async\" class=\"alignnone size-full wp-image-4783\" src=\"http:\/\/media.larsnordvall.se\/2024\/10\/BYGGLAG_1935_HUSUM.jpg\" alt=\"\" width=\"450\" height=\"304\" srcset=\"http:\/\/media.larsnordvall.se\/2024\/10\/BYGGLAG_1935_HUSUM.jpg 450w, http:\/\/media.larsnordvall.se\/2024\/10\/BYGGLAG_1935_HUSUM-300x203.jpg 300w, http:\/\/media.larsnordvall.se\/2024\/10\/BYGGLAG_1935_HUSUM-18x12.jpg 18w\" sizes=\"auto, (max-width: 450px) 100vw, 450px\" \/><br \/>\n<em><strong>Bygglaget vid Sulfatfabriken i Husum den 2 juni 1935.<\/strong><\/em><\/p>\n<\/div><\/section><\/div>\n<div class=\"flex_column av_one_half  flex_column_div av-zero-column-padding   avia-builder-el-24  el_after_av_one_half  el_before_av_one_half  column-top-margin\" style='border-radius:0px; '><section class=\"av_textblock_section\"  itemscope=\"itemscope\" itemtype=\"https:\/\/schema.org\/CreativeWork\" ><div class='avia_textblock'   itemprop=\"text\" ><p>Det var ingen l\u00e4tt tid vare sig f\u00f6r Hilmar eller Dagny ,som nu b\u00e5da fick bo ensamma p\u00e5 var sitt h\u00e5ll. P\u00e5 den tiden var det heller inte m\u00f6jligt att \u00e5ka hem varje helg, det fanns vare sig tid eller pengar f\u00f6r det.<\/p>\n<p><img loading=\"lazy\" decoding=\"async\" class=\"alignnone size-full wp-image-4784\" src=\"http:\/\/media.larsnordvall.se\/2024\/10\/Hilmar_Bygge.jpg\" alt=\"\" width=\"450\" height=\"300\" srcset=\"http:\/\/media.larsnordvall.se\/2024\/10\/Hilmar_Bygge.jpg 450w, http:\/\/media.larsnordvall.se\/2024\/10\/Hilmar_Bygge-300x200.jpg 300w, http:\/\/media.larsnordvall.se\/2024\/10\/Hilmar_Bygge-18x12.jpg 18w\" sizes=\"auto, (max-width: 450px) 100vw, 450px\" \/><br \/>\n<em><strong>Hilmar p\u00e5 sin nya arbetsplats i Nyk\u00f6ping.<\/strong><\/em><\/p>\n<\/div><\/section><\/div>\n<div class=\"flex_column av_one_half  flex_column_div av-zero-column-padding first  avia-builder-el-26  el_after_av_one_half  el_before_av_one_half  column-top-margin\" style='border-radius:0px; '><section class=\"av_textblock_section\"  itemscope=\"itemscope\" itemtype=\"https:\/\/schema.org\/CreativeWork\" ><div class='avia_textblock'   itemprop=\"text\" ><p>Efter att ha varit ifr\u00e5n varandra ett antal m\u00e5nader, \u00e5kte Dagny och Egon den 9 april 1939 ner till Hilmar i K\u00f6ping f\u00f6r att h\u00e4lsa p\u00e5. \u00a0Hilmar hyrde ett rum intill Johannesdal H\u00e4lsobrunn.<\/p>\n<p>Sonen Egon som bara var 5 \u00e5r gammal, hann att f\u00e5 uppleva Johannesdal H\u00e4lsobrunn denna sista sommar som h\u00e4lsobrunnen var \u00f6ppen. Sedan b\u00f6rjade 2:a v\u00e4rldskriget och brunnen st\u00e4ngdes och \u00f6ppnades aldrig mer.<\/p>\n<p>Dagny \u00e5kte inte tillbaka till Husum utan stannade i K\u00f6ping hos sin man. De flyttade ut fr\u00e5n det hyrda rummet och hyrde en l\u00e4genhet inne i K\u00f6ping.<\/p>\n<\/div><\/section><\/div>\n<div class=\"flex_column av_one_half  flex_column_div av-zero-column-padding   avia-builder-el-28  el_after_av_one_half  el_before_av_one_half  column-top-margin\" style='border-radius:0px; '><section class=\"av_textblock_section\"  itemscope=\"itemscope\" itemtype=\"https:\/\/schema.org\/CreativeWork\" ><div class='avia_textblock'   itemprop=\"text\" ><p><img loading=\"lazy\" decoding=\"async\" class=\"alignnone size-full wp-image-4786\" src=\"http:\/\/media.larsnordvall.se\/2024\/10\/Johannesdal.jpg\" alt=\"\" width=\"450\" height=\"291\" srcset=\"http:\/\/media.larsnordvall.se\/2024\/10\/Johannesdal.jpg 450w, http:\/\/media.larsnordvall.se\/2024\/10\/Johannesdal-300x194.jpg 300w, http:\/\/media.larsnordvall.se\/2024\/10\/Johannesdal-18x12.jpg 18w\" sizes=\"auto, (max-width: 450px) 100vw, 450px\" \/><br \/>\n<em><strong>Johannesdal H\u00e4lsobrunn, K\u00f6ping<\/strong><\/em><\/p>\n<\/div><\/section><\/div><div class=\"flex_column av_one_half  flex_column_div av-zero-column-padding first  avia-builder-el-30  el_after_av_one_half  el_before_av_one_half  column-top-margin\" style='border-radius:0px; '><section class=\"av_textblock_section\"  itemscope=\"itemscope\" itemtype=\"https:\/\/schema.org\/CreativeWork\" ><div class='avia_textblock'   itemprop=\"text\" ><p>Trots de l\u00e5nga avst\u00e5nden hittade familjen Nordvall hem till sina barndomstrakter. H\u00e4r till v\u00e4nster ett kort n\u00e4r Hilmar och Dagny med sonen Egon h\u00e4lsar p\u00e5 hemma hos mormor.<\/p>\n<p><img loading=\"lazy\" decoding=\"async\" class=\"alignnone size-full wp-image-4787\" src=\"http:\/\/media.larsnordvall.se\/2024\/10\/Hilmar_veranda_w.jpg\" alt=\"\" width=\"320\" height=\"421\" srcset=\"http:\/\/media.larsnordvall.se\/2024\/10\/Hilmar_veranda_w.jpg 320w, http:\/\/media.larsnordvall.se\/2024\/10\/Hilmar_veranda_w-228x300.jpg 228w, http:\/\/media.larsnordvall.se\/2024\/10\/Hilmar_veranda_w-9x12.jpg 9w\" sizes=\"auto, (max-width: 320px) 100vw, 320px\" \/><\/p>\n<\/div><\/section><\/div><div class=\"flex_column av_one_half  flex_column_div av-zero-column-padding   avia-builder-el-32  el_after_av_one_half  avia-builder-el-last  column-top-margin\" style='border-radius:0px; '><section class=\"av_textblock_section\"  itemscope=\"itemscope\" itemtype=\"https:\/\/schema.org\/CreativeWork\" ><div class='avia_textblock'   itemprop=\"text\" ><p>Efter fyra \u00e5r i K\u00f6ping 1943 fick Hilmar och Dagny sitt andra barn en son som d\u00f6ptes till Hans. Samtidigt som deras andra barn f\u00f6ddes, k\u00f6pte Hilmar och Dagny ett sommarhus vid Malm\u00f6n. Kort d\u00e4refter 1945 f\u00f6ddes deras tredje barn \u00e4nnu en son som d\u00f6ptes till Tommy. Familjen Nordvall bodde kvar i K\u00f6ping till 1953. D\u00e5 flyttade hela famijen till V\u00e4ster\u00e5s som kom att bli deras hem under m\u00e5nga \u00e5r.<\/p>\n<p>Tre \u00e5r senare 1956 startade Hilmar sitt egen byggf\u00f6retag i V\u00e4ster\u00e5s. Alla Hilmars s\u00f6ner arbetade inom familjef\u00f6retaget. Sonen Egon arbetade dock bara sex \u00e5r i f\u00f6retaget mellan 1960-1966. Hilmar fortsatte att arbeta \u00e4nda tills 1978, han var d\u00e5 70 \u00e5r n\u00e4r han pensionerade sig.<\/p>\n<p><img loading=\"lazy\" decoding=\"async\" class=\"alignnone size-full wp-image-4460\" src=\"http:\/\/media.larsnordvall.se\/2024\/10\/blaklocka.gif\" alt=\"\" width=\"100\" height=\"97\" \/>Den 18 oktober 1992 dog Dagny. Hilmar bodde de sista \u00e5ren tillsammans med en av sina s\u00f6ner Tommy som hj\u00e4lpte till med hemmet. En sommardag den 28 juni 2002 sl\u00f6t Hilmar sina \u00f6gon, Hilmar blev 94 \u00e5r.<\/p>\n<\/div><\/section><\/div><\/p>","protected":false},"excerpt":{"rendered":"","protected":false},"author":1,"featured_media":0,"parent":0,"menu_order":0,"comment_status":"closed","ping_status":"closed","template":"","meta":{"_uag_custom_page_level_css":"","wpm_timeformat":"","_wpm_styles":"","footnotes":""},"class_list":["post-65","page","type-page","status-publish","hentry"],"yoast_head":"<!-- This site is optimized with the Yoast SEO plugin v27.5 - https:\/\/yoast.com\/product\/yoast-seo-wordpress\/ -->\n<title>Hilmar Nordvall - LarsNordvall.se<\/title>\n<meta name=\"robots\" content=\"index, follow, max-snippet:-1, max-image-preview:large, max-video-preview:-1\" \/>\n<link rel=\"canonical\" href=\"https:\/\/larsnordvall.se\/en\/hilmar-nordvall\/\" \/>\n<meta property=\"og:locale\" content=\"en_US\" \/>\n<meta property=\"og:type\" content=\"article\" \/>\n<meta property=\"og:title\" content=\"Hilmar Nordvall - LarsNordvall.se\" \/>\n<meta property=\"og:url\" content=\"https:\/\/larsnordvall.se\/en\/hilmar-nordvall\/\" \/>\n<meta property=\"og:site_name\" content=\"LarsNordvall.se\" \/>\n<meta property=\"article:modified_time\" content=\"2024-10-20T23:48:17+00:00\" \/>\n<meta property=\"og:image\" content=\"https:\/\/media.larsnordvall.se\/2024\/10\/banner_hilmar.jpg\" \/>\n\t<meta property=\"og:image:width\" content=\"1000\" \/>\n\t<meta property=\"og:image:height\" content=\"180\" \/>\n\t<meta property=\"og:image:type\" content=\"image\/jpeg\" \/>\n<meta name=\"twitter:card\" content=\"summary_large_image\" \/>\n<meta name=\"twitter:label1\" content=\"Est. reading time\" \/>\n\t<meta name=\"twitter:data1\" content=\"13 minutes\" \/>\n<script type=\"application\/ld+json\" class=\"yoast-schema-graph\">{\"@context\":\"https:\\\/\\\/schema.org\",\"@graph\":[{\"@type\":\"WebPage\",\"@id\":\"https:\\\/\\\/larsnordvall.se\\\/hilmar-nordvall\\\/\",\"url\":\"https:\\\/\\\/larsnordvall.se\\\/hilmar-nordvall\\\/\",\"name\":\"Hilmar Nordvall - LarsNordvall.se\",\"isPartOf\":{\"@id\":\"https:\\\/\\\/larsnordvall.se\\\/#website\"},\"primaryImageOfPage\":{\"@id\":\"https:\\\/\\\/larsnordvall.se\\\/hilmar-nordvall\\\/#primaryimage\"},\"image\":{\"@id\":\"https:\\\/\\\/larsnordvall.se\\\/hilmar-nordvall\\\/#primaryimage\"},\"thumbnailUrl\":\"http:\\\/\\\/media.larsnordvall.se\\\/2024\\\/10\\\/banner_hilmar.jpg\",\"datePublished\":\"2020-10-26T21:11:16+00:00\",\"dateModified\":\"2024-10-20T23:48:17+00:00\",\"breadcrumb\":{\"@id\":\"https:\\\/\\\/larsnordvall.se\\\/hilmar-nordvall\\\/#breadcrumb\"},\"inLanguage\":\"en-US\",\"potentialAction\":[{\"@type\":\"ReadAction\",\"target\":[\"https:\\\/\\\/larsnordvall.se\\\/hilmar-nordvall\\\/\"]}]},{\"@type\":\"ImageObject\",\"inLanguage\":\"en-US\",\"@id\":\"https:\\\/\\\/larsnordvall.se\\\/hilmar-nordvall\\\/#primaryimage\",\"url\":\"http:\\\/\\\/media.larsnordvall.se\\\/2024\\\/10\\\/banner_hilmar.jpg\",\"contentUrl\":\"http:\\\/\\\/media.larsnordvall.se\\\/2024\\\/10\\\/banner_hilmar.jpg\"},{\"@type\":\"BreadcrumbList\",\"@id\":\"https:\\\/\\\/larsnordvall.se\\\/hilmar-nordvall\\\/#breadcrumb\",\"itemListElement\":[{\"@type\":\"ListItem\",\"position\":1,\"name\":\"Hem\",\"item\":\"https:\\\/\\\/larsnordvall.se\\\/\"},{\"@type\":\"ListItem\",\"position\":2,\"name\":\"Hilmar Nordvall\"}]},{\"@type\":\"WebSite\",\"@id\":\"https:\\\/\\\/larsnordvall.se\\\/#website\",\"url\":\"https:\\\/\\\/larsnordvall.se\\\/\",\"name\":\"LarsNordvall.se\",\"description\":\"Ett Vingslag Tillbaka i Tiden!\",\"potentialAction\":[{\"@type\":\"SearchAction\",\"target\":{\"@type\":\"EntryPoint\",\"urlTemplate\":\"https:\\\/\\\/larsnordvall.se\\\/?s={search_term_string}\"},\"query-input\":{\"@type\":\"PropertyValueSpecification\",\"valueRequired\":true,\"valueName\":\"search_term_string\"}}],\"inLanguage\":\"en-US\"}]}<\/script>\n<!-- \/ Yoast SEO plugin. -->","yoast_head_json":{"title":"Hilmar Nordvall - LarsNordvall.se","robots":{"index":"index","follow":"follow","max-snippet":"max-snippet:-1","max-image-preview":"max-image-preview:large","max-video-preview":"max-video-preview:-1"},"canonical":"https:\/\/larsnordvall.se\/en\/hilmar-nordvall\/","og_locale":"en_US","og_type":"article","og_title":"Hilmar Nordvall - LarsNordvall.se","og_url":"https:\/\/larsnordvall.se\/en\/hilmar-nordvall\/","og_site_name":"LarsNordvall.se","article_modified_time":"2024-10-20T23:48:17+00:00","og_image":[{"width":1000,"height":180,"url":"https:\/\/media.larsnordvall.se\/2024\/10\/banner_hilmar.jpg","type":"image\/jpeg"}],"twitter_card":"summary_large_image","twitter_misc":{"Est. reading time":"13 minutes"},"schema":{"@context":"https:\/\/schema.org","@graph":[{"@type":"WebPage","@id":"https:\/\/larsnordvall.se\/hilmar-nordvall\/","url":"https:\/\/larsnordvall.se\/hilmar-nordvall\/","name":"Hilmar Nordvall - LarsNordvall.se","isPartOf":{"@id":"https:\/\/larsnordvall.se\/#website"},"primaryImageOfPage":{"@id":"https:\/\/larsnordvall.se\/hilmar-nordvall\/#primaryimage"},"image":{"@id":"https:\/\/larsnordvall.se\/hilmar-nordvall\/#primaryimage"},"thumbnailUrl":"http:\/\/media.larsnordvall.se\/2024\/10\/banner_hilmar.jpg","datePublished":"2020-10-26T21:11:16+00:00","dateModified":"2024-10-20T23:48:17+00:00","breadcrumb":{"@id":"https:\/\/larsnordvall.se\/hilmar-nordvall\/#breadcrumb"},"inLanguage":"en-US","potentialAction":[{"@type":"ReadAction","target":["https:\/\/larsnordvall.se\/hilmar-nordvall\/"]}]},{"@type":"ImageObject","inLanguage":"en-US","@id":"https:\/\/larsnordvall.se\/hilmar-nordvall\/#primaryimage","url":"http:\/\/media.larsnordvall.se\/2024\/10\/banner_hilmar.jpg","contentUrl":"http:\/\/media.larsnordvall.se\/2024\/10\/banner_hilmar.jpg"},{"@type":"BreadcrumbList","@id":"https:\/\/larsnordvall.se\/hilmar-nordvall\/#breadcrumb","itemListElement":[{"@type":"ListItem","position":1,"name":"Hem","item":"https:\/\/larsnordvall.se\/"},{"@type":"ListItem","position":2,"name":"Hilmar Nordvall"}]},{"@type":"WebSite","@id":"https:\/\/larsnordvall.se\/#website","url":"https:\/\/larsnordvall.se\/","name":"LarsNordvall.se","description":"Ett Vingslag Tillbaka i Tiden!","potentialAction":[{"@type":"SearchAction","target":{"@type":"EntryPoint","urlTemplate":"https:\/\/larsnordvall.se\/?s={search_term_string}"},"query-input":{"@type":"PropertyValueSpecification","valueRequired":true,"valueName":"search_term_string"}}],"inLanguage":"en-US"}]}},"uagb_featured_image_src":{"full":false,"thumbnail":false,"medium":false,"medium_large":false,"large":false,"1536x1536":false,"2048x2048":false,"trp-custom-language-flag":false,"widget":false,"square":false,"featured":false,"featured_large":false,"extra_large":false,"portfolio":false,"portfolio_small":false,"gallery":false,"magazine":false,"masonry":false,"entry_with_sidebar":false,"entry_without_sidebar":false},"uagb_author_info":{"display_name":"larsnordvall.se","author_link":"https:\/\/larsnordvall.se\/en\/author\/larsnordvall-se\/"},"uagb_comment_info":0,"uagb_excerpt":null,"_links":{"self":[{"href":"https:\/\/larsnordvall.se\/en\/wp-json\/wp\/v2\/pages\/65","targetHints":{"allow":["GET"]}}],"collection":[{"href":"https:\/\/larsnordvall.se\/en\/wp-json\/wp\/v2\/pages"}],"about":[{"href":"https:\/\/larsnordvall.se\/en\/wp-json\/wp\/v2\/types\/page"}],"author":[{"embeddable":true,"href":"https:\/\/larsnordvall.se\/en\/wp-json\/wp\/v2\/users\/1"}],"replies":[{"embeddable":true,"href":"https:\/\/larsnordvall.se\/en\/wp-json\/wp\/v2\/comments?post=65"}],"version-history":[{"count":5,"href":"https:\/\/larsnordvall.se\/en\/wp-json\/wp\/v2\/pages\/65\/revisions"}],"predecessor-version":[{"id":4788,"href":"https:\/\/larsnordvall.se\/en\/wp-json\/wp\/v2\/pages\/65\/revisions\/4788"}],"wp:attachment":[{"href":"https:\/\/larsnordvall.se\/en\/wp-json\/wp\/v2\/media?parent=65"}],"curies":[{"name":"wp","href":"https:\/\/api.w.org\/{rel}","templated":true}]}}