{"id":66,"date":"2020-10-26T21:11:16","date_gmt":"2020-10-26T21:11:16","guid":{"rendered":"https:\/\/larsnordvall.se\/?page_id=66"},"modified":"2024-10-15T21:00:24","modified_gmt":"2024-10-15T21:00:24","slug":"emil-nordvall","status":"publish","type":"page","link":"https:\/\/larsnordvall.se\/en\/emil-nordvall\/","title":{"rendered":"Emil Nordvall"},"content":{"rendered":"<div class=\"flex_column av_one_full  flex_column_div av-zero-column-padding first  avia-builder-el-0  el_before_av_one_half  avia-builder-el-first\" style='border-radius:0px; '><section class=\"av_textblock_section\"  itemscope=\"itemscope\" itemtype=\"https:\/\/schema.org\/CreativeWork\" ><div class='avia_textblock'   itemprop=\"text\" ><h4 style=\"text-align: center;\"><img loading=\"lazy\" decoding=\"async\" class=\"alignnone size-full wp-image-4611\" src=\"http:\/\/media.larsnordvall.se\/2024\/10\/emil_banner.jpg\" alt=\"\" width=\"1000\" height=\"180\" srcset=\"http:\/\/media.larsnordvall.se\/2024\/10\/emil_banner.jpg 1000w, http:\/\/media.larsnordvall.se\/2024\/10\/emil_banner-300x54.jpg 300w, http:\/\/media.larsnordvall.se\/2024\/10\/emil_banner-768x138.jpg 768w, http:\/\/media.larsnordvall.se\/2024\/10\/emil_banner-18x3.jpg 18w, http:\/\/media.larsnordvall.se\/2024\/10\/emil_banner-705x127.jpg 705w\" sizes=\"auto, (max-width: 1000px) 100vw, 1000px\" \/>Bror Emil Nordvall<\/h4>\n<h4 style=\"text-align: center;\">F\u00f6dd: 2 januari 1902<br \/>\nD\u00f6d: 10 december 1979<br \/>\n77 \u00e5r<\/h4>\n<\/div><\/section><\/div>\n<div class=\"flex_column av_one_half  flex_column_div av-zero-column-padding first  avia-builder-el-2  el_after_av_one_full  el_before_av_one_half  column-top-margin\" style='border-radius:0px; '><section class=\"av_textblock_section\"  itemscope=\"itemscope\" itemtype=\"https:\/\/schema.org\/CreativeWork\" ><div class='avia_textblock'   itemprop=\"text\" ><p>Emil Nordvall var M\u00e4rta Karolina \u00d6dlings f\u00f6rsta son tillsammans med Lars Magnus Nordvall. M\u00e4rta Karolina var f\u00f6dd i V\u00e4sterlandsj\u00f6, Arn\u00e4s fs 1863-02-01.<\/p>\n<p>M\u00e4rta Karolina \u00a0och Lars Magnus gifte sig den 23 april 1899 i Grundsunda kyrka. M\u00e4rta Karolina var d\u00e5 \u00a036 \u00e5r gammal och Lars Magnus 44 \u00e5r, detta var Lars Magnus andra \u00e4ktenskap. \u00a0I sitt f\u00f6rsta \u00e4ktenskap hade han redan fyra barn tre s\u00f6ner och en dotter. M\u00e4rta Karolina och Lars Magnus var gifta i n\u00e4stan tre \u00e5r innan de fick sitt f\u00f6rsta barn Bror Emil Nordvall som f\u00f6ddes 1902-01-02 i Kasa, Grundsunda fs.<\/p>\n<\/div><\/section><\/div>\n<div class=\"flex_column av_one_half  flex_column_div av-zero-column-padding   avia-builder-el-4  el_after_av_one_half  el_before_av_one_half  column-top-margin\" style='border-radius:0px; '><section class=\"av_textblock_section\"  itemscope=\"itemscope\" itemtype=\"https:\/\/schema.org\/CreativeWork\" ><div class='avia_textblock'   itemprop=\"text\" ><p><img loading=\"lazy\" decoding=\"async\" class=\"alignnone wp-image-4614\" src=\"http:\/\/media.larsnordvall.se\/2024\/10\/Emil_barnweb.jpg\" alt=\"\" width=\"263\" height=\"342\" srcset=\"http:\/\/media.larsnordvall.se\/2024\/10\/Emil_barnweb.jpg 350w, http:\/\/media.larsnordvall.se\/2024\/10\/Emil_barnweb-231x300.jpg 231w, http:\/\/media.larsnordvall.se\/2024\/10\/Emil_barnweb-9x12.jpg 9w\" sizes=\"auto, (max-width: 263px) 100vw, 263px\" \/><br \/>\n<em><strong>Bror Emil Nordvall 1910, 8 \u00e5r gammal<\/strong><\/em><\/p>\n<\/div><\/section><\/div>\n<div class=\"flex_column av_one_half  flex_column_div av-zero-column-padding first  avia-builder-el-6  el_after_av_one_half  el_before_av_one_half  column-top-margin\" style='border-radius:0px; '><section class=\"av_textblock_section\"  itemscope=\"itemscope\" itemtype=\"https:\/\/schema.org\/CreativeWork\" ><div class='avia_textblock'   itemprop=\"text\" ><p><img loading=\"lazy\" decoding=\"async\" class=\"alignnone wp-image-4615\" src=\"http:\/\/media.larsnordvall.se\/2024\/10\/Hilmar_barn_edited-1.jpg\" alt=\"\" width=\"240\" height=\"287\" srcset=\"http:\/\/media.larsnordvall.se\/2024\/10\/Hilmar_barn_edited-1.jpg 350w, http:\/\/media.larsnordvall.se\/2024\/10\/Hilmar_barn_edited-1-251x300.jpg 251w, http:\/\/media.larsnordvall.se\/2024\/10\/Hilmar_barn_edited-1-10x12.jpg 10w\" sizes=\"auto, (max-width: 240px) 100vw, 240px\" \/><br \/>\n<em><strong>Erik Hilmar Nordvall 1910, 2 \u00e5r gammal<\/strong><\/em><\/p>\n<\/div><\/section><\/div>\n<div class=\"flex_column av_one_half  flex_column_div av-zero-column-padding   avia-builder-el-8  el_after_av_one_half  el_before_av_one_third  column-top-margin\" style='border-radius:0px; '><section class=\"av_textblock_section\"  itemscope=\"itemscope\" itemtype=\"https:\/\/schema.org\/CreativeWork\" ><div class='avia_textblock'   itemprop=\"text\" ><p>Det tog hela sex \u00e5r innan Emils lillebror Erik Hilmar f\u00f6ddes 1908-05-20 i Kasa, Grundsunda fs. Hilmar blev det sista barnet som M\u00e4rta Karolina och Lars Magnus fick tillsamman.<\/p>\n<p>Emil Nordvall blev den pojken som kom att ta \u00f6ver g\u00e5rden Kasa efter sin pappa Lars Magnus. Det var knappa f\u00f6rh\u00e5llanden. Marken var mager och mestadels skogsmark. G\u00e5rden var liten med 4 kossor, och bakom p\u00e5 bilden nedan sitter Emils och Hilmars pappa Lars Magnus framf\u00f6r en h\u00f6h\u00e4ssja. Man tog \u00e4ven tillvara p\u00e5 det gr\u00e4s som v\u00e4xer p\u00e5 g\u00e5rdsplanen f\u00f6r att ha till vintern.<\/p>\n<\/div><\/section><\/div>\n<div class=\"flex_column av_one_third  flex_column_div av-zero-column-padding first  avia-builder-el-10  el_after_av_one_half  el_before_av_one_third  column-top-margin\" style='border-radius:0px; '><section class=\"av_textblock_section\"  itemscope=\"itemscope\" itemtype=\"https:\/\/schema.org\/CreativeWork\" ><div class='avia_textblock'   itemprop=\"text\" ><p><img loading=\"lazy\" decoding=\"async\" class=\"alignnone size-full wp-image-4616\" src=\"http:\/\/media.larsnordvall.se\/2024\/10\/Emil1910_flicka_web1.jpg\" alt=\"\" width=\"283\" height=\"390\" srcset=\"http:\/\/media.larsnordvall.se\/2024\/10\/Emil1910_flicka_web1.jpg 283w, http:\/\/media.larsnordvall.se\/2024\/10\/Emil1910_flicka_web1-218x300.jpg 218w, http:\/\/media.larsnordvall.se\/2024\/10\/Emil1910_flicka_web1-9x12.jpg 9w\" sizes=\"auto, (max-width: 283px) 100vw, 283px\" \/><br \/>\n<em><strong>Orginalbild p\u00e5 Emil och Hilmar 1910<\/strong><\/em><\/p>\n<\/div><\/section><\/div>\n<div class=\"flex_column av_one_third  flex_column_div av-zero-column-padding   avia-builder-el-12  el_after_av_one_third  el_before_av_one_third  column-top-margin\" style='border-radius:0px; '><section class=\"av_textblock_section\"  itemscope=\"itemscope\" itemtype=\"https:\/\/schema.org\/CreativeWork\" ><div class='avia_textblock'   itemprop=\"text\" ><p><img loading=\"lazy\" decoding=\"async\" class=\"alignnone size-full wp-image-4617\" src=\"http:\/\/media.larsnordvall.se\/2024\/10\/farfarsmor_web.jpg\" alt=\"\" width=\"193\" height=\"197\" srcset=\"http:\/\/media.larsnordvall.se\/2024\/10\/farfarsmor_web.jpg 193w, http:\/\/media.larsnordvall.se\/2024\/10\/farfarsmor_web-12x12.jpg 12w, http:\/\/media.larsnordvall.se\/2024\/10\/farfarsmor_web-36x36.jpg 36w\" sizes=\"auto, (max-width: 193px) 100vw, 193px\" \/><br \/>\n<em><strong>Mamma M\u00e4rta Karlina n\u00e5gon <\/strong><\/em><br \/>\n<em><strong>g\u00e5ng efter 1930 i Kasaviken ca 67 \u00e5r.<\/strong><\/em><\/p>\n<\/div><\/section><\/div>\n<div class=\"flex_column av_one_third  flex_column_div av-zero-column-padding   avia-builder-el-14  el_after_av_one_third  el_before_av_one_full  column-top-margin\" style='border-radius:0px; '><section class=\"av_textblock_section\"  itemscope=\"itemscope\" itemtype=\"https:\/\/schema.org\/CreativeWork\" ><div class='avia_textblock'   itemprop=\"text\" ><p><img loading=\"lazy\" decoding=\"async\" class=\"alignnone wp-image-4618\" src=\"http:\/\/media.larsnordvall.se\/2024\/10\/farfarsfarhel-scaled.jpg\" alt=\"\" width=\"268\" height=\"376\" srcset=\"http:\/\/media.larsnordvall.se\/2024\/10\/farfarsfarhel-scaled.jpg 1825w, http:\/\/media.larsnordvall.se\/2024\/10\/farfarsfarhel-214x300.jpg 214w, http:\/\/media.larsnordvall.se\/2024\/10\/farfarsfarhel-734x1030.jpg 734w, http:\/\/media.larsnordvall.se\/2024\/10\/farfarsfarhel-768x1077.jpg 768w, http:\/\/media.larsnordvall.se\/2024\/10\/farfarsfarhel-1095x1536.jpg 1095w, http:\/\/media.larsnordvall.se\/2024\/10\/farfarsfarhel-1460x2048.jpg 1460w, http:\/\/media.larsnordvall.se\/2024\/10\/farfarsfarhel-9x12.jpg 9w, http:\/\/media.larsnordvall.se\/2024\/10\/farfarsfarhel-1070x1500.jpg 1070w, http:\/\/media.larsnordvall.se\/2024\/10\/farfarsfarhel-503x705.jpg 503w\" sizes=\"auto, (max-width: 268px) 100vw, 268px\" \/><br \/>\n<em><strong>Lars Magnus ca 1930 75 \u00e5r.<\/strong><\/em><\/p>\n<\/div><\/section><\/div>\n<div class=\"flex_column av_one_full  flex_column_div av-zero-column-padding first  avia-builder-el-16  el_after_av_one_third  el_before_av_one_half  column-top-margin\" style='border-radius:0px; '><section class=\"av_textblock_section\"  itemscope=\"itemscope\" itemtype=\"https:\/\/schema.org\/CreativeWork\" ><div class='avia_textblock'   itemprop=\"text\" ><p>Sedan folkskolestadgan utf\u00e4rdades 1842 tog det flera \u00e5r innan ordnad undervisning kunde p\u00e5b\u00f6rjas. Den f\u00f6rsta skolan var ofta inrymd i ett bostadshus om d\u00e4r fanns plats, i annat fall ibagarstugan eller f\u00f6rm\u00e5nsstugan. Om skolan delades av flera byar flyttade den mellan byarna, som ocks\u00e5 skulle ordna bostad \u00e5t l\u00e4raren. i n\u00e5gra st\u00f6rre byar byggdes tidigt en egen skollokal. Vart Emil och Hilmar gick i skolan finns det inga uppgifter p\u00e5.<\/p>\n<p>Emil som \u00e4r n\u00e4st yngst av alla barnen Nordvall blir den sonen som tar \u00f6ver g\u00e5rden. N\u00e5gon g\u00e5ng runt 1925 tr\u00e4ffar s\u00e5 Emil sitt hj\u00e4rtas dam, hon heter <a href=\"https:\/\/larsnordvall.se\/en\/nanny-sjoberg\/\">Nanny Elvira Sj\u00f6berg.<\/a> Nanny \u00e4r f\u00f6dd samma \u00e5r som Emil 1902-01-29 i V\u00e4sterlandsj\u00f6, Arn\u00e4s fs.<\/p>\n<\/div><\/section><\/div>\n<div class=\"flex_column av_one_half  flex_column_div av-zero-column-padding first  avia-builder-el-18  el_after_av_one_full  el_before_av_one_half  column-top-margin\" style='border-radius:0px; '><section class=\"av_textblock_section\"  itemscope=\"itemscope\" itemtype=\"https:\/\/schema.org\/CreativeWork\" ><div class='avia_textblock'   itemprop=\"text\" ><p><img loading=\"lazy\" decoding=\"async\" class=\"alignnone size-full wp-image-4620\" src=\"http:\/\/media.larsnordvall.se\/2024\/10\/nanny_svartvit_web.jpg\" alt=\"\" width=\"207\" height=\"264\" srcset=\"http:\/\/media.larsnordvall.se\/2024\/10\/nanny_svartvit_web.jpg 207w, http:\/\/media.larsnordvall.se\/2024\/10\/nanny_svartvit_web-9x12.jpg 9w\" sizes=\"auto, (max-width: 207px) 100vw, 207px\" \/><br \/>\n<em><strong>Nanny Elvira Sj\u00f6berg<\/strong><\/em><\/p>\n<\/div><\/section><\/div>\n<div class=\"flex_column av_one_half  flex_column_div av-zero-column-padding   avia-builder-el-20  el_after_av_one_half  el_before_av_one_half  column-top-margin\" style='border-radius:0px; '><section class=\"av_textblock_section\"  itemscope=\"itemscope\" itemtype=\"https:\/\/schema.org\/CreativeWork\" ><div class='avia_textblock'   itemprop=\"text\" ><p><img loading=\"lazy\" decoding=\"async\" class=\"alignnone size-full wp-image-4621\" src=\"http:\/\/media.larsnordvall.se\/2024\/10\/emil_svartvit_web.jpg\" alt=\"\" width=\"202\" height=\"259\" srcset=\"http:\/\/media.larsnordvall.se\/2024\/10\/emil_svartvit_web.jpg 202w, http:\/\/media.larsnordvall.se\/2024\/10\/emil_svartvit_web-9x12.jpg 9w\" sizes=\"auto, (max-width: 202px) 100vw, 202px\" \/><br \/>\n<em><strong>Emil Nordvall<\/strong><\/em><\/p>\n<\/div><\/section><\/div>\n<div class=\"flex_column av_one_half  flex_column_div av-zero-column-padding first  avia-builder-el-22  el_after_av_one_half  el_before_av_one_half  column-top-margin\" style='border-radius:0px; '><section class=\"av_textblock_section\"  itemscope=\"itemscope\" itemtype=\"https:\/\/schema.org\/CreativeWork\" ><div class='avia_textblock'   itemprop=\"text\" ><p>Emil och Nanny gifter sig i Grundsunda kyrka den 2 oktober 1926, \u00a0Nanny \u00a0\u00e4r d\u00e5 redan med barn och \u00e4r i sj\u00e4tte m\u00e5naden.<\/p>\n<p>Emil och Nanny \u00a0blev g\u00e5rdens nya \u00e4gare men Emils f\u00f6r\u00e4ldrar Lars Magnus och M\u00e4rta Karolina bor kvar p\u00e5 g\u00e5rden. P\u00e5 den h\u00e4r tiden var m\u00e4nniskorna tvungna att umg\u00e5s och bo tillsammans. Man m\u00e5ste ha varit duktig p\u00e5 att l\u00f6sa konflikter, det gick inte att fly fr\u00e5n dem.<\/p>\n<\/div><\/section><\/div>\n<div class=\"flex_column av_one_half  flex_column_div av-zero-column-padding   avia-builder-el-24  el_after_av_one_half  el_before_av_one_full  column-top-margin\" style='border-radius:0px; '><section class=\"av_textblock_section\"  itemscope=\"itemscope\" itemtype=\"https:\/\/schema.org\/CreativeWork\" ><div class='avia_textblock'   itemprop=\"text\" ><p><img loading=\"lazy\" decoding=\"async\" class=\"alignnone size-full wp-image-4622\" src=\"http:\/\/media.larsnordvall.se\/2024\/10\/grundsunda-kyrka_gamal_web.jpg\" alt=\"\" width=\"400\" height=\"294\" srcset=\"http:\/\/media.larsnordvall.se\/2024\/10\/grundsunda-kyrka_gamal_web.jpg 400w, http:\/\/media.larsnordvall.se\/2024\/10\/grundsunda-kyrka_gamal_web-300x221.jpg 300w, http:\/\/media.larsnordvall.se\/2024\/10\/grundsunda-kyrka_gamal_web-16x12.jpg 16w\" sizes=\"auto, (max-width: 400px) 100vw, 400px\" \/><br \/>\n<em><strong>Grundsunda kyrka med klockstapel d\u00e4r Emil och Nanny gifte sig hos pr\u00e4sten.Foto fr\u00e5n 1911.<\/strong><\/em><\/p>\n<\/div><\/section><\/div>\n<div class=\"flex_column av_one_full  flex_column_div av-zero-column-padding first  avia-builder-el-26  el_after_av_one_half  el_before_av_one_half  column-top-margin\" style='border-radius:0px; '><section class=\"av_textblock_section\"  itemscope=\"itemscope\" itemtype=\"https:\/\/schema.org\/CreativeWork\" ><div class='avia_textblock'   itemprop=\"text\" ><p>Tre m\u00e5nader n\u00e4stan p\u00e5 dagen efter giftem\u00e5let f\u00f6ds Emil och Nannys f\u00f6rsta barn tillsamman en pojke som d\u00f6ps till Bror Henry. Henry \u00e4r f\u00f6dd 1927-01-06. Det \u00e4r Emils f\u00f6rsta barn och \u00a0Nannys andra barn, Nanny hade redan en liten dotter Sally Viola med en man som hette Valdemar Lundstr\u00f6m, och som hon var tvungen att l\u00e4mna bort n\u00e4r Sally n\u00e4r hon var nyf\u00f6dd.<\/p>\n<p style=\"text-align: center;\"><img loading=\"lazy\" decoding=\"async\" class=\"size-full wp-image-4623 aligncenter\" src=\"http:\/\/media.larsnordvall.se\/2024\/10\/kasagard_web-1.jpg\" alt=\"\" width=\"800\" height=\"297\" srcset=\"http:\/\/media.larsnordvall.se\/2024\/10\/kasagard_web-1.jpg 800w, http:\/\/media.larsnordvall.se\/2024\/10\/kasagard_web-1-300x111.jpg 300w, http:\/\/media.larsnordvall.se\/2024\/10\/kasagard_web-1-768x285.jpg 768w, http:\/\/media.larsnordvall.se\/2024\/10\/kasagard_web-1-18x7.jpg 18w, http:\/\/media.larsnordvall.se\/2024\/10\/kasagard_web-1-705x262.jpg 705w\" sizes=\"auto, (max-width: 800px) 100vw, 800px\" \/><em><strong> Kasa g\u00e5rd, Husum ca 1940<\/strong><\/em><\/p>\n<\/div><\/section><\/div>\n<div class=\"flex_column av_one_half  flex_column_div av-zero-column-padding first  avia-builder-el-28  el_after_av_one_full  el_before_av_one_half  column-top-margin\" style='border-radius:0px; '><section class=\"av_textblock_section\"  itemscope=\"itemscope\" itemtype=\"https:\/\/schema.org\/CreativeWork\" ><div class='avia_textblock'   itemprop=\"text\" ><p><img loading=\"lazy\" decoding=\"async\" class=\"alignnone wp-image-4626\" src=\"http:\/\/media.larsnordvall.se\/2024\/10\/Nanny_Emil_Henry_web.jpg\" alt=\"\" width=\"321\" height=\"477\" srcset=\"http:\/\/media.larsnordvall.se\/2024\/10\/Nanny_Emil_Henry_web.jpg 400w, http:\/\/media.larsnordvall.se\/2024\/10\/Nanny_Emil_Henry_web-202x300.jpg 202w, http:\/\/media.larsnordvall.se\/2024\/10\/Nanny_Emil_Henry_web-8x12.jpg 8w\" sizes=\"auto, (max-width: 321px) 100vw, 321px\" \/><br \/>\n<em><strong>F\u00f6rsta familjebilden fr\u00e5n 1928 p\u00e5 Nanny, Emil <\/strong><\/em><br \/>\n<em><strong>och Henry ca 1,5 \u00e5r. Nanny \u00e4r h\u00e4r med barn <\/strong><\/em><br \/>\n<em><strong>igen ca i 7 m\u00e5naden.<\/strong><\/em><\/p>\n<\/div><\/section><\/div>\n<div class=\"flex_column av_one_half  flex_column_div av-zero-column-padding   avia-builder-el-30  el_after_av_one_half  el_before_av_one_full  column-top-margin\" style='border-radius:0px; '><section class=\"av_textblock_section\"  itemscope=\"itemscope\" itemtype=\"https:\/\/schema.org\/CreativeWork\" ><div class='avia_textblock'   itemprop=\"text\" ><p>Det var nog inte l\u00e4tt att f\u00e5 g\u00e5rden att g\u00e5 ihop. Som mest hade Emil tv\u00e5 kossor och en gris. Man fiskade och jagade f\u00f6r att dryga ut matkontot. N\u00e4rmsta grannen var fiskare s\u00e5 fisk var enkelt att f\u00e5 tag i . Stekt sill var en vanlig vardagsmiddag. Fisk fiskade man i Kasaviken ett par kilometer fr\u00e5n Kasa.<\/p>\n<p>Samma \u00e5r r\u00e4ttare sagt den 22 september f\u00f6ds Emil och Nannys andra son som d\u00f6ps till Lars Felix. Nu med tv\u00e5 sm\u00e5barn i familjen blev det full fart i huset.<\/p>\n<p><img loading=\"lazy\" decoding=\"async\" class=\"alignnone wp-image-4627\" src=\"http:\/\/media.larsnordvall.se\/2024\/10\/Lars-Magnus_med-familjen_tr.jpg\" alt=\"\" width=\"504\" height=\"335\" srcset=\"http:\/\/media.larsnordvall.se\/2024\/10\/Lars-Magnus_med-familjen_tr.jpg 444w, http:\/\/media.larsnordvall.se\/2024\/10\/Lars-Magnus_med-familjen_tr-300x199.jpg 300w, http:\/\/media.larsnordvall.se\/2024\/10\/Lars-Magnus_med-familjen_tr-18x12.jpg 18w\" sizes=\"auto, (max-width: 504px) 100vw, 504px\" \/><br \/>\n<em><strong>Hela familjen Nordvall p\u00e5 farstutrappen ca 1930. <\/strong><\/em><br \/>\n<em><strong>Fr\u00e5n v\u00e4nster: Lars Magnus, Emil med Henry i kn\u00e4t, M\u00e4rta Karolina, <\/strong><\/em><br \/>\n<em><strong>Till h\u00f6ger: Nanny med Lasse i kn\u00e4t.<\/strong><\/em><\/p>\n<\/div><\/section><\/div>\n<div class=\"flex_column av_one_full  flex_column_div av-zero-column-padding first  avia-builder-el-32  el_after_av_one_half  el_before_av_one_half  column-top-margin\" style='border-radius:0px; '><section class=\"av_textblock_section\"  itemscope=\"itemscope\" itemtype=\"https:\/\/schema.org\/CreativeWork\" ><div class='avia_textblock'   itemprop=\"text\" ><p>Tiden g\u00e5r och barnen v\u00e4xer upp och n\u00e4r Lasse \u00e4r 5 \u00e5r och Henry \u00e4r 6 \u00e5r, s\u00e5 bli deras mamma Nanny f\u00f6rkyld. Hon f\u00e5r feber och sitter i k\u00f6ket och v\u00e4ver, hon blir varm av febern och \u00f6ppnar f\u00f6nstret i k\u00f6ket och sitter i kalldrag. Det \u00e4r i oktober m\u00e5nad s\u00e5 h\u00f6st kylan har redan kommit till Kasa. Intet ont anande sitter Nanny i korsdrag och drar p\u00e5 sig lunginflammation.<\/p>\n<p><em>Lasse ber\u00e4ttar:<\/em> <em>Bara n\u00e5gra dagar senare kom det en fotograf f\u00f6rbi och skulle ta kort p\u00e5 familjen och Nanny hade fortfarande feber och m\u00e5dde inte bra. Hon blev nu tvungen att snabbt bada mig och Henry i en balja i k\u00f6ket s\u00e5 vi blev rena och fina till fotograferingen. Det hanns inte att v\u00e4rma n\u00e5got vatten p\u00e5 spisen eftersom fotografen hade br\u00e5ttom. Nanny tog en hink k\u00e4llvatten och h\u00e4llde i baljan och stoppade i oss d\u00e4r i en efter en. Och givetvis \u00a0skrek vi \u00a0i h\u00f6gan sky, det var iskallt. N\u00e4r allt var klart s\u00e5 stod vi uppst\u00e4llda f\u00f6r fotografering men jag tror att ingen av oss var speciellt glada.<\/em><\/p>\n<\/div><\/section><\/div>\n<div class=\"flex_column av_one_half  flex_column_div av-zero-column-padding first  avia-builder-el-34  el_after_av_one_full  el_before_av_one_half  column-top-margin\" style='border-radius:0px; '><section class=\"av_textblock_section\"  itemscope=\"itemscope\" itemtype=\"https:\/\/schema.org\/CreativeWork\" ><div class='avia_textblock'   itemprop=\"text\" ><p><img loading=\"lazy\" decoding=\"async\" class=\"alignnone size-full wp-image-4629\" src=\"http:\/\/media.larsnordvall.se\/2024\/10\/Emil_nanny_henry_lasse_5ar_edited-1.jpg\" alt=\"\" width=\"414\" height=\"625\" srcset=\"http:\/\/media.larsnordvall.se\/2024\/10\/Emil_nanny_henry_lasse_5ar_edited-1.jpg 414w, http:\/\/media.larsnordvall.se\/2024\/10\/Emil_nanny_henry_lasse_5ar_edited-1-199x300.jpg 199w, http:\/\/media.larsnordvall.se\/2024\/10\/Emil_nanny_henry_lasse_5ar_edited-1-8x12.jpg 8w\" sizes=\"auto, (max-width: 414px) 100vw, 414px\" \/><br \/>\n<em><strong>Emil och Nanny med barnen Henry och Lasse 1933<\/strong><\/em><\/p>\n<\/div><\/section><\/div>\n<div class=\"flex_column av_one_half  flex_column_div av-zero-column-padding   avia-builder-el-36  el_after_av_one_half  el_before_av_one_half  column-top-margin\" style='border-radius:0px; '><section class=\"av_textblock_section\"  itemscope=\"itemscope\" itemtype=\"https:\/\/schema.org\/CreativeWork\" ><div class='avia_textblock'   itemprop=\"text\" ><p><img loading=\"lazy\" decoding=\"async\" class=\"alignnone wp-image-4630\" src=\"http:\/\/media.larsnordvall.se\/2024\/10\/Emil_nanny1933_2.jpg\" alt=\"\" width=\"389\" height=\"613\" srcset=\"http:\/\/media.larsnordvall.se\/2024\/10\/Emil_nanny1933_2.jpg 321w, http:\/\/media.larsnordvall.se\/2024\/10\/Emil_nanny1933_2-190x300.jpg 190w, http:\/\/media.larsnordvall.se\/2024\/10\/Emil_nanny1933_2-8x12.jpg 8w\" sizes=\"auto, (max-width: 389px) 100vw, 389px\" \/><br \/>\n<em><strong>Detta \u00e4r det sista kortet p\u00e5 Emil och Nanny ett <\/strong><\/em><br \/>\n<em><strong>par dagar senare \u00e4r Nanny d\u00f6d.\u00a0<\/strong><\/em><\/p>\n<\/div><\/section><\/div>\n<div class=\"flex_column av_one_half  flex_column_div av-zero-column-padding first  avia-builder-el-38  el_after_av_one_half  el_before_av_one_half  column-top-margin\" style='border-radius:0px; '><section class=\"av_textblock_section\"  itemscope=\"itemscope\" itemtype=\"https:\/\/schema.org\/CreativeWork\" ><div class='avia_textblock'   itemprop=\"text\" ><p>N\u00e5gon dag efter att dessa fotografier tagits f\u00f6rs\u00e4mras Nannys tillst\u00e5nd och hon f\u00e5r \u00e5ka in till \u00d6rsnsk\u00f6ldsviks lasarett. Hon f\u00e5r diagnosen lunginflammtion och n\u00e5gra dagar senare \u00e4r hon d\u00f6d \u00a0endast 31 \u00e5r gammal. Emil blir nu ensam med sin \u00a0tv\u00e5 sm\u00e5 barn Henry \u00a06 \u00e5r och Lasse5 \u00e5r.<\/p>\n<p>Emil hade sin mamma M\u00e4rta Karolina och sin pappa Lars Magnus boende i huset och man kan t\u00e4nka att det var nog hans smala lycka i b\u00f6rjan f\u00f6r att f\u00f6rs\u00f6ka f\u00e5 ordning p\u00e5 sitt liv. Att sk\u00f6ta alla sysslor p\u00e5 g\u00e5rden sj\u00e4lv utan dr\u00e4ng samt allt ansvar f\u00f6r sina tv\u00e5 sm\u00e5 pojkar m\u00e5ste annars ha blivit en om\u00f6jlighet f\u00f6r honom.<\/p>\n<p>Emil hittade ingen ny dam som kunde ta Nannys plats ist\u00e4llet anst\u00e4llde han pigor som kom att hj\u00e4lpa till i hemmet och ta hand om barnen. Pigorna var oftast 13-14 \u00e5r och hade aldrig sk\u00f6tt rtt helt hush\u00e5ll innan.<\/p>\n<p><em><strong>Lasse ber\u00e4ttade<\/strong><\/em> att det var ingen ordning med mat och omv\u00e5rdnad. De stannade inte s\u00e5 l\u00e4nge s\u00e5 det var en j\u00e4mn str\u00f6m av pigor i huset. De flesta av dem kunde inte laga mat. De fick havregrynsgr\u00f6t p\u00e5 morgonen och det som blev \u00f6ver stektes upp morgonen d\u00e4rp\u00e5. Oftast var gr\u00f6ten br\u00e4nd och smakade pyton men det var det som fanns att \u00e4ta. Maten bestod mest av salt sill och stekt sill och potatis. Ibland ingen middag alls utan bara lite kr\u00e4m. G\u00e5rden gick ihop men inte mer. Barn hade inga egna rum, Henry och Lasse sov i k\u00f6kssoffan tillsammans och den blev med \u00e5ren v\u00e4ldigt tr\u00e5ng. Man sov p\u00e5 halmmadrasser. Halmen byttes ut n\u00e4r den blivit f\u00f6r platt. Lasse ber\u00e4ttade att han saknade sin mamma oerh\u00f6rt mycket i alla \u00e5r som han bodde hemma. Och den tomhet som hon l\u00e4mnade efter sig lyckades han aldrig riktigt fylla.<\/p>\n<\/div><\/section><\/div>\n<div class=\"flex_column av_one_half  flex_column_div av-zero-column-padding   avia-builder-el-40  el_after_av_one_half  el_before_av_one_half  column-top-margin\" style='border-radius:0px; '><section class=\"av_textblock_section\"  itemscope=\"itemscope\" itemtype=\"https:\/\/schema.org\/CreativeWork\" ><div class='avia_textblock'   itemprop=\"text\" ><p><img loading=\"lazy\" decoding=\"async\" class=\"alignnone size-full wp-image-4632\" src=\"http:\/\/media.larsnordvall.se\/2024\/10\/Henry_Lasse_web.jpg\" alt=\"\" width=\"409\" height=\"504\" srcset=\"http:\/\/media.larsnordvall.se\/2024\/10\/Henry_Lasse_web.jpg 409w, http:\/\/media.larsnordvall.se\/2024\/10\/Henry_Lasse_web-243x300.jpg 243w, http:\/\/media.larsnordvall.se\/2024\/10\/Henry_Lasse_web-10x12.jpg 10w\" sizes=\"auto, (max-width: 409px) 100vw, 409px\" \/><br \/>\n<em><strong>Henry 6 \u00e5r och Lars 5 \u00e5r.<\/strong><\/em><\/p>\n<\/div><\/section><\/div>\n<div class=\"flex_column av_one_half  flex_column_div av-zero-column-padding first  avia-builder-el-42  el_after_av_one_half  el_before_av_one_half  column-top-margin\" style='border-radius:0px; '><section class=\"av_textblock_section\"  itemscope=\"itemscope\" itemtype=\"https:\/\/schema.org\/CreativeWork\" ><div class='avia_textblock'   itemprop=\"text\" ><p><img loading=\"lazy\" decoding=\"async\" class=\"size-full wp-image-4460 alignleft\" src=\"http:\/\/media.larsnordvall.se\/2024\/10\/blaklocka.gif\" alt=\"\" width=\"100\" height=\"97\" \/><img loading=\"lazy\" decoding=\"async\" class=\"wp-image-4634 alignnone\" src=\"http:\/\/media.larsnordvall.se\/2024\/10\/Nanny31.jpg\" alt=\"\" width=\"212\" height=\"240\" srcset=\"http:\/\/media.larsnordvall.se\/2024\/10\/Nanny31.jpg 127w, http:\/\/media.larsnordvall.se\/2024\/10\/Nanny31-11x12.jpg 11w\" sizes=\"auto, (max-width: 212px) 100vw, 212px\" \/><br \/>\n<em><strong>\u00a0 \u00a0 \u00a0 \u00a0 \u00a0 \u00a0 \u00a0 \u00a0 \u00a0 \u00a0 \u00a0 \u00a0 \u00a0 \u00a0 \u00a0 \u00a0 \u00a0 \u00a0 \u00a0 \u00a0 \u00a0 \u00a0 Nanny 31 \u00e5r<\/strong><\/em><\/p>\n<\/div><\/section><\/div>\n<div class=\"flex_column av_one_half  flex_column_div av-zero-column-padding   avia-builder-el-44  el_after_av_one_half  el_before_av_one_full  column-top-margin\" style='border-radius:0px; '><section class=\"av_textblock_section\"  itemscope=\"itemscope\" itemtype=\"https:\/\/schema.org\/CreativeWork\" ><div class='avia_textblock'   itemprop=\"text\" ><p><img loading=\"lazy\" decoding=\"async\" class=\"alignnone size-full wp-image-4633\" src=\"http:\/\/media.larsnordvall.se\/2024\/10\/Nanny_dods.jpg\" alt=\"\" width=\"248\" height=\"324\" srcset=\"http:\/\/media.larsnordvall.se\/2024\/10\/Nanny_dods.jpg 248w, http:\/\/media.larsnordvall.se\/2024\/10\/Nanny_dods-230x300.jpg 230w, http:\/\/media.larsnordvall.se\/2024\/10\/Nanny_dods-9x12.jpg 9w\" sizes=\"auto, (max-width: 248px) 100vw, 248px\" \/><\/p>\n<\/div><\/section><\/div>\n<div class=\"flex_column av_one_full  flex_column_div av-zero-column-padding first  avia-builder-el-46  el_after_av_one_half  el_before_av_one_half  column-top-margin\" style='border-radius:0px; '><section class=\"av_textblock_section\"  itemscope=\"itemscope\" itemtype=\"https:\/\/schema.org\/CreativeWork\" ><div class='avia_textblock'   itemprop=\"text\" ><p>Tre \u00e5r efter Nannys d\u00f6d avlider Emils f\u00f6r\u00e4ldrar Lars Magnus d\u00f6r 1936 och blir begravd p\u00e5 Grundsunda kyrkog\u00e5rd. Farmor M\u00e4rta Karolina f\u00f6ljer snart efter. Henry och Lars \u00e4r nu 9 respektive 8 \u00e5r. Pappa Emil levde ensam i 12 \u00e5r, det var inte f\u00f6rr\u00e4n \u00a0Lars och Henry hade vuxit upp och flyttat hemmifr\u00e5n som Emil till slut fann en dam som f\u00e5ngade hans hj\u00e4rta. Det var \u00e4nkan Aina Lindahl, hon hade sex barn 4 flickor och 2 pojkar, och den minsta flickan Maj var bara tre \u00e5r gammal. Detta skr\u00e4mde inte Emil utan Aina och Emil gifte sig den 11 oktober 1947. Emil var d\u00e5 45 \u00e5r, Henry 20 \u00e5r och\u00a0 Lars 19 \u00e5r. V\u00e5r pappa Lars hade redan som 15 \u00e5ring flyttat till Link\u00f6ping f\u00f6r att utbilda sig till flygtekniker p\u00e5 SAAB.\u00a0 \u00c5terigen h\u00f6rdes det glada skratt uppe p\u00e5 Kasa.<\/p>\n<p>Efter fyra \u00e5rs \u00e4ktenskap 1951-08-11 f\u00e5r Emil 51 \u00e5r och Aina 39 \u00e5r en pojke som d\u00f6ps till Stig. Han blir yngst i barnaskaran och den sista Nordvall som f\u00f6ds uppe p\u00e5 Kasa.<\/p>\n<\/div><\/section><\/div>\n<div class=\"flex_column av_one_half  flex_column_div av-zero-column-padding first  avia-builder-el-48  el_after_av_one_full  el_before_av_one_half  column-top-margin\" style='border-radius:0px; '><section class=\"av_textblock_section\"  itemscope=\"itemscope\" itemtype=\"https:\/\/schema.org\/CreativeWork\" ><div class='avia_textblock'   itemprop=\"text\" ><p><img loading=\"lazy\" decoding=\"async\" class=\"alignnone size-full wp-image-4638\" src=\"http:\/\/media.larsnordvall.se\/2024\/10\/pappa0044.jpg\" alt=\"\" width=\"1012\" height=\"1376\" srcset=\"http:\/\/media.larsnordvall.se\/2024\/10\/pappa0044.jpg 1012w, http:\/\/media.larsnordvall.se\/2024\/10\/pappa0044-221x300.jpg 221w, http:\/\/media.larsnordvall.se\/2024\/10\/pappa0044-758x1030.jpg 758w, http:\/\/media.larsnordvall.se\/2024\/10\/pappa0044-768x1044.jpg 768w, http:\/\/media.larsnordvall.se\/2024\/10\/pappa0044-9x12.jpg 9w, http:\/\/media.larsnordvall.se\/2024\/10\/pappa0044-519x705.jpg 519w\" sizes=\"auto, (max-width: 1012px) 100vw, 1012px\" \/><\/p>\n<p><em><strong>Hela familjen Nordvall\/Lindahl julen 1955 i Kasa\u00d6versta raden fr\u00e5n v: Marie, Inga, Eva, Ola, Bo, Lasse, Henry.Nedre raden fr\u00e5n v: Aina, Maj, Stig, Emil<\/strong><\/em><\/p>\n<\/div><\/section><\/div>\n<div class=\"flex_column av_one_half  flex_column_div av-zero-column-padding   avia-builder-el-50  el_after_av_one_half  el_before_av_one_half  column-top-margin\" style='border-radius:0px; '><section class=\"av_textblock_section\"  itemscope=\"itemscope\" itemtype=\"https:\/\/schema.org\/CreativeWork\" ><div class='avia_textblock'   itemprop=\"text\" ><p>Aina f\u00f6ddes den 30 oktober 1912 p\u00e5 Hj\u00e4ltabacken i Arn\u00e4s, i en familj med sex syskon. Hennes f\u00f6r\u00e4ldrar hette Aron och Anna Westerlund.<\/p>\n<p>Som ung arbetade Aina som piga hos b\u00f6nderna i trakten och senare \u00e4ven som servitris p\u00e5 ett Caf\u00e9 i \u00d6rnsk\u00f6ldsvik. 1935 tr\u00e4ffade Aina sin f\u00f6rsta man Einar Lindahl och de gifte sig 1935. De fick sex barn tillsammans.<\/p>\n<p>1945 blev Aina \u00e4nka vid 33 \u00e5rs \u00e5lder och fick sj\u00e4lv f\u00f6rs\u00f6rja sina sex barn. Eftersom dagens sociala f\u00f6rm\u00e5ner inte fanns p\u00e5 den tiden fick hon \u00e4gna m\u00e5nga timmar dagligen och \u00e4ven nattetid framf\u00f6r stickmaskiner och tillverka olika typer av ylleplagg f\u00f6r att f\u00f6rs\u00f6rja familjen.<\/p>\n<p>1947 tr\u00e4ffar s\u00e5 Aina 35 \u00e5r sin nya man Emil Nordvall och flyttar med sina barn in p\u00e5 Kasa. Personligen tror jag att det var en frisk fl\u00e4kt i Emils liv,<\/p>\n<p><img loading=\"lazy\" decoding=\"async\" class=\"alignnone wp-image-4637\" src=\"http:\/\/media.larsnordvall.se\/2024\/10\/Emil_Nanny_barn.jpg\" alt=\"\" width=\"770\" height=\"554\" srcset=\"http:\/\/media.larsnordvall.se\/2024\/10\/Emil_Nanny_barn.jpg 1088w, http:\/\/media.larsnordvall.se\/2024\/10\/Emil_Nanny_barn-300x216.jpg 300w, http:\/\/media.larsnordvall.se\/2024\/10\/Emil_Nanny_barn-1030x741.jpg 1030w, http:\/\/media.larsnordvall.se\/2024\/10\/Emil_Nanny_barn-768x553.jpg 768w, http:\/\/media.larsnordvall.se\/2024\/10\/Emil_Nanny_barn-18x12.jpg 18w, http:\/\/media.larsnordvall.se\/2024\/10\/Emil_Nanny_barn-705x507.jpg 705w\" sizes=\"auto, (max-width: 770px) 100vw, 770px\" \/><br \/>\n<em><strong>Emil och Aina med tre av hennes flickor<\/strong><\/em><\/p>\n<\/div><\/section><\/div>\n<div class=\"flex_column av_one_half  flex_column_div av-zero-column-padding first  avia-builder-el-52  el_after_av_one_half  el_before_av_one_half  column-top-margin\" style='border-radius:0px; '><section class=\"av_textblock_section\"  itemscope=\"itemscope\" itemtype=\"https:\/\/schema.org\/CreativeWork\" ><div class='avia_textblock'   itemprop=\"text\" ><p><img loading=\"lazy\" decoding=\"async\" class=\"alignnone size-full wp-image-4641\" src=\"http:\/\/media.larsnordvall.se\/2024\/10\/Aina_sjunger.jpg\" alt=\"\" width=\"450\" height=\"395\" srcset=\"http:\/\/media.larsnordvall.se\/2024\/10\/Aina_sjunger.jpg 450w, http:\/\/media.larsnordvall.se\/2024\/10\/Aina_sjunger-300x263.jpg 300w, http:\/\/media.larsnordvall.se\/2024\/10\/Aina_sjunger-14x12.jpg 14w\" sizes=\"auto, (max-width: 450px) 100vw, 450px\" \/><br \/>\n<em><strong>Aina med glada steg p\u00e5 v\u00e4g fr\u00e5n ladan i Kasa.<\/strong><\/em><\/p>\n<\/div><\/section><\/div>\n<div class=\"flex_column av_one_half  flex_column_div av-zero-column-padding   avia-builder-el-54  el_after_av_one_half  el_before_av_one_half  column-top-margin\" style='border-radius:0px; '><section class=\"av_textblock_section\"  itemscope=\"itemscope\" itemtype=\"https:\/\/schema.org\/CreativeWork\" ><div class='avia_textblock'   itemprop=\"text\" ><p>I samma veva var det dags f\u00f6r lite renovering av g\u00e5rden. Den gamla farstun revs och tr\u00e4trappen upp till huset f\u00f6rsvann.<br \/>\nEn trappa i cement och ny ytterpanel var det som var p\u00e5 modet.<br \/>\nSp\u00e5ntaket beh\u00e5ller Emil ett tag till b\u00e5de p\u00e5 g\u00e5rdshuset och ladorna. <img loading=\"lazy\" decoding=\"async\" class=\"alignnone wp-image-4639\" src=\"http:\/\/media.larsnordvall.se\/2024\/10\/Kssaviken_flygbildedit_edited-1.jpg\" alt=\"\" width=\"525\" height=\"399\" srcset=\"http:\/\/media.larsnordvall.se\/2024\/10\/Kssaviken_flygbildedit_edited-1.jpg 673w, http:\/\/media.larsnordvall.se\/2024\/10\/Kssaviken_flygbildedit_edited-1-300x228.jpg 300w, http:\/\/media.larsnordvall.se\/2024\/10\/Kssaviken_flygbildedit_edited-1-16x12.jpg 16w\" sizes=\"auto, (max-width: 525px) 100vw, 525px\" \/><br \/>\n<em><strong>Flygbild Kasa, Husum<\/strong><\/em><\/p>\n<\/div><\/section><\/div>\n<div class=\"flex_column av_one_half  flex_column_div av-zero-column-padding first  avia-builder-el-56  el_after_av_one_half  el_before_av_one_half  column-top-margin\" style='border-radius:0px; '><section class=\"av_textblock_section\"  itemscope=\"itemscope\" itemtype=\"https:\/\/schema.org\/CreativeWork\" ><div class='avia_textblock'   itemprop=\"text\" ><p><img loading=\"lazy\" decoding=\"async\" class=\"alignnone size-full wp-image-4640\" src=\"http:\/\/media.larsnordvall.se\/2024\/10\/Kasaviken_renov_webb.jpg\" alt=\"\" width=\"400\" height=\"298\" srcset=\"http:\/\/media.larsnordvall.se\/2024\/10\/Kasaviken_renov_webb.jpg 400w, http:\/\/media.larsnordvall.se\/2024\/10\/Kasaviken_renov_webb-300x224.jpg 300w, http:\/\/media.larsnordvall.se\/2024\/10\/Kasaviken_renov_webb-16x12.jpg 16w\" sizes=\"auto, (max-width: 400px) 100vw, 400px\" \/><br \/>\n<em><strong>Kasa g\u00e5rd ca 1954, Husum<\/strong><\/em><\/p>\n<\/div><\/section><\/div>\n<div class=\"flex_column av_one_half  flex_column_div av-zero-column-padding   avia-builder-el-58  el_after_av_one_half  el_before_av_one_half  column-top-margin\" style='border-radius:0px; '><section class=\"av_textblock_section\"  itemscope=\"itemscope\" itemtype=\"https:\/\/schema.org\/CreativeWork\" ><div class='avia_textblock'   itemprop=\"text\" ><p>P\u00e5 g\u00e5rden g\u00e5r livet sin gilla g\u00e5ng och det inneb\u00e4r mycket arbete. Lantbruk med kossor, skogsbruk och fiske allt f\u00f6r att f\u00e5 ekonomin att g\u00e5 ihop. Att vara lantbrukare inneb\u00e4r 7 dagars arbetsvecka nedan st\u00e5r Aina och Emil en vanlig dag i Kasa utanf\u00f6r ladan.<br \/>\n<img loading=\"lazy\" decoding=\"async\" class=\"alignnone size-full wp-image-4643\" src=\"http:\/\/media.larsnordvall.se\/2024\/10\/Aina_farfar.jpg\" alt=\"\" width=\"778\" height=\"535\" srcset=\"http:\/\/media.larsnordvall.se\/2024\/10\/Aina_farfar.jpg 778w, http:\/\/media.larsnordvall.se\/2024\/10\/Aina_farfar-300x206.jpg 300w, http:\/\/media.larsnordvall.se\/2024\/10\/Aina_farfar-768x528.jpg 768w, http:\/\/media.larsnordvall.se\/2024\/10\/Aina_farfar-18x12.jpg 18w, http:\/\/media.larsnordvall.se\/2024\/10\/Aina_farfar-705x485.jpg 705w\" sizes=\"auto, (max-width: 778px) 100vw, 778px\" \/><br \/>\n<em><strong>Aina och Emil utanf\u00f6r ladan.<\/strong><\/em><\/p>\n<\/div><\/section><\/div>\n<div class=\"flex_column av_one_half  flex_column_div av-zero-column-padding first  avia-builder-el-60  el_after_av_one_half  el_before_av_one_half  column-top-margin\" style='border-radius:0px; '><section class=\"av_textblock_section\"  itemscope=\"itemscope\" itemtype=\"https:\/\/schema.org\/CreativeWork\" ><div class='avia_textblock'   itemprop=\"text\" ><p>\u00c5ren g\u00e5r och 1967 fyller Emil 65 \u00e5r. Aina och Emil \u00e5ker in till \u00d6rnsk\u00f6ldsvik och f\u00f6revigar dagen.<br \/>\n<img loading=\"lazy\" decoding=\"async\" class=\"alignnone size-full wp-image-4645\" src=\"http:\/\/media.larsnordvall.se\/2024\/10\/EmiloAninaedit1.jpg\" alt=\"\" width=\"517\" height=\"350\" srcset=\"http:\/\/media.larsnordvall.se\/2024\/10\/EmiloAninaedit1.jpg 517w, http:\/\/media.larsnordvall.se\/2024\/10\/EmiloAninaedit1-300x203.jpg 300w, http:\/\/media.larsnordvall.se\/2024\/10\/EmiloAninaedit1-18x12.jpg 18w\" sizes=\"auto, (max-width: 517px) 100vw, 517px\" \/><br \/>\n<em><strong>Emil och Aina 1967.<\/strong><\/em><\/p>\n<\/div><\/section><\/div>\n<div class=\"flex_column av_one_half  flex_column_div av-zero-column-padding   avia-builder-el-62  el_after_av_one_half  el_before_av_one_half  column-top-margin\" style='border-radius:0px; '><section class=\"av_textblock_section\"  itemscope=\"itemscope\" itemtype=\"https:\/\/schema.org\/CreativeWork\" ><div class='avia_textblock'   itemprop=\"text\" ><p>I december 1979 l\u00e4ggs Emil in p\u00e5 lasarettet. Han \u00e4r vid gott mod och Emils son <strong><em>Lars (v\u00e5r pappa) ber\u00e4ttade<\/em><\/strong> att n\u00e4r sk\u00f6terskan kom p\u00e5 morgonen och skulle tv\u00e4tta av Emil ville han inte vara medhj\u00e4lplig. N\u00e4r sk\u00f6terskan drog av Emil lakanet drog han resolut upp det igen. Och efter ett par av dessa lakansdragningar sa Emil: <em>H\u00f6rdd\u00f6, nyfiken fult<\/em>. Sk\u00f6terskan fick ge upp och g\u00e5 till en annan patient.<\/p>\n<p><img loading=\"lazy\" decoding=\"async\" class=\"size-full wp-image-4460 alignleft\" src=\"http:\/\/media.larsnordvall.se\/2024\/10\/blaklocka.gif\" alt=\"\" width=\"100\" height=\"97\" \/>Ett par dagar senare tillst\u00f6ter komplikationer och Emil somnar in den 10 december 1979, 77 \u00e5r gammal.<\/p>\n<p>Aina som bara var 67 \u00e5r gammal bor kvar i Kasa tillsammans med sin \u00e4ldsta son Ola som hj\u00e4lper till p\u00e5 g\u00e5rden. Efter en l\u00e4ngre tids sjukdom d\u00f6r Aina vid 90 \u00e5rs \u00e5lder. Det sista \u00e5ret bodde hon p\u00e5 ett sjukhem.<\/p>\n<\/div><\/section><\/div>\n<div class=\"flex_column av_one_half  flex_column_div av-zero-column-padding first  avia-builder-el-64  el_after_av_one_half  el_before_av_one_half  column-top-margin\" style='border-radius:0px; '><section class=\"av_textblock_section\"  itemscope=\"itemscope\" itemtype=\"https:\/\/schema.org\/CreativeWork\" ><div class='avia_textblock'   itemprop=\"text\" ><p><img loading=\"lazy\" decoding=\"async\" class=\"size-full wp-image-4460 alignleft\" src=\"http:\/\/media.larsnordvall.se\/2024\/10\/blaklocka.gif\" alt=\"\" width=\"100\" height=\"97\" \/><img loading=\"lazy\" decoding=\"async\" class=\"alignnone size-full wp-image-4647\" src=\"http:\/\/media.larsnordvall.se\/2024\/10\/Aina_foto.jpg\" alt=\"\" width=\"155\" height=\"209\" srcset=\"http:\/\/media.larsnordvall.se\/2024\/10\/Aina_foto.jpg 155w, http:\/\/media.larsnordvall.se\/2024\/10\/Aina_foto-9x12.jpg 9w\" sizes=\"auto, (max-width: 155px) 100vw, 155px\" \/><br \/>\n<strong><em>\u00a0 \u00a0 \u00a0 \u00a0 \u00a0 \u00a0 \u00a0 \u00a0 \u00a0 \u00a0 \u00a0 \u00a0 \u00a0 \u00a0 \u00a0 \u00a0 Aina Nordvall<\/em><\/strong><\/p>\n<\/div><\/section><\/div><div class=\"flex_column av_one_half  flex_column_div av-zero-column-padding   avia-builder-el-66  el_after_av_one_half  el_before_av_one_full  column-top-margin\" style='border-radius:0px; '><section class=\"av_textblock_section\"  itemscope=\"itemscope\" itemtype=\"https:\/\/schema.org\/CreativeWork\" ><div class='avia_textblock'   itemprop=\"text\" ><p><img loading=\"lazy\" decoding=\"async\" class=\"alignnone size-full wp-image-4648\" src=\"http:\/\/media.larsnordvall.se\/2024\/10\/AinaNordvall_dodsannons.jpg\" alt=\"\" width=\"350\" height=\"357\" srcset=\"http:\/\/media.larsnordvall.se\/2024\/10\/AinaNordvall_dodsannons.jpg 350w, http:\/\/media.larsnordvall.se\/2024\/10\/AinaNordvall_dodsannons-294x300.jpg 294w, http:\/\/media.larsnordvall.se\/2024\/10\/AinaNordvall_dodsannons-12x12.jpg 12w, http:\/\/media.larsnordvall.se\/2024\/10\/AinaNordvall_dodsannons-36x36.jpg 36w\" sizes=\"auto, (max-width: 350px) 100vw, 350px\" \/><\/p>\n<\/div><\/section><\/div><div class=\"flex_column av_one_full  flex_column_div av-zero-column-padding first  avia-builder-el-68  el_after_av_one_half  avia-builder-el-last  column-top-margin\" style='border-radius:0px; '><section class=\"av_textblock_section\"  itemscope=\"itemscope\" itemtype=\"https:\/\/schema.org\/CreativeWork\" ><div class='avia_textblock'   itemprop=\"text\" ><p style=\"text-align: center;\">Denna sidan om Emil och Aina \u00e4r ej f\u00e4rdig, det finns s\u00e4kert m\u00e5nga fina historier som inte \u00e4r nerskrivna \u00e4nnu. Om n\u00e5gon vet och vill hj\u00e4lpa till med n\u00e5gon typ av information \u00e4r jag mycket tacksam. Skicka ett mail s\u00e5 vi f\u00e5r kontakt.<\/p>\n<p style=\"text-align: center;\">Susanne Perstad 2024<\/p>\n<p style=\"text-align: center;\"><a href=\"\/en\/susperstad@gmail.com\/\">Email: susperstad@gmail.com<\/a><\/p>\n<\/div><\/section><\/div><\/p>","protected":false},"excerpt":{"rendered":"","protected":false},"author":1,"featured_media":0,"parent":0,"menu_order":0,"comment_status":"closed","ping_status":"closed","template":"","meta":{"_uag_custom_page_level_css":"","wpm_timeformat":"","_wpm_styles":"","footnotes":""},"class_list":["post-66","page","type-page","status-publish","hentry"],"yoast_head":"<!-- This site is optimized with the Yoast SEO plugin v27.5 - https:\/\/yoast.com\/product\/yoast-seo-wordpress\/ -->\n<title>Emil Nordvall - LarsNordvall.se<\/title>\n<meta name=\"description\" content=\"Emil Bror Nordvall 1902 - 1979, Kasa G\u00e5rd, Husum. En sl\u00e4ktg\u00e5rd g\u00e5r i arv och den sista av sl\u00e4kten Nordvall l\u00e4mnar Kasa.\" \/>\n<meta name=\"robots\" content=\"index, follow, max-snippet:-1, max-image-preview:large, max-video-preview:-1\" \/>\n<link rel=\"canonical\" href=\"https:\/\/larsnordvall.se\/en\/emil-nordvall\/\" \/>\n<meta property=\"og:locale\" content=\"en_US\" \/>\n<meta property=\"og:type\" content=\"article\" \/>\n<meta property=\"og:title\" content=\"Emil Nordvall - LarsNordvall.se\" \/>\n<meta property=\"og:description\" content=\"Emil Bror Nordvall 1902 - 1979, Kasa G\u00e5rd, Husum. En sl\u00e4ktg\u00e5rd g\u00e5r i arv och den sista av sl\u00e4kten Nordvall l\u00e4mnar Kasa.\" \/>\n<meta property=\"og:url\" content=\"https:\/\/larsnordvall.se\/en\/emil-nordvall\/\" \/>\n<meta property=\"og:site_name\" content=\"LarsNordvall.se\" \/>\n<meta property=\"article:modified_time\" content=\"2024-10-15T21:00:24+00:00\" \/>\n<meta property=\"og:image\" content=\"https:\/\/media.larsnordvall.se\/2024\/10\/emil_banner.jpg\" \/>\n\t<meta property=\"og:image:width\" content=\"1000\" \/>\n\t<meta property=\"og:image:height\" content=\"180\" \/>\n\t<meta property=\"og:image:type\" content=\"image\/jpeg\" \/>\n<meta name=\"twitter:card\" content=\"summary_large_image\" \/>\n<meta name=\"twitter:label1\" content=\"Est. reading time\" \/>\n\t<meta name=\"twitter:data1\" content=\"25 minutes\" \/>\n<script type=\"application\/ld+json\" class=\"yoast-schema-graph\">{\"@context\":\"https:\\\/\\\/schema.org\",\"@graph\":[{\"@type\":\"WebPage\",\"@id\":\"https:\\\/\\\/larsnordvall.se\\\/emil-nordvall\\\/\",\"url\":\"https:\\\/\\\/larsnordvall.se\\\/emil-nordvall\\\/\",\"name\":\"Emil Nordvall - LarsNordvall.se\",\"isPartOf\":{\"@id\":\"https:\\\/\\\/larsnordvall.se\\\/#website\"},\"primaryImageOfPage\":{\"@id\":\"https:\\\/\\\/larsnordvall.se\\\/emil-nordvall\\\/#primaryimage\"},\"image\":{\"@id\":\"https:\\\/\\\/larsnordvall.se\\\/emil-nordvall\\\/#primaryimage\"},\"thumbnailUrl\":\"http:\\\/\\\/media.larsnordvall.se\\\/2024\\\/10\\\/emil_banner.jpg\",\"datePublished\":\"2020-10-26T21:11:16+00:00\",\"dateModified\":\"2024-10-15T21:00:24+00:00\",\"description\":\"Emil Bror Nordvall 1902 - 1979, Kasa G\u00e5rd, Husum. En sl\u00e4ktg\u00e5rd g\u00e5r i arv och den sista av sl\u00e4kten Nordvall l\u00e4mnar Kasa.\",\"breadcrumb\":{\"@id\":\"https:\\\/\\\/larsnordvall.se\\\/emil-nordvall\\\/#breadcrumb\"},\"inLanguage\":\"en-US\",\"potentialAction\":[{\"@type\":\"ReadAction\",\"target\":[\"https:\\\/\\\/larsnordvall.se\\\/emil-nordvall\\\/\"]}]},{\"@type\":\"ImageObject\",\"inLanguage\":\"en-US\",\"@id\":\"https:\\\/\\\/larsnordvall.se\\\/emil-nordvall\\\/#primaryimage\",\"url\":\"http:\\\/\\\/media.larsnordvall.se\\\/2024\\\/10\\\/emil_banner.jpg\",\"contentUrl\":\"http:\\\/\\\/media.larsnordvall.se\\\/2024\\\/10\\\/emil_banner.jpg\"},{\"@type\":\"BreadcrumbList\",\"@id\":\"https:\\\/\\\/larsnordvall.se\\\/emil-nordvall\\\/#breadcrumb\",\"itemListElement\":[{\"@type\":\"ListItem\",\"position\":1,\"name\":\"Hem\",\"item\":\"https:\\\/\\\/larsnordvall.se\\\/\"},{\"@type\":\"ListItem\",\"position\":2,\"name\":\"Emil Nordvall\"}]},{\"@type\":\"WebSite\",\"@id\":\"https:\\\/\\\/larsnordvall.se\\\/#website\",\"url\":\"https:\\\/\\\/larsnordvall.se\\\/\",\"name\":\"LarsNordvall.se\",\"description\":\"Ett Vingslag Tillbaka i Tiden!\",\"potentialAction\":[{\"@type\":\"SearchAction\",\"target\":{\"@type\":\"EntryPoint\",\"urlTemplate\":\"https:\\\/\\\/larsnordvall.se\\\/?s={search_term_string}\"},\"query-input\":{\"@type\":\"PropertyValueSpecification\",\"valueRequired\":true,\"valueName\":\"search_term_string\"}}],\"inLanguage\":\"en-US\"}]}<\/script>\n<!-- \/ Yoast SEO plugin. -->","yoast_head_json":{"title":"Emil Nordvall - LarsNordvall.se","description":"Emil Bror Nordvall 1902 - 1979, Kasa G\u00e5rd, Husum. En sl\u00e4ktg\u00e5rd g\u00e5r i arv och den sista av sl\u00e4kten Nordvall l\u00e4mnar Kasa.","robots":{"index":"index","follow":"follow","max-snippet":"max-snippet:-1","max-image-preview":"max-image-preview:large","max-video-preview":"max-video-preview:-1"},"canonical":"https:\/\/larsnordvall.se\/en\/emil-nordvall\/","og_locale":"en_US","og_type":"article","og_title":"Emil Nordvall - LarsNordvall.se","og_description":"Emil Bror Nordvall 1902 - 1979, Kasa G\u00e5rd, Husum. En sl\u00e4ktg\u00e5rd g\u00e5r i arv och den sista av sl\u00e4kten Nordvall l\u00e4mnar Kasa.","og_url":"https:\/\/larsnordvall.se\/en\/emil-nordvall\/","og_site_name":"LarsNordvall.se","article_modified_time":"2024-10-15T21:00:24+00:00","og_image":[{"width":1000,"height":180,"url":"https:\/\/media.larsnordvall.se\/2024\/10\/emil_banner.jpg","type":"image\/jpeg"}],"twitter_card":"summary_large_image","twitter_misc":{"Est. reading time":"25 minutes"},"schema":{"@context":"https:\/\/schema.org","@graph":[{"@type":"WebPage","@id":"https:\/\/larsnordvall.se\/emil-nordvall\/","url":"https:\/\/larsnordvall.se\/emil-nordvall\/","name":"Emil Nordvall - LarsNordvall.se","isPartOf":{"@id":"https:\/\/larsnordvall.se\/#website"},"primaryImageOfPage":{"@id":"https:\/\/larsnordvall.se\/emil-nordvall\/#primaryimage"},"image":{"@id":"https:\/\/larsnordvall.se\/emil-nordvall\/#primaryimage"},"thumbnailUrl":"http:\/\/media.larsnordvall.se\/2024\/10\/emil_banner.jpg","datePublished":"2020-10-26T21:11:16+00:00","dateModified":"2024-10-15T21:00:24+00:00","description":"Emil Bror Nordvall 1902 - 1979, Kasa G\u00e5rd, Husum. En sl\u00e4ktg\u00e5rd g\u00e5r i arv och den sista av sl\u00e4kten Nordvall l\u00e4mnar Kasa.","breadcrumb":{"@id":"https:\/\/larsnordvall.se\/emil-nordvall\/#breadcrumb"},"inLanguage":"en-US","potentialAction":[{"@type":"ReadAction","target":["https:\/\/larsnordvall.se\/emil-nordvall\/"]}]},{"@type":"ImageObject","inLanguage":"en-US","@id":"https:\/\/larsnordvall.se\/emil-nordvall\/#primaryimage","url":"http:\/\/media.larsnordvall.se\/2024\/10\/emil_banner.jpg","contentUrl":"http:\/\/media.larsnordvall.se\/2024\/10\/emil_banner.jpg"},{"@type":"BreadcrumbList","@id":"https:\/\/larsnordvall.se\/emil-nordvall\/#breadcrumb","itemListElement":[{"@type":"ListItem","position":1,"name":"Hem","item":"https:\/\/larsnordvall.se\/"},{"@type":"ListItem","position":2,"name":"Emil Nordvall"}]},{"@type":"WebSite","@id":"https:\/\/larsnordvall.se\/#website","url":"https:\/\/larsnordvall.se\/","name":"LarsNordvall.se","description":"Ett Vingslag Tillbaka i Tiden!","potentialAction":[{"@type":"SearchAction","target":{"@type":"EntryPoint","urlTemplate":"https:\/\/larsnordvall.se\/?s={search_term_string}"},"query-input":{"@type":"PropertyValueSpecification","valueRequired":true,"valueName":"search_term_string"}}],"inLanguage":"en-US"}]}},"uagb_featured_image_src":{"full":false,"thumbnail":false,"medium":false,"medium_large":false,"large":false,"1536x1536":false,"2048x2048":false,"trp-custom-language-flag":false,"widget":false,"square":false,"featured":false,"featured_large":false,"extra_large":false,"portfolio":false,"portfolio_small":false,"gallery":false,"magazine":false,"masonry":false,"entry_with_sidebar":false,"entry_without_sidebar":false},"uagb_author_info":{"display_name":"larsnordvall.se","author_link":"https:\/\/larsnordvall.se\/en\/author\/larsnordvall-se\/"},"uagb_comment_info":0,"uagb_excerpt":null,"_links":{"self":[{"href":"https:\/\/larsnordvall.se\/en\/wp-json\/wp\/v2\/pages\/66","targetHints":{"allow":["GET"]}}],"collection":[{"href":"https:\/\/larsnordvall.se\/en\/wp-json\/wp\/v2\/pages"}],"about":[{"href":"https:\/\/larsnordvall.se\/en\/wp-json\/wp\/v2\/types\/page"}],"author":[{"embeddable":true,"href":"https:\/\/larsnordvall.se\/en\/wp-json\/wp\/v2\/users\/1"}],"replies":[{"embeddable":true,"href":"https:\/\/larsnordvall.se\/en\/wp-json\/wp\/v2\/comments?post=66"}],"version-history":[{"count":14,"href":"https:\/\/larsnordvall.se\/en\/wp-json\/wp\/v2\/pages\/66\/revisions"}],"predecessor-version":[{"id":4649,"href":"https:\/\/larsnordvall.se\/en\/wp-json\/wp\/v2\/pages\/66\/revisions\/4649"}],"wp:attachment":[{"href":"https:\/\/larsnordvall.se\/en\/wp-json\/wp\/v2\/media?parent=66"}],"curies":[{"name":"wp","href":"https:\/\/api.w.org\/{rel}","templated":true}]}}